{"id":10527,"date":"2016-11-28T08:47:02","date_gmt":"2016-11-28T08:47:02","guid":{"rendered":"https:\/\/www.electroluxprofessional.com\/?page_id=5945"},"modified":"2026-04-08T12:16:59","modified_gmt":"2026-04-08T12:16:59","slug":"saladette","status":"publish","type":"page","link":"https:\/\/www.electroluxprofessional.com\/de-ch\/kueche\/saladette\/","title":{"rendered":"Saladette"},"content":{"rendered":"<p>[vc_row full_width=&#8221;electroluxpro-full-width-no-padding&#8221;][vc_column][vc_single_image image=&#8221;10519&#8243; img_size=&#8221;2000*350&#8243;][\/vc_column][\/vc_row][vc_row][vc_column][elx_heading font_container=&#8221;h1&#8243; font_size=&#8221;h3&#8243; text_color=&#8221;inherit&#8221; text_align=&#8221;text-left&#8221;]Saladette[\/elx_heading][elx_heading font_container=&#8221;h3&#8243; font_size=&#8221;h5&#8243; text_color=&#8221;inherit&#8221;]Das Electrolux Professional Sortiment an <strong>K\u00fchltischen<\/strong> kombiniert den Komfort einer Arbeitsfl\u00e4che mit einer darunter liegenden K\u00fchlzelle.[\/elx_heading][vc_empty_space][\/vc_column][\/vc_row][vc_row][vc_column width=&#8221;2\/3&#8243;][vc_single_image image=&#8221;10519&#8243; img_size=&#8221;700*400&#8243; alignment=&#8221;center&#8221;][\/vc_column][vc_column width=&#8221;1\/3&#8243;][elx_heading text_color=&#8221;inherit&#8221;]Ein einzigartiger K\u00fchltisch[\/elx_heading][vc_column_text css=&#8221;.vc_custom_1614676096912{margin-top: 20px !important;border-top-width: 20px !important;padding-top: 20px !important;}&#8221;]<\/p>\n<h5>Diese Vielseitigkeit erm\u00f6glicht bemerkenswerte Platzeinsparungen und bietet gleichzeitig eine funktionale und modulare L\u00f6sung f\u00fcr alle K\u00fcchenanforderungen.<\/h5>\n<p>[\/vc_column_text][\/vc_column][\/vc_row][vc_row][vc_column][vc_empty_space][elx_o2000_contact_us s=&#8221;Anfrage zu: Saladette&#8221; campaign=&#8221;701SX00000cjCLhYAM&#8221; request_type=&#8221;Other&#8221; country=&#8221;Switzerland&#8221; b=&#8221;food&#8221; thanks=&#8221;Vielen Dank f\u00fcr Ihre Kontaktanfrage. Wir freuen uns \u00fcber Ihr Interesse und melden uns schnellstm\u00f6glich mit den gew\u00fcnschten Informationen bei Ihnen.&#8221; button_mode=&#8221;true&#8221; button_style=&#8221;secondary-bordered&#8221; postion_button=&#8221;text-center&#8221; postion_button_mobile=&#8221;text-center-mobile&#8221; container=&#8221;elxcontactus1480424351&#8243; l=&#8221;de-ch&#8221; text_btn_contact=&#8221;Kontaktieren Sie uns&#8221;][vc_empty_space][elx_button button_text=&#8221;Zu den Produkten&#8221; button_style=&#8221;secondary-bordered&#8221; button_display_block=&#8221;display_block_on&#8221; button_alignment=&#8221;align_center&#8221; button_link=&#8221;url:%23products&#8221;][vc_empty_space height=&#8221;68px&#8221;][\/vc_column][\/vc_row][vc_row css=&#8221;.vc_custom_1517830702010{background-color: #eeeeee !important;}&#8221;][vc_column][elx_heading font_size=&#8221;h3&#8243; text_color=&#8221;inherit&#8221; text_align=&#8221;text-left&#8221;]Finden Sie das ideale Gesamtpaket f\u00fcr Ihr Unternehmen[\/elx_heading][\/vc_column][\/vc_row][vc_row css=&#8221;.vc_custom_1517830708765{background-color: #eeeeee !important;}&#8221;][vc_column width=&#8221;1\/3&#8243;][elx_maylike_box id_box=&#8221;10522&#8243;][\/vc_column][vc_column width=&#8221;1\/3&#8243;][elx_maylike_box id_box=&#8221;13704&#8243;][\/vc_column][vc_column width=&#8221;1\/3&#8243;][elx_maylike_box id_box=&#8221;10526&#8243;][\/vc_column][\/vc_row][vc_row][vc_column][vc_empty_space height=&#8221;50px&#8221;][elx_heading font_size=&#8221;h3&#8243; text_color=&#8221;inherit&#8221; text_align=&#8221;text-center&#8221;]Kontaktieren Sie uns[\/elx_heading][elx_o2000_contact_us s=&#8221;Anfrage zu: Saladette&#8221; campaign=&#8221;701SX00000cjCLhYAM&#8221; request_type=&#8221;Other&#8221; country=&#8221;Switzerland&#8221; b=&#8221;food&#8221; thanks=&#8221;Vielen Dank f\u00fcr Ihre Kontaktanfrage. Wir freuen uns \u00fcber Ihr Interesse und melden uns schnellstm\u00f6glich mit den gew\u00fcnschten Informationen bei Ihnen.&#8221; container=&#8221;elxcontactus1480424351&#8243; l=&#8221;de-ch&#8221;][\/vc_column][\/vc_row][vc_row matched_labels=&#8221;&#8221; el_id=&#8221;products&#8221;][vc_column]<div class=\"com21-product-filter-container 41\"><div class=\"\"><h4 class=\"text-center\">6 Produkte<\/h4><hr><\/div>\n                    <!-- PROD LIST -->\n                    <div class=\"product-list container\">\n                        <!--Hidden parameters-->\n                        <input type=\"hidden\" name=\"navigation_level_1\" id=\"navigation_level_1\" value=\"F\">\n                        <input type=\"hidden\" name=\"navigation_level_2\" id=\"navigation_level_2\" value=\"H\">\n                        <input type=\"hidden\" name=\"navigation_level_3\" id=\"navigation_level_3\" value=\"\">\n                        <input type=\"hidden\" name=\"navigation_level_4\" id=\"navigation_level_4\" value=\"\">\n                        <input type=\"hidden\" name=\"filter_id\" id=\"filter_id\" value=\"41\">\n                        <input type=\"hidden\" name=\"navigation_language\" id=\"navigation_language\" value=\"5014\">\n                        <input type=\"hidden\" name=\"navigation_language_code\" id=\"navigation_language\" value=\"5014\">\n                        <input type=\"hidden\" name=\"page_id\" id=\"page_id\" value=\"10527\">\n                        <!--END Hidden parameters--><ul class=\"row\" ><li data-product-paged=\"\" class=\"anchor_tags_prod col-sm-6 col-md-3 wow fadeIn single-product-list 322034\"><div class=\"product-list-item\"><div class=\"product-content\"><a href=\"https:\/\/www.electroluxprofessional.com\/de-ch\/pd\/selbstbedienungselemente\/flexy-compact-ausgaben\/kalte-ausgaben\/k\u00fchlplatten-h900-mm-mit-r\u00e4der\/flexi-system-k\u00fchlplatte-aus-edelstahl-mit-unterbau-3-gn-beh\u00e4lterkapazit\u00e4t-mit-r\u00e4der-tablar-mit-led-beleuchtung-und-zwei-tablettrutschen-l\u00e4ngs-klappbaraus-aisi-304-h=900mm-322034\/\" target=\"_blank\" ><figure><img decoding=\"async\" src=\"https:\/\/tools.electroluxprofessional.com\/Mirror\/Doc\/PH_255x255%2FPH_322034_1_1_322034.jpg\" alt=\"Flexi SystemK\u00fchlplatte aus Edelstahl mit Unterbau (3 GN Beh\u00e4lterkapazit\u00e4t) mit R\u00e4der Tablar mit LED-Beleuchtung und zwei Tablettrutschen (l\u00e4ngs, klappbar)aus AISI 304, H=900mm\"\/><\/figure><div class=\"product-internal\"><div class=\"product-liv\">K\u00fchlplatten (H900 mm) mit R\u00e4der<\/div><h3 class=\"product-title\">Flexi System<br>K\u00fchlplatte aus Edelstahl mit Unterbau (3 GN Beh\u00e4lterkapazit\u00e4t) mit R\u00e4der Tablar mit LED-Beleuchtung und zwei Tablettrutschen (l\u00e4ngs, klappbar)aus AISI 304, H=900mm<\/h3><div class=\"product-icons\"><div class=\"product-green\"><\/div><div class=\"product-cod\"><div class=\"hidden type_code\">0<\/div>COD <span class=\"product-code\" >322034<\/span><\/div><div class=\"product-fast\"><\/div>\n<\/div><div class=\"product-description-fast-green\"><\/div>\n<\/div><div class=\"product-actions\"><a href=\"https:\/\/www.electroluxprofessional.com\/de-ch\/pd\/selbstbedienungselemente\/flexy-compact-ausgaben\/kalte-ausgaben\/k\u00fchlplatten-h900-mm-mit-r\u00e4der\/flexi-system-k\u00fchlplatte-aus-edelstahl-mit-unterbau-3-gn-beh\u00e4lterkapazit\u00e4t-mit-r\u00e4der-tablar-mit-led-beleuchtung-und-zwei-tablettrutschen-l\u00e4ngs-klappbaraus-aisi-304-h=900mm-322034\/\" class=\"btn btn-primary-blue\">Mehr erfahren<\/a><span class=\"compare-product\"><span class=\"compare-checkbox\"><span class=\"compare-checkbox-shape\"><input type=\"checkbox\" class=\"product-comparer\" id=\"prod_322034\"\/><label class=\"btn\" for=\"prod_322034\"><span class=\"label-bg\"><\/span>Vergleichen<\/label><\/span><\/span><\/span><\/div><\/a><\/div><\/div><\/li><li data-product-paged=\"\" class=\"anchor_tags_prod col-sm-6 col-md-3 wow fadeIn single-product-list 322097\"><div class=\"product-list-item\"><div class=\"product-content\"><a href=\"https:\/\/www.electroluxprofessional.com\/de-ch\/pd\/selbstbedienungselemente\/flexy-compact-ausgaben\/kalte-ausgaben\/k\u00fchlplatten-h900-mm\/flexi-system-k\u00fchlplatte-aus-edelstahl-mit-unterbau-3-gn-beh\u00e4lterkapazit\u00e4t-mit-f\u00fcsse-tablar-mit-led-beleuchtung-und-drei-tablettrutschenkundenseite-aus-edelstahl-h=900mm-322097\/\" target=\"_blank\" ><figure><img decoding=\"async\" src=\"https:\/\/tools.electroluxprofessional.com\/Mirror\/Doc\/PH_255x255%2FPH_322097_1_1_322097.jpg\" alt=\"Flexi SystemK\u00fchlplatte aus Edelstahl mit Unterbau (3 GN Beh\u00e4lterkapazit\u00e4t) mit F\u00fcsse Tablar mit LED-Beleuchtung und drei Tablettrutschen(Kundenseite) aus Edelstahl, H=900mm\"\/><\/figure><div class=\"product-internal\"><div class=\"product-liv\">K\u00fchlplatten (H900 mm)<\/div><h3 class=\"product-title\">Flexi System<br>K\u00fchlplatte aus Edelstahl mit Unterbau (3 GN Beh\u00e4lterkapazit\u00e4t) mit F\u00fcsse Tablar mit LED-Beleuchtung und drei Tablettrutschen(Kundenseite) aus Edelstahl, H=900mm<\/h3><div class=\"product-icons\"><div class=\"product-green\"><\/div><div class=\"product-cod\"><div class=\"hidden type_code\">0<\/div>COD <span class=\"product-code\" >322097<\/span><\/div><div class=\"product-fast\"><\/div>\n<\/div><div class=\"product-description-fast-green\"><\/div>\n<\/div><div class=\"product-actions\"><a href=\"https:\/\/www.electroluxprofessional.com\/de-ch\/pd\/selbstbedienungselemente\/flexy-compact-ausgaben\/kalte-ausgaben\/k\u00fchlplatten-h900-mm\/flexi-system-k\u00fchlplatte-aus-edelstahl-mit-unterbau-3-gn-beh\u00e4lterkapazit\u00e4t-mit-f\u00fcsse-tablar-mit-led-beleuchtung-und-drei-tablettrutschenkundenseite-aus-edelstahl-h=900mm-322097\/\" class=\"btn btn-primary-blue\">Mehr erfahren<\/a><span class=\"compare-product\"><span class=\"compare-checkbox\"><span class=\"compare-checkbox-shape\"><input type=\"checkbox\" class=\"product-comparer\" id=\"prod_322097\"\/><label class=\"btn\" for=\"prod_322097\"><span class=\"label-bg\"><\/span>Vergleichen<\/label><\/span><\/span><\/span><\/div><\/a><\/div><\/div><\/li><li data-product-paged=\"\" class=\"anchor_tags_prod col-sm-6 col-md-3 wow fadeIn single-product-list 322062\"><div class=\"product-list-item\"><div class=\"product-content\"><a href=\"https:\/\/www.electroluxprofessional.com\/de-ch\/pd\/selbstbedienungselemente\/flexy-compact-ausgaben\/kalte-ausgaben\/k\u00fchlwannen-junior-h750-mm\/-k\u00fchlwanne-statisch-gek\u00fchlt-in-einem-unterbau-4-gn-beh\u00e4lterkapazit\u00e4t-mit-r\u00e4der-eingebautem-ventil-322062\/\" target=\"_blank\" ><figure><img decoding=\"async\" src=\"https:\/\/tools.electroluxprofessional.com\/Mirror\/Doc\/PH_255x255%2FPH_322062_1_1_322062.jpg\" alt=\"K\u00fchlwanne, statisch gek\u00fchlt in einem Unterbau (4 GN Beh\u00e4lterkapazit\u00e4t) mit R\u00e4der, eingebautem Ventil\"\/><\/figure><div class=\"product-internal\"><div class=\"product-liv\">K\u00fchlwannen Junior (H750 mm)<\/div><h3 class=\"product-title\"><br>K\u00fchlwanne, statisch gek\u00fchlt in einem Unterbau (4 GN Beh\u00e4lterkapazit\u00e4t) mit R\u00e4der, eingebautem Ventil<\/h3><div class=\"product-icons\"><div class=\"product-green\"><\/div><div class=\"product-cod\"><div class=\"hidden type_code\">0<\/div>COD <span class=\"product-code\" >322062<\/span><\/div><div class=\"product-fast\"><\/div>\n<\/div><div class=\"product-description-fast-green\"><\/div>\n<\/div><div class=\"product-actions\"><a href=\"https:\/\/www.electroluxprofessional.com\/de-ch\/pd\/selbstbedienungselemente\/flexy-compact-ausgaben\/kalte-ausgaben\/k\u00fchlwannen-junior-h750-mm\/-k\u00fchlwanne-statisch-gek\u00fchlt-in-einem-unterbau-4-gn-beh\u00e4lterkapazit\u00e4t-mit-r\u00e4der-eingebautem-ventil-322062\/\" class=\"btn btn-primary-blue\">Mehr erfahren<\/a><span class=\"compare-product\"><span class=\"compare-checkbox\"><span class=\"compare-checkbox-shape\"><input type=\"checkbox\" class=\"product-comparer\" id=\"prod_322062\"\/><label class=\"btn\" for=\"prod_322062\"><span class=\"label-bg\"><\/span>Vergleichen<\/label><\/span><\/span><\/span><\/div><\/a><\/div><\/div><\/li><li data-product-paged=\"\" class=\"anchor_tags_prod col-sm-6 col-md-3 wow fadeIn single-product-list 322101\"><div class=\"product-list-item\"><div class=\"product-content\"><a href=\"https:\/\/www.electroluxprofessional.com\/de-ch\/pd\/selbstbedienungselemente\/flexy-compact-ausgaben\/kalte-ausgaben\/k\u00fchlwannen-mit-k\u00fchlvitrine-h900-mm\/-k\u00fchlwanne-mit-unterbau-und-k\u00fchlvitrine-compact-4-gn-beh\u00e4lterkapazit\u00e4t-mit-f\u00fcsse-tablar-mit-led-beleuchtung-und-drei-tablettrutschenkundenseite-aus-edelstahl-h=900mm-322101\/\" target=\"_blank\" ><figure><img decoding=\"async\" src=\"https:\/\/tools.electroluxprofessional.com\/Mirror\/Doc\/PH_255x255%2FPH_322101_1_1_322101.jpg\" alt=\"K\u00fchlwanne mit Unterbau und K\u00fchlvitrine, compact  (4 GN Beh\u00e4lterkapazit\u00e4t) mit F\u00fcsse Tablar mit LED-Beleuchtung und drei Tablettrutschen(Kundenseite) aus Edelstahl, H=900mm\"\/><\/figure><div class=\"product-internal\"><div class=\"product-liv\">K\u00fchlwannen mit K\u00fchlvitrine (H900 mm)<\/div><h3 class=\"product-title\"><br>K\u00fchlwanne mit Unterbau und K\u00fchlvitrine, compact  (4 GN Beh\u00e4lterkapazit\u00e4t) mit F\u00fcsse Tablar mit LED-Beleuchtung und drei Tablettrutschen(Kundenseite) aus Edelstahl, H=900mm<\/h3><div class=\"product-icons\"><div class=\"product-green\"><\/div><div class=\"product-cod\"><div class=\"hidden type_code\">0<\/div>COD <span class=\"product-code\" >322101<\/span><\/div><div class=\"product-fast\"><\/div>\n<\/div><div class=\"product-description-fast-green\"><\/div>\n<\/div><div class=\"product-actions\"><a href=\"https:\/\/www.electroluxprofessional.com\/de-ch\/pd\/selbstbedienungselemente\/flexy-compact-ausgaben\/kalte-ausgaben\/k\u00fchlwannen-mit-k\u00fchlvitrine-h900-mm\/-k\u00fchlwanne-mit-unterbau-und-k\u00fchlvitrine-compact-4-gn-beh\u00e4lterkapazit\u00e4t-mit-f\u00fcsse-tablar-mit-led-beleuchtung-und-drei-tablettrutschenkundenseite-aus-edelstahl-h=900mm-322101\/\" class=\"btn btn-primary-blue\">Mehr erfahren<\/a><span class=\"compare-product\"><span class=\"compare-checkbox\"><span class=\"compare-checkbox-shape\"><input type=\"checkbox\" class=\"product-comparer\" id=\"prod_322101\"\/><label class=\"btn\" for=\"prod_322101\"><span class=\"label-bg\"><\/span>Vergleichen<\/label><\/span><\/span><\/span><\/div><\/a><\/div><\/div><\/li><li data-product-paged=\"\" class=\"anchor_tags_prod col-sm-6 col-md-3 wow fadeIn single-product-list 322031\"><div class=\"product-list-item\"><div class=\"product-content\"><a href=\"https:\/\/www.electroluxprofessional.com\/de-ch\/pd\/selbstbedienungselemente\/flexy-compact-ausgaben\/kalte-ausgaben\/k\u00fchlwannen-h900-mm-mit-r\u00e4der\/flexi-system-k\u00fchlwanne-statisch-mit-ventilator-gek\u00fchlt-in-einem-unterbau-3-gn-beh\u00e4lterkapazit\u00e4t-mit-r\u00e4der-eingebautem-ventilator-tablar-mit-led-beleuchtung-und-zwei-tablettrutschen-l\u00e4ngs-klappbaraus-aisi-322031\/\" target=\"_blank\" ><figure><img decoding=\"async\" src=\"https:\/\/tools.electroluxprofessional.com\/Mirror\/Doc\/PH_255x255%2FPH_322031_1_1_322031.jpg\" alt=\"Flexi SystemK\u00fchlwanne, statisch mit Ventilator gek\u00fchlt in einem Unterbau (3 GN Beh\u00e4lterkapazit\u00e4t) mit R\u00e4der, eingebautem Ventilator,  Tablar mit LED-Beleuchtung und zwei Tablettrutschen (l\u00e4ngs, klappbar)aus AISI\"\/><\/figure><div class=\"product-internal\"><div class=\"product-liv\">K\u00fchlwannen (H900 mm) mit R\u00e4der<\/div><h3 class=\"product-title\">Flexi System<br>K\u00fchlwanne, statisch mit Ventilator gek\u00fchlt in einem Unterbau (3 GN Beh\u00e4lterkapazit\u00e4t) mit R\u00e4der, eingebautem Ventilator,  Tablar mit LED-Beleuchtung und zwei Tablettrutschen (l\u00e4ngs, klappbar)aus AISI<\/h3><div class=\"product-icons\"><div class=\"product-green\"><\/div><div class=\"product-cod\"><div class=\"hidden type_code\">0<\/div>COD <span class=\"product-code\" >322031<\/span><\/div><div class=\"product-fast\"><\/div>\n<\/div><div class=\"product-description-fast-green\"><\/div>\n<\/div><div class=\"product-actions\"><a href=\"https:\/\/www.electroluxprofessional.com\/de-ch\/pd\/selbstbedienungselemente\/flexy-compact-ausgaben\/kalte-ausgaben\/k\u00fchlwannen-h900-mm-mit-r\u00e4der\/flexi-system-k\u00fchlwanne-statisch-mit-ventilator-gek\u00fchlt-in-einem-unterbau-3-gn-beh\u00e4lterkapazit\u00e4t-mit-r\u00e4der-eingebautem-ventilator-tablar-mit-led-beleuchtung-und-zwei-tablettrutschen-l\u00e4ngs-klappbaraus-aisi-322031\/\" class=\"btn btn-primary-blue\">Mehr erfahren<\/a><span class=\"compare-product\"><span class=\"compare-checkbox\"><span class=\"compare-checkbox-shape\"><input type=\"checkbox\" class=\"product-comparer\" id=\"prod_322031\"\/><label class=\"btn\" for=\"prod_322031\"><span class=\"label-bg\"><\/span>Vergleichen<\/label><\/span><\/span><\/span><\/div><\/a><\/div><\/div><\/li><li data-product-paged=\"\" class=\"anchor_tags_prod col-sm-6 col-md-3 wow fadeIn single-product-list 322094\"><div class=\"product-list-item\"><div class=\"product-content\"><a href=\"https:\/\/www.electroluxprofessional.com\/de-ch\/pd\/selbstbedienungselemente\/flexy-compact-ausgaben\/kalte-ausgaben\/k\u00fchlwannen-h900-mm\/flexi-system-k\u00fchlwanne-statisch-mit-ventilator-gek\u00fchlt-in-einem-unterbau-3-gn-beh\u00e4lterkapazit\u00e4t-mit-f\u00fcsse-tablar-mit-led-beleuchtung-und-drei-tablettrutschenkundenseite-aus-edelstahl-h=900mm-322094\/\" target=\"_blank\" ><figure><img decoding=\"async\" src=\"https:\/\/tools.electroluxprofessional.com\/Mirror\/Doc\/PH_255x255%2FPH_322094_1_1_322094.jpg\" alt=\"Flexi SystemK\u00fchlwanne, statisch mit Ventilator gek\u00fchlt in einem Unterbau (3 GN Beh\u00e4lterkapazit\u00e4t) mit F\u00fcsse,  Tablar mit LED-Beleuchtung und drei Tablettrutschen(Kundenseite) aus Edelstahl, H=900mm\"\/><\/figure><div class=\"product-internal\"><div class=\"product-liv\">K\u00fchlwannen (H900 mm)<\/div><h3 class=\"product-title\">Flexi System<br>K\u00fchlwanne, statisch mit Ventilator gek\u00fchlt in einem Unterbau (3 GN Beh\u00e4lterkapazit\u00e4t) mit F\u00fcsse,  Tablar mit LED-Beleuchtung und drei Tablettrutschen(Kundenseite) aus Edelstahl, H=900mm<\/h3><div class=\"product-icons\"><div class=\"product-green\"><\/div><div class=\"product-cod\"><div class=\"hidden type_code\">0<\/div>COD <span class=\"product-code\" >322094<\/span><\/div><div class=\"product-fast\"><\/div>\n<\/div><div class=\"product-description-fast-green\"><\/div>\n<\/div><div class=\"product-actions\"><a href=\"https:\/\/www.electroluxprofessional.com\/de-ch\/pd\/selbstbedienungselemente\/flexy-compact-ausgaben\/kalte-ausgaben\/k\u00fchlwannen-h900-mm\/flexi-system-k\u00fchlwanne-statisch-mit-ventilator-gek\u00fchlt-in-einem-unterbau-3-gn-beh\u00e4lterkapazit\u00e4t-mit-f\u00fcsse-tablar-mit-led-beleuchtung-und-drei-tablettrutschenkundenseite-aus-edelstahl-h=900mm-322094\/\" class=\"btn btn-primary-blue\">Mehr erfahren<\/a><span class=\"compare-product\"><span class=\"compare-checkbox\"><span class=\"compare-checkbox-shape\"><input type=\"checkbox\" class=\"product-comparer\" id=\"prod_322094\"\/><label class=\"btn\" for=\"prod_322094\"><span class=\"label-bg\"><\/span>Vergleichen<\/label><\/span><\/span><\/span><\/div><\/a><\/div><\/div><\/li>\n                        <\/ul>\n                        <div class=\"text-center more-products\">\n                        <\/div>\n                    <\/div>\n                    <!-- END PRODUCT LIST -->\n                    <\/div>\n                    <!-- END PRODUCT LIST -->[vc_column_text][\/vc_column_text][\/vc_column][\/vc_row]<\/p>\n","protected":false},"excerpt":{"rendered":"<p>[vc_row full_width=&#8221;electroluxpro-full-width-no-padding&#8221;][vc_column][vc_single_image image=&#8221;10519&#8243; img_size=&#8221;2000*350&#8243;][\/vc_column][\/vc_row][vc_row][vc_column][elx_heading font_container=&#8221;h1&#8243; font_size=&#8221;h3&#8243; text_color=&#8221;inherit&#8221; text_align=&#8221;text-left&#8221;]Saladette[\/elx_heading][elx_heading font_container=&#8221;h3&#8243; font_size=&#8221;h5&#8243; text_color=&#8221;inherit&#8221;]Das Electrolux Professional Sortiment an K\u00fchltischen kombiniert den Komfort einer Arbeitsfl\u00e4che mit einer darunter liegenden K\u00fchlzelle.[\/elx_heading][vc_empty_space][\/vc_column][\/vc_row][vc_row][vc_column width=&#8221;2\/3&#8243;][vc_single_image image=&#8221;10519&#8243; img_size=&#8221;700*400&#8243; alignment=&#8221;center&#8221;][\/vc_column][vc_column width=&#8221;1\/3&#8243;][elx_heading text_color=&#8221;inherit&#8221;]Ein einzigartiger K\u00fchltisch[\/elx_heading][vc_column_text css=&#8221;.vc_custom_1614676096912{margin-top: 20px !important;border-top-width: 20px !important;padding-top: 20px !important;}&#8221;] Diese Vielseitigkeit erm\u00f6glicht bemerkenswerte Platzeinsparungen und bietet gleichzeitig eine funktionale und modulare L\u00f6sung f\u00fcr [&hellip;]<\/p>\n","protected":false},"author":182,"featured_media":10519,"parent":731,"menu_order":0,"comment_status":"closed","ping_status":"closed","template":"","meta":{"footnotes":""},"class_list":["post-10527","page","type-page","status-publish","has-post-thumbnail","hentry"],"acf":[],"yoast_head":"<!-- This site is optimized with the Yoast SEO plugin v23.3 - https:\/\/yoast.com\/wordpress\/plugins\/seo\/ -->\n<title>K\u00fchltisch Saladette | Electrolux Professional<\/title>\n<meta name=\"description\" content=\"Das Electrolux Professional Sortiment an K\u00fchltischen kombiniert den Komfort einer Arbeitsfl\u00e4che mit einer darunter liegenden K\u00fchlzelle.\" \/>\n<meta name=\"robots\" content=\"index, follow, max-snippet:-1, max-image-preview:large, max-video-preview:-1\" \/>\n<link rel=\"canonical\" href=\"https:\/\/www.electroluxprofessional.com\/de-ch\/kueche\/saladette\/\" \/>\n<meta property=\"og:locale\" content=\"de_DE\" \/>\n<meta property=\"og:type\" content=\"article\" \/>\n<meta property=\"og:title\" content=\"K\u00fchltisch Saladette | Electrolux Professional\" \/>\n<meta property=\"og:description\" content=\"Das Electrolux Professional Sortiment an K\u00fchltischen kombiniert den Komfort einer Arbeitsfl\u00e4che mit einer darunter liegenden K\u00fchlzelle.\" \/>\n<meta property=\"og:url\" content=\"https:\/\/www.electroluxprofessional.com\/de-ch\/kueche\/saladette\/\" \/>\n<meta property=\"og:site_name\" content=\"Electrolux Professional Schweiz\" \/>\n<meta property=\"article:modified_time\" content=\"2026-04-08T12:16:59+00:00\" \/>\n<meta property=\"og:image\" content=\"https:\/\/www.electroluxprofessional.com\/de-ch\/wp-content\/uploads\/2016\/11\/banner-17-1.jpg\" \/>\n\t<meta property=\"og:image:width\" content=\"2000\" \/>\n\t<meta property=\"og:image:height\" content=\"1333\" \/>\n\t<meta property=\"og:image:type\" content=\"image\/jpeg\" \/>\n<meta name=\"twitter:card\" content=\"summary_large_image\" \/>\n<meta name=\"twitter:label1\" content=\"Gesch\u00e4tzte Lesezeit\" \/>\n\t<meta name=\"twitter:data1\" content=\"2 Minuten\" \/>\n<script type=\"application\/ld+json\" class=\"yoast-schema-graph\">{\"@context\":\"https:\/\/schema.org\",\"@graph\":[{\"@type\":\"WebPage\",\"@id\":\"https:\/\/www.electroluxprofessional.com\/de-ch\/kueche\/saladette\/\",\"url\":\"https:\/\/www.electroluxprofessional.com\/de-ch\/kueche\/saladette\/\",\"name\":\"K\u00fchltisch Saladette | Electrolux Professional\",\"isPartOf\":{\"@id\":\"https:\/\/www.electroluxprofessional.com\/de-ch\/#website\"},\"primaryImageOfPage\":{\"@id\":\"https:\/\/www.electroluxprofessional.com\/de-ch\/kueche\/saladette\/#primaryimage\"},\"image\":{\"@id\":\"https:\/\/www.electroluxprofessional.com\/de-ch\/kueche\/saladette\/#primaryimage\"},\"thumbnailUrl\":\"https:\/\/www.electroluxprofessional.com\/de-ch\/wp-content\/uploads\/2016\/11\/banner-17-1.jpg\",\"datePublished\":\"2016-11-28T08:47:02+00:00\",\"dateModified\":\"2026-04-08T12:16:59+00:00\",\"description\":\"Das Electrolux Professional Sortiment an K\u00fchltischen kombiniert den Komfort einer Arbeitsfl\u00e4che mit einer darunter liegenden K\u00fchlzelle.\",\"breadcrumb\":{\"@id\":\"https:\/\/www.electroluxprofessional.com\/de-ch\/kueche\/saladette\/#breadcrumb\"},\"inLanguage\":\"de-CH\",\"potentialAction\":[{\"@type\":\"ReadAction\",\"target\":[\"https:\/\/www.electroluxprofessional.com\/de-ch\/kueche\/saladette\/\"]}]},{\"@type\":\"ImageObject\",\"inLanguage\":\"de-CH\",\"@id\":\"https:\/\/www.electroluxprofessional.com\/de-ch\/kueche\/saladette\/#primaryimage\",\"url\":\"https:\/\/www.electroluxprofessional.com\/de-ch\/wp-content\/uploads\/2016\/11\/banner-17-1.jpg\",\"contentUrl\":\"https:\/\/www.electroluxprofessional.com\/de-ch\/wp-content\/uploads\/2016\/11\/banner-17-1.jpg\",\"width\":2000,\"height\":1333,\"caption\":\"Das Electrolux Professional Sortiment an K\u00fchltischen kombiniert den Komfort einer Arbeitsfl\u00e4che mit einer darunter liegenden K\u00fchlzelle.\"},{\"@type\":\"BreadcrumbList\",\"@id\":\"https:\/\/www.electroluxprofessional.com\/de-ch\/kueche\/saladette\/#breadcrumb\",\"itemListElement\":[{\"@type\":\"ListItem\",\"position\":1,\"name\":\"Home\",\"item\":\"https:\/\/www.electroluxprofessional.com\/de-ch\/\"},{\"@type\":\"ListItem\",\"position\":2,\"name\":\"K\u00fcche\",\"item\":\"https:\/\/www.electroluxprofessional.com\/de-ch\/kueche\/\"},{\"@type\":\"ListItem\",\"position\":3,\"name\":\"Saladette\"}]},{\"@type\":\"WebSite\",\"@id\":\"https:\/\/www.electroluxprofessional.com\/de-ch\/#website\",\"url\":\"https:\/\/www.electroluxprofessional.com\/de-ch\/\",\"name\":\"Electrolux Professional Schweiz\",\"description\":\"\",\"potentialAction\":[{\"@type\":\"SearchAction\",\"target\":{\"@type\":\"EntryPoint\",\"urlTemplate\":\"https:\/\/www.electroluxprofessional.com\/de-ch\/?src={search_term_string}\"},\"query-input\":\"required name=search_term_string\"}],\"inLanguage\":\"de-CH\"}]}<\/script>\n<!-- \/ Yoast SEO plugin. -->","yoast_head_json":{"title":"K\u00fchltisch Saladette | Electrolux Professional","description":"Das Electrolux Professional Sortiment an K\u00fchltischen kombiniert den Komfort einer Arbeitsfl\u00e4che mit einer darunter liegenden K\u00fchlzelle.","robots":{"index":"index","follow":"follow","max-snippet":"max-snippet:-1","max-image-preview":"max-image-preview:large","max-video-preview":"max-video-preview:-1"},"canonical":"https:\/\/www.electroluxprofessional.com\/de-ch\/kueche\/saladette\/","og_locale":"de_DE","og_type":"article","og_title":"K\u00fchltisch Saladette | Electrolux Professional","og_description":"Das Electrolux Professional Sortiment an K\u00fchltischen kombiniert den Komfort einer Arbeitsfl\u00e4che mit einer darunter liegenden K\u00fchlzelle.","og_url":"https:\/\/www.electroluxprofessional.com\/de-ch\/kueche\/saladette\/","og_site_name":"Electrolux Professional Schweiz","article_modified_time":"2026-04-08T12:16:59+00:00","og_image":[{"width":2000,"height":1333,"url":"https:\/\/www.electroluxprofessional.com\/de-ch\/wp-content\/uploads\/2016\/11\/banner-17-1.jpg","type":"image\/jpeg"}],"twitter_card":"summary_large_image","twitter_misc":{"Gesch\u00e4tzte Lesezeit":"2 Minuten"},"schema":{"@context":"https:\/\/schema.org","@graph":[{"@type":"WebPage","@id":"https:\/\/www.electroluxprofessional.com\/de-ch\/kueche\/saladette\/","url":"https:\/\/www.electroluxprofessional.com\/de-ch\/kueche\/saladette\/","name":"K\u00fchltisch Saladette | Electrolux Professional","isPartOf":{"@id":"https:\/\/www.electroluxprofessional.com\/de-ch\/#website"},"primaryImageOfPage":{"@id":"https:\/\/www.electroluxprofessional.com\/de-ch\/kueche\/saladette\/#primaryimage"},"image":{"@id":"https:\/\/www.electroluxprofessional.com\/de-ch\/kueche\/saladette\/#primaryimage"},"thumbnailUrl":"https:\/\/www.electroluxprofessional.com\/de-ch\/wp-content\/uploads\/2016\/11\/banner-17-1.jpg","datePublished":"2016-11-28T08:47:02+00:00","dateModified":"2026-04-08T12:16:59+00:00","description":"Das Electrolux Professional Sortiment an K\u00fchltischen kombiniert den Komfort einer Arbeitsfl\u00e4che mit einer darunter liegenden K\u00fchlzelle.","breadcrumb":{"@id":"https:\/\/www.electroluxprofessional.com\/de-ch\/kueche\/saladette\/#breadcrumb"},"inLanguage":"de-CH","potentialAction":[{"@type":"ReadAction","target":["https:\/\/www.electroluxprofessional.com\/de-ch\/kueche\/saladette\/"]}]},{"@type":"ImageObject","inLanguage":"de-CH","@id":"https:\/\/www.electroluxprofessional.com\/de-ch\/kueche\/saladette\/#primaryimage","url":"https:\/\/www.electroluxprofessional.com\/de-ch\/wp-content\/uploads\/2016\/11\/banner-17-1.jpg","contentUrl":"https:\/\/www.electroluxprofessional.com\/de-ch\/wp-content\/uploads\/2016\/11\/banner-17-1.jpg","width":2000,"height":1333,"caption":"Das Electrolux Professional Sortiment an K\u00fchltischen kombiniert den Komfort einer Arbeitsfl\u00e4che mit einer darunter liegenden K\u00fchlzelle."},{"@type":"BreadcrumbList","@id":"https:\/\/www.electroluxprofessional.com\/de-ch\/kueche\/saladette\/#breadcrumb","itemListElement":[{"@type":"ListItem","position":1,"name":"Home","item":"https:\/\/www.electroluxprofessional.com\/de-ch\/"},{"@type":"ListItem","position":2,"name":"K\u00fcche","item":"https:\/\/www.electroluxprofessional.com\/de-ch\/kueche\/"},{"@type":"ListItem","position":3,"name":"Saladette"}]},{"@type":"WebSite","@id":"https:\/\/www.electroluxprofessional.com\/de-ch\/#website","url":"https:\/\/www.electroluxprofessional.com\/de-ch\/","name":"Electrolux Professional Schweiz","description":"","potentialAction":[{"@type":"SearchAction","target":{"@type":"EntryPoint","urlTemplate":"https:\/\/www.electroluxprofessional.com\/de-ch\/?src={search_term_string}"},"query-input":"required name=search_term_string"}],"inLanguage":"de-CH"}]}},"_links":{"self":[{"href":"https:\/\/www.electroluxprofessional.com\/de-ch\/wp-json\/wp\/v2\/pages\/10527"}],"collection":[{"href":"https:\/\/www.electroluxprofessional.com\/de-ch\/wp-json\/wp\/v2\/pages"}],"about":[{"href":"https:\/\/www.electroluxprofessional.com\/de-ch\/wp-json\/wp\/v2\/types\/page"}],"author":[{"embeddable":true,"href":"https:\/\/www.electroluxprofessional.com\/de-ch\/wp-json\/wp\/v2\/users\/182"}],"replies":[{"embeddable":true,"href":"https:\/\/www.electroluxprofessional.com\/de-ch\/wp-json\/wp\/v2\/comments?post=10527"}],"version-history":[{"count":15,"href":"https:\/\/www.electroluxprofessional.com\/de-ch\/wp-json\/wp\/v2\/pages\/10527\/revisions"}],"predecessor-version":[{"id":20629,"href":"https:\/\/www.electroluxprofessional.com\/de-ch\/wp-json\/wp\/v2\/pages\/10527\/revisions\/20629"}],"up":[{"embeddable":true,"href":"https:\/\/www.electroluxprofessional.com\/de-ch\/wp-json\/wp\/v2\/pages\/731"}],"wp:featuredmedia":[{"embeddable":true,"href":"https:\/\/www.electroluxprofessional.com\/de-ch\/wp-json\/wp\/v2\/media\/10519"}],"wp:attachment":[{"href":"https:\/\/www.electroluxprofessional.com\/de-ch\/wp-json\/wp\/v2\/media?parent=10527"}],"curies":[{"name":"wp","href":"https:\/\/api.w.org\/{rel}","templated":true}]}}