{"id":8762,"date":"2019-09-27T14:38:14","date_gmt":"2019-09-27T12:38:14","guid":{"rendered":"https:\/\/www.electroluxprofessional.com\/?page_id=25408"},"modified":"2022-04-20T09:43:29","modified_gmt":"2022-04-20T09:43:29","slug":"about-us","status":"publish","type":"page","link":"https:\/\/www.electroluxprofessional.com\/cz\/about-us\/","title":{"rendered":"O n\u00e1s"},"content":{"rendered":"<p>[vc_row full_width=&#8221;electroluxpro-full-width-no-padding&#8221;][vc_column][vc_single_image image=&#8221;8761&#8243; img_size=&#8221;2000&#215;400&#8243;][\/vc_column][\/vc_row][vc_row][vc_column][vc_empty_space height=&#8221;50px&#8221;][elx_heading font_container=&#8221;h1&#8243; text_color=&#8221;inherit&#8221;]Electrolux Professional[\/elx_heading][vc_empty_space][\/vc_column][\/vc_row][vc_row][vc_column width=&#8221;1\/2&#8243;][vc_column_text]<strong>Spole\u010dnost Electrolux Professional je d\u016fv\u011bryhodn\u00fd The OnE partner<\/strong>, <strong>kter\u00fd usnadn\u00ed v\u00e1\u0161 ka\u017edodenn\u00ed pracovn\u00ed \u017eivot, zv\u00fd\u0161\u00ed v\u00fdnosy \u00a0a je skute\u010dn\u011b udr\u017eiteln\u00fd.<\/strong>[\/vc_column_text][vc_column_text]Zm\u011bn\u00edme v\u00e1\u0161 byznys d\u00edky celo\u017eivotn\u00edm zku\u0161enostem v oblasti <strong>Gastronomie, N\u00e1pojov\u00fdch automatech a Pr\u00e1deln\u00e1ch<\/strong>.<\/p>\n<p>V centru pozornosti udr\u017eiteln\u00e9ho rozvoje navrhujeme pln\u011b integrovan\u00e1 \u0159e\u0161en\u00ed, kter\u00e1 p\u0159in\u00e1\u0161ej\u00ed vysokou produktivitu, nejni\u017e\u0161\u00ed n\u00e1klady a snadno se pou\u017e\u00edvaj\u00ed, udr\u017euj\u00ed a opravuj\u00ed.[\/vc_column_text][\/vc_column][vc_column width=&#8221;1\/2&#8243;][elx_video_block background_image=&#8221;5084&#8243; minimum_height=&#8221;350px&#8221; video_link=&#8221;https:\/\/www.youtube.com\/watch?v=PVUc0vj9PEo&#8221;][\/vc_column][\/vc_row][vc_row css=&#8221;.vc_custom_1465566954449{padding-top: 20px !important;}&#8221;][vc_column][vc_column_text]<strong>Jedine\u010dn\u00e9 propojen\u00ed The OnE<\/strong> umo\u017e\u0148uje z\u00e1kazn\u00edk\u016fm <strong>\u0159\u00eddit v\u0161echny sv\u00e9 \u010dinnosti pomoc\u00ed p\u0159ipojen\u00fdch a synchronizovan\u00fdch produkt\u016f a slu\u017eeb<\/strong> a vytv\u00e1\u0159\u00ed tak maxim\u00e1ln\u00ed u\u017eitkovou hodnotu.[\/vc_column_text][vc_column_text]Spole\u010dnost <strong>Electrolux Professional je d\u016fv\u011bryhodn\u00fd The OnE partner<\/strong> pro jednotliv\u00e1 a \u00fapln\u00e1 \u0159e\u0161en\u00ed, kter\u00e9 vych\u00e1zej\u00ed z dlouholet\u00fdch zku\u0161enost\u00ed a lidsk\u00e9ho soust\u0159ed\u011bn\u00ed, a va\u0161e podnik\u00e1n\u00ed se st\u00e1v\u00e1 efektivn\u011bj\u0161\u00edm.[\/vc_column_text][\/vc_column][\/vc_row][vc_row][vc_column width=&#8221;1\/3&#8243;][elx_maylike_box id_box=&#8221;5086&#8243;][\/vc_column][vc_column width=&#8221;1\/3&#8243;][elx_maylike_box id_box=&#8221;5088&#8243;][\/vc_column][vc_column width=&#8221;1\/3&#8243;][elx_maylike_box id_box=&#8221;5089&#8243;][\/vc_column][\/vc_row]<\/p>\n","protected":false},"excerpt":{"rendered":"<p>[vc_row full_width=&#8221;electroluxpro-full-width-no-padding&#8221;][vc_column][vc_single_image image=&#8221;8761&#8243; img_size=&#8221;2000&#215;400&#8243;][\/vc_column][\/vc_row][vc_row][vc_column][vc_empty_space height=&#8221;50px&#8221;][elx_heading font_container=&#8221;h1&#8243; text_color=&#8221;inherit&#8221;]Electrolux Professional[\/elx_heading][vc_empty_space][\/vc_column][\/vc_row][vc_row][vc_column width=&#8221;1\/2&#8243;][vc_column_text]Spole\u010dnost Electrolux Professional je d\u016fv\u011bryhodn\u00fd The OnE partner, kter\u00fd usnadn\u00ed v\u00e1\u0161 ka\u017edodenn\u00ed pracovn\u00ed \u017eivot, zv\u00fd\u0161\u00ed v\u00fdnosy \u00a0a je skute\u010dn\u011b udr\u017eiteln\u00fd.[\/vc_column_text][vc_column_text]Zm\u011bn\u00edme v\u00e1\u0161 byznys d\u00edky celo\u017eivotn\u00edm zku\u0161enostem v oblasti Gastronomie, N\u00e1pojov\u00fdch automatech a Pr\u00e1deln\u00e1ch. V centru pozornosti udr\u017eiteln\u00e9ho rozvoje navrhujeme pln\u011b integrovan\u00e1 \u0159e\u0161en\u00ed, kter\u00e1 p\u0159in\u00e1\u0161ej\u00ed vysokou produktivitu, nejni\u017e\u0161\u00ed n\u00e1klady [&hellip;]<\/p>\n","protected":false},"author":39,"featured_media":5084,"parent":0,"menu_order":0,"comment_status":"closed","ping_status":"closed","template":"","meta":{"footnotes":""},"class_list":["post-8762","page","type-page","status-publish","has-post-thumbnail","hentry"],"acf":[],"yoast_head":"<!-- This site is optimized with the Yoast SEO plugin v23.3 - https:\/\/yoast.com\/wordpress\/plugins\/seo\/ -->\n<title>O n\u00e1s - Electrolux Professional<\/title>\n<meta name=\"description\" content=\"Objevte v\u00edce informac\u00ed o Electrolux Professional, d\u016fv\u011bryhodn\u00e9m partnerovi The OnE, kter\u00fd usnad\u0148uje v\u00e1\u0161 ziskov\u011bj\u0161\u00ed a skute\u010dn\u011b udr\u017eiteln\u00fd pracovn\u00ed \u017eivot.\" \/>\n<meta name=\"robots\" content=\"index, follow, max-snippet:-1, max-image-preview:large, max-video-preview:-1\" \/>\n<link rel=\"canonical\" href=\"https:\/\/www.electroluxprofessional.com\/cz\/about-us\/\" \/>\n<meta property=\"og:locale\" content=\"cs_CZ\" \/>\n<meta property=\"og:type\" content=\"article\" \/>\n<meta property=\"og:title\" content=\"O n\u00e1s - Electrolux Professional\" \/>\n<meta property=\"og:description\" content=\"Objevte v\u00edce informac\u00ed o Electrolux Professional, d\u016fv\u011bryhodn\u00e9m partnerovi The OnE, kter\u00fd usnad\u0148uje v\u00e1\u0161 ziskov\u011bj\u0161\u00ed a skute\u010dn\u011b udr\u017eiteln\u00fd pracovn\u00ed \u017eivot.\" \/>\n<meta property=\"og:url\" content=\"https:\/\/www.electroluxprofessional.com\/cz\/about-us\/\" \/>\n<meta property=\"og:site_name\" content=\"Electrolux Professional \u010cesk\u00e1 republika\" \/>\n<meta property=\"article:publisher\" content=\"https:\/\/www.facebook.com\/electroluxprofessional\" \/>\n<meta property=\"article:modified_time\" content=\"2022-04-20T09:43:29+00:00\" \/>\n<meta property=\"og:image\" content=\"https:\/\/www.electroluxprofessional.com\/cz\/wp-content\/uploads\/2019\/09\/video-one-cover.jpg\" \/>\n\t<meta property=\"og:image:width\" content=\"800\" \/>\n\t<meta property=\"og:image:height\" content=\"500\" \/>\n\t<meta property=\"og:image:type\" content=\"image\/jpeg\" \/>\n<meta name=\"twitter:card\" content=\"summary_large_image\" \/>\n<meta name=\"twitter:site\" content=\"@ElectroluxPro\" \/>\n<meta name=\"twitter:label1\" content=\"Odhadovan\u00e1 doba \u010dten\u00ed\" \/>\n\t<meta name=\"twitter:data1\" content=\"1 minuta\" \/>\n<script type=\"application\/ld+json\" class=\"yoast-schema-graph\">{\"@context\":\"https:\/\/schema.org\",\"@graph\":[{\"@type\":\"WebPage\",\"@id\":\"https:\/\/www.electroluxprofessional.com\/cz\/about-us\/\",\"url\":\"https:\/\/www.electroluxprofessional.com\/cz\/about-us\/\",\"name\":\"O n\u00e1s - Electrolux Professional\",\"isPartOf\":{\"@id\":\"https:\/\/www.electroluxprofessional.com\/cz\/#website\"},\"primaryImageOfPage\":{\"@id\":\"https:\/\/www.electroluxprofessional.com\/cz\/about-us\/#primaryimage\"},\"image\":{\"@id\":\"https:\/\/www.electroluxprofessional.com\/cz\/about-us\/#primaryimage\"},\"thumbnailUrl\":\"https:\/\/www.electroluxprofessional.com\/cz\/wp-content\/uploads\/2019\/09\/video-one-cover.jpg\",\"datePublished\":\"2019-09-27T12:38:14+00:00\",\"dateModified\":\"2022-04-20T09:43:29+00:00\",\"description\":\"Objevte v\u00edce informac\u00ed o Electrolux Professional, d\u016fv\u011bryhodn\u00e9m partnerovi The OnE, kter\u00fd usnad\u0148uje v\u00e1\u0161 ziskov\u011bj\u0161\u00ed a skute\u010dn\u011b udr\u017eiteln\u00fd pracovn\u00ed \u017eivot.\",\"breadcrumb\":{\"@id\":\"https:\/\/www.electroluxprofessional.com\/cz\/about-us\/#breadcrumb\"},\"inLanguage\":\"cs\",\"potentialAction\":[{\"@type\":\"ReadAction\",\"target\":[\"https:\/\/www.electroluxprofessional.com\/cz\/about-us\/\"]}]},{\"@type\":\"ImageObject\",\"inLanguage\":\"cs\",\"@id\":\"https:\/\/www.electroluxprofessional.com\/cz\/about-us\/#primaryimage\",\"url\":\"https:\/\/www.electroluxprofessional.com\/cz\/wp-content\/uploads\/2019\/09\/video-one-cover.jpg\",\"contentUrl\":\"https:\/\/www.electroluxprofessional.com\/cz\/wp-content\/uploads\/2019\/09\/video-one-cover.jpg\",\"width\":800,\"height\":500,\"caption\":\"Electrolux Professional, the OnE trusted partner\"},{\"@type\":\"BreadcrumbList\",\"@id\":\"https:\/\/www.electroluxprofessional.com\/cz\/about-us\/#breadcrumb\",\"itemListElement\":[{\"@type\":\"ListItem\",\"position\":1,\"name\":\"Home\",\"item\":\"https:\/\/www.electroluxprofessional.com\/cz\/\"},{\"@type\":\"ListItem\",\"position\":2,\"name\":\"O n\u00e1s\"}]},{\"@type\":\"WebSite\",\"@id\":\"https:\/\/www.electroluxprofessional.com\/cz\/#website\",\"url\":\"https:\/\/www.electroluxprofessional.com\/cz\/\",\"name\":\"Electrolux Professional \u010cesk\u00e1 republika\",\"description\":\"\",\"potentialAction\":[{\"@type\":\"SearchAction\",\"target\":{\"@type\":\"EntryPoint\",\"urlTemplate\":\"https:\/\/www.electroluxprofessional.com\/cz\/?src={search_term_string}\"},\"query-input\":\"required name=search_term_string\"}],\"inLanguage\":\"cs\"}]}<\/script>\n<!-- \/ Yoast SEO plugin. -->","yoast_head_json":{"title":"O n\u00e1s - Electrolux Professional","description":"Objevte v\u00edce informac\u00ed o Electrolux Professional, d\u016fv\u011bryhodn\u00e9m partnerovi The OnE, kter\u00fd usnad\u0148uje v\u00e1\u0161 ziskov\u011bj\u0161\u00ed a skute\u010dn\u011b udr\u017eiteln\u00fd pracovn\u00ed \u017eivot.","robots":{"index":"index","follow":"follow","max-snippet":"max-snippet:-1","max-image-preview":"max-image-preview:large","max-video-preview":"max-video-preview:-1"},"canonical":"https:\/\/www.electroluxprofessional.com\/cz\/about-us\/","og_locale":"cs_CZ","og_type":"article","og_title":"O n\u00e1s - Electrolux Professional","og_description":"Objevte v\u00edce informac\u00ed o Electrolux Professional, d\u016fv\u011bryhodn\u00e9m partnerovi The OnE, kter\u00fd usnad\u0148uje v\u00e1\u0161 ziskov\u011bj\u0161\u00ed a skute\u010dn\u011b udr\u017eiteln\u00fd pracovn\u00ed \u017eivot.","og_url":"https:\/\/www.electroluxprofessional.com\/cz\/about-us\/","og_site_name":"Electrolux Professional \u010cesk\u00e1 republika","article_publisher":"https:\/\/www.facebook.com\/electroluxprofessional","article_modified_time":"2022-04-20T09:43:29+00:00","og_image":[{"width":800,"height":500,"url":"https:\/\/www.electroluxprofessional.com\/cz\/wp-content\/uploads\/2019\/09\/video-one-cover.jpg","type":"image\/jpeg"}],"twitter_card":"summary_large_image","twitter_site":"@ElectroluxPro","twitter_misc":{"Odhadovan\u00e1 doba \u010dten\u00ed":"1 minuta"},"schema":{"@context":"https:\/\/schema.org","@graph":[{"@type":"WebPage","@id":"https:\/\/www.electroluxprofessional.com\/cz\/about-us\/","url":"https:\/\/www.electroluxprofessional.com\/cz\/about-us\/","name":"O n\u00e1s - Electrolux Professional","isPartOf":{"@id":"https:\/\/www.electroluxprofessional.com\/cz\/#website"},"primaryImageOfPage":{"@id":"https:\/\/www.electroluxprofessional.com\/cz\/about-us\/#primaryimage"},"image":{"@id":"https:\/\/www.electroluxprofessional.com\/cz\/about-us\/#primaryimage"},"thumbnailUrl":"https:\/\/www.electroluxprofessional.com\/cz\/wp-content\/uploads\/2019\/09\/video-one-cover.jpg","datePublished":"2019-09-27T12:38:14+00:00","dateModified":"2022-04-20T09:43:29+00:00","description":"Objevte v\u00edce informac\u00ed o Electrolux Professional, d\u016fv\u011bryhodn\u00e9m partnerovi The OnE, kter\u00fd usnad\u0148uje v\u00e1\u0161 ziskov\u011bj\u0161\u00ed a skute\u010dn\u011b udr\u017eiteln\u00fd pracovn\u00ed \u017eivot.","breadcrumb":{"@id":"https:\/\/www.electroluxprofessional.com\/cz\/about-us\/#breadcrumb"},"inLanguage":"cs","potentialAction":[{"@type":"ReadAction","target":["https:\/\/www.electroluxprofessional.com\/cz\/about-us\/"]}]},{"@type":"ImageObject","inLanguage":"cs","@id":"https:\/\/www.electroluxprofessional.com\/cz\/about-us\/#primaryimage","url":"https:\/\/www.electroluxprofessional.com\/cz\/wp-content\/uploads\/2019\/09\/video-one-cover.jpg","contentUrl":"https:\/\/www.electroluxprofessional.com\/cz\/wp-content\/uploads\/2019\/09\/video-one-cover.jpg","width":800,"height":500,"caption":"Electrolux Professional, the OnE trusted partner"},{"@type":"BreadcrumbList","@id":"https:\/\/www.electroluxprofessional.com\/cz\/about-us\/#breadcrumb","itemListElement":[{"@type":"ListItem","position":1,"name":"Home","item":"https:\/\/www.electroluxprofessional.com\/cz\/"},{"@type":"ListItem","position":2,"name":"O n\u00e1s"}]},{"@type":"WebSite","@id":"https:\/\/www.electroluxprofessional.com\/cz\/#website","url":"https:\/\/www.electroluxprofessional.com\/cz\/","name":"Electrolux Professional \u010cesk\u00e1 republika","description":"","potentialAction":[{"@type":"SearchAction","target":{"@type":"EntryPoint","urlTemplate":"https:\/\/www.electroluxprofessional.com\/cz\/?src={search_term_string}"},"query-input":"required name=search_term_string"}],"inLanguage":"cs"}]}},"_links":{"self":[{"href":"https:\/\/www.electroluxprofessional.com\/cz\/wp-json\/wp\/v2\/pages\/8762"}],"collection":[{"href":"https:\/\/www.electroluxprofessional.com\/cz\/wp-json\/wp\/v2\/pages"}],"about":[{"href":"https:\/\/www.electroluxprofessional.com\/cz\/wp-json\/wp\/v2\/types\/page"}],"author":[{"embeddable":true,"href":"https:\/\/www.electroluxprofessional.com\/cz\/wp-json\/wp\/v2\/users\/39"}],"replies":[{"embeddable":true,"href":"https:\/\/www.electroluxprofessional.com\/cz\/wp-json\/wp\/v2\/comments?post=8762"}],"version-history":[{"count":3,"href":"https:\/\/www.electroluxprofessional.com\/cz\/wp-json\/wp\/v2\/pages\/8762\/revisions"}],"predecessor-version":[{"id":9643,"href":"https:\/\/www.electroluxprofessional.com\/cz\/wp-json\/wp\/v2\/pages\/8762\/revisions\/9643"}],"wp:featuredmedia":[{"embeddable":true,"href":"https:\/\/www.electroluxprofessional.com\/cz\/wp-json\/wp\/v2\/media\/5084"}],"wp:attachment":[{"href":"https:\/\/www.electroluxprofessional.com\/cz\/wp-json\/wp\/v2\/media?parent=8762"}],"curies":[{"name":"wp","href":"https:\/\/api.w.org\/{rel}","templated":true}]}}