{"id":7701,"date":"2018-06-13T14:37:01","date_gmt":"2018-06-13T13:37:01","guid":{"rendered":"https:\/\/www.electroluxprofessional.com\/?page_id=17392"},"modified":"2022-01-12T14:36:04","modified_gmt":"2022-01-12T14:36:04","slug":"pebble-ice-makers","status":"publish","type":"page","link":"https:\/\/www.electroluxprofessional.com\/cz\/commercial-kitchen-equipment\/pebble-ice-makers\/","title":{"rendered":"V\u00fdrobn\u00edky ledov\u00fdch nuget"},"content":{"rendered":"<p>[vc_row full_width=&#8221;electroluxpro-full-width-no-padding&#8221;][vc_column][elx_image_block background_image=&#8221;7698&#8243; minimum_height=&#8221;350px&#8221;][\/vc_column][\/vc_row][vc_row][vc_column][vc_empty_space][elx_heading font_container=&#8221;h1&#8243; font_size=&#8221;h3&#8243; text_color=&#8221;inherit&#8221; text_align=&#8221;text-left&#8221;]V\u00fdrobn\u00edky ledov\u00fdch nuget[\/elx_heading][\/vc_column][\/vc_row][vc_row][vc_column width=&#8221;2\/3&#8243;][vc_empty_space][vc_empty_space][vc_column_text]Nov\u00fd v\u00fdrobn\u00edk ledov\u00fdch nuget spole\u010dnosti Electrolux je nejnov\u011bj\u0161\u00edm p\u0159\u00edr\u016fstkem do na\u0161\u00ed \u0159ady vysoce \u00fa\u010dinn\u00fdch a snadno \u010distiteln\u00fdch stroj\u016f a odpov\u011bd\u00ed na v\u0161echny va\u0161e pot\u0159eby v oblasti v\u00fdroby ledu.[\/vc_column_text][elx_heading font_size=&#8221;h5&#8243; text_color=&#8221;inherit&#8221;]Va\u0161e doba ledov\u00e1[\/elx_heading][vc_column_text]Spr\u00e1vn\u00e1 v\u00fdroba ledu d\u011bl\u00e1 v\u0161e, co je ve va\u0161em podnik\u00e1n\u00ed d\u016fle\u017eit\u00e9.<br \/>\nA\u0165 jste kdekoli a jakkoli pot\u0159ebujete, Electrolux m\u00e1 pro v\u00e1s vysoce v\u00fdkonn\u00fd a energeticky efektivn\u00ed v\u00fdrobn\u00edk obl\u00e1zkov\u00e9ho ledu.[\/vc_column_text][elx_button button_text=&#8221;Objevte na\u0161e v\u00fdrobn\u00edky ledu, ledov\u00e9 t\u0159\u00ed\u0161t\u011b, ledov\u00fdch kostek, flakery&#8221; button_style=&#8221;icon&#8221; button_link=&#8221;url:https%3A%2F%2Fwww.electroluxprofessional.com%2Fcz%2Fcommercial-kitchen-equipment%2Fice-makers-flakers%2F|title:V%C3%BDrobn%C3%ADky%20ledu%20a%20t%C5%99%C3%AD%C5%A1t%C4%9B||&#8221;][\/vc_column][vc_column width=&#8221;1\/3&#8243;][vc_single_image image=&#8221;7697&#8243; img_size=&#8221;full&#8221;][\/vc_column][\/vc_row][vc_row][vc_column][vc_empty_space][\/vc_column][\/vc_row][vc_row][vc_column width=&#8221;1\/3&#8243;][vc_single_image image=&#8221;3812&#8243; img_size=&#8221;150*150&#8243;][elx_heading font_container=&#8221;h3&#8243; font_size=&#8221;h5&#8243; text_color=&#8221;inherit&#8221;]N\u00edzk\u00fd dopad na \u017eivotn\u00ed prost\u0159ed\u00ed[\/elx_heading][vc_column_text]Pou\u017eit\u00ed p\u0159\u00edrodn\u00edho plynu <strong>R290 jako chladiva<\/strong> znamen\u00e1, \u017ee obl\u00e1zkov\u00e9 v\u00fdrobn\u00edky ledu jsou lep\u0161\u00ed pro \u017eivotn\u00ed prost\u0159ed\u00ed i pro budouc\u00ed generace.[\/vc_column_text][\/vc_column][vc_column width=&#8221;1\/3&#8243;][vc_single_image image=&#8221;7699&#8243; img_size=&#8221;150*150&#8243;][elx_heading font_container=&#8221;h3&#8243; font_size=&#8221;h5&#8243; text_color=&#8221;inherit&#8221;]Nulov\u00fd odpad, vysok\u00e1 \u00fa\u010dinnost[\/elx_heading][vc_column_text]1 litr vody = 1 kg ledu<br \/>\nNi\u017e\u0161\u00ed \u00fa\u010dty za slu\u017eby a <strong>nulov\u00e9 pl\u00fdtv\u00e1n\u00ed<\/strong> nejcenn\u011bj\u0161\u00edm zdrojem na sv\u011bt\u011b: vodou.[\/vc_column_text][\/vc_column][vc_column width=&#8221;1\/3&#8243;][vc_single_image image=&#8221;7700&#8243; img_size=&#8221;150*150&#8243;][elx_heading font_container=&#8221;h3&#8243; font_size=&#8221;h5&#8243; text_color=&#8221;inherit&#8221;]Ide\u00e1ln\u00ed pro ka\u017ed\u00fd sektor[\/elx_heading][vc_column_text]Pou\u017eit\u00ed v\u00fdrobn\u00edk\u016f ledov\u00fdch nuget je mo\u017en\u00e9 v ka\u017ed\u00e9m sektoru, v ka\u017ed\u00e9m oboru: od stravov\u00e1n\u00ed a pohostinstv\u00ed po maloobchod, pr\u016fmysl a medic\u00ednu.[\/vc_column_text][\/vc_column][\/vc_row][vc_row][vc_column width=&#8221;1\/3&#8243;][elx_download_block text=&#8221;Katalog v\u00fdrobn\u00edk\u016f ledu&#8221; link=&#8221;http:\/\/files.professional.electrolux.com\/docs\/?n=BR-9JE00079&amp;b=5&amp;l=1&#8243; background_color=&#8221;inherit&#8221;][\/vc_column][vc_column width=&#8221;2\/3&#8243;][\/vc_column][\/vc_row][vc_row][vc_column][vc_row_inner][vc_column_inner][elx_heading font_size=&#8221;h3&#8243; text_color=&#8221;inherit&#8221;]V\u00fdrobn\u00edky ledu[\/elx_heading][\/vc_column_inner][\/vc_row_inner]<div class=\"com21-product-filter-container 92\">[\/vc_column][\/vc_row][vc_row css=&#8221;.vc_custom_1518445949819{background-color: #eeeeee !important;}&#8221;][vc_column][elx_heading font_size=&#8221;h3&#8243; text_color=&#8221;inherit&#8221; text_align=&#8221;text-left&#8221;]Zjist\u011bte co mohou na\u0161e v\u00fdrobn\u00edky ledu ud\u011blat pro va\u0161e podnik\u00e1n\u00ed[\/elx_heading][\/vc_column][\/vc_row][vc_row css=&#8221;.vc_custom_1518445986621{background-color: #eeeeee !important;}&#8221;][vc_column width=&#8221;1\/3&#8243;][elx_maylike_box id_box=&#8221;2533&#8243;][\/vc_column][vc_column width=&#8221;1\/3&#8243;][elx_maylike_box id_box=&#8221;2464&#8243;][\/vc_column][vc_column width=&#8221;1\/3&#8243;][elx_maylike_box id_box=&#8221;2557&#8243;][\/vc_column][\/vc_row][vc_row][vc_column][vc_empty_space height=&#8221;50px&#8221;][elx_heading font_size=&#8221;h3&#8243; text_color=&#8221;inherit&#8221; text_align=&#8221;text-left&#8221;]Zjist\u011bte co mohou na\u0161e v\u00fdrobn\u00edky ledu ud\u011blat pro va\u0161e podnik\u00e1n\u00ed[\/elx_heading][elx_o2000_contact_us r=&#8221;Pros\u00edm, za\u0161lete mi v\u00edce informac\u00ed o &#8230;&#8221; s=&#8221;Po\u017eadavek z webov\u00fdch str\u00e1nek Electrolux Professional&#8221; country=&#8221;Czech Republic&#8221; b=&#8221;food&#8221; l=&#8221;cz&#8221; e=&#8221;&#8221;][vc_empty_space height=&#8221;50px&#8221;][\/vc_column][\/vc_row]<\/p>\n","protected":false},"excerpt":{"rendered":"<p>[vc_row full_width=&#8221;electroluxpro-full-width-no-padding&#8221;][vc_column][elx_image_block background_image=&#8221;7698&#8243; minimum_height=&#8221;350px&#8221;][\/vc_column][\/vc_row][vc_row][vc_column][vc_empty_space][elx_heading font_container=&#8221;h1&#8243; font_size=&#8221;h3&#8243; text_color=&#8221;inherit&#8221; text_align=&#8221;text-left&#8221;]V\u00fdrobn\u00edky ledov\u00fdch nuget[\/elx_heading][\/vc_column][\/vc_row][vc_row][vc_column width=&#8221;2\/3&#8243;][vc_empty_space][vc_empty_space][vc_column_text]Nov\u00fd v\u00fdrobn\u00edk ledov\u00fdch nuget spole\u010dnosti Electrolux je nejnov\u011bj\u0161\u00edm p\u0159\u00edr\u016fstkem do na\u0161\u00ed \u0159ady vysoce \u00fa\u010dinn\u00fdch a snadno \u010distiteln\u00fdch stroj\u016f a odpov\u011bd\u00ed na v\u0161echny va\u0161e pot\u0159eby v oblasti v\u00fdroby ledu.[\/vc_column_text][elx_heading font_size=&#8221;h5&#8243; text_color=&#8221;inherit&#8221;]Va\u0161e doba ledov\u00e1[\/elx_heading][vc_column_text]Spr\u00e1vn\u00e1 v\u00fdroba ledu d\u011bl\u00e1 v\u0161e, co je ve va\u0161em podnik\u00e1n\u00ed d\u016fle\u017eit\u00e9. A\u0165 jste kdekoli [&hellip;]<\/p>\n","protected":false},"author":39,"featured_media":7697,"parent":1155,"menu_order":0,"comment_status":"closed","ping_status":"closed","template":"","meta":{"footnotes":""},"class_list":["post-7701","page","type-page","status-publish","has-post-thumbnail","hentry"],"acf":[],"yoast_head":"<!-- This site is optimized with the Yoast SEO plugin v23.3 - https:\/\/yoast.com\/wordpress\/plugins\/seo\/ -->\n<title>V\u00fdrobn\u00edky ledov\u00fdch nuget - Electrolux Professional \u010cesk\u00e1 republika<\/title>\n<meta name=\"description\" content=\"The new Pebbles Ice Maker from Electrolux is the latest addition to our range of ultra-efficient, easy-to-clean machines and the answer to all your ice needs.\" \/>\n<meta name=\"robots\" content=\"index, follow, max-snippet:-1, max-image-preview:large, max-video-preview:-1\" \/>\n<link rel=\"canonical\" href=\"https:\/\/www.electroluxprofessional.com\/cz\/commercial-kitchen-equipment\/pebble-ice-makers\/\" \/>\n<meta property=\"og:locale\" content=\"cs_CZ\" \/>\n<meta property=\"og:type\" content=\"article\" \/>\n<meta property=\"og:title\" content=\"V\u00fdrobn\u00edky ledov\u00fdch nuget - Electrolux Professional \u010cesk\u00e1 republika\" \/>\n<meta property=\"og:description\" content=\"The new Pebbles Ice Maker from Electrolux is the latest addition to our range of ultra-efficient, easy-to-clean machines and the answer to all your ice needs.\" \/>\n<meta property=\"og:url\" content=\"https:\/\/www.electroluxprofessional.com\/cz\/commercial-kitchen-equipment\/pebble-ice-makers\/\" \/>\n<meta property=\"og:site_name\" content=\"Electrolux Professional \u010cesk\u00e1 republika\" \/>\n<meta property=\"article:publisher\" content=\"https:\/\/www.facebook.com\/electroluxprofessional\" \/>\n<meta property=\"article:modified_time\" content=\"2022-01-12T14:36:04+00:00\" \/>\n<meta property=\"og:image\" content=\"https:\/\/www.electroluxprofessional.com\/cz\/wp-content\/uploads\/2018\/06\/mojito-1.png\" \/>\n\t<meta property=\"og:image:width\" content=\"400\" \/>\n\t<meta property=\"og:image:height\" content=\"403\" \/>\n\t<meta property=\"og:image:type\" content=\"image\/png\" \/>\n<meta name=\"twitter:card\" content=\"summary_large_image\" \/>\n<meta name=\"twitter:site\" content=\"@ElectroluxPro\" \/>\n<meta name=\"twitter:label1\" content=\"Odhadovan\u00e1 doba \u010dten\u00ed\" \/>\n\t<meta name=\"twitter:data1\" content=\"3 minuty\" \/>\n<script type=\"application\/ld+json\" class=\"yoast-schema-graph\">{\"@context\":\"https:\/\/schema.org\",\"@graph\":[{\"@type\":\"WebPage\",\"@id\":\"https:\/\/www.electroluxprofessional.com\/cz\/commercial-kitchen-equipment\/pebble-ice-makers\/\",\"url\":\"https:\/\/www.electroluxprofessional.com\/cz\/commercial-kitchen-equipment\/pebble-ice-makers\/\",\"name\":\"V\u00fdrobn\u00edky ledov\u00fdch nuget - Electrolux Professional \u010cesk\u00e1 republika\",\"isPartOf\":{\"@id\":\"https:\/\/www.electroluxprofessional.com\/cz\/#website\"},\"primaryImageOfPage\":{\"@id\":\"https:\/\/www.electroluxprofessional.com\/cz\/commercial-kitchen-equipment\/pebble-ice-makers\/#primaryimage\"},\"image\":{\"@id\":\"https:\/\/www.electroluxprofessional.com\/cz\/commercial-kitchen-equipment\/pebble-ice-makers\/#primaryimage\"},\"thumbnailUrl\":\"https:\/\/www.electroluxprofessional.com\/cz\/wp-content\/uploads\/2018\/06\/mojito-1.png\",\"datePublished\":\"2018-06-13T13:37:01+00:00\",\"dateModified\":\"2022-01-12T14:36:04+00:00\",\"description\":\"The new Pebbles Ice Maker from Electrolux is the latest addition to our range of ultra-efficient, easy-to-clean machines and the answer to all your ice needs.\",\"breadcrumb\":{\"@id\":\"https:\/\/www.electroluxprofessional.com\/cz\/commercial-kitchen-equipment\/pebble-ice-makers\/#breadcrumb\"},\"inLanguage\":\"cs\",\"potentialAction\":[{\"@type\":\"ReadAction\",\"target\":[\"https:\/\/www.electroluxprofessional.com\/cz\/commercial-kitchen-equipment\/pebble-ice-makers\/\"]}]},{\"@type\":\"ImageObject\",\"inLanguage\":\"cs\",\"@id\":\"https:\/\/www.electroluxprofessional.com\/cz\/commercial-kitchen-equipment\/pebble-ice-makers\/#primaryimage\",\"url\":\"https:\/\/www.electroluxprofessional.com\/cz\/wp-content\/uploads\/2018\/06\/mojito-1.png\",\"contentUrl\":\"https:\/\/www.electroluxprofessional.com\/cz\/wp-content\/uploads\/2018\/06\/mojito-1.png\",\"width\":400,\"height\":403,\"caption\":\"mojito pebble ice makers\"},{\"@type\":\"BreadcrumbList\",\"@id\":\"https:\/\/www.electroluxprofessional.com\/cz\/commercial-kitchen-equipment\/pebble-ice-makers\/#breadcrumb\",\"itemListElement\":[{\"@type\":\"ListItem\",\"position\":1,\"name\":\"Home\",\"item\":\"https:\/\/www.electroluxprofessional.com\/cz\/\"},{\"@type\":\"ListItem\",\"position\":2,\"name\":\"FoodService &#8211; Gastro\",\"item\":\"https:\/\/www.electroluxprofessional.com\/cz\/commercial-kitchen-equipment\/\"},{\"@type\":\"ListItem\",\"position\":3,\"name\":\"V\u00fdrobn\u00edky ledov\u00fdch nuget\"}]},{\"@type\":\"WebSite\",\"@id\":\"https:\/\/www.electroluxprofessional.com\/cz\/#website\",\"url\":\"https:\/\/www.electroluxprofessional.com\/cz\/\",\"name\":\"Electrolux Professional \u010cesk\u00e1 republika\",\"description\":\"\",\"potentialAction\":[{\"@type\":\"SearchAction\",\"target\":{\"@type\":\"EntryPoint\",\"urlTemplate\":\"https:\/\/www.electroluxprofessional.com\/cz\/?src={search_term_string}\"},\"query-input\":\"required name=search_term_string\"}],\"inLanguage\":\"cs\"}]}<\/script>\n<!-- \/ Yoast SEO plugin. -->","yoast_head_json":{"title":"V\u00fdrobn\u00edky ledov\u00fdch nuget - Electrolux Professional \u010cesk\u00e1 republika","description":"The new Pebbles Ice Maker from Electrolux is the latest addition to our range of ultra-efficient, easy-to-clean machines and the answer to all your ice needs.","robots":{"index":"index","follow":"follow","max-snippet":"max-snippet:-1","max-image-preview":"max-image-preview:large","max-video-preview":"max-video-preview:-1"},"canonical":"https:\/\/www.electroluxprofessional.com\/cz\/commercial-kitchen-equipment\/pebble-ice-makers\/","og_locale":"cs_CZ","og_type":"article","og_title":"V\u00fdrobn\u00edky ledov\u00fdch nuget - Electrolux Professional \u010cesk\u00e1 republika","og_description":"The new Pebbles Ice Maker from Electrolux is the latest addition to our range of ultra-efficient, easy-to-clean machines and the answer to all your ice needs.","og_url":"https:\/\/www.electroluxprofessional.com\/cz\/commercial-kitchen-equipment\/pebble-ice-makers\/","og_site_name":"Electrolux Professional \u010cesk\u00e1 republika","article_publisher":"https:\/\/www.facebook.com\/electroluxprofessional","article_modified_time":"2022-01-12T14:36:04+00:00","og_image":[{"width":400,"height":403,"url":"https:\/\/www.electroluxprofessional.com\/cz\/wp-content\/uploads\/2018\/06\/mojito-1.png","type":"image\/png"}],"twitter_card":"summary_large_image","twitter_site":"@ElectroluxPro","twitter_misc":{"Odhadovan\u00e1 doba \u010dten\u00ed":"3 minuty"},"schema":{"@context":"https:\/\/schema.org","@graph":[{"@type":"WebPage","@id":"https:\/\/www.electroluxprofessional.com\/cz\/commercial-kitchen-equipment\/pebble-ice-makers\/","url":"https:\/\/www.electroluxprofessional.com\/cz\/commercial-kitchen-equipment\/pebble-ice-makers\/","name":"V\u00fdrobn\u00edky ledov\u00fdch nuget - Electrolux Professional \u010cesk\u00e1 republika","isPartOf":{"@id":"https:\/\/www.electroluxprofessional.com\/cz\/#website"},"primaryImageOfPage":{"@id":"https:\/\/www.electroluxprofessional.com\/cz\/commercial-kitchen-equipment\/pebble-ice-makers\/#primaryimage"},"image":{"@id":"https:\/\/www.electroluxprofessional.com\/cz\/commercial-kitchen-equipment\/pebble-ice-makers\/#primaryimage"},"thumbnailUrl":"https:\/\/www.electroluxprofessional.com\/cz\/wp-content\/uploads\/2018\/06\/mojito-1.png","datePublished":"2018-06-13T13:37:01+00:00","dateModified":"2022-01-12T14:36:04+00:00","description":"The new Pebbles Ice Maker from Electrolux is the latest addition to our range of ultra-efficient, easy-to-clean machines and the answer to all your ice needs.","breadcrumb":{"@id":"https:\/\/www.electroluxprofessional.com\/cz\/commercial-kitchen-equipment\/pebble-ice-makers\/#breadcrumb"},"inLanguage":"cs","potentialAction":[{"@type":"ReadAction","target":["https:\/\/www.electroluxprofessional.com\/cz\/commercial-kitchen-equipment\/pebble-ice-makers\/"]}]},{"@type":"ImageObject","inLanguage":"cs","@id":"https:\/\/www.electroluxprofessional.com\/cz\/commercial-kitchen-equipment\/pebble-ice-makers\/#primaryimage","url":"https:\/\/www.electroluxprofessional.com\/cz\/wp-content\/uploads\/2018\/06\/mojito-1.png","contentUrl":"https:\/\/www.electroluxprofessional.com\/cz\/wp-content\/uploads\/2018\/06\/mojito-1.png","width":400,"height":403,"caption":"mojito pebble ice makers"},{"@type":"BreadcrumbList","@id":"https:\/\/www.electroluxprofessional.com\/cz\/commercial-kitchen-equipment\/pebble-ice-makers\/#breadcrumb","itemListElement":[{"@type":"ListItem","position":1,"name":"Home","item":"https:\/\/www.electroluxprofessional.com\/cz\/"},{"@type":"ListItem","position":2,"name":"FoodService &#8211; Gastro","item":"https:\/\/www.electroluxprofessional.com\/cz\/commercial-kitchen-equipment\/"},{"@type":"ListItem","position":3,"name":"V\u00fdrobn\u00edky ledov\u00fdch nuget"}]},{"@type":"WebSite","@id":"https:\/\/www.electroluxprofessional.com\/cz\/#website","url":"https:\/\/www.electroluxprofessional.com\/cz\/","name":"Electrolux Professional \u010cesk\u00e1 republika","description":"","potentialAction":[{"@type":"SearchAction","target":{"@type":"EntryPoint","urlTemplate":"https:\/\/www.electroluxprofessional.com\/cz\/?src={search_term_string}"},"query-input":"required name=search_term_string"}],"inLanguage":"cs"}]}},"_links":{"self":[{"href":"https:\/\/www.electroluxprofessional.com\/cz\/wp-json\/wp\/v2\/pages\/7701"}],"collection":[{"href":"https:\/\/www.electroluxprofessional.com\/cz\/wp-json\/wp\/v2\/pages"}],"about":[{"href":"https:\/\/www.electroluxprofessional.com\/cz\/wp-json\/wp\/v2\/types\/page"}],"author":[{"embeddable":true,"href":"https:\/\/www.electroluxprofessional.com\/cz\/wp-json\/wp\/v2\/users\/39"}],"replies":[{"embeddable":true,"href":"https:\/\/www.electroluxprofessional.com\/cz\/wp-json\/wp\/v2\/comments?post=7701"}],"version-history":[{"count":5,"href":"https:\/\/www.electroluxprofessional.com\/cz\/wp-json\/wp\/v2\/pages\/7701\/revisions"}],"predecessor-version":[{"id":8999,"href":"https:\/\/www.electroluxprofessional.com\/cz\/wp-json\/wp\/v2\/pages\/7701\/revisions\/8999"}],"up":[{"embeddable":true,"href":"https:\/\/www.electroluxprofessional.com\/cz\/wp-json\/wp\/v2\/pages\/1155"}],"wp:featuredmedia":[{"embeddable":true,"href":"https:\/\/www.electroluxprofessional.com\/cz\/wp-json\/wp\/v2\/media\/7697"}],"wp:attachment":[{"href":"https:\/\/www.electroluxprofessional.com\/cz\/wp-json\/wp\/v2\/media?parent=7701"}],"curies":[{"name":"wp","href":"https:\/\/api.w.org\/{rel}","templated":true}]}}