{"id":6125,"date":"2017-01-16T09:08:44","date_gmt":"2017-01-16T08:08:44","guid":{"rendered":"https:\/\/www.electroluxprofessional.com\/?page_id=8361"},"modified":"2024-05-30T12:47:35","modified_gmt":"2024-05-30T12:47:35","slug":"accessories-consumables-dishwashing-equipment","status":"publish","type":"page","link":"https:\/\/www.electroluxprofessional.com\/cz\/accessories-consumables\/accessories-consumables-dishwashing-equipment\/","title":{"rendered":"P\u0159\u00edslu\u0161enstv\u00ed a spot\u0159ebn\u00ed materi\u00e1l pro myt\u00ed n\u00e1dob\u00ed"},"content":{"rendered":"<p>[vc_row full_width=&#8221;electroluxpro-full-width-no-padding&#8221;][vc_column][elx_image_block background_image=&#8221;677&#8243; minimum_height=&#8221;400px&#8221;][\/vc_column][\/vc_row][vc_row][vc_column][elx_menu menu_name=&#8221;PAGE &#8211; Acessories menu&#8221;][elx_heading font_container=&#8221;h1&#8243; font_size=&#8221;h3&#8243; text_color=&#8221;electrolux-blue&#8221;]P\u0159\u00edslu\u0161enstv\u00ed a materi\u00e1l<br \/>\npro myt\u00ed n\u00e1dob\u00ed[\/elx_heading][vc_empty_space][vc_column_text]Skv\u011bl\u00e9 v\u00fdsledky a nejlep\u0161\u00ed v\u00fdkon lze dos\u00e1hnout pouze pomoc\u00ed na\u0161ich \u0159e\u0161en\u00ed d\u00edky p\u0159\u00edslu\u0161enstv\u00edm a spot\u0159ebn\u00edmu materi\u00e1lu.[\/vc_column_text][\/vc_column][\/vc_row][vc_row equal_height=&#8221;yes&#8221;][vc_column width=&#8221;1\/3&#8243;][vc_single_image image=&#8221;6123&#8243; img_size=&#8221;530*285&#8243; alignment=&#8221;center&#8221; css_animation=&#8221;none&#8221;][elx_heading font_size=&#8221;h5&#8243; text_color=&#8221;inherit&#8221;]Dezinfek\u010dn\u00ed tekut\u00e9 detergenty[\/elx_heading][vc_column_text]U leskl\u00fdch sklenic tyto \u010distic\u00ed prost\u0159edky zcela eliminuj\u00ed kapky a skvrny, tak\u017ee v\u0161e z\u016fst\u00e1v\u00e1 dokonale such\u00e9 a \u010dist\u00e9. D\u00edky speci\u00e1ln\u00edmu slo\u017een\u00ed zabra\u0148ujeme tvorb\u011b v\u00e1pence.[\/vc_column_text][elx_button button_text=&#8221;Commercial dishwashers&#8221; button_style=&#8221;icon&#8221; button_link=&#8221;url:https%3A%2F%2Fwww.electroluxprofessional.com%2Fcz%2Fcommercial-kitchen-equipment%2Fcommercial-dishwasher%2F|title:commercial%20dishwashers||&#8221;][\/vc_column][vc_column width=&#8221;1\/3&#8243;][vc_single_image image=&#8221;4942&#8243; img_size=&#8221;530*285&#8243; css_animation=&#8221;none&#8221;][vc_empty_space height=&#8221;64px&#8221;][elx_heading font_size=&#8221;h5&#8243; text_color=&#8221;inherit&#8221;]Ko\u0161e pro univerz\u00e1ln\u00ed pou\u017eit\u00ed[\/elx_heading][vc_column_text]Vyberte si z na\u0161ich r\u016fzn\u00fdch typ\u016f ko\u0161\u016f: na ploch\u00e9 tal\u00ed\u0159e nebo misky; s dr\u00e1t\u011bnou vlo\u017ekou pro tal\u00ed\u0159e na pizzu, \u0161\u00e1lky nebo \u0161\u00e1lky na k\u00e1vu; s n\u00e1dobami na p\u0159\u00edbory; s otev\u0159enou stranou vhodn\u00e9 pro podnosy a dal\u0161\u00ed.[\/vc_column_text][elx_button button_text=&#8221;Rack type Dishwasher&#8221; button_style=&#8221;icon&#8221; button_link=&#8221;url:https%3A%2F%2Fwww.electroluxprofessional.com%2Fcz%2Fcommercial-kitchen-equipment%2Fcommercial-dishwasher%2Frack-type-dishwashers%2F|title:Rack%20Type%20Dishwasher||&#8221;][\/vc_column][vc_column width=&#8221;1\/3&#8243;][vc_single_image image=&#8221;6124&#8243; img_size=&#8221;530&#215;285&#8243; css_animation=&#8221;none&#8221;][vc_empty_space][vc_empty_space][elx_heading font_size=&#8221;h5&#8243; text_color=&#8221;inherit&#8221;]Vodovodn\u00ed kohoutky[\/elx_heading][vc_column_text]Jeden nebo dva kohouty se sm\u011b\u0161ova\u010dem, infra\u010derven\u00e9 ovl\u00e1d\u00e1n\u00ed, vodovodn\u00ed kohoutky se sprchov\u00fdmi jednotkami, myc\u00ed sety &#8230; vyberte to nejlep\u0161\u00ed p\u0159\u00edslu\u0161enstv\u00ed pro va\u0161e myc\u00ed za\u0159\u00edzen\u00ed.[\/vc_column_text][\/vc_column][\/vc_row][vc_row][vc_column][vc_empty_space][\/vc_column][\/vc_row][vc_row][vc_column width=&#8221;1\/3&#8243;][\/vc_column][vc_column width=&#8221;1\/3&#8243;][\/vc_column][\/vc_row][vc_row][vc_column][vc_empty_space height=&#8221;50px&#8221;][\/vc_column][\/vc_row][vc_row][vc_column][elx_heading font_container=&#8221;h3&#8243; text_color=&#8221;inherit&#8221;]Objevte, jak si p\u0159izp\u016fsobit sv\u00e9 my\u010dky n\u00e1dob\u00ed[\/elx_heading][elx_o2000_contact_us s=&#8221;Po\u017eadavek z webov\u00fdch str\u00e1nek Electrolux Professional&#8221; country=&#8221;Czech Republic&#8221; b=&#8221;food&#8221; r=&#8221;Pros\u00edm, za\u0161lete mi v\u00edce informac\u00ed o &#8230;&#8221; l=&#8221;cz&#8221; e=&#8221;&#8221;][\/vc_column][\/vc_row]<\/p>\n","protected":false},"excerpt":{"rendered":"<p>[vc_row full_width=&#8221;electroluxpro-full-width-no-padding&#8221;][vc_column][elx_image_block background_image=&#8221;677&#8243; minimum_height=&#8221;400px&#8221;][\/vc_column][\/vc_row][vc_row][vc_column][elx_menu menu_name=&#8221;PAGE &#8211; Acessories menu&#8221;][elx_heading font_container=&#8221;h1&#8243; font_size=&#8221;h3&#8243; text_color=&#8221;electrolux-blue&#8221;]P\u0159\u00edslu\u0161enstv\u00ed a materi\u00e1l pro myt\u00ed n\u00e1dob\u00ed[\/elx_heading][vc_empty_space][vc_column_text]Skv\u011bl\u00e9 v\u00fdsledky a nejlep\u0161\u00ed v\u00fdkon lze dos\u00e1hnout pouze pomoc\u00ed na\u0161ich \u0159e\u0161en\u00ed d\u00edky p\u0159\u00edslu\u0161enstv\u00edm a spot\u0159ebn\u00edmu materi\u00e1lu.[\/vc_column_text][\/vc_column][\/vc_row][vc_row equal_height=&#8221;yes&#8221;][vc_column width=&#8221;1\/3&#8243;][vc_single_image image=&#8221;6123&#8243; img_size=&#8221;530*285&#8243; alignment=&#8221;center&#8221; css_animation=&#8221;none&#8221;][elx_heading font_size=&#8221;h5&#8243; text_color=&#8221;inherit&#8221;]Dezinfek\u010dn\u00ed tekut\u00e9 detergenty[\/elx_heading][vc_column_text]U leskl\u00fdch sklenic tyto \u010distic\u00ed prost\u0159edky zcela eliminuj\u00ed kapky a skvrny, tak\u017ee v\u0161e z\u016fst\u00e1v\u00e1 dokonale [&hellip;]<\/p>\n","protected":false},"author":39,"featured_media":796,"parent":1572,"menu_order":0,"comment_status":"closed","ping_status":"closed","template":"","meta":{"footnotes":""},"class_list":["post-6125","page","type-page","status-publish","has-post-thumbnail","hentry"],"acf":[],"yoast_head":"<!-- This site is optimized with the Yoast SEO plugin v23.3 - https:\/\/yoast.com\/wordpress\/plugins\/seo\/ -->\n<title>P\u0159\u00edslu\u0161enstv\u00ed a spot\u0159ebn\u00ed materi\u00e1l pro myt\u00ed n\u00e1dob\u00ed - Electrolux Professional<\/title>\n<meta name=\"description\" content=\"Skv\u011bl\u00e9 v\u00fdsledky a nejlep\u0161\u00ed v\u00fdkon s na\u0161\u00edm p\u0159\u00edslu\u0161enstv\u00edm a spot\u0159ebn\u00edm materi\u00e1lem. Objevte na\u0161e profesion\u00e1ln\u00ed \u010distic\u00ed prost\u0159edky a le\u0161tidla pro my\u010dky n\u00e1dob\u00ed.\" \/>\n<meta name=\"robots\" content=\"index, follow, max-snippet:-1, max-image-preview:large, max-video-preview:-1\" \/>\n<link rel=\"canonical\" href=\"https:\/\/www.electroluxprofessional.com\/cz\/accessories-consumables\/accessories-consumables-dishwashing-equipment\/\" \/>\n<meta property=\"og:locale\" content=\"cs_CZ\" \/>\n<meta property=\"og:type\" content=\"article\" \/>\n<meta property=\"og:title\" content=\"P\u0159\u00edslu\u0161enstv\u00ed a spot\u0159ebn\u00ed materi\u00e1l pro myt\u00ed n\u00e1dob\u00ed - Electrolux Professional\" \/>\n<meta property=\"og:description\" content=\"Skv\u011bl\u00e9 v\u00fdsledky a nejlep\u0161\u00ed v\u00fdkon s na\u0161\u00edm p\u0159\u00edslu\u0161enstv\u00edm a spot\u0159ebn\u00edm materi\u00e1lem. Objevte na\u0161e profesion\u00e1ln\u00ed \u010distic\u00ed prost\u0159edky a le\u0161tidla pro my\u010dky n\u00e1dob\u00ed.\" \/>\n<meta property=\"og:url\" content=\"https:\/\/www.electroluxprofessional.com\/cz\/accessories-consumables\/accessories-consumables-dishwashing-equipment\/\" \/>\n<meta property=\"og:site_name\" content=\"Electrolux Professional \u010cesk\u00e1 republika\" \/>\n<meta property=\"article:publisher\" content=\"https:\/\/www.facebook.com\/electroluxprofessional\" \/>\n<meta property=\"article:modified_time\" content=\"2024-05-30T12:47:35+00:00\" \/>\n<meta property=\"og:image\" content=\"https:\/\/www.electroluxprofessional.com\/cz\/wp-content\/uploads\/2016\/08\/detergent-washing-machine.jpg\" \/>\n\t<meta property=\"og:image:width\" content=\"750\" \/>\n\t<meta property=\"og:image:height\" content=\"617\" \/>\n\t<meta property=\"og:image:type\" content=\"image\/jpeg\" \/>\n<meta name=\"twitter:card\" content=\"summary_large_image\" \/>\n<meta name=\"twitter:site\" content=\"@ElectroluxPro\" \/>\n<meta name=\"twitter:label1\" content=\"Odhadovan\u00e1 doba \u010dten\u00ed\" \/>\n\t<meta name=\"twitter:data1\" content=\"2 minuty\" \/>\n<script type=\"application\/ld+json\" class=\"yoast-schema-graph\">{\"@context\":\"https:\/\/schema.org\",\"@graph\":[{\"@type\":\"WebPage\",\"@id\":\"https:\/\/www.electroluxprofessional.com\/cz\/accessories-consumables\/accessories-consumables-dishwashing-equipment\/\",\"url\":\"https:\/\/www.electroluxprofessional.com\/cz\/accessories-consumables\/accessories-consumables-dishwashing-equipment\/\",\"name\":\"P\u0159\u00edslu\u0161enstv\u00ed a spot\u0159ebn\u00ed materi\u00e1l pro myt\u00ed n\u00e1dob\u00ed - Electrolux Professional\",\"isPartOf\":{\"@id\":\"https:\/\/www.electroluxprofessional.com\/cz\/#website\"},\"primaryImageOfPage\":{\"@id\":\"https:\/\/www.electroluxprofessional.com\/cz\/accessories-consumables\/accessories-consumables-dishwashing-equipment\/#primaryimage\"},\"image\":{\"@id\":\"https:\/\/www.electroluxprofessional.com\/cz\/accessories-consumables\/accessories-consumables-dishwashing-equipment\/#primaryimage\"},\"thumbnailUrl\":\"https:\/\/www.electroluxprofessional.com\/cz\/wp-content\/uploads\/2016\/08\/detergent-washing-machine.jpg\",\"datePublished\":\"2017-01-16T08:08:44+00:00\",\"dateModified\":\"2024-05-30T12:47:35+00:00\",\"description\":\"Skv\u011bl\u00e9 v\u00fdsledky a nejlep\u0161\u00ed v\u00fdkon s na\u0161\u00edm p\u0159\u00edslu\u0161enstv\u00edm a spot\u0159ebn\u00edm materi\u00e1lem. Objevte na\u0161e profesion\u00e1ln\u00ed \u010distic\u00ed prost\u0159edky a le\u0161tidla pro my\u010dky n\u00e1dob\u00ed.\",\"breadcrumb\":{\"@id\":\"https:\/\/www.electroluxprofessional.com\/cz\/accessories-consumables\/accessories-consumables-dishwashing-equipment\/#breadcrumb\"},\"inLanguage\":\"cs\",\"potentialAction\":[{\"@type\":\"ReadAction\",\"target\":[\"https:\/\/www.electroluxprofessional.com\/cz\/accessories-consumables\/accessories-consumables-dishwashing-equipment\/\"]}]},{\"@type\":\"ImageObject\",\"inLanguage\":\"cs\",\"@id\":\"https:\/\/www.electroluxprofessional.com\/cz\/accessories-consumables\/accessories-consumables-dishwashing-equipment\/#primaryimage\",\"url\":\"https:\/\/www.electroluxprofessional.com\/cz\/wp-content\/uploads\/2016\/08\/detergent-washing-machine.jpg\",\"contentUrl\":\"https:\/\/www.electroluxprofessional.com\/cz\/wp-content\/uploads\/2016\/08\/detergent-washing-machine.jpg\",\"width\":750,\"height\":617,\"caption\":\"dishwasher rinse\"},{\"@type\":\"BreadcrumbList\",\"@id\":\"https:\/\/www.electroluxprofessional.com\/cz\/accessories-consumables\/accessories-consumables-dishwashing-equipment\/#breadcrumb\",\"itemListElement\":[{\"@type\":\"ListItem\",\"position\":1,\"name\":\"Home\",\"item\":\"https:\/\/www.electroluxprofessional.com\/cz\/\"},{\"@type\":\"ListItem\",\"position\":2,\"name\":\"P\u0159\u00edslu\u0161enstv\u00ed a spot\u0159ebn\u00ed materi\u00e1l\",\"item\":\"https:\/\/www.electroluxprofessional.com\/cz\/accessories-consumables\/\"},{\"@type\":\"ListItem\",\"position\":3,\"name\":\"P\u0159\u00edslu\u0161enstv\u00ed a spot\u0159ebn\u00ed materi\u00e1l pro myt\u00ed n\u00e1dob\u00ed\"}]},{\"@type\":\"WebSite\",\"@id\":\"https:\/\/www.electroluxprofessional.com\/cz\/#website\",\"url\":\"https:\/\/www.electroluxprofessional.com\/cz\/\",\"name\":\"Electrolux Professional \u010cesk\u00e1 republika\",\"description\":\"\",\"potentialAction\":[{\"@type\":\"SearchAction\",\"target\":{\"@type\":\"EntryPoint\",\"urlTemplate\":\"https:\/\/www.electroluxprofessional.com\/cz\/?src={search_term_string}\"},\"query-input\":\"required name=search_term_string\"}],\"inLanguage\":\"cs\"}]}<\/script>\n<!-- \/ Yoast SEO plugin. -->","yoast_head_json":{"title":"P\u0159\u00edslu\u0161enstv\u00ed a spot\u0159ebn\u00ed materi\u00e1l pro myt\u00ed n\u00e1dob\u00ed - Electrolux Professional","description":"Skv\u011bl\u00e9 v\u00fdsledky a nejlep\u0161\u00ed v\u00fdkon s na\u0161\u00edm p\u0159\u00edslu\u0161enstv\u00edm a spot\u0159ebn\u00edm materi\u00e1lem. Objevte na\u0161e profesion\u00e1ln\u00ed \u010distic\u00ed prost\u0159edky a le\u0161tidla pro my\u010dky n\u00e1dob\u00ed.","robots":{"index":"index","follow":"follow","max-snippet":"max-snippet:-1","max-image-preview":"max-image-preview:large","max-video-preview":"max-video-preview:-1"},"canonical":"https:\/\/www.electroluxprofessional.com\/cz\/accessories-consumables\/accessories-consumables-dishwashing-equipment\/","og_locale":"cs_CZ","og_type":"article","og_title":"P\u0159\u00edslu\u0161enstv\u00ed a spot\u0159ebn\u00ed materi\u00e1l pro myt\u00ed n\u00e1dob\u00ed - Electrolux Professional","og_description":"Skv\u011bl\u00e9 v\u00fdsledky a nejlep\u0161\u00ed v\u00fdkon s na\u0161\u00edm p\u0159\u00edslu\u0161enstv\u00edm a spot\u0159ebn\u00edm materi\u00e1lem. Objevte na\u0161e profesion\u00e1ln\u00ed \u010distic\u00ed prost\u0159edky a le\u0161tidla pro my\u010dky n\u00e1dob\u00ed.","og_url":"https:\/\/www.electroluxprofessional.com\/cz\/accessories-consumables\/accessories-consumables-dishwashing-equipment\/","og_site_name":"Electrolux Professional \u010cesk\u00e1 republika","article_publisher":"https:\/\/www.facebook.com\/electroluxprofessional","article_modified_time":"2024-05-30T12:47:35+00:00","og_image":[{"width":750,"height":617,"url":"https:\/\/www.electroluxprofessional.com\/cz\/wp-content\/uploads\/2016\/08\/detergent-washing-machine.jpg","type":"image\/jpeg"}],"twitter_card":"summary_large_image","twitter_site":"@ElectroluxPro","twitter_misc":{"Odhadovan\u00e1 doba \u010dten\u00ed":"2 minuty"},"schema":{"@context":"https:\/\/schema.org","@graph":[{"@type":"WebPage","@id":"https:\/\/www.electroluxprofessional.com\/cz\/accessories-consumables\/accessories-consumables-dishwashing-equipment\/","url":"https:\/\/www.electroluxprofessional.com\/cz\/accessories-consumables\/accessories-consumables-dishwashing-equipment\/","name":"P\u0159\u00edslu\u0161enstv\u00ed a spot\u0159ebn\u00ed materi\u00e1l pro myt\u00ed n\u00e1dob\u00ed - Electrolux Professional","isPartOf":{"@id":"https:\/\/www.electroluxprofessional.com\/cz\/#website"},"primaryImageOfPage":{"@id":"https:\/\/www.electroluxprofessional.com\/cz\/accessories-consumables\/accessories-consumables-dishwashing-equipment\/#primaryimage"},"image":{"@id":"https:\/\/www.electroluxprofessional.com\/cz\/accessories-consumables\/accessories-consumables-dishwashing-equipment\/#primaryimage"},"thumbnailUrl":"https:\/\/www.electroluxprofessional.com\/cz\/wp-content\/uploads\/2016\/08\/detergent-washing-machine.jpg","datePublished":"2017-01-16T08:08:44+00:00","dateModified":"2024-05-30T12:47:35+00:00","description":"Skv\u011bl\u00e9 v\u00fdsledky a nejlep\u0161\u00ed v\u00fdkon s na\u0161\u00edm p\u0159\u00edslu\u0161enstv\u00edm a spot\u0159ebn\u00edm materi\u00e1lem. Objevte na\u0161e profesion\u00e1ln\u00ed \u010distic\u00ed prost\u0159edky a le\u0161tidla pro my\u010dky n\u00e1dob\u00ed.","breadcrumb":{"@id":"https:\/\/www.electroluxprofessional.com\/cz\/accessories-consumables\/accessories-consumables-dishwashing-equipment\/#breadcrumb"},"inLanguage":"cs","potentialAction":[{"@type":"ReadAction","target":["https:\/\/www.electroluxprofessional.com\/cz\/accessories-consumables\/accessories-consumables-dishwashing-equipment\/"]}]},{"@type":"ImageObject","inLanguage":"cs","@id":"https:\/\/www.electroluxprofessional.com\/cz\/accessories-consumables\/accessories-consumables-dishwashing-equipment\/#primaryimage","url":"https:\/\/www.electroluxprofessional.com\/cz\/wp-content\/uploads\/2016\/08\/detergent-washing-machine.jpg","contentUrl":"https:\/\/www.electroluxprofessional.com\/cz\/wp-content\/uploads\/2016\/08\/detergent-washing-machine.jpg","width":750,"height":617,"caption":"dishwasher rinse"},{"@type":"BreadcrumbList","@id":"https:\/\/www.electroluxprofessional.com\/cz\/accessories-consumables\/accessories-consumables-dishwashing-equipment\/#breadcrumb","itemListElement":[{"@type":"ListItem","position":1,"name":"Home","item":"https:\/\/www.electroluxprofessional.com\/cz\/"},{"@type":"ListItem","position":2,"name":"P\u0159\u00edslu\u0161enstv\u00ed a spot\u0159ebn\u00ed materi\u00e1l","item":"https:\/\/www.electroluxprofessional.com\/cz\/accessories-consumables\/"},{"@type":"ListItem","position":3,"name":"P\u0159\u00edslu\u0161enstv\u00ed a spot\u0159ebn\u00ed materi\u00e1l pro myt\u00ed n\u00e1dob\u00ed"}]},{"@type":"WebSite","@id":"https:\/\/www.electroluxprofessional.com\/cz\/#website","url":"https:\/\/www.electroluxprofessional.com\/cz\/","name":"Electrolux Professional \u010cesk\u00e1 republika","description":"","potentialAction":[{"@type":"SearchAction","target":{"@type":"EntryPoint","urlTemplate":"https:\/\/www.electroluxprofessional.com\/cz\/?src={search_term_string}"},"query-input":"required name=search_term_string"}],"inLanguage":"cs"}]}},"_links":{"self":[{"href":"https:\/\/www.electroluxprofessional.com\/cz\/wp-json\/wp\/v2\/pages\/6125"}],"collection":[{"href":"https:\/\/www.electroluxprofessional.com\/cz\/wp-json\/wp\/v2\/pages"}],"about":[{"href":"https:\/\/www.electroluxprofessional.com\/cz\/wp-json\/wp\/v2\/types\/page"}],"author":[{"embeddable":true,"href":"https:\/\/www.electroluxprofessional.com\/cz\/wp-json\/wp\/v2\/users\/39"}],"replies":[{"embeddable":true,"href":"https:\/\/www.electroluxprofessional.com\/cz\/wp-json\/wp\/v2\/comments?post=6125"}],"version-history":[{"count":4,"href":"https:\/\/www.electroluxprofessional.com\/cz\/wp-json\/wp\/v2\/pages\/6125\/revisions"}],"predecessor-version":[{"id":12183,"href":"https:\/\/www.electroluxprofessional.com\/cz\/wp-json\/wp\/v2\/pages\/6125\/revisions\/12183"}],"up":[{"embeddable":true,"href":"https:\/\/www.electroluxprofessional.com\/cz\/wp-json\/wp\/v2\/pages\/1572"}],"wp:featuredmedia":[{"embeddable":true,"href":"https:\/\/www.electroluxprofessional.com\/cz\/wp-json\/wp\/v2\/media\/796"}],"wp:attachment":[{"href":"https:\/\/www.electroluxprofessional.com\/cz\/wp-json\/wp\/v2\/media?parent=6125"}],"curies":[{"name":"wp","href":"https:\/\/api.w.org\/{rel}","templated":true}]}}