{"id":4888,"date":"2020-03-03T15:21:10","date_gmt":"2020-03-03T15:21:10","guid":{"rendered":"https:\/\/www.electroluxprofessional.com\/cz\/?page_id=4888"},"modified":"2026-01-29T10:26:35","modified_gmt":"2026-01-29T10:26:35","slug":"homepage","status":"publish","type":"page","link":"https:\/\/www.electroluxprofessional.com\/cz\/","title":{"rendered":"Electrolux Professional"},"content":{"rendered":"<p>[vc_row full_width=&#8221;electroluxpro-full-width-no-padding&#8221; css=&#8221;.vc_custom_1715769830147{margin-bottom: 0px !important;}&#8221;][vc_column css=&#8221;.vc_custom_1575015067714{margin-bottom: 0px !important;}&#8221;][elx_master_slider slide_order_1=&#8221;4&#8243; title_1=&#8221;Jarn\u00ed \u00faklid s minim\u00e1ln\u00ed spot\u0159ebou vody, energie a prac\u00edho prost\u0159edku.&#8221; text_1=&#8221;Pra\u010dka a su\u0161i\u010dka Line 6000&#8243; slide_order_2=&#8221;2&#8243; title_2=&#8221;Zimn\u00ed oble\u010den\u00ed v\u017edy perfektn\u011b such\u00e9.&#8221; text_2=&#8221;Svetry a kab\u00e1ty z\u016fstanou m\u011bkk\u00e9 a p\u0159ipraven\u00e9 d\u00edky na\u0161im su\u0161ic\u00edm sk\u0159\u00edn\u00edm.&#8221; slide_order_3=&#8221;3&#8243; title_3=&#8221;Popus\u0165te uzdu sv\u00e9 kreativit\u011b&#8221; text_3=&#8221;thermaline Modular 80,85 &amp;90&#8243; slide_order_4=&#8221;1&#8243; title_4=&#8221;Dokonalost ka\u017ed\u00fd den&#8221; text_4=&#8221;e-XP 700 &amp; 900<br \/>\nModul\u00e1rn\u00ed va\u0159en\u00ed&#8221; link_2=&#8221;url:https%3A%2F%2Fwww.electroluxprofessional.com%2Fcz%2Fcommercial-laundry-equipment%2Fsusici-skrine%2F|title:Objevte%20v%C3%ADce&#8221; link_1=&#8221;url:https%3A%2F%2Fwww.electroluxprofessional.com%2Fcz%2Faccessories-consumables%2Flaundry%2F|title:Objevte%20v%C3%ADce&#8221; background_image_media_library_1=&#8221;14282&#8243; background_image_media_library_mobile_1=&#8221;14283&#8243; link_4=&#8221;url:https%3A%2F%2Fwww.electroluxprofessional.com%2Fcz%2Fcommercial-kitchen-equipment%2Fmodularni-vareni-s-produkty-e-xp-700-900%2F|title:ZJISTIT%20V%C3%8DCE&#8221; background_image_media_library_4=&#8221;14503&#8243; background_image_media_library_mobile_4=&#8221;14506&#8243; link_3=&#8221;url:https%3A%2F%2Fwww.electroluxprofessional.com%2Fcz%2Fcommercial-kitchen-equipment%2Frada-thermaline-80-85-90%2F|title:ZJISTIT%20V%C3%8DCE%20&#8243; background_image_media_library_3=&#8221;14509&#8243; background_image_media_library_mobile_3=&#8221;14510&#8243; background_image_media_library_2=&#8221;14279&#8243; background_image_media_library_mobile_2=&#8221;14280&#8243;][\/vc_column][\/vc_row][vc_row full_width=&#8221;electroluxpro-full-width-no-padding&#8221; disable_element=&#8221;yes&#8221; css=&#8221;.vc_custom_1766268178770{margin-bottom: 0px !important;}&#8221;][vc_column css=&#8221;.vc_custom_1575015067714{margin-bottom: 0px !important;}&#8221;][elx_master_slider slide_order_1=&#8221;4&#8243; title_1=&#8221;Jarn\u00ed \u00faklid s minim\u00e1ln\u00ed spot\u0159ebou vody, energie a prac\u00edho prost\u0159edku.&#8221; text_1=&#8221;Pra\u010dka a su\u0161i\u010dka Line 6000&#8243; slide_order_2=&#8221;2&#8243; title_2=&#8221;Vysok\u00e1 rychlost. Dlouh\u00e1 \u017eivotnost. Vysok\u00e1 flexibilita.&#8221; text_2=&#8221;myPROzip \u2013 pra\u010dka a su\u0161i\u010dka&#8221; slide_order_3=&#8221;3&#8243; text_colors_3=&#8221;text-blue&#8221; title_3=&#8221;Kompaktn\u00ed a flexibiln\u00ed&#8221; text_3=&#8221;LiberoLight pro front cooking<br \/>\nInduk\u010dn\u00ed va\u0159en\u00ed p\u0159ed hostem a udr\u017eov\u00e1n\u00ed teploty j\u00eddel&#8221; slide_order_4=&#8221;1&#8243; title_4=&#8221;SkyLine konvektomaty&#8221; text_4=&#8221;Udr\u017eitelnost<br \/>\nZaps\u00e1no ve hv\u011bzd\u00e1ch&#8221; link_2=&#8221;url:https%3A%2F%2Fwww.electroluxprofessional.com%2Fcz%2Fcommercial-laundry-equipment%2Fmyprozip-samoobsluzne-pradelny%2F|title:Objevte%20v%C3%ADce&#8221; link_1=&#8221;url:https%3A%2F%2Fwww.electroluxprofessional.com%2Fcz%2Fcommercial-laundry-equipment%2Fline-6000-solutions3%2F|title:Objevte%20v%C3%ADce&#8221; background_image_media_library_1=&#8221;14085&#8243; background_image_media_library_mobile_1=&#8221;14086&#8243; link_4=&#8221;url:https%3A%2F%2Fwww.electroluxprofessional.com%2Fcz%2Fskyline-combi-oven%2F|title:Zjist%C4%9Bte%20v%C3%ADce&#8221; background_image_media_library_4=&#8221;14053&#8243; background_image_media_library_mobile_4=&#8221;14054&#8243; link_3=&#8221;url:https%3A%2F%2Fwww.electroluxprofessional.com%2Fcz%2Fcommercial-kitchen-equipment%2Ffront-cooking-liberopro-a-liberolight%2F|title:Objevte%20v%C3%ADce&#8221; background_image_media_library_3=&#8221;13708&#8243; background_image_media_library_mobile_3=&#8221;13709&#8243; background_image_media_library_2=&#8221;14083&#8243; background_image_media_library_mobile_2=&#8221;14081&#8243;][\/vc_column][\/vc_row][vc_row full_width=&#8221;electroluxpro-full-width-no-padding&#8221; disable_element=&#8221;yes&#8221; css=&#8221;.vc_custom_1763558226659{margin-bottom: 0px !important;}&#8221;][vc_column css=&#8221;.vc_custom_1575015067714{margin-bottom: 0px !important;}&#8221;][elx_master_slider slide_order_1=&#8221;4&#8243; title_1=&#8221;P\u0159izp\u016fsobiteln\u00e9 v\u0161em, vhodn\u00e9 pro V\u00e1s&#8221; text_1=&#8221;TD6-11 s tepeln\u00fdm \u010derpadlem: dokonal\u00e9 \u0159e\u0161en\u00ed su\u0161en\u00ed&#8221; slide_order_2=&#8221;2&#8243; title_2=&#8221;Virtu\u00e1ln\u00ed projekt pro restaura\u010dn\u00ed \u0159et\u011bzce&#8221; text_2=&#8221;Pono\u0159te se do virtu\u00e1ln\u00edho z\u00e1\u017eitku z realizac\u00ed kuchyn\u00ed restaura\u010dn\u00edch \u0159et\u011bzc\u016f&#8221; slide_order_3=&#8221;3&#8243; text_colors_3=&#8221;text-blue&#8221; title_3=&#8221;Kompaktn\u00ed a flexibiln\u00ed&#8221; text_3=&#8221;LiberoLight pro front cooking<br \/>\nInduk\u010dn\u00ed va\u0159en\u00ed p\u0159ed hostem a udr\u017eov\u00e1n\u00ed teploty j\u00eddel&#8221; slide_order_4=&#8221;1&#8243; title_4=&#8221;SkyLine konvektomaty&#8221; text_4=&#8221;Udr\u017eitelnost<br \/>\nZaps\u00e1no ve hv\u011bzd\u00e1ch&#8221; link_2=&#8221;url:https%3A%2F%2Fwww.electroluxprofessional.com%2Fcz%2Frestauracni-retezce%2F|title:Objevte%20v%C3%ADce&#8221; link_1=&#8221;url:https%3A%2F%2Fwww.electroluxprofessional.com%2Fcz%2Fcommercial-laundry-equipment%2Fline-6000-solutions%2F|title:Objevte%20v%C3%ADce&#8221; background_image_media_library_1=&#8221;12428&#8243; background_image_media_library_mobile_1=&#8221;12429&#8243; link_4=&#8221;url:https%3A%2F%2Fwww.electroluxprofessional.com%2Fcz%2Fskyline-combi-oven%2F|title:Zjist%C4%9Bte%20v%C3%ADce&#8221; background_image_media_library_4=&#8221;14053&#8243; background_image_media_library_mobile_4=&#8221;14054&#8243; link_3=&#8221;url:https%3A%2F%2Fwww.electroluxprofessional.com%2Fcz%2Fcommercial-kitchen-equipment%2Ffront-cooking-liberopro-a-liberolight%2F|title:Objevte%20v%C3%ADce&#8221; background_image_media_library_3=&#8221;13708&#8243; background_image_media_library_mobile_3=&#8221;13709&#8243; background_image_media_library_2=&#8221;13413&#8243; background_image_media_library_mobile_2=&#8221;13414&#8243;][\/vc_column][\/vc_row][vc_row full_width=&#8221;electroluxpro-full-width-no-padding&#8221;][vc_column][elx_search title=&#8221;Co hled\u00e1te?&#8221;][\/vc_column][\/vc_row][vc_row full_width=&#8221;electroluxpro-full-width-no-padding&#8221;][vc_column][elx_full_banner title=&#8221;Udr\u017eiteln\u00e1 \u0159e\u0161en\u00ed poskytuj\u00edc\u00ed dlouhodobou hodnotu pro na\u0161e z\u00e1kazn\u00edky po cel\u00e9m sv\u011bt\u011b&#8221; text=&#8221;Electrolux Professional is the OnE trusted partner making your<br \/>\nwork-life easier, more profitable \u2013 and truly sustainable every day.&#8221; background_source=&#8221;image-media-library&#8221; link=&#8221;url:https%3A%2F%2Fwww.electroluxprofessional.com%2Fcz%2Fsustainable-solutions-to-deliver-long-term-value%2F|title:Objevte%20v%C3%ADce&#8221; background_image_media_library=&#8221;9888&#8243; background_image_media_library_mobile=&#8221;9887&#8243;][\/vc_column][\/vc_row][vc_row][vc_column][elx_double_banner title_1=&#8221;My se star\u00e1me o servis, vy se m\u016f\u017eete starat o obchod&#8221; text_1=&#8221;Essentia &#8211; srdce z\u00e1kaznick\u00e9ho servisu&#8221; title_2=&#8221;Redukujte, recyklujte, opakovan\u011b pou\u017e\u00edvejte&#8221; text_2=&#8221;se su\u0161i\u010dkou n\u00e1dob\u00ed HeroDry&#8221; background_source_1=&#8221;image-media-library&#8221; background_source_2=&#8221;image-media-library&#8221; link_1=&#8221;url:https%3A%2F%2Fwww.electroluxprofessional.com%2Fcz%2Fcustomer-care%2F|title:Objevte%20v%C3%ADce&#8221; background_image_media_library_1=&#8221;10010&#8243; link_2=&#8221;url:https%3A%2F%2Fwww.electroluxprofessional.com%2Fcz%2Fcommercial-kitchen-equipment%2Fherodry-free-standing-dishware-blower%2F|title:Objevte%20v%C3%ADce&#8221; background_image_media_library_2=&#8221;10871&#8243; background_image_media_library_mobile_1=&#8221;10011&#8243; background_image_media_library_mobile_2=&#8221;10872&#8243;][\/vc_column][\/vc_row][vc_row][vc_column][elx_double_banner title_1=&#8221;Detergenty Line 6000 eco-range&#8221; text_1=&#8221;P\u0159irozen\u00e1 volba pro \u010di\u0161t\u011bn\u00ed ve\u0161ker\u00e9ho l\u016f\u017ekov\u00e9ho pr\u00e1dla a textilu.&#8221; title_2=&#8221;Kreativita spojen\u00e1 s rychlost\u00ed&#8221; text_2=&#8221;Objevte GourmeXpress \u2013 vysokorychlostn\u00ed troubu&#8221; background_source_1=&#8221;image-media-library&#8221; background_source_2=&#8221;image-media-library&#8221; link_1=&#8221;url:https%3A%2F%2Fwww.electroluxprofessional.com%2Fcz%2Faccessories-consumables%2Fline-6000-eco-range-detergents%2F|title:Objevte%20v%C3%ADce&#8221; background_image_media_library_1=&#8221;14090&#8243; link_2=&#8221;url:https%3A%2F%2Fwww.electroluxprofessional.com%2Fcz%2Fcommercial-kitchen-equipment%2Fgourmexpress-high-speed-oven%2F|title:Objevte%20v%C3%ADce&#8221; background_image_media_library_2=&#8221;11624&#8243; background_image_media_library_mobile_1=&#8221;14092&#8243; background_image_media_library_mobile_2=&#8221;11625&#8243;][\/vc_column][\/vc_row][vc_row full_width=&#8221;electroluxpro-full-width-no-padding&#8221;][vc_column][elx_full_banner title=&#8221;Electrolux Professional Centers of Excellence&#8221; text=&#8221;Swiss design since 1871: over 100 years of production,<br \/>\nprecision and tradition&#8221; background_source=&#8221;image-media-library&#8221; link=&#8221;url:https%3A%2F%2Fwww.electroluxprofessional.com%2Fcz%2Fcenters-of-excellence-electrolux-professional%2F|title:Nav%C5%A1tivte%20na%C5%A1e%20p%C5%99edv%C3%A1d%C4%9Bc%C3%AD%20st%C5%99ediska||&#8221; background_image_media_library=&#8221;9871&#8243; background_image_media_library_mobile=&#8221;4910&#8243;][\/vc_column][\/vc_row][vc_row full_width=&#8221;electroluxpro-full-width-no-padding&#8221;][vc_column offset=&#8221;vc_hidden-lg vc_hidden-md vc_hidden-sm vc_hidden-xs&#8221;][elx_last_references title=&#8221;Na\u0161i z\u00e1kazn\u00edci&#8221;][\/vc_column][\/vc_row][vc_row full_width=&#8221;electroluxpro-full-width-no-padding&#8221;][vc_column][elx_last_references title=&#8221;Na\u0161i z\u00e1kazn\u00edci&#8221;][\/vc_column][\/vc_row][vc_row full_width=&#8221;electroluxpro-full-width-no-padding&#8221;][vc_column][elx_last_news title=&#8221;NOVINKY Electrolux Professional&#8221;][\/vc_column][\/vc_row][vc_row][vc_column][elx_single_banner title=&#8221;Pracujte s n\u00e1mi&#8221; text=&#8221;Spole\u010dnost Electrolux Professional v\u00edt\u00e1 zap\u00e1len\u00e9, obchodn\u011b orientovan\u00e9 t\u00fdmov\u00e9 hr\u00e1\u010de, aby se zapojili do na\u0161\u00ed velk\u00e9 rodiny. Nav\u0161tivte na\u0161i kari\u00e9rn\u00ed str\u00e1nku, kde se dozv\u00edte v\u00edce o vhodn\u00fdch mo\u017enostech a p\u0159\u00edle\u017eitostech.&#8221; text_mobile=&#8221;Nav\u0161tivte na\u0161i kari\u00e9rn\u00ed str\u00e1nku, kde se dozv\u00edte v\u00edce o vhodn\u00fdch mo\u017enostech a p\u0159\u00edle\u017eitostech.&#8221; background_source=&#8221;image-media-library&#8221; background_image_media_library=&#8221;4912&#8243; link=&#8221;url:https%3A%2F%2Fwww.electroluxprofessional.com%2Fcareer-opportunities%2F|title:Kari%C3%A9ra%20v%20Electrolux%20Professional||&#8221; background_image_media_library_mobile=&#8221;4913&#8243;][\/vc_column][\/vc_row][vc_row][vc_column][elx_active_banner title=&#8221;Servisn\u00ed a prodejn\u00ed st\u0159ediska&#8221; link=&#8221;url:https%3A%2F%2Fwww.electroluxprofessional.com%2Fcz%2Fsales-and-service-locator%2F|title:HLEDAT||&#8221; background_image_media_library=&#8221;4916&#8243; background_image_media_library_mobile=&#8221;4917&#8243;][\/vc_column][\/vc_row][vc_row][vc_column][vc_empty_space height=&#8221;30px&#8221;][\/vc_column][\/vc_row]<\/p>\n","protected":false},"excerpt":{"rendered":"<p>[vc_row full_width=&#8221;electroluxpro-full-width-no-padding&#8221; css=&#8221;.vc_custom_1715769830147{margin-bottom: 0px !important;}&#8221;][vc_column css=&#8221;.vc_custom_1575015067714{margin-bottom: 0px !important;}&#8221;][elx_master_slider slide_order_1=&#8221;4&#8243; title_1=&#8221;Jarn\u00ed \u00faklid s minim\u00e1ln\u00ed spot\u0159ebou vody, energie a prac\u00edho prost\u0159edku.&#8221; text_1=&#8221;Pra\u010dka a su\u0161i\u010dka Line 6000&#8243; slide_order_2=&#8221;2&#8243; title_2=&#8221;Zimn\u00ed oble\u010den\u00ed v\u017edy perfektn\u011b such\u00e9.&#8221; text_2=&#8221;Svetry a kab\u00e1ty z\u016fstanou m\u011bkk\u00e9 a p\u0159ipraven\u00e9 d\u00edky na\u0161im su\u0161ic\u00edm sk\u0159\u00edn\u00edm.&#8221; slide_order_3=&#8221;3&#8243; title_3=&#8221;Popus\u0165te uzdu sv\u00e9 kreativit\u011b&#8221; text_3=&#8221;thermaline Modular 80,85 &amp;90&#8243; slide_order_4=&#8221;1&#8243; title_4=&#8221;Dokonalost ka\u017ed\u00fd den&#8221; text_4=&#8221;e-XP [&hellip;]<\/p>\n","protected":false},"author":1,"featured_media":0,"parent":0,"menu_order":0,"comment_status":"closed","ping_status":"closed","template":"","meta":{"footnotes":""},"class_list":["post-4888","page","type-page","status-publish","hentry"],"acf":[],"yoast_head":"<!-- This site is optimized with the Yoast SEO plugin v23.3 - https:\/\/yoast.com\/wordpress\/plugins\/seo\/ -->\n<title>Electrolux Professional | Profesion\u00e1ln\u00ed za\u0159\u00edzen\u00ed kuchyn\u011b, n\u00e1pojov\u00e9 automaty, pr\u00e1delny<\/title>\n<meta name=\"description\" content=\"Vybaven\u00ed profesion\u00e1ln\u00ed kuchyn\u011b, gastro provozu, profesion\u00e1ln\u00ed pr\u00e1delny, n\u00e1pojov\u00e9 automaty. Gastronomick\u00e9 vybaven\u00ed a technologie pro restaurace, hotely, \u0161koln\u00ed j\u00eddelny od projektu po realizaci.\" \/>\n<meta name=\"robots\" content=\"index, follow, max-snippet:-1, max-image-preview:large, max-video-preview:-1\" \/>\n<link rel=\"canonical\" href=\"https:\/\/www.electroluxprofessional.com\/cz\/\" \/>\n<meta property=\"og:locale\" content=\"cs_CZ\" \/>\n<meta property=\"og:type\" content=\"article\" \/>\n<meta property=\"og:title\" content=\"Electrolux Professional | Profesion\u00e1ln\u00ed za\u0159\u00edzen\u00ed kuchyn\u011b, n\u00e1pojov\u00e9 automaty, pr\u00e1delny\" \/>\n<meta property=\"og:description\" content=\"Vybaven\u00ed profesion\u00e1ln\u00ed kuchyn\u011b, gastro provozu, profesion\u00e1ln\u00ed pr\u00e1delny, n\u00e1pojov\u00e9 automaty. Gastronomick\u00e9 vybaven\u00ed a technologie pro restaurace, hotely, \u0161koln\u00ed j\u00eddelny od projektu po realizaci.\" \/>\n<meta property=\"og:url\" content=\"https:\/\/www.electroluxprofessional.com\/cz\/\" \/>\n<meta property=\"og:site_name\" content=\"Electrolux Professional \u010cesk\u00e1 republika\" \/>\n<meta property=\"article:publisher\" content=\"https:\/\/www.facebook.com\/electroluxprofessional\" \/>\n<meta property=\"article:modified_time\" content=\"2026-01-29T10:26:35+00:00\" \/>\n<meta name=\"twitter:card\" content=\"summary_large_image\" \/>\n<meta name=\"twitter:site\" content=\"@ElectroluxPro\" \/>\n<meta name=\"twitter:label1\" content=\"Odhadovan\u00e1 doba \u010dten\u00ed\" \/>\n\t<meta name=\"twitter:data1\" content=\"3 minuty\" \/>\n<script type=\"application\/ld+json\" class=\"yoast-schema-graph\">{\"@context\":\"https:\/\/schema.org\",\"@graph\":[{\"@type\":\"WebPage\",\"@id\":\"https:\/\/www.electroluxprofessional.com\/cz\/\",\"url\":\"https:\/\/www.electroluxprofessional.com\/cz\/\",\"name\":\"Electrolux Professional | Profesion\u00e1ln\u00ed za\u0159\u00edzen\u00ed kuchyn\u011b, n\u00e1pojov\u00e9 automaty, pr\u00e1delny\",\"isPartOf\":{\"@id\":\"https:\/\/www.electroluxprofessional.com\/cz\/#website\"},\"datePublished\":\"2020-03-03T15:21:10+00:00\",\"dateModified\":\"2026-01-29T10:26:35+00:00\",\"description\":\"Vybaven\u00ed profesion\u00e1ln\u00ed kuchyn\u011b, gastro provozu, profesion\u00e1ln\u00ed pr\u00e1delny, n\u00e1pojov\u00e9 automaty. Gastronomick\u00e9 vybaven\u00ed a technologie pro restaurace, hotely, \u0161koln\u00ed j\u00eddelny od projektu po realizaci.\",\"breadcrumb\":{\"@id\":\"https:\/\/www.electroluxprofessional.com\/cz\/#breadcrumb\"},\"inLanguage\":\"cs\",\"potentialAction\":[{\"@type\":\"ReadAction\",\"target\":[\"https:\/\/www.electroluxprofessional.com\/cz\/\"]}]},{\"@type\":\"BreadcrumbList\",\"@id\":\"https:\/\/www.electroluxprofessional.com\/cz\/#breadcrumb\",\"itemListElement\":[{\"@type\":\"ListItem\",\"position\":1,\"name\":\"Home\",\"item\":\"https:\/\/www.electroluxprofessional.com\/cz\/\"},{\"@type\":\"ListItem\",\"position\":2,\"name\":\"Electrolux Professional\"}]},{\"@type\":\"WebSite\",\"@id\":\"https:\/\/www.electroluxprofessional.com\/cz\/#website\",\"url\":\"https:\/\/www.electroluxprofessional.com\/cz\/\",\"name\":\"Electrolux Professional \u010cesk\u00e1 republika\",\"description\":\"\",\"potentialAction\":[{\"@type\":\"SearchAction\",\"target\":{\"@type\":\"EntryPoint\",\"urlTemplate\":\"https:\/\/www.electroluxprofessional.com\/cz\/?src={search_term_string}\"},\"query-input\":\"required name=search_term_string\"}],\"inLanguage\":\"cs\"}]}<\/script>\n<!-- \/ Yoast SEO plugin. -->","yoast_head_json":{"title":"Electrolux Professional | Profesion\u00e1ln\u00ed za\u0159\u00edzen\u00ed kuchyn\u011b, n\u00e1pojov\u00e9 automaty, pr\u00e1delny","description":"Vybaven\u00ed profesion\u00e1ln\u00ed kuchyn\u011b, gastro provozu, profesion\u00e1ln\u00ed pr\u00e1delny, n\u00e1pojov\u00e9 automaty. Gastronomick\u00e9 vybaven\u00ed a technologie pro restaurace, hotely, \u0161koln\u00ed j\u00eddelny od projektu po realizaci.","robots":{"index":"index","follow":"follow","max-snippet":"max-snippet:-1","max-image-preview":"max-image-preview:large","max-video-preview":"max-video-preview:-1"},"canonical":"https:\/\/www.electroluxprofessional.com\/cz\/","og_locale":"cs_CZ","og_type":"article","og_title":"Electrolux Professional | Profesion\u00e1ln\u00ed za\u0159\u00edzen\u00ed kuchyn\u011b, n\u00e1pojov\u00e9 automaty, pr\u00e1delny","og_description":"Vybaven\u00ed profesion\u00e1ln\u00ed kuchyn\u011b, gastro provozu, profesion\u00e1ln\u00ed pr\u00e1delny, n\u00e1pojov\u00e9 automaty. Gastronomick\u00e9 vybaven\u00ed a technologie pro restaurace, hotely, \u0161koln\u00ed j\u00eddelny od projektu po realizaci.","og_url":"https:\/\/www.electroluxprofessional.com\/cz\/","og_site_name":"Electrolux Professional \u010cesk\u00e1 republika","article_publisher":"https:\/\/www.facebook.com\/electroluxprofessional","article_modified_time":"2026-01-29T10:26:35+00:00","twitter_card":"summary_large_image","twitter_site":"@ElectroluxPro","twitter_misc":{"Odhadovan\u00e1 doba \u010dten\u00ed":"3 minuty"},"schema":{"@context":"https:\/\/schema.org","@graph":[{"@type":"WebPage","@id":"https:\/\/www.electroluxprofessional.com\/cz\/","url":"https:\/\/www.electroluxprofessional.com\/cz\/","name":"Electrolux Professional | Profesion\u00e1ln\u00ed za\u0159\u00edzen\u00ed kuchyn\u011b, n\u00e1pojov\u00e9 automaty, pr\u00e1delny","isPartOf":{"@id":"https:\/\/www.electroluxprofessional.com\/cz\/#website"},"datePublished":"2020-03-03T15:21:10+00:00","dateModified":"2026-01-29T10:26:35+00:00","description":"Vybaven\u00ed profesion\u00e1ln\u00ed kuchyn\u011b, gastro provozu, profesion\u00e1ln\u00ed pr\u00e1delny, n\u00e1pojov\u00e9 automaty. Gastronomick\u00e9 vybaven\u00ed a technologie pro restaurace, hotely, \u0161koln\u00ed j\u00eddelny od projektu po realizaci.","breadcrumb":{"@id":"https:\/\/www.electroluxprofessional.com\/cz\/#breadcrumb"},"inLanguage":"cs","potentialAction":[{"@type":"ReadAction","target":["https:\/\/www.electroluxprofessional.com\/cz\/"]}]},{"@type":"BreadcrumbList","@id":"https:\/\/www.electroluxprofessional.com\/cz\/#breadcrumb","itemListElement":[{"@type":"ListItem","position":1,"name":"Home","item":"https:\/\/www.electroluxprofessional.com\/cz\/"},{"@type":"ListItem","position":2,"name":"Electrolux Professional"}]},{"@type":"WebSite","@id":"https:\/\/www.electroluxprofessional.com\/cz\/#website","url":"https:\/\/www.electroluxprofessional.com\/cz\/","name":"Electrolux Professional \u010cesk\u00e1 republika","description":"","potentialAction":[{"@type":"SearchAction","target":{"@type":"EntryPoint","urlTemplate":"https:\/\/www.electroluxprofessional.com\/cz\/?src={search_term_string}"},"query-input":"required name=search_term_string"}],"inLanguage":"cs"}]}},"_links":{"self":[{"href":"https:\/\/www.electroluxprofessional.com\/cz\/wp-json\/wp\/v2\/pages\/4888"}],"collection":[{"href":"https:\/\/www.electroluxprofessional.com\/cz\/wp-json\/wp\/v2\/pages"}],"about":[{"href":"https:\/\/www.electroluxprofessional.com\/cz\/wp-json\/wp\/v2\/types\/page"}],"author":[{"embeddable":true,"href":"https:\/\/www.electroluxprofessional.com\/cz\/wp-json\/wp\/v2\/users\/1"}],"replies":[{"embeddable":true,"href":"https:\/\/www.electroluxprofessional.com\/cz\/wp-json\/wp\/v2\/comments?post=4888"}],"version-history":[{"count":198,"href":"https:\/\/www.electroluxprofessional.com\/cz\/wp-json\/wp\/v2\/pages\/4888\/revisions"}],"predecessor-version":[{"id":14512,"href":"https:\/\/www.electroluxprofessional.com\/cz\/wp-json\/wp\/v2\/pages\/4888\/revisions\/14512"}],"wp:attachment":[{"href":"https:\/\/www.electroluxprofessional.com\/cz\/wp-json\/wp\/v2\/media?parent=4888"}],"curies":[{"name":"wp","href":"https:\/\/api.w.org\/{rel}","templated":true}]}}