{"id":14608,"date":"2026-02-23T09:03:58","date_gmt":"2026-02-23T09:03:58","guid":{"rendered":"https:\/\/www.electroluxprofessional.com\/cz\/?page_id=14608"},"modified":"2026-05-03T10:27:24","modified_gmt":"2026-05-03T10:27:24","slug":"udrzitelna-potravinova-reseni","status":"publish","type":"page","link":"https:\/\/www.electroluxprofessional.com\/cz\/udrzitelna-potravinova-reseni\/","title":{"rendered":"Udr\u017eiteln\u00e1 potravinov\u00e1 \u0159e\u0161en\u00ed"},"content":{"rendered":"<p>[vc_row full_width=&#8221;electroluxpro-full-width-no-padding&#8221;][vc_column][elx_image_block background_image=&#8221;14590&#8243; minimum_height=&#8221;400px&#8221;][\/vc_column][\/vc_row][vc_row][vc_column][vc_empty_space height=&#8221;40px&#8221;][elx_heading font_container=&#8221;h1&#8243; text_color=&#8221;inherit&#8221; text_align=&#8221;text-center&#8221;]Udr\u017eiteln\u00e1 potravinov\u00e1 \u0159e\u0161en\u00ed[\/elx_heading][vc_empty_space height=&#8221;10px&#8221;][vc_column_text]<\/p>\n<p style=\"text-align: center;\">Budoucnost planety z\u00e1vis\u00ed na na\u0161\u00ed schopnosti vytv\u00e1\u0159et chytr\u00e1 \u0159e\u0161en\u00ed, kter\u00e1 efektivn\u011b vyu\u017e\u00edvaj\u00ed zdroje. \u0158e\u0161en\u00ed Electrolux Professional v\u00e1m umo\u017en\u00ed soust\u0159edit se na va\u0161e podnik\u00e1n\u00ed s v\u011bdom\u00edm, \u017ee d\u011bl\u00e1te v\u0161e co nejv\u00edce udr\u017eiteln\u00fdm zp\u016fsobem.<\/p>\n<p style=\"text-align: center;\">Electrolux Professional se zavazuje k pr\u016fkopnick\u00fdm ekologick\u00fdm inovac\u00edm. Na\u0161e \u0159e\u0161en\u00ed integruj\u00ed \u0161pi\u010dkov\u00e9 technologie navr\u017een\u00e9 pro v\u00fdjime\u010dnou \u00fa\u010dinnost a v\u00fdkon, p\u0159i\u010dem\u017e kladou d\u016fraz na \u00fasporu energie.<\/p>\n<p>[\/vc_column_text][vc_empty_space][\/vc_column][\/vc_row][vc_row][vc_column][vc_empty_space][\/vc_column][\/vc_row][vc_row content_placement=&#8221;bottom&#8221; css=&#8221;.vc_custom_1767027562446{background-image: url(https:\/\/eprdev.comunicazione21.com\/wp-content\/uploads\/2025\/02\/ecoflame-home-banner-rev-1920&#215;680-1-1.webp?id=54717) !important;background-position: center !important;background-repeat: no-repeat !important;background-size: cover !important;}&#8221; min_height=&#8221;500px&#8221;][vc_column][vc_row_inner][vc_column_inner][vc_empty_space height=&#8221;200px&#8221;][\/vc_column_inner][\/vc_row_inner][vc_row_inner][vc_column_inner width=&#8221;5\/12&#8243;][elx_heading font_size=&#8221;h2&#8243; text_color=&#8221;inherit&#8221; text_align=&#8221;text-left&#8221;]Chytr\u00e9 va\u0159en\u00ed[\/elx_heading][\/vc_column_inner][vc_column_inner width=&#8221;7\/12&#8243; offset=&#8221;vc_hidden-xs&#8221;][vc_empty_space][\/vc_column_inner][\/vc_row_inner][vc_row_inner][vc_column_inner width=&#8221;5\/12&#8243;][elx_heading font_container=&#8221;p&#8221; font_size=&#8221;p&#8221; text_color=&#8221;inherit&#8221; text_align=&#8221;text-left&#8221;]<img loading=\"lazy\" decoding=\"async\" class=\"\" src=\"https:\/\/eprdev.comunicazione21.com\/wp-content\/uploads\/2025\/12\/fulmine_icona.svg\" width=\"40\" height=\"40\" \/> 20 % \u00daSPORA ENERGIE[\/elx_heading][\/vc_column_inner][vc_column_inner width=&#8221;7\/12&#8243; offset=&#8221;vc_hidden-xs&#8221;][vc_empty_space][\/vc_column_inner][\/vc_row_inner][vc_empty_space height=&#8221;10px&#8221;][vc_row_inner][vc_column_inner width=&#8221;5\/12&#8243;][vc_column_text]Vy si zvol\u00edte sv\u00e9 menu a konvektomat SkyLine d\u00edky nov\u00e9 logice zalo\u017een\u00e9 na um\u011bl\u00e9 inteligenci optimalizuje po\u0159ad\u00ed va\u0159en\u00ed.[\/vc_column_text][\/vc_column_inner][vc_column_inner width=&#8221;7\/12&#8243; offset=&#8221;vc_hidden-xs&#8221;][vc_empty_space][\/vc_column_inner][\/vc_row_inner][vc_row_inner][vc_column_inner][vc_empty_space][elx_button button_text=&#8221;Zjist\u011bte v\u00edce&#8221; button_link=&#8221;url:https%3A%2F%2Fwww.electroluxprofessional.com%2Fcz%2Fskyline-combi-oven%2F|title:Zjist%C4%9Bte%20v%C3%ADce&#8221;][vc_empty_space][\/vc_column_inner][\/vc_row_inner][\/vc_column][\/vc_row][vc_row][vc_column][vc_empty_space height=&#8221;60px&#8221;][elx_heading font_size=&#8221;h2&#8243; text_color=&#8221;inherit&#8221; text_align=&#8221;text-center&#8221;]Udr\u017eitelnost je na\u0161\u00ed prioritou[\/elx_heading][vc_empty_space][\/vc_column][\/vc_row][vc_row][vc_column width=&#8221;1\/2&#8243;][vc_single_image image=&#8221;14591&#8243; img_size=&#8221;630&#215;327&#8243;][vc_empty_space][elx_icons alignment=&#8221;left&#8221; icon_electroluxpro=&#8221;elx-icon icon-co2-green&#8221;][vc_empty_space height=&#8221;20px&#8221;][elx_heading font_container=&#8221;h3&#8243; text_color=&#8221;inherit&#8221; text_align=&#8221;text-left&#8221;]CO2 je p\u0159\u00edrodn\u00ed chladivo[\/elx_heading][vc_empty_space height=&#8221;10px&#8221;][vc_column_text]Bezpe\u010dn\u00e9 pro \u017eivotn\u00ed prost\u0159ed\u00ed. Je neho\u0159lav\u00fd, netoxick\u00fd a energeticky \u00fa\u010dinn\u011bj\u0161\u00ed s vy\u0161\u0161\u00ed v\u00fdm\u011bnou tepla*. CO2 je \u0161etrn\u00fd ke klimatu, nem\u00e1 potenci\u00e1l po\u0161kozovat oz\u00f3novou vrstvu a m\u00e1 nejni\u017e\u0161\u00ed glob\u00e1ln\u00ed oteplovac\u00ed potenci\u00e1l mezi chladic\u00edmi plyny.[\/vc_column_text][vc_empty_space height=&#8221;10px&#8221;][vc_column_text el_class=&#8221;note-style&#8221;]<span class=\"note-style\">*Srovn\u00e1n\u00ed zalo\u017een\u00e9 na chladic\u00edm okruhu pou\u017e\u00edvaj\u00edc\u00edm HFC R404A, jedno z nejb\u011b\u017en\u011bj\u0161\u00edch chladiv st\u00e1le pou\u017e\u00edvan\u00fdch v gastronomii.[\/vc_column_text][vc_empty_space][\/vc_column][vc_column width=&#8221;1\/2&#8243;][vc_single_image image=&#8221;14592&#8243; img_size=&#8221;630&#215;327&#8243;][vc_empty_space][elx_icons alignment=&#8221;left&#8221; icon_electroluxpro=&#8221;elx-icon icon-r290-green-leaves&#8221;][vc_empty_space height=&#8221;20px&#8221;][elx_heading font_container=&#8221;h3&#8243; text_color=&#8221;inherit&#8221; text_align=&#8221;text-left&#8221;]Bu\u010fte ekologi\u010dt\u00ed s R290[\/elx_heading][vc_empty_space height=&#8221;10px&#8221;][vc_column_text]Chladivo R290 spl\u0148uje nejp\u0159\u00edsn\u011bj\u0161\u00ed p\u0159edpisy t\u00fdkaj\u00edc\u00ed se glob\u00e1ln\u00edho oteplov\u00e1n\u00ed*. Na\u0161e \u0159e\u0161en\u00ed s potenci\u00e1lem glob\u00e1ln\u00edho oteplov\u00e1n\u00ed (GWP) pouh\u00fdch 3 p\u0159edstavuje udr\u017eitelnou alternativu, kterou stoj\u00ed za to zvolit. Tento inovativn\u00ed chladic\u00ed okruh nab\u00edz\u00ed vysokou \u00fa\u010dinnost a p\u0159in\u00e1\u0161\u00ed ni\u017e\u0161\u00ed provozn\u00ed n\u00e1klady.[\/vc_column_text][vc_empty_space height=&#8221;10px&#8221;][vc_column_text el_class=&#8221;note-style&#8221;]<span class=\"note-style\">*Od ledna budou v\u0161echny na\u0161e zchlazova\u010de\/zmrazova\u010de pou\u017e\u00edvat R290 (z\u00e1konn\u00e1 povinnost v EU).<\/span>[\/vc_column_text][vc_empty_space][\/vc_column][\/vc_row][vc_row][vc_column][vc_empty_space][\/vc_column][\/vc_row][vc_row][vc_column width=&#8221;1\/2&#8243;][vc_empty_space height=&#8221;12px&#8221;][vc_single_image image=&#8221;14593&#8243; img_size=&#8221;full&#8221; alignment=&#8221;center&#8221;][\/vc_column][vc_column width=&#8221;1\/2&#8243;][elx_heading font_container=&#8221;h3&#8243; font_size=&#8221;h3&#8243; text_color=&#8221;electrolux-blue&#8221; text_align=&#8221;text-left&#8221;]SkyLine konvektomaty<br \/>\n[\/elx_heading][vc_empty_space height=&#8221;12px&#8221;]<div class=\"elx-accordion  elx-accordion-sustainability\">    <div class=\"elx-accordion-heading\">        <a class=\"elx-accordion-link elx-accordion-open\">            <h4 class=\"h4 elx-accordion-title\">                <i class=\"elx-icon icon-sustainability-lightening\"><\/i><div class=\"elx-accordion-icon-title\">    <span>A\u017d O 20 %<\/span>    <span>NI\u017d\u0160\u00cd SPOT\u0158EBA ENERGIE<\/span><\/div>                <img decoding=\"async\" src=\"https:\/\/www.electroluxprofessional.com\/cz\/wp-content\/themes\/electroluxpro\/assets\/epr-icon-minus-blue.svg\" class=\"elx-minus\" \/>                <img decoding=\"async\" src=\"https:\/\/www.electroluxprofessional.com\/cz\/wp-content\/themes\/electroluxpro\/assets\/epr-icon-plus-white.svg\" class=\"elx-plus elx-hidden\" \/>            <\/h4>        <\/a>    <\/div>    <div class=\"elx-accordion-body elx-accordion-open\"><p>[vc_column_text]\u00a0<\/span><\/p>\n<h5><strong>Zrozeno pro ekologii: \u00faspora energie<\/strong><\/h5>\n<p>U\u0161et\u0159ete a\u017e 20 % n\u00e1klad\u016f na energii* a pracujte co nejefektivn\u011bji z hlediska \u010dasu i spot\u0159eby. Nov\u00e1 funkce <strong>Plan\u2011n\u2011Save<\/strong> vyu\u017e\u00edv\u00e1 logiku zalo\u017eenou na um\u011bl\u00e9 inteligenci k optimalizaci po\u0159ad\u00ed va\u0159en\u00ed a minimalizaci va\u0161ich provozn\u00edch n\u00e1klad\u016f.[\/vc_column_text][vc_empty_space height=&#8221;20px&#8221;][vc_column_text el_class=&#8221;note-style&#8221;]<span class=\"note-style\">* V\u00fdpo\u010det vych\u00e1z\u00ed z laboratorn\u00edch test\u016f Electrolux Professional proveden\u00fdch na za\u0159\u00edzen\u00ed SkyLine PremiumS, elektrick\u00e9 proveden\u00ed 10\/1 GN s trojit\u00fdmi prosklen\u00fdmi dve\u0159mi, p\u0159i pou\u017eit\u00ed funkce Plan\u2011n\u2011Save ve srovn\u00e1n\u00ed s provozem bez t\u00e9to funkce. Data k dispozici od dubna 2019.<\/span>[\/vc_column_text][vc_empty_space height=&#8221;20px&#8221;]<\/p>\n    <\/div><\/div><div class=\"elx-accordion  elx-accordion-sustainability\">    <div class=\"elx-accordion-heading\">        <a class=\"elx-accordion-link elx-accordion-close\">            <h4 class=\"h4 elx-accordion-title\">                <i class=\"elx-icon icon-sustainability-leaf\"><\/i><div class=\"elx-accordion-icon-title\">    <span>A\u017d 25 %<\/span>    <span>N\u00c1R\u016eST PRODUKTIVITY<\/span><\/div>                <img decoding=\"async\" src=\"https:\/\/www.electroluxprofessional.com\/cz\/wp-content\/themes\/electroluxpro\/assets\/epr-icon-minus-blue.svg\" class=\"elx-minus elx-hidden\" \/>                <img decoding=\"async\" src=\"https:\/\/www.electroluxprofessional.com\/cz\/wp-content\/themes\/electroluxpro\/assets\/epr-icon-plus-white.svg\" class=\"elx-plus\" \/>            <\/h4>        <\/a>    <\/div>    <div class=\"elx-accordion-body elx-accordion-close\"><p>[vc_column_text]<\/p>\n<h5>Ergonomick\u00e1 trouba<\/h5>\n<p>75% sn\u00ed\u017een\u00ed nemocensk\u00e9 a 25% n\u00e1r\u016fst produktivity ve va\u0161\u00ed kuchyni*[\/vc_column_text][vc_empty_space height=&#8221;20px&#8221;][vc_column_text el_class=&#8221;note-style&#8221;]<span class=\"note-style\">* Ergonomick\u00e9 z\u00e1sahy mohou sn\u00ed\u017eit muskuloskelet\u00e1ln\u00ed poruchy (WMSDs) o 59 %, s pr\u016fm\u011brn\u00fdm poklesem nemocensk\u00e9 o 75 % a n\u00e1r\u016fstem produktivity o 25 %. \u2013 Dr Francesco Marcolin, CEO ErgoCert (Evropsk\u00fd certifikovan\u00fd ergonom \u2013 EUR.ERG.)[\/vc_column_text][vc_empty_space height=&#8221;20px&#8221;]<\/p>\n    <\/div><\/div><div class=\"elx-accordion  elx-accordion-sustainability\">    <div class=\"elx-accordion-heading\">        <a class=\"elx-accordion-link elx-accordion-close\">            <h4 class=\"h4 elx-accordion-title\">                <i class=\"elx-icon icon-sustainability-cutlery\"><\/i>MEN\u0160\u00cd ZTR\u00c1TA HMOTNOSTI POTRAVIN                <img decoding=\"async\" src=\"https:\/\/www.electroluxprofessional.com\/cz\/wp-content\/themes\/electroluxpro\/assets\/epr-icon-minus-blue.svg\" class=\"elx-minus elx-hidden\" \/>                <img decoding=\"async\" src=\"https:\/\/www.electroluxprofessional.com\/cz\/wp-content\/themes\/electroluxpro\/assets\/epr-icon-plus-white.svg\" class=\"elx-plus\" \/>            <\/h4>        <\/a>    <\/div>    <div class=\"elx-accordion-body elx-accordion-close\"><p>[vc_column_text]<\/span><\/p>\n<h5>Va\u0159en\u00ed p\u0159i n\u00edzk\u00e9 teplot\u011b<\/h5>\n<p>A\u017e o 24 % men\u0161\u00ed ztr\u00e1ta hmotnosti potravin* s automatick\u00fdm postupem Low Temperature Cooking, kter\u00fd zaru\u010duje \u0161pi\u010dkov\u00e9 v\u00fdsledky va\u0159en\u00ed p\u0159i polovi\u010dn\u00ed ztr\u00e1t\u011b hmotnosti, co\u017e znamen\u00e1 \u0161\u0165avnat\u011bj\u0161\u00ed, m\u011bk\u010d\u00ed a konzistentn\u011b zbarven\u00e9 maso. Low Temperature Cooking zkracuje proces \u201ezr\u00e1n\u00ed\u201c \u010derstv\u00e9ho masa z 1 dne na 1 hodinu. Proces uzn\u00e1n Univerzitou v Udine, It\u00e1lie.[\/vc_column_text][vc_empty_space height=&#8221;20px&#8221;][vc_column_text el_class=&#8221;note-style&#8221;]<span class=\"note-style\">* Na z\u00e1klad\u011b intern\u00edch test\u016f proveden\u00fdch v laborato\u0159i Electrolux Professional na SkyLine PremiumS Electric Combi Oven 10GN 1\/1, porovn\u00e1n\u00ed Low Temperature Cooking cyklu s pe\u010den\u00edm hov\u011bz\u00edho a telec\u00edho masa.<\/span>[\/vc_column_text][vc_empty_space height=&#8221;20px&#8221;]<\/p>\n    <\/div><\/div><div class=\"elx-accordion  elx-accordion-sustainability\">    <div class=\"elx-accordion-heading\">        <a class=\"elx-accordion-link elx-accordion-close\">            <h4 class=\"h4 elx-accordion-title\">                <i class=\"elx-icon icon-sustainability-timesaving\"><\/i><div class=\"elx-accordion-icon-title\">    <span>A\u017d O 50 %<\/span>    <span>NI\u017d\u0160\u00cd PROVOZN\u00cd N\u00c1KLADY<\/span><\/div>                <img decoding=\"async\" src=\"https:\/\/www.electroluxprofessional.com\/cz\/wp-content\/themes\/electroluxpro\/assets\/epr-icon-minus-blue.svg\" class=\"elx-minus elx-hidden\" \/>                <img decoding=\"async\" src=\"https:\/\/www.electroluxprofessional.com\/cz\/wp-content\/themes\/electroluxpro\/assets\/epr-icon-plus-white.svg\" class=\"elx-plus\" \/>            <\/h4>        <\/a>    <\/div>    <div class=\"elx-accordion-body elx-accordion-close\"><p>[vc_column_text]<\/p>\n<h5>Ekologick\u00e9 \u010distic\u00ed cykly<\/h5>\n<p>U\u0161et\u0159ete a\u017e 50 % na provozn\u00edch n\u00e1kladech s ekologick\u00fdmi \u010distic\u00edmi cykly!*[\/vc_column_text][vc_empty_space height=&#8221;20px&#8221;][vc_column_text el_class=&#8221;note-style&#8221;]<span class=\"note-style\">* Na z\u00e1klad\u011b intern\u00edch test\u016f proveden\u00fdch v laborato\u0159i Electrolux Professional na SkyLine PremiumS Electric Combi Oven 10GN 1\/1, porovn\u00e1n\u00ed standardn\u00edho intenzivn\u00edho cyklu s ekologick\u00fdm intenzivn\u00edm cyklem se v\u0161emi aktivovan\u00fdmi zelen\u00fdmi funkcemi. Test proveden s pou\u017eit\u00edm It\u00e1lie 2025 jako p\u0159\u00edpadu pro n\u00e1klady na vodu, energii a detergent.[\/vc_column_text][vc_empty_space height=&#8221;20px&#8221;]<\/p>\n    <\/div><\/div><div class=\"elx-accordion  elx-accordion-sustainability\">    <div class=\"elx-accordion-heading\">        <a class=\"elx-accordion-link elx-accordion-close\">            <h4 class=\"h4 elx-accordion-title\">                <i class=\"elx-icon icon-sustainability-lightening\"><\/i>TROJIT\u00c9 SKLO DVE\u0158\u00cd                <img decoding=\"async\" src=\"https:\/\/www.electroluxprofessional.com\/cz\/wp-content\/themes\/electroluxpro\/assets\/epr-icon-minus-blue.svg\" class=\"elx-minus elx-hidden\" \/>                <img decoding=\"async\" src=\"https:\/\/www.electroluxprofessional.com\/cz\/wp-content\/themes\/electroluxpro\/assets\/epr-icon-plus-white.svg\" class=\"elx-plus\" \/>            <\/h4>        <\/a>    <\/div>    <div class=\"elx-accordion-body elx-accordion-close\"><p>[vc_column_text]<\/span><\/p>\n<h5>3 vrstvy, 1 chytr\u00e1 volba<\/h5>\n<p>Minimalizujte ztr\u00e1ty energie* d\u00edky vy\u0161\u0161\u00ed izolaci.[\/vc_column_text][vc_empty_space height=&#8221;20px&#8221;][vc_column_text el_class=&#8221;note-style&#8221;]<span class=\"note-style\">* P\u0159ibli\u017en\u011b -10 % spot\u0159eby energie v ne\u010dinnosti v konvekci na z\u00e1klad\u011b testu v souladu s ASTM Standard F2861-20.[\/vc_column_text][vc_empty_space height=&#8221;20px&#8221;]<\/p>\n    <\/div><\/div><div class=\"elx-accordion  elx-accordion-sustainability\">    <div class=\"elx-accordion-heading\">        <a class=\"elx-accordion-link elx-accordion-close\">            <h4 class=\"h4 elx-accordion-title\">                <i class=\"elx-icon icon-sustainability-water\"><\/i>\u00daSPORA VODY A DETERGENTU                <img decoding=\"async\" src=\"https:\/\/www.electroluxprofessional.com\/cz\/wp-content\/themes\/electroluxpro\/assets\/epr-icon-minus-blue.svg\" class=\"elx-minus elx-hidden\" \/>                <img decoding=\"async\" src=\"https:\/\/www.electroluxprofessional.com\/cz\/wp-content\/themes\/electroluxpro\/assets\/epr-icon-plus-white.svg\" class=\"elx-plus\" \/>            <\/h4>        <\/a>    <\/div>    <div class=\"elx-accordion-body elx-accordion-close\"><p>[vc_column_text]<\/span><\/p>\n<h5>\u010cist\u0161\u00ed, zelen\u011bj\u0161\u00ed, chyt\u0159ej\u0161\u00ed<\/h5>\n<p>Pou\u017e\u00edv\u00e1 o 33 % m\u00e9n\u011b vody, o 22 % m\u00e9n\u011b detergentu p\u0159i \u010di\u0161t\u011bn\u00ed ve srovn\u00e1n\u00ed s p\u0159edchoz\u00edm modelem.[\/vc_column_text][vc_empty_space height=&#8221;20px&#8221;][vc_column_text el_class=&#8221;note-style&#8221;]<span class=\"note-style\">* P\u0159ibli\u017en\u011b -10 % spot\u0159eby energie v ne\u010dinnosti v konvekci na z\u00e1klad\u011b testu v souladu s ASTM Standard F2861-20.[\/vc_column_text][vc_empty_space height=&#8221;20px&#8221;]<\/p>\n    <\/div><\/div>[vc_empty_space height=&#8221;22px&#8221;][elx_button button_text=&#8221;Zjist\u011bte v\u00edce&#8221; button_display_block=&#8221;display_block_on&#8221; button_alignment_mobile=&#8221;text-left-mobile&#8221; button_link=&#8221;url:https%3A%2F%2Fwww.electroluxprofessional.com%2Fcz%2Fskyline-combi-oven%2F|title:Zjist%C4%9Bte%20v%C3%ADce&#8221;][\/vc_column][\/vc_row][vc_row][vc_column][vc_empty_space][\/vc_column][\/vc_row][vc_row content_placement=&#8221;middle&#8221;][vc_column width=&#8221;1\/2&#8243;][vc_empty_space height=&#8221;12px&#8221;][vc_single_image image=&#8221;14594&#8243; img_size=&#8221;555&#215;548&#8243; alignment=&#8221;center&#8221;][\/vc_column][vc_column width=&#8221;1\/2&#8243;][elx_heading font_container=&#8221;h3&#8243; font_size=&#8221;h3&#8243; text_color=&#8221;electrolux-blue&#8221; text_align=&#8221;text-left&#8221;]Cook &amp; Chill<br \/>\n[\/elx_heading][vc_empty_space height=&#8221;12px&#8221;]<div class=\"elx-accordion  elx-accordion-sustainability\">    <div class=\"elx-accordion-heading\">        <a class=\"elx-accordion-link elx-accordion-open\">            <h4 class=\"h4 elx-accordion-title\">                <i class=\"elx-icon icon-sustainability-timesaving\"><\/i><div class=\"elx-accordion-icon-title\">    <span>A\u017d O 25%<\/span>    <span>VY\u0160\u0160\u00cd PRODUKTIVITA<\/span><\/div>                <img decoding=\"async\" src=\"https:\/\/www.electroluxprofessional.com\/cz\/wp-content\/themes\/electroluxpro\/assets\/epr-icon-minus-blue.svg\" class=\"elx-minus\" \/>                <img decoding=\"async\" src=\"https:\/\/www.electroluxprofessional.com\/cz\/wp-content\/themes\/electroluxpro\/assets\/epr-icon-plus-white.svg\" class=\"elx-plus elx-hidden\" \/>            <\/h4>        <\/a>    <\/div>    <div class=\"elx-accordion-body elx-accordion-open\"><p>[vc_column_text]\u00a0<\/span><\/p>\n<h5><strong>Ergonomick\u00fd konvektomat a zchlazova\u010d\/zmrazova\u010d<\/strong><\/h5>\n<p>Ergonomick\u00fd konvektomat spolu se zchlazova\u010dem\/zmrazova\u010dem znamenaj\u00ed a\u017e 75% sn\u00ed\u017een\u00ed nemocnosti a 25% n\u00e1r\u016fst produktivity ve va\u0161\u00ed kuchyni*.[\/vc_column_text][vc_empty_space height=&#8221;20px&#8221;][vc_column_text el_class=&#8221;note-style&#8221;]<span class=\"note-style\">* \u201eErgonomick\u00e1 opat\u0159en\u00ed mohou sn\u00ed\u017eit v\u00fdskyt muskuloskelet\u00e1ln\u00edch onemocn\u011bn\u00ed souvisej\u00edc\u00edch s prac\u00ed (WMSDs) o 59 %, s pr\u016fm\u011brn\u00fdm poklesem po\u010dtu dn\u016f pracovn\u00ed neschopnosti o 75 % a zv\u00fd\u0161en\u00edm produktivity o 25 %.\u201c \u2013 Dr. Francesco Marcolin, CEO spole\u010dnosti ErgoCert (evropsk\u00fd certifikovan\u00fd ergonom \u2013 EUR.ERG.)<\/span>[\/vc_column_text][vc_empty_space height=&#8221;20px&#8221;]<\/p>\n    <\/div><\/div>[vc_empty_space height=&#8221;22px&#8221;][elx_button button_text=&#8221;Zjist\u011bte v\u00edce&#8221; button_display_block=&#8221;display_block_on&#8221; button_alignment_mobile=&#8221;text-left-mobile&#8221; button_link=&#8221;url:https%3A%2F%2Fwww.electroluxprofessional.com%2Fcz%2Fcook-and-chill%2F|title:Zjist%C4%9Bte%20v%C3%ADce&#8221;][\/vc_column][\/vc_row][vc_row][vc_column][vc_empty_space][\/vc_column][\/vc_row][vc_row][vc_column width=&#8221;1\/2&#8243;][vc_empty_space height=&#8221;12px&#8221;][vc_single_image image=&#8221;14595&#8243; img_size=&#8221;full&#8221; alignment=&#8221;center&#8221;][\/vc_column][vc_column width=&#8221;1\/2&#8243;][elx_heading font_container=&#8221;h3&#8243; font_size=&#8221;h3&#8243; text_color=&#8221;electrolux-blue&#8221; text_align=&#8221;text-left&#8221;]SkyLine zchlazova\u010de\/zmrazova\u010de<br \/>\n[\/elx_heading][vc_empty_space height=&#8221;12px&#8221;]<div class=\"elx-accordion  elx-accordion-sustainability\">    <div class=\"elx-accordion-heading\">        <a class=\"elx-accordion-link elx-accordion-open\">            <h4 class=\"h4 elx-accordion-title\">                <i class=\"elx-icon icon-sustainability-timesaving\"><\/i><div class=\"elx-accordion-icon-title\">    <span>A\u017d 40 %<\/span>    <span>\u00daSPORA \u010cASU<\/span><\/div>                <img decoding=\"async\" src=\"https:\/\/www.electroluxprofessional.com\/cz\/wp-content\/themes\/electroluxpro\/assets\/epr-icon-minus-blue.svg\" class=\"elx-minus\" \/>                <img decoding=\"async\" src=\"https:\/\/www.electroluxprofessional.com\/cz\/wp-content\/themes\/electroluxpro\/assets\/epr-icon-plus-white.svg\" class=\"elx-plus elx-hidden\" \/>            <\/h4>        <\/a>    <\/div>    <div class=\"elx-accordion-body elx-accordion-open\"><p>[vc_column_text]<\/p>\n<h5>V\u00e1\u017e\u00edme si va\u0161eho \u010dasu<\/h5>\n<p>Co byste d\u011blali se 4 hodinami nav\u00edc* denn\u011b? S 1\u202f200 hodinami nav\u00edc ro\u010dn\u011b?<br \/>\nKa\u017ed\u00fd chladic\u00ed cyklus v\u00e1m u\u0161et\u0159\u00ed a\u017e 47 minut, zvy\u0161uje va\u0161i produktivitu a \u010din\u00ed pracovn\u00ed postupy efektivn\u011bj\u0161\u00edmi.[\/vc_column_text][vc_empty_space height=&#8221;20px&#8221;][vc_column_text el_class=&#8221;note-style&#8221;]<span class=\"note-style\">* V\u00fdpo\u010det zalo\u017een\u00fd na 10hodinov\u00e9m pracovn\u00edm dni se za\u0159\u00edzen\u00edm SkyLine ChillS 50\/50 kg, data v souladu s na\u0159\u00edzen\u00edm Komise EU 2015\/1095.<\/span>[\/vc_column_text][vc_empty_space height=&#8221;20px&#8221;]<\/p>\n    <\/div><\/div><div class=\"elx-accordion  elx-accordion-sustainability\">    <div class=\"elx-accordion-heading\">        <a class=\"elx-accordion-link elx-accordion-close\">            <h4 class=\"h4 elx-accordion-title\">                <i class=\"elx-icon icon-sustainability-leaf\"><\/i><div class=\"elx-accordion-icon-title\">    <span>A\u017d 25 %<\/span>    <span>N\u00c1R\u016eST PRODUKTIVITY<\/span><\/div>                <img decoding=\"async\" src=\"https:\/\/www.electroluxprofessional.com\/cz\/wp-content\/themes\/electroluxpro\/assets\/epr-icon-minus-blue.svg\" class=\"elx-minus elx-hidden\" \/>                <img decoding=\"async\" src=\"https:\/\/www.electroluxprofessional.com\/cz\/wp-content\/themes\/electroluxpro\/assets\/epr-icon-plus-white.svg\" class=\"elx-plus\" \/>            <\/h4>        <\/a>    <\/div>    <div class=\"elx-accordion-body elx-accordion-close\"><p>[vc_column_text]<\/p>\n<h5>4hv\u011bzdi\u010dkov\u00e1 certifikace ERGOCERT<\/h5>\n<p>Ergonomick\u00fd blast chiller znamen\u00e1 75% sn\u00ed\u017een\u00ed nemocensk\u00e9 a 25% n\u00e1r\u016fst produktivity ve va\u0161\u00ed kuchyni*.<br \/>\n[\/vc_column_text][vc_empty_space height=&#8221;20px&#8221;][vc_column_text el_class=&#8221;note-style&#8221;]<span class=\"note-style\">* Ergonomick\u00e9 z\u00e1sahy mohou sn\u00ed\u017eit muskuloskelet\u00e1ln\u00ed poruchy (WMSDs) o 59 %, s pr\u016fm\u011brn\u00fdm poklesem nemocensk\u00e9 o 75 % a n\u00e1r\u016fstem produktivity o 25 %. \u2013 Dr Francesco Marcolin, CEO ErgoCert (Evropsk\u00fd certifikovan\u00fd ergonom \u2013 EUR.ERG.)[\/vc_column_text][vc_empty_space height=&#8221;20px&#8221;]<\/p>\n    <\/div><\/div><div class=\"elx-accordion  elx-accordion-sustainability\">    <div class=\"elx-accordion-heading\">        <a class=\"elx-accordion-link elx-accordion-close\">            <h4 class=\"h4 elx-accordion-title\">                <i class=\"elx-icon icon-sustainability-cutlery\"><\/i>SNI\u017dTE ODPAD POTRAVIN                <img decoding=\"async\" src=\"https:\/\/www.electroluxprofessional.com\/cz\/wp-content\/themes\/electroluxpro\/assets\/epr-icon-minus-blue.svg\" class=\"elx-minus elx-hidden\" \/>                <img decoding=\"async\" src=\"https:\/\/www.electroluxprofessional.com\/cz\/wp-content\/themes\/electroluxpro\/assets\/epr-icon-plus-white.svg\" class=\"elx-plus\" \/>            <\/h4>        <\/a>    <\/div>    <div class=\"elx-accordion-body elx-accordion-close\"><p>[vc_column_text]<\/span><\/p>\n<h5>Minimalizujte n\u00e1klady na potraviny<\/h5>\n<p>Sni\u017ete odpad potravin a\u017e o 35 % t\u00edm, \u017ee regenerujete (rozmrazujete a\/nebo oh\u0159\u00edv\u00e1te) pouze potraviny, kter\u00e9 pot\u0159ebujete, m\u00edsto p\u0159\u00edpravy od za\u010d\u00e1tku. Prodlou\u017ete trvanlivost sv\u00fdch pokrm\u016f. Potraviny, kter\u00e9 byly rychle zmrazeny, z\u016fst\u00e1vaj\u00ed \u010derstv\u00e9 5 dn\u00ed v lednici a a\u017e 12 m\u011bs\u00edc\u016f v mraz\u00e1ku.[\/vc_column_text][vc_empty_space height=&#8221;20px&#8221;]<\/p>\n    <\/div><\/div>[vc_empty_space height=&#8221;22px&#8221;][elx_button button_text=&#8221;Zjist\u011bte v\u00edce&#8221; button_display_block=&#8221;display_block_on&#8221; button_alignment_mobile=&#8221;text-left-mobile&#8221; button_link=&#8221;url:https%3A%2F%2Fwww.electroluxprofessional.com%2Fcz%2Fcommercial-kitchen-equipment%2Fsokove-zchlazovace-zmrazovace%2F|title:Zjist%C4%9Bte%20v%C3%ADce&#8221;][\/vc_column][\/vc_row][vc_row][vc_column][vc_empty_space][\/vc_column][\/vc_row][vc_row][vc_column width=&#8221;1\/2&#8243;][vc_empty_space height=&#8221;12px&#8221;][vc_single_image image=&#8221;14596&#8243; img_size=&#8221;555&#215;548&#8243; alignment=&#8221;center&#8221;][\/vc_column][vc_column width=&#8221;1\/2&#8243;][elx_heading font_container=&#8221;h3&#8243; font_size=&#8221;h3&#8243; text_color=&#8221;electrolux-blue&#8221; text_align=&#8221;text-left&#8221;]SpeeDelight[\/elx_heading][vc_empty_space height=&#8221;12px&#8221;]<div class=\"elx-accordion  elx-accordion-sustainability\">    <div class=\"elx-accordion-heading\">        <a class=\"elx-accordion-link elx-accordion-open\">            <h4 class=\"h4 elx-accordion-title\">                <i class=\"elx-icon icon-sustainability-lightening\"><\/i><div class=\"elx-accordion-icon-title\">    <span>A\u017d O 69 %<\/span>    <span>NI\u017d\u0160\u00cd SPOT\u0158EBA ENERGIE<\/span><\/div>                <img decoding=\"async\" src=\"https:\/\/www.electroluxprofessional.com\/cz\/wp-content\/themes\/electroluxpro\/assets\/epr-icon-minus-blue.svg\" class=\"elx-minus\" \/>                <img decoding=\"async\" src=\"https:\/\/www.electroluxprofessional.com\/cz\/wp-content\/themes\/electroluxpro\/assets\/epr-icon-plus-white.svg\" class=\"elx-plus elx-hidden\" \/>            <\/h4>        <\/a>    <\/div>    <div class=\"elx-accordion-body elx-accordion-open\"><p>[vc_column_text]<\/p>\n<h5>Re\u017eim \u00faspory energie<\/h5>\n<p>Exkluzivn\u00ed re\u017eim \u00faspory energie je p\u0159\u00ednosn\u00fd jak pro \u017eivotn\u00ed prost\u0159ed\u00ed, tak pro va\u0161e finance. Bu\u010fte ekologi\u010dt\u00ed a zav\u0159ete v\u00edko, jakmile se zobraz\u00ed upozorn\u011bn\u00ed na pohotovostn\u00ed re\u017eim: SpeeDelight spot\u0159ebuje a\u017e o 69 % m\u00e9n\u011b energie*![\/vc_column_text][vc_empty_space height=&#8221;20px&#8221;][vc_column_text el_class=&#8221;note-style&#8221;]<span class=\"note-style\">* Intern\u00ed test proveden\u00fd v laborato\u0159i Electrolux Professional R&amp;D u za\u0159\u00edzen\u00ed SpeeDelight ukazuje, \u017ee spot\u0159eba energie v re\u017eimu \u00faspory energie je o 69 % ni\u017e\u0161\u00ed ve srovn\u00e1n\u00ed se standardn\u00edm provozn\u00edm re\u017eimem.<\/span>[\/vc_column_text][vc_empty_space height=&#8221;20px&#8221;]<\/p>\n    <\/div><\/div>[vc_empty_space height=&#8221;22px&#8221;][elx_button button_text=&#8221;Zjist\u011bte v\u00edce&#8221; button_display_block=&#8221;display_block_on&#8221; button_alignment_mobile=&#8221;text-left-mobile&#8221; button_link=&#8221;url:https%3A%2F%2Fwww.electroluxprofessional.com%2Fcz%2Fcommercial-kitchen-equipment%2Fvysokorychlostni-profesionalni-gril-speedelight%2F|title:Zjist%C4%9Bte%20v%C3%ADce&#8221;][\/vc_column][\/vc_row][vc_row][vc_column][vc_empty_space][\/vc_column][\/vc_row][vc_row][vc_column width=&#8221;1\/2&#8243;][vc_empty_space height=&#8221;12px&#8221;][vc_single_image image=&#8221;14597&#8243; img_size=&#8221;555&#215;548&#8243; alignment=&#8221;center&#8221;][\/vc_column][vc_column width=&#8221;1\/2&#8243;][elx_heading font_container=&#8221;h3&#8243; font_size=&#8221;h3&#8243; text_color=&#8221;electrolux-blue&#8221; text_align=&#8221;text-left&#8221;]GourmeXpress[\/elx_heading][vc_empty_space height=&#8221;12px&#8221;]<div class=\"elx-accordion  elx-accordion-sustainability\">    <div class=\"elx-accordion-heading\">        <a class=\"elx-accordion-link elx-accordion-open\">            <h4 class=\"h4 elx-accordion-title\">                <i class=\"elx-icon icon-sustainability-lightening\"><\/i>\u0160ET\u0158ETE ENERGII \u2013 POUH\u00ddCH 0,54 kWh                <img decoding=\"async\" src=\"https:\/\/www.electroluxprofessional.com\/cz\/wp-content\/themes\/electroluxpro\/assets\/epr-icon-minus-blue.svg\" class=\"elx-minus\" \/>                <img decoding=\"async\" src=\"https:\/\/www.electroluxprofessional.com\/cz\/wp-content\/themes\/electroluxpro\/assets\/epr-icon-plus-white.svg\" class=\"elx-plus elx-hidden\" \/>            <\/h4>        <\/a>    <\/div>    <div class=\"elx-accordion-body elx-accordion-open\"><p>[vc_column_text]<\/p>\n<h5><strong>Sn\u00ed\u017een\u00ed spot\u0159eby energie<\/strong><\/h5>\n<p>Sni\u017ete spot\u0159ebu energie* d\u00edky re\u017eimu \u00faspory energie, kter\u00fd spot\u0159ebov\u00e1v\u00e1 pouze <strong> 0,54 kWh za hodinu<\/strong>.** Nav\u00edc nen\u00ed nutn\u00e1 instalace ods\u00e1vac\u00ed digesto\u0159e, proto\u017ee za\u0159\u00edzen\u00ed je <strong>bezodtahov\u00e9<\/strong>.***[\/vc_column_text][vc_empty_space height=&#8221;20px&#8221;][vc_column_text el_class=&#8221;note-style&#8221;]<span class=\"note-style\">* V\u0161echna data se vztahuj\u00ed k verzi GourmeXpress+.<br \/>\n<span class=\"note-style\">** Re\u017eim \u00faspory energie lze nastavit po u\u017eivatelsky voliteln\u00e9m \u010dasov\u00e9m intervalu (od 5 do 30 minut); dosa\u017een\u00ed teploty 260 \u00b0C trv\u00e1 2,5 minuty.<br \/>\n<span class=\"note-style\">*** Podrobnosti naleznete v u\u017eivatelsk\u00e9 p\u0159\u00edru\u010dce.<\/span><\/span><\/span>[\/vc_column_text][vc_empty_space height=&#8221;20px&#8221;]<\/p>\n    <\/div><\/div>[vc_empty_space height=&#8221;22px&#8221;][elx_button button_text=&#8221;Zjist\u011bte v\u00edce&#8221; button_display_block=&#8221;display_block_on&#8221; button_alignment_mobile=&#8221;text-left-mobile&#8221; button_link=&#8221;url:https%3A%2F%2Fwww.electroluxprofessional.com%2Fcz%2Fcommercial-kitchen-equipment%2Fgourmexpress-vysokorychlostni-trouba%2F|title:Zjist%C4%9Bte%20v%C3%ADce&#8221;][\/vc_column][\/vc_row][vc_row][vc_column][vc_empty_space][\/vc_column][\/vc_row][vc_row][vc_column width=&#8221;1\/2&#8243;][vc_empty_space height=&#8221;12px&#8221;][vc_single_image image=&#8221;14598&#8243; img_size=&#8221;555&#215;548&#8243; alignment=&#8221;center&#8221;][\/vc_column][vc_column width=&#8221;1\/2&#8243;][elx_heading font_container=&#8221;h3&#8243; font_size=&#8221;h3&#8243; text_color=&#8221;electrolux-blue&#8221; text_align=&#8221;text-left&#8221;]LiberoPro indukce[\/elx_heading][vc_empty_space height=&#8221;12px&#8221;]<div class=\"elx-accordion  elx-accordion-sustainability\">    <div class=\"elx-accordion-heading\">        <a class=\"elx-accordion-link elx-accordion-open\">            <h4 class=\"h4 elx-accordion-title\">                <i class=\"elx-icon icon-sustainability-lightening\"><\/i><div class=\"elx-accordion-icon-title\">    <span>90 %<\/span>    <span>NERGETICK\u00c1 \u00da\u010cINNOST<\/span><\/div>                <img decoding=\"async\" src=\"https:\/\/www.electroluxprofessional.com\/cz\/wp-content\/themes\/electroluxpro\/assets\/epr-icon-minus-blue.svg\" class=\"elx-minus\" \/>                <img decoding=\"async\" src=\"https:\/\/www.electroluxprofessional.com\/cz\/wp-content\/themes\/electroluxpro\/assets\/epr-icon-plus-white.svg\" class=\"elx-plus elx-hidden\" \/>            <\/h4>        <\/a>    <\/div>    <div class=\"elx-accordion-body elx-accordion-open\"><p>[vc_column_text]<\/p>\n<h5><strong>A\u017e 90% energetick\u00e1 \u00fa\u010dinnost d\u00edky induk\u010dn\u00ed technologii<\/strong><\/h5>\n<p>Induk\u010dn\u00ed technologie dosahuje a\u017e <strong>90% energetick\u00e9 \u00fa\u010dinnosti<\/strong> a vytv\u00e1\u0159\u00ed komfortn\u011bj\u0161\u00ed pracovn\u00ed prost\u0159ed\u00ed t\u00edm, \u017ee v\u00fdrazn\u011b sni\u017euje vyza\u0159ov\u00e1n\u00ed tepla.[\/vc_column_text][vc_empty_space height=&#8221;20px&#8221;]<\/p>\n    <\/div><\/div>[vc_empty_space height=&#8221;22px&#8221;][elx_button button_text=&#8221;Zjist\u011bte v\u00edce&#8221; button_display_block=&#8221;display_block_on&#8221; button_alignment_mobile=&#8221;text-left-mobile&#8221; button_link=&#8221;url:https%3A%2F%2Fwww.electroluxprofessional.com%2Fcz%2Fcommercial-kitchen-equipment%2Ffront-cooking-liberopro-a-liberolight%2F|title:Zjist%C4%9Bte%20v%C3%ADce&#8221;][\/vc_column][\/vc_row][vc_row][vc_column][vc_empty_space][\/vc_column][\/vc_row][vc_row][vc_column width=&#8221;1\/2&#8243;][vc_empty_space height=&#8221;12px&#8221;][vc_single_image image=&#8221;14599&#8243; img_size=&#8221;555&#215;548&#8243; alignment=&#8221;center&#8221;][\/vc_column][vc_column width=&#8221;1\/2&#8243;][elx_heading font_container=&#8221;h3&#8243; font_size=&#8221;h3&#8243; text_color=&#8221;electrolux-blue&#8221; text_align=&#8221;text-left&#8221;]Varn\u00e1 \u0159ada e-XP 700&amp;900[\/elx_heading][vc_empty_space height=&#8221;12px&#8221;]<div class=\"elx-accordion  elx-accordion-sustainability\">    <div class=\"elx-accordion-heading\">        <a class=\"elx-accordion-link elx-accordion-open\">            <h4 class=\"h4 elx-accordion-title\">                <i class=\"elx-icon icon-sustainability-fire\"><\/i><div class=\"elx-accordion-icon-title\">    <span>A\u017d 20 %<\/span>    <span>\u00daSPORA PLYNU<\/span><\/div>                <img decoding=\"async\" src=\"https:\/\/www.electroluxprofessional.com\/cz\/wp-content\/themes\/electroluxpro\/assets\/epr-icon-minus-blue.svg\" class=\"elx-minus\" \/>                <img decoding=\"async\" src=\"https:\/\/www.electroluxprofessional.com\/cz\/wp-content\/themes\/electroluxpro\/assets\/epr-icon-plus-white.svg\" class=\"elx-plus elx-hidden\" \/>            <\/h4>        <\/a>    <\/div>    <div class=\"elx-accordion-body elx-accordion-open\"><p>[vc_column_text]<\/p>\n<h5>20% \u00faspora plynu s EcoFlame<\/h5>\n<p>EcoFlame v\u00e1m umo\u017en\u00ed u\u0161et\u0159it a\u017e 20 % na spot\u0159eb\u011b plynu*.[\/vc_column_text][vc_empty_space height=&#8221;20px&#8221;][vc_column_text el_class=&#8221;note-style&#8221;]<span class=\"note-style\">* Podle intern\u00edho testu proveden\u00e9ho v laborato\u0159i EPR R&amp;D (k dispozici pouze na 900XP).[\/vc_column_text][vc_empty_space height=&#8221;20px&#8221;]<\/p>\n    <\/div><\/div>[vc_empty_space height=&#8221;22px&#8221;][elx_button button_text=&#8221;Zjist\u011bte v\u00edce&#8221; button_display_block=&#8221;display_block_on&#8221; button_alignment_mobile=&#8221;text-left-mobile&#8221; button_link=&#8221;url:https%3A%2F%2Fwww.electroluxprofessional.com%2Fcz%2Fcommercial-kitchen-equipment%2Fmodularni-vareni-s-produkty-e-xp-700-900%2F|title:Zjist%C4%9Bte%20v%C3%ADce&#8221;][\/vc_column][\/vc_row][vc_row][vc_column][vc_empty_space][\/vc_column][\/vc_row][vc_row][vc_column width=&#8221;1\/2&#8243;][vc_empty_space height=&#8221;12px&#8221;][vc_single_image image=&#8221;14600&#8243; img_size=&#8221;555&#215;548&#8243; alignment=&#8221;center&#8221;][\/vc_column][vc_column width=&#8221;1\/2&#8243;][elx_heading font_container=&#8221;h3&#8243; font_size=&#8221;h3&#8243; text_color=&#8221;electrolux-blue&#8221; text_align=&#8221;text-left&#8221;]e-XP 700&amp;900 Free-zone indukce[\/elx_heading][vc_empty_space height=&#8221;12px&#8221;]<div class=\"elx-accordion  elx-accordion-sustainability\">    <div class=\"elx-accordion-heading\">        <a class=\"elx-accordion-link elx-accordion-open\">            <h4 class=\"h4 elx-accordion-title\">                <i class=\"elx-icon icon-sustainability-lightening\"><\/i><div class=\"elx-accordion-icon-title\">    <span>A\u017d 90 %<\/span>    <span>ENERGETICK\u00c1 \u00da\u010cINNOST<\/span><\/div>                <img decoding=\"async\" src=\"https:\/\/www.electroluxprofessional.com\/cz\/wp-content\/themes\/electroluxpro\/assets\/epr-icon-minus-blue.svg\" class=\"elx-minus\" \/>                <img decoding=\"async\" src=\"https:\/\/www.electroluxprofessional.com\/cz\/wp-content\/themes\/electroluxpro\/assets\/epr-icon-plus-white.svg\" class=\"elx-plus elx-hidden\" \/>            <\/h4>        <\/a>    <\/div>    <div class=\"elx-accordion-body elx-accordion-open\"><p>[vc_column_text]<\/span><\/p>\n<h5>90% energetick\u00e1 \u00fa\u010dinnost s induk\u010dn\u00ed technologi\u00ed*<\/h5>\n<p>Induk\u010dn\u00ed technologie poskytuje 90% energetickou \u00fa\u010dinnost a vytv\u00e1\u0159\u00ed pohodln\u011bj\u0161\u00ed pracovn\u00ed prost\u0159ed\u00ed d\u00edky v\u00fdrazn\u00e9mu sn\u00ed\u017een\u00ed emis\u00ed tepla.[\/vc_column_text][vc_empty_space height=&#8221;20px&#8221;][vc_column_text]<span class=\"note-style\">* V\u00fdpo\u010dty zalo\u017een\u00e9 na intern\u00edch testech porovn\u00e1vaj\u00edc\u00edch Pressure Braising Pan s tradi\u010dn\u00edm syst\u00e9mem = va\u0159en\u00ed + braisovac\u00ed p\u00e1nev.[\/vc_column_text][vc_column_text el_class=&#8221;note-style&#8221;][\/vc_column_text]<\/p>\n    <\/div><\/div>[vc_empty_space height=&#8221;22px&#8221;][elx_button button_text=&#8221;Zjist\u011bte v\u00edce&#8221; button_display_block=&#8221;display_block_on&#8221; button_alignment_mobile=&#8221;text-left-mobile&#8221; button_link=&#8221;url:https%3A%2F%2Fwww.electroluxprofessional.com%2Fcommercial-kitchen-equipment%2Fe-xp-700-900-modular-cooking%2Fe-xp-900-free-zone-induction%2F|title:Zjist%C4%9Bte%20v%C3%ADce&#8221;][\/vc_column][\/vc_row][vc_row][vc_column][vc_empty_space][\/vc_column][\/vc_row][vc_row][vc_column width=&#8221;1\/2&#8243;][vc_empty_space height=&#8221;12px&#8221;][vc_single_image image=&#8221;14601&#8243; img_size=&#8221;555&#215;548&#8243; alignment=&#8221;center&#8221;][\/vc_column][vc_column width=&#8221;1\/2&#8243;][elx_heading font_container=&#8221;h3&#8243; font_size=&#8221;h3&#8243; text_color=&#8221;electrolux-blue&#8221; text_align=&#8221;text-left&#8221;]e-XP 700&amp;900 Frit\u00e9zy OptiOilHP[\/elx_heading][vc_empty_space height=&#8221;12px&#8221;]<div class=\"elx-accordion  elx-accordion-sustainability\">    <div class=\"elx-accordion-heading\">        <a class=\"elx-accordion-link elx-accordion-open\">            <h4 class=\"h4 elx-accordion-title\">                <i class=\"elx-icon icon-sustainability-leaf\"><\/i><div class=\"elx-accordion-icon-title\">    <span>A\u017d 50 %<\/span>    <span>\u00daSPORY OLEJE<\/span><\/div>                <img decoding=\"async\" src=\"https:\/\/www.electroluxprofessional.com\/cz\/wp-content\/themes\/electroluxpro\/assets\/epr-icon-minus-blue.svg\" class=\"elx-minus\" \/>                <img decoding=\"async\" src=\"https:\/\/www.electroluxprofessional.com\/cz\/wp-content\/themes\/electroluxpro\/assets\/epr-icon-plus-white.svg\" class=\"elx-plus elx-hidden\" \/>            <\/h4>        <\/a>    <\/div>    <div class=\"elx-accordion-body elx-accordion-open\"><p>[vc_column_text]\u00a0<\/span><\/p>\n<h5><strong>\u0160et\u0159ete olej, \u0161et\u0159ete pen\u00edze<\/strong><\/h5>\n<p>A\u017e 50% \u00faspora oleje u frit\u00e9z OptiOilHP d\u00edky pokro\u010dil\u00e9mu syst\u00e9mu filtrace oleje s pap\u00edrov\u00fdmi filtry.*[\/vc_column_text][vc_empty_space height=&#8221;20px&#8221;][vc_column_text el_class=&#8221;note-style&#8221;]<span class=\"note-style\">* Na z\u00e1klad\u011b intern\u00edho testov\u00e1n\u00ed.<\/span>[\/vc_column_text][vc_empty_space height=&#8221;20px&#8221;]<\/p>\n    <\/div><\/div>[vc_empty_space height=&#8221;22px&#8221;][elx_button button_text=&#8221;Zjist\u011bte v\u00edce&#8221; button_display_block=&#8221;display_block_on&#8221; button_alignment_mobile=&#8221;text-left-mobile&#8221; button_link=&#8221;url:https%3A%2F%2Fwww.electroluxprofessional.com%2Fcommercial-kitchen-equipment%2Fe-xp-700-900-modular-cooking%2Ffryers%2F|title:Zjist%C4%9Bte%20v%C3%ADce&#8221;][\/vc_column][\/vc_row][vc_row][vc_column][vc_empty_space][\/vc_column][\/vc_row][vc_row][vc_column width=&#8221;1\/2&#8243;][vc_empty_space height=&#8221;12px&#8221;][vc_single_image image=&#8221;14602&#8243; img_size=&#8221;full&#8221; alignment=&#8221;center&#8221;][\/vc_column][vc_column width=&#8221;1\/2&#8243;][elx_heading font_container=&#8221;h3&#8243; font_size=&#8221;h3&#8243; text_color=&#8221;electrolux-blue&#8221; text_align=&#8221;text-left&#8221;]ProThermetic varn\u00e9 kotle a multifunk\u010dn\u00ed p\u00e1nve<br \/>\n[\/elx_heading][vc_empty_space height=&#8221;12px&#8221;]<div class=\"elx-accordion  elx-accordion-sustainability\">    <div class=\"elx-accordion-heading\">        <a class=\"elx-accordion-link elx-accordion-open\">            <h4 class=\"h4 elx-accordion-title\">                <i class=\"elx-icon icon-sustainability-lightening\"><\/i><div class=\"elx-accordion-icon-title\">    <span>A\u017d 80 %<\/span>    <span>\u00daSPORY ENERGIE<\/span><\/div>                <img decoding=\"async\" src=\"https:\/\/www.electroluxprofessional.com\/cz\/wp-content\/themes\/electroluxpro\/assets\/epr-icon-minus-blue.svg\" class=\"elx-minus\" \/>                <img decoding=\"async\" src=\"https:\/\/www.electroluxprofessional.com\/cz\/wp-content\/themes\/electroluxpro\/assets\/epr-icon-plus-white.svg\" class=\"elx-plus elx-hidden\" \/>            <\/h4>        <\/a>    <\/div>    <div class=\"elx-accordion-body elx-accordion-open\"><p>[vc_column_text]<\/p>\n<h5><strong>Sn\u00ed\u017een\u00e1 spot\u0159eba energie<\/strong><\/h5>\n<p>Spot\u0159eba energie* je v\u00fdrazn\u011b sn\u00ed\u017eena d\u00edky optimalizovan\u00e9mu topn\u00e9mu syst\u00e9mu, p\u0159esn\u00e9 regulaci teploty a vysoce \u00fa\u010dinn\u00e9 zes\u00edlen\u00e9 izolaci.[\/vc_column_text][vc_empty_space height=&#8221;20px&#8221;][vc_column_text el_class=&#8221;note-style&#8221;]<span class=\"note-style\">* V\u00fdpo\u010dty vych\u00e1zej\u00ed z intern\u00edch test\u016f, kter\u00e9 porovn\u00e1valy tlakovou p\u00e1nev s tradi\u010dn\u00edm syst\u00e9mem = va\u0159en\u00ed + dusic\u00ed p\u00e1nev.<\/span>[\/vc_column_text][vc_empty_space height=&#8221;20px&#8221;]<\/p>\n    <\/div><\/div><div class=\"elx-accordion  elx-accordion-sustainability\">    <div class=\"elx-accordion-heading\">        <a class=\"elx-accordion-link elx-accordion-close\">            <h4 class=\"h4 elx-accordion-title\">                <i class=\"elx-icon icon-sustainability-timesaving\"><\/i><div class=\"elx-accordion-icon-title\">    <span>A\u017d 60 %<\/span>    <span>\u00daSPORA \u010cASU<\/span><\/div>                <img decoding=\"async\" src=\"https:\/\/www.electroluxprofessional.com\/cz\/wp-content\/themes\/electroluxpro\/assets\/epr-icon-minus-blue.svg\" class=\"elx-minus elx-hidden\" \/>                <img decoding=\"async\" src=\"https:\/\/www.electroluxprofessional.com\/cz\/wp-content\/themes\/electroluxpro\/assets\/epr-icon-plus-white.svg\" class=\"elx-plus\" \/>            <\/h4>        <\/a>    <\/div>    <div class=\"elx-accordion-body elx-accordion-close\"><p>[vc_column_text]<\/p>\n<h5>M\u00e9n\u011b \u010dasu*<\/h5>\n<p>[\/vc_column_text][vc_empty_space height=&#8221;20px&#8221;][vc_column_text el_class=&#8221;note-style&#8221;]<span class=\"note-style\">* V\u00fdpo\u010dty zalo\u017een\u00e9 na intern\u00edch testech porovn\u00e1vaj\u00edc\u00edch Pressure Braising Pan s tradi\u010dn\u00edm syst\u00e9mem = va\u0159en\u00ed + braisovac\u00ed p\u00e1nev.[\/vc_column_text][vc_empty_space height=&#8221;20px&#8221;]<\/p>\n    <\/div><\/div>[vc_empty_space height=&#8221;22px&#8221;][elx_button button_text=&#8221;Zjist\u011bte v\u00edce&#8221; button_display_block=&#8221;display_block_on&#8221; button_alignment_mobile=&#8221;text-left-mobile&#8221; button_link=&#8221;url:https%3A%2F%2Fwww.electroluxprofessional.com%2Fcz%2Fboiling-braising-pans%2Fgastro-kotle-panve-prothermetic%2F|title:Zjist%C4%9Bte%20v%C3%ADce&#8221;][\/vc_column][\/vc_row][vc_row][vc_column][vc_empty_space][\/vc_column][\/vc_row][vc_row][vc_column width=&#8221;1\/2&#8243;][vc_empty_space height=&#8221;12px&#8221;][vc_single_image image=&#8221;14603&#8243; img_size=&#8221;555&#215;548&#8243; alignment=&#8221;center&#8221;][\/vc_column][vc_column width=&#8221;1\/2&#8243;][elx_heading font_container=&#8221;h3&#8243; font_size=&#8221;h3&#8243; text_color=&#8221;electrolux-blue&#8221; text_align=&#8221;text-left&#8221;]ProThermetic tlakov\u00e9 kotle[\/elx_heading][vc_empty_space height=&#8221;12px&#8221;]<div class=\"elx-accordion  elx-accordion-sustainability\">    <div class=\"elx-accordion-heading\">        <a class=\"elx-accordion-link elx-accordion-open\">            <h4 class=\"h4 elx-accordion-title\">                <i class=\"elx-icon icon-sustainability-timesaving\"><\/i><div class=\"elx-accordion-icon-title\">    <span>A\u017d 60 %<\/span>    <span>\u00daSPORY \u010cASU<\/span><\/div>                <img decoding=\"async\" src=\"https:\/\/www.electroluxprofessional.com\/cz\/wp-content\/themes\/electroluxpro\/assets\/epr-icon-minus-blue.svg\" class=\"elx-minus\" \/>                <img decoding=\"async\" src=\"https:\/\/www.electroluxprofessional.com\/cz\/wp-content\/themes\/electroluxpro\/assets\/epr-icon-plus-white.svg\" class=\"elx-plus elx-hidden\" \/>            <\/h4>        <\/a>    <\/div>    <div class=\"elx-accordion-body elx-accordion-open\"><p>[vc_column_text]\u00a0<\/span><\/p>\n<h5><strong>Zvl\u00e1dn\u011bte v\u00edce za m\u00e9n\u011b \u010dasu*<\/strong><\/h5>\n<p>[\/vc_column_text][vc_empty_space height=&#8221;20px&#8221;][vc_column_text el_class=&#8221;note-style&#8221;]<span class=\"note-style\">* V\u00fdpo\u010dty vych\u00e1zej\u00ed z intern\u00edch test\u016f, kter\u00e9 porovn\u00e1valy tlakov\u00fd kotel s tradi\u010dn\u00edm syst\u00e9mem = va\u0159en\u00ed + kotel.<\/span>[\/vc_column_text][vc_empty_space height=&#8221;20px&#8221;]<\/p>\n    <\/div><\/div>[vc_empty_space height=&#8221;22px&#8221;][elx_button button_text=&#8221;Zjist\u011bte v\u00edce&#8221; button_display_block=&#8221;display_block_on&#8221; button_alignment_mobile=&#8221;text-left-mobile&#8221; button_link=&#8221;url:https%3A%2F%2Fwww.electroluxprofessional.com%2Fcommercial-kitchen-equipment%2Fboiling-braising-pans%2Fother-boiling-and-braising-pans%2F|title:Zjist%C4%9Bte%20v%C3%ADce&#8221;][\/vc_column][\/vc_row][vc_row][vc_column][vc_empty_space][\/vc_column][\/vc_row][vc_row][vc_column width=&#8221;1\/2&#8243;][vc_empty_space height=&#8221;12px&#8221;][vc_single_image image=&#8221;14604&#8243; img_size=&#8221;555&#215;548&#8243; alignment=&#8221;center&#8221;][\/vc_column][vc_column width=&#8221;1\/2&#8243;][elx_heading font_container=&#8221;h3&#8243; font_size=&#8221;h3&#8243; text_color=&#8221;electrolux-blue&#8221; text_align=&#8221;text-left&#8221;]Chladic\u00ed a mrazic\u00ed sk\u0159\u00edn\u011b ecostore[\/elx_heading][vc_empty_space height=&#8221;12px&#8221;]<div class=\"elx-accordion  elx-accordion-sustainability\">    <div class=\"elx-accordion-heading\">        <a class=\"elx-accordion-link elx-accordion-open\">            <h4 class=\"h4 elx-accordion-title\">                <i class=\"elx-icon icon-sustainability-lightening\"><\/i>SNI\u017dTE SV\u016eJ \u00da\u010cET ZA ELEKT\u0158INU O 80 %                <img decoding=\"async\" src=\"https:\/\/www.electroluxprofessional.com\/cz\/wp-content\/themes\/electroluxpro\/assets\/epr-icon-minus-blue.svg\" class=\"elx-minus\" \/>                <img decoding=\"async\" src=\"https:\/\/www.electroluxprofessional.com\/cz\/wp-content\/themes\/electroluxpro\/assets\/epr-icon-plus-white.svg\" class=\"elx-plus elx-hidden\" \/>            <\/h4>        <\/a>    <\/div>    <div class=\"elx-accordion-body elx-accordion-open\"><p>[vc_column_text]<\/p>\n<h5><strong>Udr\u017eitelnost je cool<\/strong><\/h5>\n<p>Sni\u017ete sv\u016fj \u00fa\u010det za elekt\u0159inu o 80 %* s\u202fElectrolux Professional ecostore Premium HPe v\u202fenergetick\u00e9 t\u0159\u00edd\u011b A.[\/vc_column_text][vc_empty_space height=&#8221;20px&#8221;][vc_column_text el_class=&#8221;note-style&#8221;]<span class=\"note-style\">* Vypo\u010dteno na z\u00e1klad\u011b chladic\u00ed sk\u0159\u00edn\u011b s pln\u00fdmi dve\u0159mi o \u010dist\u00e9m objemu 503 l, p\u0159i nahrazen\u00ed spot\u0159ebi\u010de t\u0159\u00eddy G spot\u0159ebi\u010dem t\u0159\u00eddy A.<\/span>[\/vc_column_text][vc_empty_space height=&#8221;20px&#8221;]<\/p>\n    <\/div><\/div>[vc_empty_space height=&#8221;22px&#8221;][elx_button button_text=&#8221;Zjist\u011bte v\u00edce&#8221; button_display_block=&#8221;display_block_on&#8221; button_alignment_mobile=&#8221;text-left-mobile&#8221; button_link=&#8221;url:https%3A%2F%2Fwww.electroluxprofessional.com%2Fcz%2Fcommercial-kitchen-equipment%2Fchladici-skrine%2F|title:Zjist%C4%9Bte%20v%C3%ADce&#8221;][\/vc_column][\/vc_row][vc_row][vc_column][vc_empty_space][\/vc_column][\/vc_row][vc_row][vc_column width=&#8221;1\/2&#8243;][vc_empty_space height=&#8221;12px&#8221;][vc_single_image image=&#8221;14605&#8243; img_size=&#8221;full&#8221; alignment=&#8221;center&#8221;][\/vc_column][vc_column width=&#8221;1\/2&#8243;][elx_heading font_container=&#8221;h3&#8243; font_size=&#8221;h3&#8243; text_color=&#8221;electrolux-blue&#8221; text_align=&#8221;text-left&#8221;]NeoBlue Touch podpultov\u00e1<br \/>\nmy\u010dka n\u00e1dob\u00ed a my\u010dka skla[\/elx_heading][vc_empty_space height=&#8221;12px&#8221;]<div class=\"elx-accordion  elx-accordion-sustainability\">    <div class=\"elx-accordion-heading\">        <a class=\"elx-accordion-link elx-accordion-open\">            <h4 class=\"h4 elx-accordion-title\">                <i class=\"elx-icon icon-sustainability-lightening\"><\/i><div class=\"elx-accordion-icon-title\">    <span>A\u017d 40 %<\/span>    <span>\u00daSPORA ENERGIE<\/span><\/div>                <img decoding=\"async\" src=\"https:\/\/www.electroluxprofessional.com\/cz\/wp-content\/themes\/electroluxpro\/assets\/epr-icon-minus-blue.svg\" class=\"elx-minus\" \/>                <img decoding=\"async\" src=\"https:\/\/www.electroluxprofessional.com\/cz\/wp-content\/themes\/electroluxpro\/assets\/epr-icon-plus-white.svg\" class=\"elx-plus elx-hidden\" \/>            <\/h4>        <\/a>    <\/div>    <div class=\"elx-accordion-body elx-accordion-open\"><p>[vc_column_text]<\/p>\n<h5>\u00daspora energie a vody<\/h5>\n<p>Dal\u0161\u00ed \u00faspora energie s v\u00fdchoz\u00edm cyklem MyEco a\u017e 40 %<br \/>\nCyklus MyEco p\u0159in\u00e1\u0161\u00ed dal\u0161\u00ed \u00faspory v:<br \/>\n\u2013 spot\u0159eb\u011b energie, pou\u017e\u00edv\u00e1 pouze 260 Wh\/ko\u0161**, co\u017e \u0161et\u0159\u00ed v\u00edce ne\u017e 3 tis\u00edce kWh\/rok, co\u017e odpov\u00edd\u00e1 v\u00edce ne\u017e 145 tis\u00edc\u016fm nabit\u00fdch smartphon\u016f*<br \/>\n\u2013 spot\u0159eb\u011b vody 2,1 l\/cyklus**[\/vc_column_text][vc_empty_space height=&#8221;20px&#8221;][vc_column_text el_class=&#8221;note-style&#8221;]<span class=\"note-style\">* Vypo\u010dteno EPA (US Environmental Protection Agency).<br \/>\n<span class=\"note-style\">** V\u00fdpo\u010det spot\u0159eby energie b\u011bhem pou\u017e\u00edv\u00e1n\u00ed produktu, s ohledem na mix zdroj\u016f energie podle kalibrovan\u00e9 datab\u00e1ze EU aktualizovan\u00fdch hodnot [kgCO2eq\/KWh] \u2013 Zdroj: IEA 2020 vydan\u00e9 v roce 2023 \u2013 Emisn\u00ed faktory EIA jsou specifikov\u00e1ny pro CO2 z elekt\u0159iny a tepla a zahrnuj\u00ed faktory CH4 a N2O, podle IEA i pro rok 2021. Porovn\u00e1n\u00ed mezi NeoBlue Touch s cyklem MyEco a p\u0159edchoz\u00ed \u0159adou Electrolux Professional Undercounter s 3 l spot\u0159ebou vody\/cyklus.[\/vc_column_text][vc_empty_space height=&#8221;20px&#8221;]<\/p>\n    <\/div><\/div><div class=\"elx-accordion  elx-accordion-sustainability\">    <div class=\"elx-accordion-heading\">        <a class=\"elx-accordion-link elx-accordion-close\">            <h4 class=\"h4 elx-accordion-title\">                <i class=\"elx-icon icon-sustainability-leaf\"><\/i><div class=\"elx-accordion-icon-title\">    <span>SNI\u017dTE EMISI CO2<\/span>    <span><\/span><\/div>                <img decoding=\"async\" src=\"https:\/\/www.electroluxprofessional.com\/cz\/wp-content\/themes\/electroluxpro\/assets\/epr-icon-minus-blue.svg\" class=\"elx-minus elx-hidden\" \/>                <img decoding=\"async\" src=\"https:\/\/www.electroluxprofessional.com\/cz\/wp-content\/themes\/electroluxpro\/assets\/epr-icon-plus-white.svg\" class=\"elx-plus\" \/>            <\/h4>        <\/a>    <\/div>    <div class=\"elx-accordion-body elx-accordion-close\"><p>[vc_column_text]<\/span><\/span><\/p>\n<h5>Sni\u017eujeme na\u0161i stopu<\/h5>\n<p>Sni\u017ete emise CO2 o v\u00edce ne\u017e 7 tis\u00edc kg\/rok, co\u017e odpov\u00edd\u00e1 v\u00edce ne\u017e 469 tis\u00edc\u016fm nabit\u00fdch smartphon\u016f***.[\/vc_column_text][vc_empty_space height=&#8221;20px&#8221;][vc_column_text el_class=&#8221;note-style&#8221;]<span class=\"note-style\">*** Vypo\u010dteno EPA (US Environmental Protection Agency).[\/vc_column_text][vc_empty_space height=&#8221;20px&#8221;]<\/p>\n    <\/div><\/div><div class=\"elx-accordion  elx-accordion-sustainability\">    <div class=\"elx-accordion-heading\">        <a class=\"elx-accordion-link elx-accordion-close\">            <h4 class=\"h4 elx-accordion-title\">                <i class=\"elx-icon icon-sustainability-leaf\"><\/i><div class=\"elx-accordion-icon-title\">    <span>ERGONOMIE<\/span>    <span><\/span><\/div>                <img decoding=\"async\" src=\"https:\/\/www.electroluxprofessional.com\/cz\/wp-content\/themes\/electroluxpro\/assets\/epr-icon-minus-blue.svg\" class=\"elx-minus elx-hidden\" \/>                <img decoding=\"async\" src=\"https:\/\/www.electroluxprofessional.com\/cz\/wp-content\/themes\/electroluxpro\/assets\/epr-icon-plus-white.svg\" class=\"elx-plus\" \/>            <\/h4>        <\/a>    <\/div>    <div class=\"elx-accordion-body elx-accordion-close\"><p>[vc_column_text]<\/span><\/p>\n<h5>4hv\u011bzdi\u010dkov\u00fd ergonomick\u00fd design<\/h5>\n<p>Jednoduch\u00e9 ovl\u00e1d\u00e1n\u00ed prost\u0159ednictv\u00edm u\u017eivatelsky p\u0159\u00edv\u011btiv\u00e9ho rozhran\u00ed:<br \/>\n\u2022 Ergonomick\u00fd design zaji\u0161\u0165uje minim\u00e1ln\u00ed z\u00e1t\u011b\u017e u\u017eivatele<br \/>\n\u2022 M\u011bkk\u00e9 otev\u00edr\u00e1n\u00ed pro snadn\u00e9 nakl\u00e1d\u00e1n\u00ed<br \/>\n\u2022 Barevn\u011b k\u00f3dovan\u00e9 komponenty pro bezprobl\u00e9mov\u00e9 \u010di\u0161t\u011bn\u00ed[\/vc_column_text][vc_empty_space height=&#8221;20px&#8221;]<\/p>\n    <\/div><\/div><div class=\"elx-accordion  elx-accordion-sustainability\">    <div class=\"elx-accordion-heading\">        <a class=\"elx-accordion-link elx-accordion-close\">            <h4 class=\"h4 elx-accordion-title\">                <i class=\"elx-icon icon-sustainability-leaf\"><\/i><div class=\"elx-accordion-icon-title\">    <span>O 60 %<\/span>    <span>VY\u0160\u0160\u00cd PRODUKTIVITA<\/span><\/div>                <img decoding=\"async\" src=\"https:\/\/www.electroluxprofessional.com\/cz\/wp-content\/themes\/electroluxpro\/assets\/epr-icon-minus-blue.svg\" class=\"elx-minus elx-hidden\" \/>                <img decoding=\"async\" src=\"https:\/\/www.electroluxprofessional.com\/cz\/wp-content\/themes\/electroluxpro\/assets\/epr-icon-plus-white.svg\" class=\"elx-plus\" \/>            <\/h4>        <\/a>    <\/div>    <div class=\"elx-accordion-body elx-accordion-close\"><p>[vc_column_text]<\/p>\n<h5><strong>Zv\u00fd\u0161en\u00e1 kapacita pln\u011bn\u00ed<\/strong><\/h5>\n<p>A\u017e o 60 %* vy\u0161\u0161\u00ed produktivita pro sn\u00ed\u017een\u00ed n\u00e1klad\u016f na pracovn\u00ed s\u00edlu.<br \/>\nA\u017e 65** ko\u0161\u016f za hodinu (1 170 tal\u00ed\u0159\u016f za hodinu) ; podputov\u00e9 proveden\u00ed.[\/vc_column_text][vc_empty_space height=&#8221;20px&#8221;][vc_column_text el_class=&#8221;note-style&#8221;]<span class=\"note-style\">* Srovn\u00e1n\u00ed provedeno mezi podpultovou my\u010dkou NeoBlue Touch s cyklem MyEco a p\u0159edchoz\u00ed \u0159adou podpultov\u00fdch my\u010dek Electrolux Professional se spot\u0159ebou 3 l vody na cyklus.<br \/>\n<span class=\"note-style\">** P\u0159i rychl\u00e9m cyklu, voliteln\u00e1 funkce dostupn\u00e1 prost\u0159ednictv\u00edm aplikace.<\/span><\/span>[\/vc_column_text][vc_empty_space height=&#8221;20px&#8221;]<\/p>\n    <\/div><\/div>[vc_empty_space height=&#8221;22px&#8221;][elx_button button_text=&#8221;Zjist\u011bte v\u00edce&#8221; button_display_block=&#8221;display_block_on&#8221; button_alignment_mobile=&#8221;text-left-mobile&#8221; button_link=&#8221;url:https%3A%2F%2Fwww.electroluxprofessional.com%2Fcz%2Fpodpultova-mycka-nadobi-neoblue-touch%2F|title:Zjist%C4%9Bte%20v%C3%ADce&#8221;][\/vc_column][\/vc_row][vc_row][vc_column][vc_empty_space][\/vc_column][\/vc_row][vc_row][vc_column width=&#8221;1\/2&#8243;][vc_empty_space height=&#8221;12px&#8221;][vc_single_image image=&#8221;14606&#8243; img_size=&#8221;555&#215;548&#8243; alignment=&#8221;center&#8221;][\/vc_column][vc_column width=&#8221;1\/2&#8243;][elx_heading font_container=&#8221;h3&#8243; font_size=&#8221;h3&#8243; text_color=&#8221;electrolux-blue&#8221; text_align=&#8221;text-left&#8221;]HeroDry \u2013 voln\u011b stoj\u00edc\u00ed su\u0161ic\u00ed jednotka[\/elx_heading][vc_empty_space height=&#8221;12px&#8221;]<div class=\"elx-accordion  elx-accordion-sustainability\">    <div class=\"elx-accordion-heading\">        <a class=\"elx-accordion-link elx-accordion-open\">            <h4 class=\"h4 elx-accordion-title\">                <i class=\"elx-icon icon-sustainability-lightening\"><\/i><div class=\"elx-accordion-icon-title\">    <span>A\u017d O 60 %<\/span>    <span>NI\u017d\u0160\u00cd SPOT\u0158EBA ENERGIE<\/span><\/div>                <img decoding=\"async\" src=\"https:\/\/www.electroluxprofessional.com\/cz\/wp-content\/themes\/electroluxpro\/assets\/epr-icon-minus-blue.svg\" class=\"elx-minus\" \/>                <img decoding=\"async\" src=\"https:\/\/www.electroluxprofessional.com\/cz\/wp-content\/themes\/electroluxpro\/assets\/epr-icon-plus-white.svg\" class=\"elx-plus elx-hidden\" \/>            <\/h4>        <\/a>    <\/div>    <div class=\"elx-accordion-body elx-accordion-open\"><p>[vc_column_text]<\/p>\n<h5><strong>\u0160etrn\u00e9 k planet\u011b<\/strong><\/h5>\n<p>U\u0161et\u0159ete a\u017e 60 % energie* d\u00edky inovativn\u00edmu energeticky \u00fasporn\u00e9mu \u0159e\u0161en\u00ed.[\/vc_column_text][vc_empty_space height=&#8221;20px&#8221;][vc_column_text el_class=&#8221;note-style&#8221;]<\/p>\n<p class=\"note-style\">* Intern\u00ed test proveden\u00fd ve v\u00fdvojov\u00e9 laborato\u0159i Electrolux Professional (R&amp;D). Srovn\u00e1n\u00ed bylo provedeno mezi pr\u016fm\u011brn\u00fdmi standardn\u00edmi programy b\u011b\u017en\u00fdmi na trhu a ekologick\u00fdm programem su\u0161i\u010dky HeroDry.<\/p>\n<p>[\/vc_column_text][vc_empty_space height=&#8221;20px&#8221;]<\/p>\n    <\/div><\/div>[vc_empty_space height=&#8221;22px&#8221;][elx_button button_text=&#8221;Zjist\u011bte v\u00edce&#8221; button_display_block=&#8221;display_block_on&#8221; button_alignment_mobile=&#8221;text-left-mobile&#8221; button_link=&#8221;url:https%3A%2F%2Fwww.electroluxprofessional.com%2Fcz%2Fcommercial-kitchen-equipment%2Fsusicka-nadobi-herodry%2F|title:Zjist%C4%9Bte%20v%C3%ADce&#8221;][\/vc_column][\/vc_row][vc_row][vc_column][vc_empty_space][\/vc_column][\/vc_row][vc_row][vc_column width=&#8221;1\/2&#8243;][vc_empty_space height=&#8221;12px&#8221;][vc_single_image image=&#8221;14607&#8243; img_size=&#8221;555&#215;548&#8243; alignment=&#8221;center&#8221;][\/vc_column][vc_column width=&#8221;1\/2&#8243;][elx_heading font_container=&#8221;h3&#8243; font_size=&#8221;h3&#8243; text_color=&#8221;electrolux-blue&#8221; text_align=&#8221;text-left&#8221;]Kompaktn\u00ed pr\u016fchoz\u00ed my\u010dka[\/elx_heading][vc_empty_space height=&#8221;12px&#8221;]<div class=\"elx-accordion  elx-accordion-sustainability\">    <div class=\"elx-accordion-heading\">        <a class=\"elx-accordion-link elx-accordion-open\">            <h4 class=\"h4 elx-accordion-title\">                <i class=\"elx-icon icon-sustainability-water\"><\/i>\u00daSPORA VODY A DETERGENTU                <img decoding=\"async\" src=\"https:\/\/www.electroluxprofessional.com\/cz\/wp-content\/themes\/electroluxpro\/assets\/epr-icon-minus-blue.svg\" class=\"elx-minus\" \/>                <img decoding=\"async\" src=\"https:\/\/www.electroluxprofessional.com\/cz\/wp-content\/themes\/electroluxpro\/assets\/epr-icon-plus-white.svg\" class=\"elx-plus elx-hidden\" \/>            <\/h4>        <\/a>    <\/div>    <div class=\"elx-accordion-body elx-accordion-open\"><p>[vc_column_text]<\/p>\n<h5>Ni\u017e\u0161\u00ed spot\u0159eba, konzistentn\u00ed v\u00fdsledky<\/h5>\n<p>D\u00edky vysoce \u00fa\u010dinn\u00e9mu myc\u00edmu cyklu se spot\u0159ebou pouh\u00fdch 4,7 litru doch\u00e1z\u00ed ke sn\u00ed\u017een\u00ed spot\u0159eby vody a myc\u00edho detergentu a\u017e o 30 % na cyklus*, p\u0159i\u010dem\u017e je zachov\u00e1na vysok\u00e1 \u00fa\u010dinnost p\u0159i odstra\u0148ov\u00e1n\u00ed mastnoty, b\u00edlkovin, t\u011bsta i zaschl\u00fdch ne\u010distot.[\/vc_column_text][vc_empty_space height=&#8221;20px&#8221;][vc_column_text el_class=&#8221;note-style&#8221;]<\/p>\n<p class=\"note-style\">* Na z\u00e1klad\u011b intern\u00edch test\u016f proveden\u00fdch v laborato\u0159i Electrolux Professional, porovn\u00e1vaj\u00edc\u00edch model Pot &amp; Pan 506050 s modelem Pot &amp; Pan Compact 506086. Intern\u00ed testov\u00e1n\u00ed modelu Pot &amp; Pan Compact 506086 potvrdilo spln\u011bn\u00ed po\u017eadavk\u016f normy EN 17735.<\/p>\n<p>[\/vc_column_text][vc_empty_space height=&#8221;20px&#8221;]<\/p>\n    <\/div><\/div>[vc_empty_space height=&#8221;22px&#8221;][elx_button button_text=&#8221;Zjist\u011bte v\u00edce&#8221; button_display_block=&#8221;display_block_on&#8221; button_alignment_mobile=&#8221;text-left-mobile&#8221; button_link=&#8221;url:https%3A%2F%2Fwww.electroluxprofessional.com%2Fcz%2Fcommercial-kitchen-equipment%2Fsusicka-nadobi-herodry%2F|title:Zjist%C4%9Bte%20v%C3%ADce&#8221;][\/vc_column][\/vc_row][vc_row full_width=&#8221;electroluxpro-full-width-no-padding&#8221;][vc_column][vc_empty_space height=&#8221;80px&#8221;][\/vc_column][\/vc_row][vc_row full_width=&#8221;electroluxpro-full-width-no-padding&#8221; gap=&#8221;30&#8243; disable_element=&#8221;yes&#8221;][vc_column width=&#8221;1\/2&#8243; css=&#8221;.vc_custom_1758189886753{background-color: #F5F5F5 !important;}&#8221;][vc_single_image image=&#8221;56619&#8243; img_size=&#8221;930&#215;512&#8243; alignment=&#8221;center&#8221; css=&#8221;.vc_custom_1762510438345{padding-right: 0px !important;padding-left: 0px !important;}&#8221;][elx_heading font_container=&#8221;h3&#8243; font_size=&#8221;h3&#8243; text_color=&#8221;electrolux-blue&#8221; text_align=&#8221;text-center&#8221;]Electric Grills HP[\/elx_heading][vc_row_inner full_width=&#8221;electroluxpro-full-width&#8221; gap=&#8221;10&#8243; el_class=&#8221;align-vertical-center row-fit-content-center&#8221;][vc_column_inner width=&#8221;1\/3&#8243;][elx_icons alignment=&#8221;left&#8221; icon_electroluxpro=&#8221;elx-icon icon-sustainability-lightening&#8221;][\/vc_column_inner][vc_column_inner width=&#8221;2\/3&#8243;][vc_column_text]<\/p>\n<h5>Electric Grills HP<\/h5>\n<p>[\/vc_column_text][\/vc_column_inner][\/vc_row_inner][vc_empty_space height=&#8221;20px&#8221;][vc_row_inner][vc_column_inner][vc_column_text css=&#8221;.vc_custom_1762445390247{padding-right: 67px !important;padding-left: 67px !important;}&#8221;]<\/p>\n<p style=\"text-align: center;\">Save up to 20% on energy costs* and operate in the most time and efficient way, the new Plan-n-Save feature applies a new logic based on artificial intelligence to optimize the cooking order and minimize your spending.<\/p>\n<p>[\/vc_column_text][vc_empty_space][vc_column_text css=&#8221;.vc_custom_1762445403510{padding-right: 67px !important;padding-left: 67px !important;}&#8221; el_class=&#8221;note-style&#8221;]* Calculation based on Electrolux Professional Lab tests on a SkyLine PremiumS, 10\/1 GN electric triple-glass door, using Plan-n-Save function versus not using the Plan-n-Save function. Data available in April 2019.[\/vc_column_text][\/vc_column_inner][\/vc_row_inner][vc_empty_space height=&#8221;48px&#8221;][elx_button button_text=&#8221;Discover more&#8221; button_display_block=&#8221;display_block_on&#8221; button_alignment=&#8221;align_center&#8221; button_alignment_mobile=&#8221;text-center-mobile&#8221; button_link=&#8221;url:https%3A%2F%2Feprdev.comunicazione21.com%2F|title:Homepage&#8221;][vc_empty_space][\/vc_column][vc_column width=&#8221;1\/2&#8243; css=&#8221;.vc_custom_1758189986910{background-color: #F5F5F5 !important;}&#8221;][vc_single_image image=&#8221;48741&#8243; img_size=&#8221;full&#8221; alignment=&#8221;center&#8221; css=&#8221;.vc_custom_1759217318920{padding-right: 0px !important;padding-left: 0px !important;}&#8221;][elx_heading font_container=&#8221;h3&#8243; font_size=&#8221;h3&#8243; text_color=&#8221;electrolux-blue&#8221; text_align=&#8221;text-center&#8221;]Electric Grills HP[\/elx_heading][vc_row_inner gap=&#8221;10&#8243; el_class=&#8221;align-vertical-center row-fit-content-center&#8221;][vc_column_inner width=&#8221;1\/3&#8243;][elx_icons alignment=&#8221;right&#8221; icon_electroluxpro=&#8221;elx-icon icon-sustainability-fire&#8221;][\/vc_column_inner][vc_column_inner width=&#8221;2\/3&#8243;][vc_column_text]<\/p>\n<h5>15% gas savings<\/h5>\n<p>[\/vc_column_text][\/vc_column_inner][\/vc_row_inner][vc_empty_space height=&#8221;20px&#8221;][vc_row_inner][vc_column_inner][vc_column_text css=&#8221;.vc_custom_1759217459338{padding-right: 67px !important;padding-left: 67px !important;}&#8221;]<\/p>\n<p style=\"text-align: center;\">Savings on energy, water, detergent and rinse aid calculated using SkyClean function versus equivalent cleaning cycle on previous Electrolux Professional Oven range.<\/p>\n<p>[\/vc_column_text][\/vc_column_inner][\/vc_row_inner][vc_empty_space height=&#8221;48px&#8221;][elx_button button_text=&#8221;Discover more&#8221; button_display_block=&#8221;display_block_on&#8221; button_alignment=&#8221;align_center&#8221; button_alignment_mobile=&#8221;text-center-mobile&#8221; button_link=&#8221;url:https%3A%2F%2Feprdev.comunicazione21.com%2F|title:Homepage&#8221;][vc_empty_space][\/vc_column][\/vc_row][vc_row disable_element=&#8221;yes&#8221;][vc_column][vc_empty_space height=&#8221;80px&#8221;][\/vc_column][\/vc_row][vc_row][vc_column][elx_double_banner_sust tag_title=&#8221;h2&#8243; left_title=&#8221;Hodnocen\u00ed a certifik\u00e1ty udr\u017eitelnosti&#8221; left_link=&#8221;url:https%3A%2F%2Fwww.electroluxprofessional.com%2Fcz%2Fudrzitelne-reseni%2Fhodnoceni-a-certifikaty-udrzitelnosti%2F|title:Zjist%C4%9Bte%20v%C3%ADce&#8221; right_title=&#8221;Formov\u00e1n\u00ed udr\u017eiteln\u00e9ho pran\u00ed&#8221; right_link=&#8221;url:https%3A%2F%2Fwww.electroluxprofessional.com%2Fcz%2Fudrzitelne-reseni%2Fformovani-udrzitelneho-prani%2F|title:Zjist%C4%9Bte%20v%C3%ADce&#8221; left_image_media_library=&#8221;14618&#8243; right_image_media_library=&#8221;14616&#8243;][\/vc_column][\/vc_row][vc_row][vc_column][vc_empty_space height=&#8221;80px&#8221;][\/vc_column][\/vc_row]<\/p>\n","protected":false},"excerpt":{"rendered":"<p>[vc_row full_width=&#8221;electroluxpro-full-width-no-padding&#8221;][vc_column][elx_image_block background_image=&#8221;14590&#8243; minimum_height=&#8221;400px&#8221;][\/vc_column][\/vc_row][vc_row][vc_column][vc_empty_space height=&#8221;40px&#8221;][elx_heading font_container=&#8221;h1&#8243; text_color=&#8221;inherit&#8221; text_align=&#8221;text-center&#8221;]Udr\u017eiteln\u00e1 potravinov\u00e1 \u0159e\u0161en\u00ed[\/elx_heading][vc_empty_space height=&#8221;10px&#8221;][vc_column_text] Budoucnost planety z\u00e1vis\u00ed na na\u0161\u00ed schopnosti vytv\u00e1\u0159et chytr\u00e1 \u0159e\u0161en\u00ed, kter\u00e1 efektivn\u011b vyu\u017e\u00edvaj\u00ed zdroje. \u0158e\u0161en\u00ed Electrolux Professional v\u00e1m umo\u017en\u00ed soust\u0159edit se na va\u0161e podnik\u00e1n\u00ed s v\u011bdom\u00edm, \u017ee d\u011bl\u00e1te v\u0161e co nejv\u00edce udr\u017eiteln\u00fdm zp\u016fsobem. Electrolux Professional se zavazuje k pr\u016fkopnick\u00fdm ekologick\u00fdm inovac\u00edm. Na\u0161e \u0159e\u0161en\u00ed integruj\u00ed \u0161pi\u010dkov\u00e9 [&hellip;]<\/p>\n","protected":false},"author":1,"featured_media":14570,"parent":0,"menu_order":0,"comment_status":"closed","ping_status":"closed","template":"","meta":{"footnotes":""},"class_list":["post-14608","page","type-page","status-publish","has-post-thumbnail","hentry"],"acf":[],"yoast_head":"<!-- This site is optimized with the Yoast SEO plugin v23.3 - https:\/\/yoast.com\/wordpress\/plugins\/seo\/ -->\n<title>Udr\u017eiteln\u00e1 potravinov\u00e1 \u0159e\u0161en\u00ed - Electrolux Professional \u010cesk\u00e1 republika<\/title>\n<meta name=\"description\" content=\"Udr\u017eiteln\u00e9 \u0159e\u0161en\u00ed pro p\u0159\u00edpravu pokrm\u016f od spole\u010dnosti Electrolux Professional. Inteligentn\u00ed, energeticky \u00fasporn\u00e9 technologie va\u0159en\u00ed, kter\u00e9 sni\u017euj\u00ed spot\u0159ebu zdroj\u016f a z\u00e1rove\u0148 poskytuj\u00ed \u0161pi\u010dkov\u00fd v\u00fdkon pro udr\u017eiteln\u011bj\u0161\u00ed kuchyni.\" \/>\n<meta name=\"robots\" content=\"noindex, nofollow\" \/>\n<meta property=\"og:locale\" content=\"cs_CZ\" \/>\n<meta property=\"og:type\" content=\"article\" \/>\n<meta property=\"og:title\" content=\"Udr\u017eiteln\u00e1 potravinov\u00e1 \u0159e\u0161en\u00ed - Electrolux Professional \u010cesk\u00e1 republika\" \/>\n<meta property=\"og:description\" content=\"Udr\u017eiteln\u00e9 \u0159e\u0161en\u00ed pro p\u0159\u00edpravu pokrm\u016f od spole\u010dnosti Electrolux Professional. Inteligentn\u00ed, energeticky \u00fasporn\u00e9 technologie va\u0159en\u00ed, kter\u00e9 sni\u017euj\u00ed spot\u0159ebu zdroj\u016f a z\u00e1rove\u0148 poskytuj\u00ed \u0161pi\u010dkov\u00fd v\u00fdkon pro udr\u017eiteln\u011bj\u0161\u00ed kuchyni.\" \/>\n<meta property=\"og:url\" content=\"https:\/\/www.electroluxprofessional.com\/cz\/udrzitelna-potravinova-reseni\/\" \/>\n<meta property=\"og:site_name\" content=\"Electrolux Professional \u010cesk\u00e1 republika\" \/>\n<meta property=\"article:publisher\" content=\"https:\/\/www.facebook.com\/electroluxprofessional\" \/>\n<meta property=\"article:modified_time\" content=\"2026-05-03T10:27:24+00:00\" \/>\n<meta property=\"og:image\" content=\"https:\/\/www.electroluxprofessional.com\/cz\/wp-content\/uploads\/2026\/02\/A-sustainable-approach_1.jpeg\" \/>\n\t<meta property=\"og:image:width\" content=\"577\" \/>\n\t<meta property=\"og:image:height\" content=\"540\" \/>\n\t<meta property=\"og:image:type\" content=\"image\/jpeg\" \/>\n<meta name=\"twitter:card\" content=\"summary_large_image\" \/>\n<meta name=\"twitter:site\" content=\"@ElectroluxPro\" \/>\n<meta name=\"twitter:label1\" content=\"Odhadovan\u00e1 doba \u010dten\u00ed\" \/>\n\t<meta name=\"twitter:data1\" content=\"15 minut\" \/>\n<script type=\"application\/ld+json\" class=\"yoast-schema-graph\">{\"@context\":\"https:\/\/schema.org\",\"@graph\":[{\"@type\":\"WebPage\",\"@id\":\"https:\/\/www.electroluxprofessional.com\/cz\/udrzitelna-potravinova-reseni\/\",\"url\":\"https:\/\/www.electroluxprofessional.com\/cz\/udrzitelna-potravinova-reseni\/\",\"name\":\"Udr\u017eiteln\u00e1 potravinov\u00e1 \u0159e\u0161en\u00ed - Electrolux Professional \u010cesk\u00e1 republika\",\"isPartOf\":{\"@id\":\"https:\/\/www.electroluxprofessional.com\/cz\/#website\"},\"primaryImageOfPage\":{\"@id\":\"https:\/\/www.electroluxprofessional.com\/cz\/udrzitelna-potravinova-reseni\/#primaryimage\"},\"image\":{\"@id\":\"https:\/\/www.electroluxprofessional.com\/cz\/udrzitelna-potravinova-reseni\/#primaryimage\"},\"thumbnailUrl\":\"https:\/\/www.electroluxprofessional.com\/cz\/wp-content\/uploads\/2026\/02\/A-sustainable-approach_1.jpeg\",\"datePublished\":\"2026-02-23T09:03:58+00:00\",\"dateModified\":\"2026-05-03T10:27:24+00:00\",\"description\":\"Udr\u017eiteln\u00e9 \u0159e\u0161en\u00ed pro p\u0159\u00edpravu pokrm\u016f od spole\u010dnosti Electrolux Professional. Inteligentn\u00ed, energeticky \u00fasporn\u00e9 technologie va\u0159en\u00ed, kter\u00e9 sni\u017euj\u00ed spot\u0159ebu zdroj\u016f a z\u00e1rove\u0148 poskytuj\u00ed \u0161pi\u010dkov\u00fd v\u00fdkon pro udr\u017eiteln\u011bj\u0161\u00ed kuchyni.\",\"breadcrumb\":{\"@id\":\"https:\/\/www.electroluxprofessional.com\/cz\/udrzitelna-potravinova-reseni\/#breadcrumb\"},\"inLanguage\":\"cs\",\"potentialAction\":[{\"@type\":\"ReadAction\",\"target\":[\"https:\/\/www.electroluxprofessional.com\/cz\/udrzitelna-potravinova-reseni\/\"]}]},{\"@type\":\"ImageObject\",\"inLanguage\":\"cs\",\"@id\":\"https:\/\/www.electroluxprofessional.com\/cz\/udrzitelna-potravinova-reseni\/#primaryimage\",\"url\":\"https:\/\/www.electroluxprofessional.com\/cz\/wp-content\/uploads\/2026\/02\/A-sustainable-approach_1.jpeg\",\"contentUrl\":\"https:\/\/www.electroluxprofessional.com\/cz\/wp-content\/uploads\/2026\/02\/A-sustainable-approach_1.jpeg\",\"width\":577,\"height\":540},{\"@type\":\"BreadcrumbList\",\"@id\":\"https:\/\/www.electroluxprofessional.com\/cz\/udrzitelna-potravinova-reseni\/#breadcrumb\",\"itemListElement\":[{\"@type\":\"ListItem\",\"position\":1,\"name\":\"Home\",\"item\":\"https:\/\/www.electroluxprofessional.com\/cz\/\"},{\"@type\":\"ListItem\",\"position\":2,\"name\":\"Udr\u017eiteln\u00e1 potravinov\u00e1 \u0159e\u0161en\u00ed\"}]},{\"@type\":\"WebSite\",\"@id\":\"https:\/\/www.electroluxprofessional.com\/cz\/#website\",\"url\":\"https:\/\/www.electroluxprofessional.com\/cz\/\",\"name\":\"Electrolux Professional \u010cesk\u00e1 republika\",\"description\":\"\",\"potentialAction\":[{\"@type\":\"SearchAction\",\"target\":{\"@type\":\"EntryPoint\",\"urlTemplate\":\"https:\/\/www.electroluxprofessional.com\/cz\/?src={search_term_string}\"},\"query-input\":\"required name=search_term_string\"}],\"inLanguage\":\"cs\"}]}<\/script>\n<!-- \/ Yoast SEO plugin. -->","yoast_head_json":{"title":"Udr\u017eiteln\u00e1 potravinov\u00e1 \u0159e\u0161en\u00ed - Electrolux Professional \u010cesk\u00e1 republika","description":"Udr\u017eiteln\u00e9 \u0159e\u0161en\u00ed pro p\u0159\u00edpravu pokrm\u016f od spole\u010dnosti Electrolux Professional. Inteligentn\u00ed, energeticky \u00fasporn\u00e9 technologie va\u0159en\u00ed, kter\u00e9 sni\u017euj\u00ed spot\u0159ebu zdroj\u016f a z\u00e1rove\u0148 poskytuj\u00ed \u0161pi\u010dkov\u00fd v\u00fdkon pro udr\u017eiteln\u011bj\u0161\u00ed kuchyni.","robots":{"index":"noindex","follow":"nofollow"},"og_locale":"cs_CZ","og_type":"article","og_title":"Udr\u017eiteln\u00e1 potravinov\u00e1 \u0159e\u0161en\u00ed - Electrolux Professional \u010cesk\u00e1 republika","og_description":"Udr\u017eiteln\u00e9 \u0159e\u0161en\u00ed pro p\u0159\u00edpravu pokrm\u016f od spole\u010dnosti Electrolux Professional. Inteligentn\u00ed, energeticky \u00fasporn\u00e9 technologie va\u0159en\u00ed, kter\u00e9 sni\u017euj\u00ed spot\u0159ebu zdroj\u016f a z\u00e1rove\u0148 poskytuj\u00ed \u0161pi\u010dkov\u00fd v\u00fdkon pro udr\u017eiteln\u011bj\u0161\u00ed kuchyni.","og_url":"https:\/\/www.electroluxprofessional.com\/cz\/udrzitelna-potravinova-reseni\/","og_site_name":"Electrolux Professional \u010cesk\u00e1 republika","article_publisher":"https:\/\/www.facebook.com\/electroluxprofessional","article_modified_time":"2026-05-03T10:27:24+00:00","og_image":[{"width":577,"height":540,"url":"https:\/\/www.electroluxprofessional.com\/cz\/wp-content\/uploads\/2026\/02\/A-sustainable-approach_1.jpeg","type":"image\/jpeg"}],"twitter_card":"summary_large_image","twitter_site":"@ElectroluxPro","twitter_misc":{"Odhadovan\u00e1 doba \u010dten\u00ed":"15 minut"},"schema":{"@context":"https:\/\/schema.org","@graph":[{"@type":"WebPage","@id":"https:\/\/www.electroluxprofessional.com\/cz\/udrzitelna-potravinova-reseni\/","url":"https:\/\/www.electroluxprofessional.com\/cz\/udrzitelna-potravinova-reseni\/","name":"Udr\u017eiteln\u00e1 potravinov\u00e1 \u0159e\u0161en\u00ed - Electrolux Professional \u010cesk\u00e1 republika","isPartOf":{"@id":"https:\/\/www.electroluxprofessional.com\/cz\/#website"},"primaryImageOfPage":{"@id":"https:\/\/www.electroluxprofessional.com\/cz\/udrzitelna-potravinova-reseni\/#primaryimage"},"image":{"@id":"https:\/\/www.electroluxprofessional.com\/cz\/udrzitelna-potravinova-reseni\/#primaryimage"},"thumbnailUrl":"https:\/\/www.electroluxprofessional.com\/cz\/wp-content\/uploads\/2026\/02\/A-sustainable-approach_1.jpeg","datePublished":"2026-02-23T09:03:58+00:00","dateModified":"2026-05-03T10:27:24+00:00","description":"Udr\u017eiteln\u00e9 \u0159e\u0161en\u00ed pro p\u0159\u00edpravu pokrm\u016f od spole\u010dnosti Electrolux Professional. Inteligentn\u00ed, energeticky \u00fasporn\u00e9 technologie va\u0159en\u00ed, kter\u00e9 sni\u017euj\u00ed spot\u0159ebu zdroj\u016f a z\u00e1rove\u0148 poskytuj\u00ed \u0161pi\u010dkov\u00fd v\u00fdkon pro udr\u017eiteln\u011bj\u0161\u00ed kuchyni.","breadcrumb":{"@id":"https:\/\/www.electroluxprofessional.com\/cz\/udrzitelna-potravinova-reseni\/#breadcrumb"},"inLanguage":"cs","potentialAction":[{"@type":"ReadAction","target":["https:\/\/www.electroluxprofessional.com\/cz\/udrzitelna-potravinova-reseni\/"]}]},{"@type":"ImageObject","inLanguage":"cs","@id":"https:\/\/www.electroluxprofessional.com\/cz\/udrzitelna-potravinova-reseni\/#primaryimage","url":"https:\/\/www.electroluxprofessional.com\/cz\/wp-content\/uploads\/2026\/02\/A-sustainable-approach_1.jpeg","contentUrl":"https:\/\/www.electroluxprofessional.com\/cz\/wp-content\/uploads\/2026\/02\/A-sustainable-approach_1.jpeg","width":577,"height":540},{"@type":"BreadcrumbList","@id":"https:\/\/www.electroluxprofessional.com\/cz\/udrzitelna-potravinova-reseni\/#breadcrumb","itemListElement":[{"@type":"ListItem","position":1,"name":"Home","item":"https:\/\/www.electroluxprofessional.com\/cz\/"},{"@type":"ListItem","position":2,"name":"Udr\u017eiteln\u00e1 potravinov\u00e1 \u0159e\u0161en\u00ed"}]},{"@type":"WebSite","@id":"https:\/\/www.electroluxprofessional.com\/cz\/#website","url":"https:\/\/www.electroluxprofessional.com\/cz\/","name":"Electrolux Professional \u010cesk\u00e1 republika","description":"","potentialAction":[{"@type":"SearchAction","target":{"@type":"EntryPoint","urlTemplate":"https:\/\/www.electroluxprofessional.com\/cz\/?src={search_term_string}"},"query-input":"required name=search_term_string"}],"inLanguage":"cs"}]}},"_links":{"self":[{"href":"https:\/\/www.electroluxprofessional.com\/cz\/wp-json\/wp\/v2\/pages\/14608"}],"collection":[{"href":"https:\/\/www.electroluxprofessional.com\/cz\/wp-json\/wp\/v2\/pages"}],"about":[{"href":"https:\/\/www.electroluxprofessional.com\/cz\/wp-json\/wp\/v2\/types\/page"}],"author":[{"embeddable":true,"href":"https:\/\/www.electroluxprofessional.com\/cz\/wp-json\/wp\/v2\/users\/1"}],"replies":[{"embeddable":true,"href":"https:\/\/www.electroluxprofessional.com\/cz\/wp-json\/wp\/v2\/comments?post=14608"}],"version-history":[{"count":16,"href":"https:\/\/www.electroluxprofessional.com\/cz\/wp-json\/wp\/v2\/pages\/14608\/revisions"}],"predecessor-version":[{"id":15308,"href":"https:\/\/www.electroluxprofessional.com\/cz\/wp-json\/wp\/v2\/pages\/14608\/revisions\/15308"}],"wp:featuredmedia":[{"embeddable":true,"href":"https:\/\/www.electroluxprofessional.com\/cz\/wp-json\/wp\/v2\/media\/14570"}],"wp:attachment":[{"href":"https:\/\/www.electroluxprofessional.com\/cz\/wp-json\/wp\/v2\/media?parent=14608"}],"curies":[{"name":"wp","href":"https:\/\/api.w.org\/{rel}","templated":true}]}}