{"id":14589,"date":"2026-02-23T09:03:15","date_gmt":"2026-02-23T09:03:15","guid":{"rendered":"https:\/\/www.electroluxprofessional.com\/cz\/?page_id=14589"},"modified":"2026-05-03T10:02:28","modified_gmt":"2026-05-03T10:02:28","slug":"udrzitelne-reseni","status":"publish","type":"page","link":"https:\/\/www.electroluxprofessional.com\/cz\/udrzitelne-reseni\/","title":{"rendered":"Udr\u017eiteln\u00e9 \u0159e\u0161en\u00ed"},"content":{"rendered":"<p>[vc_row full_width=&#8221;electroluxpro-full-width-no-padding&#8221; el_id=&#8221;banner&#8221; min_height=&#8221;500px&#8221;][vc_column][elx_hero_video text_position=&#8221;hero_video_text_align_left&#8221; width_box=&#8221;none&#8221; background_video_mp4=&#8221;https:\/\/www.electroluxprofessional.com\/cz\/wp-content\/uploads\/2026\/02\/Sustainability-video-electrolux-professional_HERO_ULTRA_2MB.mp4&#8243;][\/elx_hero_video][\/vc_column][\/vc_row][vc_row][vc_column][vc_empty_space height=&#8221;50px&#8221;][elx_heading font_container=&#8221;h1&#8243; font_size=&#8221;h2&#8243; text_color=&#8221;inherit&#8221; text_align=&#8221;text-center&#8221;]Udr\u017eiteln\u00e1 \u0159e\u0161en\u00ed pro dlouhodobou hodnotu na\u0161ich z\u00e1kazn\u00edk\u016f po cel\u00e9m sv\u011bt\u011b[\/elx_heading][vc_empty_space height=&#8221;20px&#8221;][vc_column_text]<\/p>\n<p style=\"text-align: center;\">Electrolux Professional chce ud\u00e1vat tempo v profesion\u00e1ln\u00edm potravin\u00e1\u0159sk\u00e9m, n\u00e1pojov\u00e9m a pr\u00e1delensk\u00e9m pr\u016fmyslu prost\u0159ednictv\u00edm na\u0161ich inovac\u00ed v oblasti udr\u017eitelnosti a energetick\u00e9 \u00fa\u010dinnosti, podpo\u0159en\u00fdch propojenou a digit\u00e1ln\u00ed platformou pro spln\u011bn\u00ed pot\u0159eb z\u00e1kazn\u00edk\u016f.<\/p>\n<p>[\/vc_column_text][vc_empty_space height=&#8221;50px&#8221;][\/vc_column][\/vc_row][vc_row content_placement=&#8221;middle&#8221; css=&#8221;.vc_custom_1758178561518{background-color: #F6F6F6 !important;}&#8221;][vc_column][vc_empty_space height=&#8221;40px&#8221;][\/vc_column][\/vc_row][vc_row equal_height=&#8221;yes&#8221; content_placement=&#8221;middle&#8221; css=&#8221;.vc_custom_1759215775499{background-color: #F6F6F6 !important;}&#8221;][vc_column el_class=&#8221;align-vertical-center&#8221;][elx_heading text_color=&#8221;inherit&#8221;]L\u00eddr v udr\u017eitelnosti \u2013 napl\u0148ov\u00e1n\u00ed pot\u0159eb i po z\u00edt\u0159ku[\/elx_heading][vc_empty_space][\/vc_column][\/vc_row][vc_row content_placement=&#8221;middle&#8221; css=&#8221;.vc_custom_1758178561518{background-color: #F6F6F6 !important;}&#8221;][vc_column][vc_empty_space height=&#8221;40px&#8221;][\/vc_column][\/vc_row][vc_row equal_height=&#8221;yes&#8221; content_placement=&#8221;middle&#8221; css=&#8221;.vc_custom_1759215775499{background-color: #F6F6F6 !important;}&#8221;][vc_column width=&#8221;2\/3&#8243;][vc_column_text css=&#8221;.vc_custom_1771837755972{background-color: #f6f6f6 !important;}&#8221;]Ve skupin\u011b Electrolux Professional je udr\u017eitelnost zakotvena v na\u0161ich operac\u00edch a kultu\u0159e. Usilujeme o pozitivn\u00ed dopad na profesion\u00e1ln\u00ed potravin\u00e1\u0159stv\u00ed, n\u00e1poje a pr\u00e1delny t\u00edm, \u017ee pom\u00e1h\u00e1me podnik\u016fm prosperovat, instituc\u00edm b\u00fdt efektivn\u011bj\u0161\u00ed a pracovn\u00edm m\u00edst\u016fm bezpe\u010dn\u011bj\u0161\u00ed \u2013 a z\u00e1rove\u0148 sni\u017eujeme spot\u0159ebu energie, vody a detergent\u016f.<\/p>\n<p>Na\u0161e strategie se zam\u011b\u0159uje na klima, zdrav\u00ed a bezpe\u010dnost a rozmanitost s c\u00edlem b\u00fdt klimaticky neutr\u00e1ln\u00ed do roku 2030, zalo\u017eenou na t\u0159ech pil\u00ed\u0159\u00edch: Udr\u017eiteln\u00e1 \u0159e\u0161en\u00ed, Udr\u017eiteln\u00e9 operace a Etika a vztahy.<\/p>\n<p>Jsme hrd\u00ed, \u017ee jsme uzn\u00e1v\u00e1ni jako l\u00eddr v udr\u017eitelnosti v na\u0161em odv\u011btv\u00ed. Toto uzn\u00e1n\u00ed p\u0159in\u00e1\u0161\u00ed hrdost i odpov\u011bdnost \u2013 neust\u00e1le se zlep\u0161ovat a napl\u0148ovat pot\u0159eby i po z\u00edt\u0159ku.[\/vc_column_text][vc_empty_space height=&#8221;20px&#8221;][vc_column_text]<strong><em>Alberto Zanata, prezident a gener\u00e1ln\u00ed \u0159editel<\/em><\/strong>[\/vc_column_text][\/vc_column][vc_column width=&#8221;1\/3&#8243;][vc_row_inner][vc_column_inner offset=&#8221;vc_hidden-lg vc_hidden-md vc_hidden-sm&#8221;][vc_empty_space][\/vc_column_inner][\/vc_row_inner][vc_empty_space height=&#8221;45px&#8221;][vc_single_image image=&#8221;14587&#8243; img_size=&#8221;full&#8221; alignment=&#8221;center&#8221;][\/vc_column][\/vc_row][vc_row content_placement=&#8221;middle&#8221; css=&#8221;.vc_custom_1758178561518{background-color: #F6F6F6 !important;}&#8221;][vc_column][vc_empty_space height=&#8221;40px&#8221;][\/vc_column][\/vc_row][vc_row][vc_column][vc_empty_space height=&#8221;50px&#8221;][\/vc_column][\/vc_row][vc_row][vc_column][elx_double_banner_sust tag_title=&#8221;h2&#8243; class_title=&#8221;h2&#8243; left_title=&#8221;Udr\u017eiteln\u00e1 potravinov\u00e1 \u0159e\u0161en\u00ed&#8221; left_image_media_library=&#8221;14614&#8243; right_title=&#8221;Udr\u017eiteln\u00e9 \u0159e\u0161en\u00ed pro pran\u00ed pr\u00e1dla&#8221; right_image_media_library=&#8221;14616&#8243; left_link=&#8221;url:%20https%3A%2F%2Fwww.electroluxprofessional.com%2Fcz%2Fudrzitelne-reseni%2Fudrzitelna-potravinova-reseni%2F|title:Zjist%C4%9Bte%20v%C3%ADce&#8221; right_link=&#8221;url:https%3A%2F%2Fwww.electroluxprofessional.com%2Fcz%2Fudrzitelne-reseni%2Fformovani-udrzitelneho-prani%2F|title:Zjist%C4%9Bte%20v%C3%ADce&#8221;][\/vc_column][\/vc_row][vc_row][vc_column][vc_empty_space height=&#8221;50px&#8221;][\/vc_column][\/vc_row][vc_row content_placement=&#8221;middle&#8221; css=&#8221;.vc_custom_1758178561518{background-color: #F6F6F6 !important;}&#8221;][vc_column][vc_empty_space height=&#8221;40px&#8221;][\/vc_column][\/vc_row][vc_row content_placement=&#8221;middle&#8221; css=&#8221;.vc_custom_1758187212823{background-color: #F6F6F6 !important;}&#8221;][vc_column width=&#8221;3\/5&#8243;][vc_row_inner][vc_column_inner offset=&#8221;vc_hidden-sm vc_hidden-xs&#8221;][vc_empty_space height=&#8221;40px&#8221;][\/vc_column_inner][\/vc_row_inner][vc_column_text]<\/p>\n<h3><span class=\"LineBox SCXP108091875 BCX0\"><span class=\"TextRun SCXP108091875 BCX0\" lang=\"EN-US\" xml:lang=\"EN-US\" data-scheme-color=\"@FF0000,,\" data-usefontface=\"true\" data-contrast=\"none\"><span class=\"NormalTextRun SCXP108091875 BCX0\">Jsme hrd\u00ed, \u017ee jsme z\u00edskali presti\u017en\u00ed Gold Sustainability Rating od EcoVadis, kter\u00fd n\u00e1s \u0159ad\u00ed mezi top 5 % hodnocen\u00fdch spole\u010dnost\u00ed na sv\u011bt\u011b. <\/span><\/span><span class=\"EOP SCXP108091875 BCX0\">\u200b<\/span><\/span><\/h3>\n<p>[\/vc_column_text][vc_row_inner][vc_column_inner offset=&#8221;vc_hidden-lg vc_hidden-md vc_hidden-sm&#8221;][vc_empty_space][\/vc_column_inner][\/vc_row_inner][\/vc_column][vc_column width=&#8221;2\/5&#8243;][vc_column_text css=&#8221;.vc_custom_1759216097926{background-color: #F6F6F6 !important;}&#8221;]<span style=\"color: #f6f6f6;\">.<\/span>[\/vc_column_text][vc_single_image image=&#8221;14584&#8243; img_size=&#8221;200&#215;200&#8243; alignment=&#8221;center&#8221;][\/vc_column][\/vc_row][vc_row content_placement=&#8221;middle&#8221; css=&#8221;.vc_custom_1758178561518{background-color: #F6F6F6 !important;}&#8221;][vc_column][vc_empty_space height=&#8221;40px&#8221;][\/vc_column][\/vc_row][vc_row][vc_column][vc_empty_space height=&#8221;50px&#8221;][\/vc_column][\/vc_row][vc_row css=&#8221;.vc_custom_1769764393796{background-image: url(https:\/\/eprdev.comunicazione21.com\/wp-content\/uploads\/2025\/09\/Screenshot-2025-09-25-115810.jpg?id=56214) !important;background-position: center !important;background-repeat: no-repeat !important;background-size: cover !important;}&#8221; el_class=&#8221;text-center&#8221;][vc_column][vc_empty_space height=&#8221;64px&#8221;][vc_row_inner][vc_column_inner][vc_column_text]<\/p>\n<p style=\"text-align: center;\"><span style=\"color: #ffffff;\">CO JSME DOSUD DOS\u00c1HLI<\/span><\/p>\n<p>[\/vc_column_text][vc_empty_space][elx_heading text_color=&#8221;white&#8221; text_align=&#8221;text-center&#8221;]V roce 2024 se n\u00e1m poda\u0159ilo dos\u00e1hnout v\u00fdznamn\u00e9ho pokroku ve v\u0161ech oblastech udr\u017eitelnosti od roku 2019.<br \/>\n[\/elx_heading][vc_empty_space][\/vc_column_inner][\/vc_row_inner][vc_row_inner][vc_column_inner width=&#8221;1\/3&#8243;][vc_column_text]<\/p>\n<p style=\"font-size: 83px; text-align: center;\"><span style=\"color: #ffffff;\"><strong>-70%<\/strong><\/span><\/p>\n<p>[\/vc_column_text][elx_heading font_container=&#8221;h3&#8243; font_size=&#8221;p&#8221; text_color=&#8221;white&#8221; text_align=&#8221;text-center&#8221;]Emise CO2 rozsah 1 a 2[\/elx_heading][vc_empty_space][\/vc_column_inner][vc_column_inner width=&#8221;1\/3&#8243;][vc_column_text]<\/p>\n<p style=\"font-size: 83px; text-align: center;\"><span style=\"color: #ffffff;\"><strong>92%<\/strong><\/span><\/p>\n<p>[\/vc_column_text][elx_heading font_container=&#8221;h3&#8243; font_size=&#8221;p&#8221; text_color=&#8221;white&#8221; text_align=&#8221;text-center&#8221;]Obnoviteln\u00e1 energie[\/elx_heading][vc_empty_space][\/vc_column_inner][vc_column_inner width=&#8221;1\/3&#8243;][vc_column_text]<\/p>\n<p style=\"font-size: 83px; text-align: center;\"><span style=\"color: #ffffff;\"><strong>-41%<\/strong><\/span><\/p>\n<p>[\/vc_column_text][elx_heading font_container=&#8221;h3&#8243; font_size=&#8221;p&#8221; text_color=&#8221;white&#8221; text_align=&#8221;text-center&#8221;]Emise CO2 rozsahu 3[\/elx_heading][vc_empty_space][\/vc_column_inner][\/vc_row_inner][vc_empty_space height=&#8221;70px&#8221;][elx_button button_text=&#8221;OBJEVTE NA\u0160E \u00daSP\u011aCHY&#8221; button_style=&#8221;primary-white-bordered&#8221; button_link=&#8221;url:https%3A%2F%2Fwww.electroluxprofessional.com%2Fcz%2Fudrzitelne-reseni%2Fhodnoceni-a-certifikaty-udrzitelnosti%2F|title:Hodnocen%C3%AD%20a%20certifik%C3%A1ty%20udr%C5%BEitelnosti&#8221;][vc_empty_space height=&#8221;50px&#8221;][\/vc_column][\/vc_row][vc_row el_class=&#8221;text-center&#8221;][vc_column][vc_empty_space height=&#8221;55px&#8221;][\/vc_column][\/vc_row][vc_row][vc_column width=&#8221;1\/2&#8243;][vc_single_image image=&#8221;14570&#8243; img_size=&#8221;577&#215;540&#8243; alignment=&#8221;center&#8221;][vc_empty_space height=&#8221;20px&#8221;][elx_heading font_container=&#8221;h3&#8243; font_size=&#8221;h3&#8243; text_color=&#8221;inherit&#8221; text_align=&#8221;text-left&#8221;]Dobr\u00e9 volby pro planetu[\/elx_heading][vc_empty_space height=&#8221;10px&#8221;][vc_column_text]Electrolux Professional v\u00e1m pom\u016f\u017ee naj\u00edt cestu k udr\u017eiteln\u00e9 budoucnosti. Existuje mnoho p\u0159\u00edle\u017eitost\u00ed, jak pozitivn\u011b p\u0159isp\u011bt v\u00fdb\u011brem efektivn\u011bj\u0161\u00edho a energeticky \u00fasporn\u011bj\u0161\u00edho vybaven\u00ed \u2013 co\u017e je nejen dobr\u00e1 zpr\u00e1va pro planetu, ale i pro v\u00e1\u0161 byznys. Je \u010das ud\u011blat spr\u00e1vn\u00e1 rozhodnut\u00ed.[\/vc_column_text][vc_empty_space][\/vc_column][vc_column width=&#8221;1\/2&#8243;][vc_single_image image=&#8221;14588&#8243; img_size=&#8221;577&#215;540&#8243; alignment=&#8221;center&#8221;][vc_empty_space height=&#8221;20px&#8221;][elx_heading font_container=&#8221;h3&#8243; font_size=&#8221;h3&#8243; text_color=&#8221;inherit&#8221; text_align=&#8221;text-left&#8221;]Udr\u017eiteln\u00fd p\u0159\u00edstup[\/elx_heading][vc_empty_space height=&#8221;10px&#8221;][vc_column_text]Na\u0161\u00edm posl\u00e1n\u00edm je usnadnit pr\u00e1ci na\u0161im z\u00e1kazn\u00edk\u016fm, zv\u00fd\u0161it jejich ziskovost \u2013 a ka\u017ed\u00fd den b\u00fdt skute\u010dn\u011b udr\u017eiteln\u00fd. Udr\u017eitelnost je kl\u00ed\u010dovou sou\u010d\u00e1st\u00ed na\u0161\u00ed strategie, kultury a provozu.<br \/>\nPou\u017e\u00edv\u00e1me C\u00edle udr\u017eiteln\u00e9ho rozvoje (SDGs) jako n\u00e1\u0161 kompas. Ka\u017ed\u00fd den usilujeme o zlep\u0161en\u00ed udr\u017eitelnosti v hodnotov\u00e9m \u0159et\u011bzci na\u0161ich z\u00e1kazn\u00edk\u016f.[\/vc_column_text][vc_empty_space][\/vc_column][\/vc_row][vc_row el_class=&#8221;text-center&#8221;][vc_column][vc_empty_space][elx_button button_text=&#8221;NA\u0160E ETIKA&#8221; button_link=&#8221;url:https%3A%2F%2Fwww.electroluxprofessionalgroup.com%2Fen%2Fsustainability%2Four-ethics%2F|title:NA%C5%A0E%20ETIKA|target:_blank&#8221;][vc_empty_space][\/vc_column][\/vc_row][vc_row custom_color_row=&#8221;bg-row-light-blue&#8221;][vc_column][elx_last_references title=&#8221;Reference&#8221; extra_class=&#8221;h4&#8243;][\/vc_column][\/vc_row][vc_row][vc_column][vc_empty_space height=&#8221;60px&#8221;][\/vc_column][\/vc_row]<\/p>\n","protected":false},"excerpt":{"rendered":"<p>[vc_row full_width=&#8221;electroluxpro-full-width-no-padding&#8221; el_id=&#8221;banner&#8221; min_height=&#8221;500px&#8221;][vc_column][elx_hero_video text_position=&#8221;hero_video_text_align_left&#8221; width_box=&#8221;none&#8221; background_video_mp4=&#8221;https:\/\/www.electroluxprofessional.com\/cz\/wp-content\/uploads\/2026\/02\/Sustainability-video-electrolux-professional_HERO_ULTRA_2MB.mp4&#8243;][\/elx_hero_video][\/vc_column][\/vc_row][vc_row][vc_column][vc_empty_space height=&#8221;50px&#8221;][elx_heading font_container=&#8221;h1&#8243; font_size=&#8221;h2&#8243; text_color=&#8221;inherit&#8221; text_align=&#8221;text-center&#8221;]Udr\u017eiteln\u00e1 \u0159e\u0161en\u00ed pro dlouhodobou hodnotu na\u0161ich z\u00e1kazn\u00edk\u016f po cel\u00e9m sv\u011bt\u011b[\/elx_heading][vc_empty_space height=&#8221;20px&#8221;][vc_column_text] Electrolux Professional chce ud\u00e1vat tempo v profesion\u00e1ln\u00edm potravin\u00e1\u0159sk\u00e9m, n\u00e1pojov\u00e9m a pr\u00e1delensk\u00e9m pr\u016fmyslu prost\u0159ednictv\u00edm na\u0161ich inovac\u00ed v oblasti udr\u017eitelnosti a energetick\u00e9 \u00fa\u010dinnosti, podpo\u0159en\u00fdch propojenou a digit\u00e1ln\u00ed platformou pro spln\u011bn\u00ed pot\u0159eb z\u00e1kazn\u00edk\u016f. [\/vc_column_text][vc_empty_space height=&#8221;50px&#8221;][\/vc_column][\/vc_row][vc_row content_placement=&#8221;middle&#8221; [&hellip;]<\/p>\n","protected":false},"author":1,"featured_media":14570,"parent":0,"menu_order":0,"comment_status":"closed","ping_status":"closed","template":"","meta":{"footnotes":""},"class_list":["post-14589","page","type-page","status-publish","has-post-thumbnail","hentry"],"acf":[],"yoast_head":"<!-- This site is optimized with the Yoast SEO plugin v23.3 - https:\/\/yoast.com\/wordpress\/plugins\/seo\/ -->\n<title>Udr\u017eiteln\u00e9 \u0159e\u0161en\u00ed - Electrolux Professional \u010cesk\u00e1 republika<\/title>\n<meta name=\"description\" content=\"Electrolux Professional Sustainable Solutions. Energy efficient equipment designed to cut resource use and boost performance for a truly sustainable futureUdr\u017eiteln\u00e9 \u0159e\u0161en\u00ed Electrolux Professional. Energeticky \u00fasporn\u00e1 za\u0159\u00edzen\u00ed navr\u017een\u00e1 tak, aby sn\u00ed\u017eila spot\u0159ebu zdroj\u016f a zv\u00fd\u0161ila v\u00fdkon pro skute\u010dn\u011b udr\u017eitelnou budoucnost.\" \/>\n<meta name=\"robots\" content=\"noindex, nofollow\" \/>\n<meta property=\"og:locale\" content=\"cs_CZ\" \/>\n<meta property=\"og:type\" content=\"article\" \/>\n<meta property=\"og:title\" content=\"Udr\u017eiteln\u00e9 \u0159e\u0161en\u00ed - Electrolux Professional \u010cesk\u00e1 republika\" \/>\n<meta property=\"og:description\" content=\"Electrolux Professional Sustainable Solutions. Energy efficient equipment designed to cut resource use and boost performance for a truly sustainable futureUdr\u017eiteln\u00e9 \u0159e\u0161en\u00ed Electrolux Professional. Energeticky \u00fasporn\u00e1 za\u0159\u00edzen\u00ed navr\u017een\u00e1 tak, aby sn\u00ed\u017eila spot\u0159ebu zdroj\u016f a zv\u00fd\u0161ila v\u00fdkon pro skute\u010dn\u011b udr\u017eitelnou budoucnost.\" \/>\n<meta property=\"og:url\" content=\"https:\/\/www.electroluxprofessional.com\/cz\/udrzitelne-reseni\/\" \/>\n<meta property=\"og:site_name\" content=\"Electrolux Professional \u010cesk\u00e1 republika\" \/>\n<meta property=\"article:publisher\" content=\"https:\/\/www.facebook.com\/electroluxprofessional\" \/>\n<meta property=\"article:modified_time\" content=\"2026-05-03T10:02:28+00:00\" \/>\n<meta property=\"og:image\" content=\"https:\/\/www.electroluxprofessional.com\/cz\/wp-content\/uploads\/2026\/02\/A-sustainable-approach_1.jpeg\" \/>\n\t<meta property=\"og:image:width\" content=\"577\" \/>\n\t<meta property=\"og:image:height\" content=\"540\" \/>\n\t<meta property=\"og:image:type\" content=\"image\/jpeg\" \/>\n<meta name=\"twitter:card\" content=\"summary_large_image\" \/>\n<meta name=\"twitter:site\" content=\"@ElectroluxPro\" \/>\n<meta name=\"twitter:label1\" content=\"Odhadovan\u00e1 doba \u010dten\u00ed\" \/>\n\t<meta name=\"twitter:data1\" content=\"3 minuty\" \/>\n<script type=\"application\/ld+json\" class=\"yoast-schema-graph\">{\"@context\":\"https:\/\/schema.org\",\"@graph\":[{\"@type\":\"WebPage\",\"@id\":\"https:\/\/www.electroluxprofessional.com\/cz\/udrzitelne-reseni\/\",\"url\":\"https:\/\/www.electroluxprofessional.com\/cz\/udrzitelne-reseni\/\",\"name\":\"Udr\u017eiteln\u00e9 \u0159e\u0161en\u00ed - Electrolux Professional \u010cesk\u00e1 republika\",\"isPartOf\":{\"@id\":\"https:\/\/www.electroluxprofessional.com\/cz\/#website\"},\"primaryImageOfPage\":{\"@id\":\"https:\/\/www.electroluxprofessional.com\/cz\/udrzitelne-reseni\/#primaryimage\"},\"image\":{\"@id\":\"https:\/\/www.electroluxprofessional.com\/cz\/udrzitelne-reseni\/#primaryimage\"},\"thumbnailUrl\":\"https:\/\/www.electroluxprofessional.com\/cz\/wp-content\/uploads\/2026\/02\/A-sustainable-approach_1.jpeg\",\"datePublished\":\"2026-02-23T09:03:15+00:00\",\"dateModified\":\"2026-05-03T10:02:28+00:00\",\"description\":\"Electrolux Professional Sustainable Solutions. Energy efficient equipment designed to cut resource use and boost performance for a truly sustainable futureUdr\u017eiteln\u00e9 \u0159e\u0161en\u00ed Electrolux Professional. Energeticky \u00fasporn\u00e1 za\u0159\u00edzen\u00ed navr\u017een\u00e1 tak, aby sn\u00ed\u017eila spot\u0159ebu zdroj\u016f a zv\u00fd\u0161ila v\u00fdkon pro skute\u010dn\u011b udr\u017eitelnou budoucnost.\",\"breadcrumb\":{\"@id\":\"https:\/\/www.electroluxprofessional.com\/cz\/udrzitelne-reseni\/#breadcrumb\"},\"inLanguage\":\"cs\",\"potentialAction\":[{\"@type\":\"ReadAction\",\"target\":[\"https:\/\/www.electroluxprofessional.com\/cz\/udrzitelne-reseni\/\"]}]},{\"@type\":\"ImageObject\",\"inLanguage\":\"cs\",\"@id\":\"https:\/\/www.electroluxprofessional.com\/cz\/udrzitelne-reseni\/#primaryimage\",\"url\":\"https:\/\/www.electroluxprofessional.com\/cz\/wp-content\/uploads\/2026\/02\/A-sustainable-approach_1.jpeg\",\"contentUrl\":\"https:\/\/www.electroluxprofessional.com\/cz\/wp-content\/uploads\/2026\/02\/A-sustainable-approach_1.jpeg\",\"width\":577,\"height\":540},{\"@type\":\"BreadcrumbList\",\"@id\":\"https:\/\/www.electroluxprofessional.com\/cz\/udrzitelne-reseni\/#breadcrumb\",\"itemListElement\":[{\"@type\":\"ListItem\",\"position\":1,\"name\":\"Home\",\"item\":\"https:\/\/www.electroluxprofessional.com\/cz\/\"},{\"@type\":\"ListItem\",\"position\":2,\"name\":\"Udr\u017eiteln\u00e9 \u0159e\u0161en\u00ed\"}]},{\"@type\":\"WebSite\",\"@id\":\"https:\/\/www.electroluxprofessional.com\/cz\/#website\",\"url\":\"https:\/\/www.electroluxprofessional.com\/cz\/\",\"name\":\"Electrolux Professional \u010cesk\u00e1 republika\",\"description\":\"\",\"potentialAction\":[{\"@type\":\"SearchAction\",\"target\":{\"@type\":\"EntryPoint\",\"urlTemplate\":\"https:\/\/www.electroluxprofessional.com\/cz\/?src={search_term_string}\"},\"query-input\":\"required name=search_term_string\"}],\"inLanguage\":\"cs\"}]}<\/script>\n<!-- \/ Yoast SEO plugin. -->","yoast_head_json":{"title":"Udr\u017eiteln\u00e9 \u0159e\u0161en\u00ed - Electrolux Professional \u010cesk\u00e1 republika","description":"Electrolux Professional Sustainable Solutions. Energy efficient equipment designed to cut resource use and boost performance for a truly sustainable futureUdr\u017eiteln\u00e9 \u0159e\u0161en\u00ed Electrolux Professional. Energeticky \u00fasporn\u00e1 za\u0159\u00edzen\u00ed navr\u017een\u00e1 tak, aby sn\u00ed\u017eila spot\u0159ebu zdroj\u016f a zv\u00fd\u0161ila v\u00fdkon pro skute\u010dn\u011b udr\u017eitelnou budoucnost.","robots":{"index":"noindex","follow":"nofollow"},"og_locale":"cs_CZ","og_type":"article","og_title":"Udr\u017eiteln\u00e9 \u0159e\u0161en\u00ed - Electrolux Professional \u010cesk\u00e1 republika","og_description":"Electrolux Professional Sustainable Solutions. Energy efficient equipment designed to cut resource use and boost performance for a truly sustainable futureUdr\u017eiteln\u00e9 \u0159e\u0161en\u00ed Electrolux Professional. Energeticky \u00fasporn\u00e1 za\u0159\u00edzen\u00ed navr\u017een\u00e1 tak, aby sn\u00ed\u017eila spot\u0159ebu zdroj\u016f a zv\u00fd\u0161ila v\u00fdkon pro skute\u010dn\u011b udr\u017eitelnou budoucnost.","og_url":"https:\/\/www.electroluxprofessional.com\/cz\/udrzitelne-reseni\/","og_site_name":"Electrolux Professional \u010cesk\u00e1 republika","article_publisher":"https:\/\/www.facebook.com\/electroluxprofessional","article_modified_time":"2026-05-03T10:02:28+00:00","og_image":[{"width":577,"height":540,"url":"https:\/\/www.electroluxprofessional.com\/cz\/wp-content\/uploads\/2026\/02\/A-sustainable-approach_1.jpeg","type":"image\/jpeg"}],"twitter_card":"summary_large_image","twitter_site":"@ElectroluxPro","twitter_misc":{"Odhadovan\u00e1 doba \u010dten\u00ed":"3 minuty"},"schema":{"@context":"https:\/\/schema.org","@graph":[{"@type":"WebPage","@id":"https:\/\/www.electroluxprofessional.com\/cz\/udrzitelne-reseni\/","url":"https:\/\/www.electroluxprofessional.com\/cz\/udrzitelne-reseni\/","name":"Udr\u017eiteln\u00e9 \u0159e\u0161en\u00ed - Electrolux Professional \u010cesk\u00e1 republika","isPartOf":{"@id":"https:\/\/www.electroluxprofessional.com\/cz\/#website"},"primaryImageOfPage":{"@id":"https:\/\/www.electroluxprofessional.com\/cz\/udrzitelne-reseni\/#primaryimage"},"image":{"@id":"https:\/\/www.electroluxprofessional.com\/cz\/udrzitelne-reseni\/#primaryimage"},"thumbnailUrl":"https:\/\/www.electroluxprofessional.com\/cz\/wp-content\/uploads\/2026\/02\/A-sustainable-approach_1.jpeg","datePublished":"2026-02-23T09:03:15+00:00","dateModified":"2026-05-03T10:02:28+00:00","description":"Electrolux Professional Sustainable Solutions. Energy efficient equipment designed to cut resource use and boost performance for a truly sustainable futureUdr\u017eiteln\u00e9 \u0159e\u0161en\u00ed Electrolux Professional. Energeticky \u00fasporn\u00e1 za\u0159\u00edzen\u00ed navr\u017een\u00e1 tak, aby sn\u00ed\u017eila spot\u0159ebu zdroj\u016f a zv\u00fd\u0161ila v\u00fdkon pro skute\u010dn\u011b udr\u017eitelnou budoucnost.","breadcrumb":{"@id":"https:\/\/www.electroluxprofessional.com\/cz\/udrzitelne-reseni\/#breadcrumb"},"inLanguage":"cs","potentialAction":[{"@type":"ReadAction","target":["https:\/\/www.electroluxprofessional.com\/cz\/udrzitelne-reseni\/"]}]},{"@type":"ImageObject","inLanguage":"cs","@id":"https:\/\/www.electroluxprofessional.com\/cz\/udrzitelne-reseni\/#primaryimage","url":"https:\/\/www.electroluxprofessional.com\/cz\/wp-content\/uploads\/2026\/02\/A-sustainable-approach_1.jpeg","contentUrl":"https:\/\/www.electroluxprofessional.com\/cz\/wp-content\/uploads\/2026\/02\/A-sustainable-approach_1.jpeg","width":577,"height":540},{"@type":"BreadcrumbList","@id":"https:\/\/www.electroluxprofessional.com\/cz\/udrzitelne-reseni\/#breadcrumb","itemListElement":[{"@type":"ListItem","position":1,"name":"Home","item":"https:\/\/www.electroluxprofessional.com\/cz\/"},{"@type":"ListItem","position":2,"name":"Udr\u017eiteln\u00e9 \u0159e\u0161en\u00ed"}]},{"@type":"WebSite","@id":"https:\/\/www.electroluxprofessional.com\/cz\/#website","url":"https:\/\/www.electroluxprofessional.com\/cz\/","name":"Electrolux Professional \u010cesk\u00e1 republika","description":"","potentialAction":[{"@type":"SearchAction","target":{"@type":"EntryPoint","urlTemplate":"https:\/\/www.electroluxprofessional.com\/cz\/?src={search_term_string}"},"query-input":"required name=search_term_string"}],"inLanguage":"cs"}]}},"_links":{"self":[{"href":"https:\/\/www.electroluxprofessional.com\/cz\/wp-json\/wp\/v2\/pages\/14589"}],"collection":[{"href":"https:\/\/www.electroluxprofessional.com\/cz\/wp-json\/wp\/v2\/pages"}],"about":[{"href":"https:\/\/www.electroluxprofessional.com\/cz\/wp-json\/wp\/v2\/types\/page"}],"author":[{"embeddable":true,"href":"https:\/\/www.electroluxprofessional.com\/cz\/wp-json\/wp\/v2\/users\/1"}],"replies":[{"embeddable":true,"href":"https:\/\/www.electroluxprofessional.com\/cz\/wp-json\/wp\/v2\/comments?post=14589"}],"version-history":[{"count":18,"href":"https:\/\/www.electroluxprofessional.com\/cz\/wp-json\/wp\/v2\/pages\/14589\/revisions"}],"predecessor-version":[{"id":15305,"href":"https:\/\/www.electroluxprofessional.com\/cz\/wp-json\/wp\/v2\/pages\/14589\/revisions\/15305"}],"wp:featuredmedia":[{"embeddable":true,"href":"https:\/\/www.electroluxprofessional.com\/cz\/wp-json\/wp\/v2\/media\/14570"}],"wp:attachment":[{"href":"https:\/\/www.electroluxprofessional.com\/cz\/wp-json\/wp\/v2\/media?parent=14589"}],"curies":[{"name":"wp","href":"https:\/\/api.w.org\/{rel}","templated":true}]}}