{"id":14586,"date":"2026-02-23T09:03:10","date_gmt":"2026-02-23T09:03:10","guid":{"rendered":"https:\/\/www.electroluxprofessional.com\/cz\/?page_id=14586"},"modified":"2026-05-03T10:28:43","modified_gmt":"2026-05-03T10:28:43","slug":"hodnoceni-a-certifikaty-udrzitelnosti","status":"publish","type":"page","link":"https:\/\/www.electroluxprofessional.com\/cz\/hodnoceni-a-certifikaty-udrzitelnosti\/","title":{"rendered":"Hodnocen\u00ed a certifik\u00e1ty udr\u017eitelnosti"},"content":{"rendered":"<p>[vc_row full_width=&#8221;electroluxpro-full-width-no-padding&#8221;][vc_column][elx_image_block background_image=&#8221;14583&#8243; minimum_height=&#8221;400px&#8221;][\/vc_column][\/vc_row][vc_row][vc_column][vc_row_inner][vc_column_inner offset=&#8221;vc_hidden-sm vc_hidden-xs&#8221;][vc_empty_space height=&#8221;80px&#8221;][\/vc_column_inner][\/vc_row_inner][vc_row_inner][vc_column_inner offset=&#8221;vc_hidden-lg vc_hidden-md&#8221;][vc_empty_space][\/vc_column_inner][\/vc_row_inner][elx_heading font_container=&#8221;h1&#8243; text_color=&#8221;electrolux-blue&#8221; text_align=&#8221;text-center&#8221;]Hodnocen\u00ed a certifik\u00e1ty udr\u017eitelnosti[\/elx_heading][vc_empty_space height=&#8221;14px&#8221;][vc_column_text]<\/p>\n<p style=\"text-align: center;\">D\u00e1le posilujeme n\u00e1\u0161 z\u00e1vazek k udr\u017eiteln\u00e9 budoucnosti prost\u0159ednictv\u00edm environment\u00e1ln\u00ed transparentnosti.<\/p>\n<p>[\/vc_column_text][vc_row_inner][vc_column_inner offset=&#8221;vc_hidden-sm vc_hidden-xs&#8221;][vc_empty_space height=&#8221;80px&#8221;][\/vc_column_inner][\/vc_row_inner][vc_row_inner][vc_column_inner offset=&#8221;vc_hidden-lg vc_hidden-md&#8221;][vc_empty_space][\/vc_column_inner][\/vc_row_inner][\/vc_column][\/vc_row][vc_row css=&#8221;.vc_custom_1758284570657{background-color: #F5F5F5 !important;}&#8221;][vc_column][vc_empty_space height=&#8221;50px&#8221;][\/vc_column][\/vc_row][vc_row equal_height=&#8221;yes&#8221; css=&#8221;.vc_custom_1758802186212{background-color: #F5F5F5 !important;}&#8221;][vc_column width=&#8221;3\/5&#8243; el_class=&#8221;align-vertical-center&#8221;][elx_heading font_size=&#8221;h4&#8243; text_color=&#8221;electrolux-blue&#8221; text_align=&#8221;text-left&#8221;]V roce 2025 jsme hrd\u00ed na to, \u017ee jsme z\u00edskali presti\u017en\u00ed ocen\u011bn\u00ed Gold Sustainability Rating od spole\u010dnosti EcoVadis, d\u00edky \u010demu\u017e se \u0159ad\u00edme mezi 5 % nejlep\u0161\u00edch spole\u010dnost\u00ed hodnocen\u00fdch na celosv\u011btov\u00e9 \u00farovni.[\/elx_heading][vc_row_inner][vc_column_inner offset=&#8221;vc_hidden-lg vc_hidden-md vc_hidden-sm&#8221;][vc_empty_space][\/vc_column_inner][\/vc_row_inner][\/vc_column][vc_column width=&#8221;2\/5&#8243;][vc_single_image image=&#8221;14584&#8243; img_size=&#8221;200&#215;200&#8243; alignment=&#8221;center&#8221;][\/vc_column][\/vc_row][vc_row css=&#8221;.vc_custom_1771583221625{background-color: #f5f5f5 !important;}&#8221;][vc_column][vc_empty_space height=&#8221;50px&#8221;][\/vc_column][\/vc_row][vc_row][vc_column][vc_empty_space height=&#8221;80px&#8221;][\/vc_column][\/vc_row][vc_row css=&#8221;.vc_custom_1758794818846{background-image: url(https:\/\/eprdev.comunicazione21.com\/wp-content\/uploads\/2025\/09\/Screenshot-2025-09-25-115810.jpg?id=56214) !important;background-position: center !important;background-repeat: no-repeat !important;background-size: cover !important;}&#8221;][vc_column][vc_empty_space height=&#8221;64px&#8221;][vc_row_inner][vc_column_inner][vc_column_text]<\/p>\n<p style=\"text-align: center;\"><span style=\"color: #ffffff;\">CO JSME DOSUD DOS\u00c1HLI<\/span><\/p>\n<p>[\/vc_column_text][vc_empty_space][elx_heading text_color=&#8221;white&#8221; text_align=&#8221;text-center&#8221;]V roce 2024 jsme od roku 2019 dos\u00e1hli v\u00fdznamn\u00e9ho<br \/>\npokroku ve v\u0161ech oblastech udr\u017eitelnosti.<br \/>\n[\/elx_heading][vc_empty_space][\/vc_column_inner][\/vc_row_inner][vc_row_inner][vc_column_inner width=&#8221;1\/3&#8243;][vc_column_text]<\/p>\n<p style=\"font-size: 83px; text-align: center;\"><span style=\"color: #ffffff;\"><strong>-70%<\/strong><\/span><\/p>\n<p>[\/vc_column_text][elx_heading font_container=&#8221;h3&#8243; font_size=&#8221;p&#8221; text_color=&#8221;white&#8221; text_align=&#8221;text-center&#8221;]Emise CO\u2082 v rozsahu 1 a 2[\/elx_heading][vc_empty_space][\/vc_column_inner][vc_column_inner width=&#8221;1\/3&#8243;][vc_column_text]<\/p>\n<p style=\"font-size: 83px; text-align: center;\"><span style=\"color: #ffffff;\"><strong>92%<\/strong><\/span><\/p>\n<p>[\/vc_column_text][elx_heading font_container=&#8221;h3&#8243; font_size=&#8221;p&#8221; text_color=&#8221;white&#8221; text_align=&#8221;text-center&#8221;]Obnoviteln\u00e1 energie[\/elx_heading][vc_empty_space][\/vc_column_inner][vc_column_inner width=&#8221;1\/3&#8243;][vc_column_text]<\/p>\n<p style=\"font-size: 83px; text-align: center;\"><span style=\"color: #ffffff;\"><strong>-41%<\/strong><\/span><\/p>\n<p>[\/vc_column_text][elx_heading font_container=&#8221;h3&#8243; font_size=&#8221;p&#8221; text_color=&#8221;white&#8221; text_align=&#8221;text-center&#8221;]Emise CO\u2082 v rozsahu 3[\/elx_heading][vc_empty_space][\/vc_column_inner][\/vc_row_inner][vc_empty_space height=&#8221;100px&#8221;][\/vc_column][\/vc_row][vc_row][vc_column offset=&#8221;vc_hidden-sm vc_hidden-xs&#8221;][vc_empty_space height=&#8221;80px&#8221;][\/vc_column][\/vc_row][vc_row][vc_column offset=&#8221;vc_hidden-lg vc_hidden-md&#8221;][vc_empty_space][\/vc_column][\/vc_row][vc_row][vc_column][elx_carousel_sust_ratings cards_bg_color=&#8221;card-bg-green&#8221; first_title=&#8221;Klimatick\u00e9 c\u00edle&#8221; first_paragraph=&#8221;Electrolux Professional Group je l\u00eddrem v oblasti udr\u017eitelnosti v na\u0161em odv\u011btv\u00ed. Na\u0161\u00edm hlavn\u00edm a ambici\u00f3zn\u00edm c\u00edlem je st\u00e1t se do roku 2030 klimaticky neutr\u00e1ln\u00ed v na\u0161ich vlastn\u00edch provozech.&#8221; card_1_image=&#8221;14615&#8243; card_1_title=&#8221;&#8220;Sn\u00ed\u017eit emise CO2 v rozsahu 1 a 2 z na\u0161ich pr\u016fmyslov\u00fdch provoz\u016f o 70 % oproti roku 2019&#8243; card_1_number=&#8221;-70%&#8221; card_1_number_text=&#8221;Dosud dosa\u017eeno -61 % (2025)&#8221; card_2_image=&#8221;14615&#8243; card_2_title=&#8221;Sn\u00ed\u017eit emise v rozsahu 3 z f\u00e1ze pou\u017e\u00edv\u00e1n\u00ed prodan\u00fdch produkt\u016f&#8221; card_2_number=&#8221;-27,5%&#8221; card_2_number_text=&#8221;C\u00edl dosa\u017een v roce 2024&#8243;][vc_empty_space height=&#8221;64px&#8221;][elx_carousel_sust_ratings alignment=&#8221;right&#8221; first_title=&#8221;C\u00edle pro lidi&#8221; first_paragraph=&#8221;Na\u0161\u00edm posl\u00e1n\u00edm je usnadnit pracovn\u00ed \u017eivot na\u0161ich z\u00e1kazn\u00edk\u016f, zv\u00fd\u0161it jejich ziskovost \u2013 a ka\u017ed\u00fd den skute\u010dn\u011b zajistit udr\u017eitelnost. To lze dos\u00e1hnout pouze d\u00edky na\u0161emu nejv\u011bt\u0161\u00edmu aktivu \u2013 na\u0161im lidem.&#8221; card_1_title=&#8221;C\u00edl v oblasti zdrav\u00ed a bezpe\u010dnosti pro rok 2026&#8243; card_1_number=&#8221;0,5&#8243; card_1_number_text=&#8221;Aktu\u00e1ln\u011b 1,6&#8243; card_2_title=&#8221;C\u00edl diverzity pohlav\u00ed pro rok 2030&#8243; card_2_number=&#8221;40\/60&#8243; card_2_number_text=&#8221;Aktu\u00e1ln\u011b 27\/73&#8243; card_1_paragraph=&#8221;M\u011b\u0159eno po\u010dtem pracovn\u00edch \u00faraz\u016f na 1,000,000 pracovn\u00edch hodin&#8221; card_2_paragraph=&#8221;Pom\u011br mu\u017e\u016f\/\u017een nebo \u017een\/mu\u017e\u016f&#8221;][\/vc_column][\/vc_row][vc_row][vc_column offset=&#8221;vc_hidden-sm vc_hidden-xs&#8221;][vc_empty_space height=&#8221;80px&#8221;][\/vc_column][\/vc_row][vc_row][vc_column offset=&#8221;vc_hidden-lg vc_hidden-md&#8221;][vc_empty_space][\/vc_column][\/vc_row][vc_row css=&#8221;.vc_custom_1758284570657{background-color: #F5F5F5 !important;}&#8221;][vc_column][vc_empty_space height=&#8221;50px&#8221;][\/vc_column][\/vc_row][vc_row content_placement=&#8221;middle&#8221; css=&#8221;.vc_custom_1758808799747{background-color: #F5F5F5 !important;}&#8221;][vc_column width=&#8221;1\/3&#8243; el_class=&#8221;align-vertical-center&#8221;][vc_row_inner][vc_column_inner][vc_empty_space height=&#8221;42px&#8221;][\/vc_column_inner][\/vc_row_inner][vc_single_image image=&#8221;14585&#8243; img_size=&#8221;400&#215;200&#8243; alignment=&#8221;center&#8221; el_class=&#8221;align-vertical-center&#8221;][\/vc_column][vc_column width=&#8221;2\/3&#8243;][elx_heading text_color=&#8221;electrolux-blue&#8221; text_align=&#8221;text-left&#8221;]Klimatick\u00e1 neutralita do roku 2030[\/elx_heading][vc_empty_space height=&#8221;16px&#8221;][vc_column_text]Na\u0161\u00edm hlavn\u00edm a ambici\u00f3zn\u00edm c\u00edlem je st\u00e1t se do roku 2030 klimaticky neutr\u00e1ln\u00ed v na\u0161ich vlastn\u00edch provozech.<br \/>\nPodporujeme Agendu OSN 2030 a souvisej\u00edc\u00ed \u201eSustainable Development Goals\u201c (SDG\u2019s) a <strong>zav\u00e1zali jsme se st\u00e1t se do roku 2030 klimaticky neutr\u00e1ln\u00edmi<\/strong>.[\/vc_column_text][vc_empty_space height=&#8221;28px&#8221;][elx_button button_text=&#8221;NA\u0160E C\u00cdLE UDR\u017dITELN\u00c9HO ROZVOJE&#8221; button_display_block=&#8221;display_block_on&#8221; button_alignment_mobile=&#8221;text-left-mobile&#8221; button_link=&#8221;url:https%3A%2F%2Fwww.electroluxprofessionalgroup.com%2Fen%2Fsustainability%2Fsustainable-development-goals%2F|title:NA%C5%A0E%20C%C3%8DLE%20UDR%C5%BDITELN%C3%89HO%20ROZVOJE|target:_blank&#8221;][\/vc_column][\/vc_row][vc_row css=&#8221;.vc_custom_1758284570657{background-color: #F5F5F5 !important;}&#8221;][vc_column][vc_empty_space height=&#8221;50px&#8221;][\/vc_column][\/vc_row][vc_row][vc_column][vc_empty_space height=&#8221;80px&#8221;][\/vc_column][\/vc_row][vc_row][vc_column][elx_double_banner_sust tag_title=&#8221;h2&#8243; left_title=&#8221;Udr\u017eiteln\u00e1 potravinov\u00e1 \u0159e\u0161en\u00ed&#8221; left_link=&#8221;url:%20https%3A%2F%2Fwww.electroluxprofessional.com%2Fcz%2Fudrzitelne-reseni%2Fudrzitelna-potravinova-reseni%2F|title:Zjist%C4%9Bte%20v%C3%ADce&#8221; right_title=&#8221;Udr\u017eiteln\u00e9 \u0159e\u0161en\u00ed pro pran\u00ed pr\u00e1dla&#8221; right_link=&#8221;url:https%3A%2F%2Fwww.electroluxprofessional.com%2Fcz%2Fudrzitelne-reseni%2Fformovani-udrzitelneho-prani%2F|title:Zjist%C4%9Bte%20v%C3%ADce&#8221; left_image_media_library=&#8221;14614&#8243; right_image_media_library=&#8221;14616&#8243;][\/vc_column][\/vc_row][vc_row][vc_column][vc_empty_space height=&#8221;80px&#8221;][\/vc_column][\/vc_row]<\/p>\n","protected":false},"excerpt":{"rendered":"<p>[vc_row full_width=&#8221;electroluxpro-full-width-no-padding&#8221;][vc_column][elx_image_block background_image=&#8221;14583&#8243; minimum_height=&#8221;400px&#8221;][\/vc_column][\/vc_row][vc_row][vc_column][vc_row_inner][vc_column_inner offset=&#8221;vc_hidden-sm vc_hidden-xs&#8221;][vc_empty_space height=&#8221;80px&#8221;][\/vc_column_inner][\/vc_row_inner][vc_row_inner][vc_column_inner offset=&#8221;vc_hidden-lg vc_hidden-md&#8221;][vc_empty_space][\/vc_column_inner][\/vc_row_inner][elx_heading font_container=&#8221;h1&#8243; text_color=&#8221;electrolux-blue&#8221; text_align=&#8221;text-center&#8221;]Hodnocen\u00ed a certifik\u00e1ty udr\u017eitelnosti[\/elx_heading][vc_empty_space height=&#8221;14px&#8221;][vc_column_text] D\u00e1le posilujeme n\u00e1\u0161 z\u00e1vazek k udr\u017eiteln\u00e9 budoucnosti prost\u0159ednictv\u00edm environment\u00e1ln\u00ed transparentnosti. [\/vc_column_text][vc_row_inner][vc_column_inner offset=&#8221;vc_hidden-sm vc_hidden-xs&#8221;][vc_empty_space height=&#8221;80px&#8221;][\/vc_column_inner][\/vc_row_inner][vc_row_inner][vc_column_inner offset=&#8221;vc_hidden-lg vc_hidden-md&#8221;][vc_empty_space][\/vc_column_inner][\/vc_row_inner][\/vc_column][\/vc_row][vc_row css=&#8221;.vc_custom_1758284570657{background-color: #F5F5F5 !important;}&#8221;][vc_column][vc_empty_space height=&#8221;50px&#8221;][\/vc_column][\/vc_row][vc_row equal_height=&#8221;yes&#8221; css=&#8221;.vc_custom_1758802186212{background-color: #F5F5F5 !important;}&#8221;][vc_column width=&#8221;3\/5&#8243; el_class=&#8221;align-vertical-center&#8221;][elx_heading font_size=&#8221;h4&#8243; text_color=&#8221;electrolux-blue&#8221; text_align=&#8221;text-left&#8221;]V roce 2025 jsme hrd\u00ed na to, \u017ee jsme z\u00edskali presti\u017en\u00ed [&hellip;]<\/p>\n","protected":false},"author":1,"featured_media":14570,"parent":0,"menu_order":0,"comment_status":"closed","ping_status":"closed","template":"","meta":{"footnotes":""},"class_list":["post-14586","page","type-page","status-publish","has-post-thumbnail","hentry"],"acf":[],"yoast_head":"<!-- This site is optimized with the Yoast SEO plugin v23.3 - https:\/\/yoast.com\/wordpress\/plugins\/seo\/ -->\n<title>Hodnocen\u00ed a certifik\u00e1ty udr\u017eitelnosti - Electrolux Professional \u010cesk\u00e1 republika<\/title>\n<meta name=\"description\" content=\"Electrolux Professional Sustainability Ratings and Certificates. Discover our climate commitments and the recognitions awarded by leading global rating institutes for our sustainability performance.Hodnocen\u00ed a certifik\u00e1ty udr\u017eitelnosti spole\u010dnosti Electrolux Professional. Seznamte se s na\u0161imi z\u00e1vazky v oblasti klimatu a ocen\u011bn\u00edmi, kter\u00e1 n\u00e1m za na\u0161i udr\u017eitelnost ud\u011blily p\u0159edn\u00ed sv\u011btov\u00e9 ratingov\u00e9 agentury.\" \/>\n<meta name=\"robots\" content=\"index, follow, max-snippet:-1, max-image-preview:large, max-video-preview:-1\" \/>\n<link rel=\"canonical\" href=\"https:\/\/www.electroluxprofessional.com\/cz\/hodnoceni-a-certifikaty-udrzitelnosti\/\" \/>\n<meta property=\"og:locale\" content=\"cs_CZ\" \/>\n<meta property=\"og:type\" content=\"article\" \/>\n<meta property=\"og:title\" content=\"Hodnocen\u00ed a certifik\u00e1ty udr\u017eitelnosti - Electrolux Professional \u010cesk\u00e1 republika\" \/>\n<meta property=\"og:description\" content=\"Electrolux Professional Sustainability Ratings and Certificates. Discover our climate commitments and the recognitions awarded by leading global rating institutes for our sustainability performance.Hodnocen\u00ed a certifik\u00e1ty udr\u017eitelnosti spole\u010dnosti Electrolux Professional. Seznamte se s na\u0161imi z\u00e1vazky v oblasti klimatu a ocen\u011bn\u00edmi, kter\u00e1 n\u00e1m za na\u0161i udr\u017eitelnost ud\u011blily p\u0159edn\u00ed sv\u011btov\u00e9 ratingov\u00e9 agentury.\" \/>\n<meta property=\"og:url\" content=\"https:\/\/www.electroluxprofessional.com\/cz\/hodnoceni-a-certifikaty-udrzitelnosti\/\" \/>\n<meta property=\"og:site_name\" content=\"Electrolux Professional \u010cesk\u00e1 republika\" \/>\n<meta property=\"article:publisher\" content=\"https:\/\/www.facebook.com\/electroluxprofessional\" \/>\n<meta property=\"article:modified_time\" content=\"2026-05-03T10:28:43+00:00\" \/>\n<meta property=\"og:image\" content=\"https:\/\/www.electroluxprofessional.com\/cz\/wp-content\/uploads\/2026\/02\/A-sustainable-approach_1.jpeg\" \/>\n\t<meta property=\"og:image:width\" content=\"577\" \/>\n\t<meta property=\"og:image:height\" content=\"540\" \/>\n\t<meta property=\"og:image:type\" content=\"image\/jpeg\" \/>\n<meta name=\"twitter:card\" content=\"summary_large_image\" \/>\n<meta name=\"twitter:site\" content=\"@ElectroluxPro\" \/>\n<meta name=\"twitter:label1\" content=\"Odhadovan\u00e1 doba \u010dten\u00ed\" \/>\n\t<meta name=\"twitter:data1\" content=\"4 minuty\" \/>\n<script type=\"application\/ld+json\" class=\"yoast-schema-graph\">{\"@context\":\"https:\/\/schema.org\",\"@graph\":[{\"@type\":\"WebPage\",\"@id\":\"https:\/\/www.electroluxprofessional.com\/cz\/hodnoceni-a-certifikaty-udrzitelnosti\/\",\"url\":\"https:\/\/www.electroluxprofessional.com\/cz\/hodnoceni-a-certifikaty-udrzitelnosti\/\",\"name\":\"Hodnocen\u00ed a certifik\u00e1ty udr\u017eitelnosti - Electrolux Professional \u010cesk\u00e1 republika\",\"isPartOf\":{\"@id\":\"https:\/\/www.electroluxprofessional.com\/cz\/#website\"},\"primaryImageOfPage\":{\"@id\":\"https:\/\/www.electroluxprofessional.com\/cz\/hodnoceni-a-certifikaty-udrzitelnosti\/#primaryimage\"},\"image\":{\"@id\":\"https:\/\/www.electroluxprofessional.com\/cz\/hodnoceni-a-certifikaty-udrzitelnosti\/#primaryimage\"},\"thumbnailUrl\":\"https:\/\/www.electroluxprofessional.com\/cz\/wp-content\/uploads\/2026\/02\/A-sustainable-approach_1.jpeg\",\"datePublished\":\"2026-02-23T09:03:10+00:00\",\"dateModified\":\"2026-05-03T10:28:43+00:00\",\"description\":\"Electrolux Professional Sustainability Ratings and Certificates. Discover our climate commitments and the recognitions awarded by leading global rating institutes for our sustainability performance.Hodnocen\u00ed a certifik\u00e1ty udr\u017eitelnosti spole\u010dnosti Electrolux Professional. Seznamte se s na\u0161imi z\u00e1vazky v oblasti klimatu a ocen\u011bn\u00edmi, kter\u00e1 n\u00e1m za na\u0161i udr\u017eitelnost ud\u011blily p\u0159edn\u00ed sv\u011btov\u00e9 ratingov\u00e9 agentury.\",\"breadcrumb\":{\"@id\":\"https:\/\/www.electroluxprofessional.com\/cz\/hodnoceni-a-certifikaty-udrzitelnosti\/#breadcrumb\"},\"inLanguage\":\"cs\",\"potentialAction\":[{\"@type\":\"ReadAction\",\"target\":[\"https:\/\/www.electroluxprofessional.com\/cz\/hodnoceni-a-certifikaty-udrzitelnosti\/\"]}]},{\"@type\":\"ImageObject\",\"inLanguage\":\"cs\",\"@id\":\"https:\/\/www.electroluxprofessional.com\/cz\/hodnoceni-a-certifikaty-udrzitelnosti\/#primaryimage\",\"url\":\"https:\/\/www.electroluxprofessional.com\/cz\/wp-content\/uploads\/2026\/02\/A-sustainable-approach_1.jpeg\",\"contentUrl\":\"https:\/\/www.electroluxprofessional.com\/cz\/wp-content\/uploads\/2026\/02\/A-sustainable-approach_1.jpeg\",\"width\":577,\"height\":540},{\"@type\":\"BreadcrumbList\",\"@id\":\"https:\/\/www.electroluxprofessional.com\/cz\/hodnoceni-a-certifikaty-udrzitelnosti\/#breadcrumb\",\"itemListElement\":[{\"@type\":\"ListItem\",\"position\":1,\"name\":\"Home\",\"item\":\"https:\/\/www.electroluxprofessional.com\/cz\/\"},{\"@type\":\"ListItem\",\"position\":2,\"name\":\"Hodnocen\u00ed a certifik\u00e1ty udr\u017eitelnosti\"}]},{\"@type\":\"WebSite\",\"@id\":\"https:\/\/www.electroluxprofessional.com\/cz\/#website\",\"url\":\"https:\/\/www.electroluxprofessional.com\/cz\/\",\"name\":\"Electrolux Professional \u010cesk\u00e1 republika\",\"description\":\"\",\"potentialAction\":[{\"@type\":\"SearchAction\",\"target\":{\"@type\":\"EntryPoint\",\"urlTemplate\":\"https:\/\/www.electroluxprofessional.com\/cz\/?src={search_term_string}\"},\"query-input\":\"required name=search_term_string\"}],\"inLanguage\":\"cs\"}]}<\/script>\n<!-- \/ Yoast SEO plugin. -->","yoast_head_json":{"title":"Hodnocen\u00ed a certifik\u00e1ty udr\u017eitelnosti - Electrolux Professional \u010cesk\u00e1 republika","description":"Electrolux Professional Sustainability Ratings and Certificates. Discover our climate commitments and the recognitions awarded by leading global rating institutes for our sustainability performance.Hodnocen\u00ed a certifik\u00e1ty udr\u017eitelnosti spole\u010dnosti Electrolux Professional. Seznamte se s na\u0161imi z\u00e1vazky v oblasti klimatu a ocen\u011bn\u00edmi, kter\u00e1 n\u00e1m za na\u0161i udr\u017eitelnost ud\u011blily p\u0159edn\u00ed sv\u011btov\u00e9 ratingov\u00e9 agentury.","robots":{"index":"index","follow":"follow","max-snippet":"max-snippet:-1","max-image-preview":"max-image-preview:large","max-video-preview":"max-video-preview:-1"},"canonical":"https:\/\/www.electroluxprofessional.com\/cz\/hodnoceni-a-certifikaty-udrzitelnosti\/","og_locale":"cs_CZ","og_type":"article","og_title":"Hodnocen\u00ed a certifik\u00e1ty udr\u017eitelnosti - Electrolux Professional \u010cesk\u00e1 republika","og_description":"Electrolux Professional Sustainability Ratings and Certificates. Discover our climate commitments and the recognitions awarded by leading global rating institutes for our sustainability performance.Hodnocen\u00ed a certifik\u00e1ty udr\u017eitelnosti spole\u010dnosti Electrolux Professional. Seznamte se s na\u0161imi z\u00e1vazky v oblasti klimatu a ocen\u011bn\u00edmi, kter\u00e1 n\u00e1m za na\u0161i udr\u017eitelnost ud\u011blily p\u0159edn\u00ed sv\u011btov\u00e9 ratingov\u00e9 agentury.","og_url":"https:\/\/www.electroluxprofessional.com\/cz\/hodnoceni-a-certifikaty-udrzitelnosti\/","og_site_name":"Electrolux Professional \u010cesk\u00e1 republika","article_publisher":"https:\/\/www.facebook.com\/electroluxprofessional","article_modified_time":"2026-05-03T10:28:43+00:00","og_image":[{"width":577,"height":540,"url":"https:\/\/www.electroluxprofessional.com\/cz\/wp-content\/uploads\/2026\/02\/A-sustainable-approach_1.jpeg","type":"image\/jpeg"}],"twitter_card":"summary_large_image","twitter_site":"@ElectroluxPro","twitter_misc":{"Odhadovan\u00e1 doba \u010dten\u00ed":"4 minuty"},"schema":{"@context":"https:\/\/schema.org","@graph":[{"@type":"WebPage","@id":"https:\/\/www.electroluxprofessional.com\/cz\/hodnoceni-a-certifikaty-udrzitelnosti\/","url":"https:\/\/www.electroluxprofessional.com\/cz\/hodnoceni-a-certifikaty-udrzitelnosti\/","name":"Hodnocen\u00ed a certifik\u00e1ty udr\u017eitelnosti - Electrolux Professional \u010cesk\u00e1 republika","isPartOf":{"@id":"https:\/\/www.electroluxprofessional.com\/cz\/#website"},"primaryImageOfPage":{"@id":"https:\/\/www.electroluxprofessional.com\/cz\/hodnoceni-a-certifikaty-udrzitelnosti\/#primaryimage"},"image":{"@id":"https:\/\/www.electroluxprofessional.com\/cz\/hodnoceni-a-certifikaty-udrzitelnosti\/#primaryimage"},"thumbnailUrl":"https:\/\/www.electroluxprofessional.com\/cz\/wp-content\/uploads\/2026\/02\/A-sustainable-approach_1.jpeg","datePublished":"2026-02-23T09:03:10+00:00","dateModified":"2026-05-03T10:28:43+00:00","description":"Electrolux Professional Sustainability Ratings and Certificates. Discover our climate commitments and the recognitions awarded by leading global rating institutes for our sustainability performance.Hodnocen\u00ed a certifik\u00e1ty udr\u017eitelnosti spole\u010dnosti Electrolux Professional. Seznamte se s na\u0161imi z\u00e1vazky v oblasti klimatu a ocen\u011bn\u00edmi, kter\u00e1 n\u00e1m za na\u0161i udr\u017eitelnost ud\u011blily p\u0159edn\u00ed sv\u011btov\u00e9 ratingov\u00e9 agentury.","breadcrumb":{"@id":"https:\/\/www.electroluxprofessional.com\/cz\/hodnoceni-a-certifikaty-udrzitelnosti\/#breadcrumb"},"inLanguage":"cs","potentialAction":[{"@type":"ReadAction","target":["https:\/\/www.electroluxprofessional.com\/cz\/hodnoceni-a-certifikaty-udrzitelnosti\/"]}]},{"@type":"ImageObject","inLanguage":"cs","@id":"https:\/\/www.electroluxprofessional.com\/cz\/hodnoceni-a-certifikaty-udrzitelnosti\/#primaryimage","url":"https:\/\/www.electroluxprofessional.com\/cz\/wp-content\/uploads\/2026\/02\/A-sustainable-approach_1.jpeg","contentUrl":"https:\/\/www.electroluxprofessional.com\/cz\/wp-content\/uploads\/2026\/02\/A-sustainable-approach_1.jpeg","width":577,"height":540},{"@type":"BreadcrumbList","@id":"https:\/\/www.electroluxprofessional.com\/cz\/hodnoceni-a-certifikaty-udrzitelnosti\/#breadcrumb","itemListElement":[{"@type":"ListItem","position":1,"name":"Home","item":"https:\/\/www.electroluxprofessional.com\/cz\/"},{"@type":"ListItem","position":2,"name":"Hodnocen\u00ed a certifik\u00e1ty udr\u017eitelnosti"}]},{"@type":"WebSite","@id":"https:\/\/www.electroluxprofessional.com\/cz\/#website","url":"https:\/\/www.electroluxprofessional.com\/cz\/","name":"Electrolux Professional \u010cesk\u00e1 republika","description":"","potentialAction":[{"@type":"SearchAction","target":{"@type":"EntryPoint","urlTemplate":"https:\/\/www.electroluxprofessional.com\/cz\/?src={search_term_string}"},"query-input":"required name=search_term_string"}],"inLanguage":"cs"}]}},"_links":{"self":[{"href":"https:\/\/www.electroluxprofessional.com\/cz\/wp-json\/wp\/v2\/pages\/14586"}],"collection":[{"href":"https:\/\/www.electroluxprofessional.com\/cz\/wp-json\/wp\/v2\/pages"}],"about":[{"href":"https:\/\/www.electroluxprofessional.com\/cz\/wp-json\/wp\/v2\/types\/page"}],"author":[{"embeddable":true,"href":"https:\/\/www.electroluxprofessional.com\/cz\/wp-json\/wp\/v2\/users\/1"}],"replies":[{"embeddable":true,"href":"https:\/\/www.electroluxprofessional.com\/cz\/wp-json\/wp\/v2\/comments?post=14586"}],"version-history":[{"count":10,"href":"https:\/\/www.electroluxprofessional.com\/cz\/wp-json\/wp\/v2\/pages\/14586\/revisions"}],"predecessor-version":[{"id":15309,"href":"https:\/\/www.electroluxprofessional.com\/cz\/wp-json\/wp\/v2\/pages\/14586\/revisions\/15309"}],"wp:featuredmedia":[{"embeddable":true,"href":"https:\/\/www.electroluxprofessional.com\/cz\/wp-json\/wp\/v2\/media\/14570"}],"wp:attachment":[{"href":"https:\/\/www.electroluxprofessional.com\/cz\/wp-json\/wp\/v2\/media?parent=14586"}],"curies":[{"name":"wp","href":"https:\/\/api.w.org\/{rel}","templated":true}]}}