{"id":14582,"date":"2026-02-23T09:03:03","date_gmt":"2026-02-23T09:03:03","guid":{"rendered":"https:\/\/www.electroluxprofessional.com\/cz\/?page_id=14582"},"modified":"2026-05-03T10:29:36","modified_gmt":"2026-05-03T10:29:36","slug":"formovani-udrzitelneho-prani","status":"publish","type":"page","link":"https:\/\/www.electroluxprofessional.com\/cz\/formovani-udrzitelneho-prani\/","title":{"rendered":"Formov\u00e1n\u00ed udr\u017eiteln\u00e9ho pran\u00ed"},"content":{"rendered":"<p>[vc_row full_width=&#8221;electroluxpro-full-width-no-padding&#8221;][vc_column][elx_image_block background_image=&#8221;14571&#8243; vert_back_position=&#8221;top&#8221; minimum_height=&#8221;400px&#8221;][\/vc_column][\/vc_row][vc_row][vc_column][vc_empty_space height=&#8221;40px&#8221;][elx_heading font_container=&#8221;h1&#8243; text_color=&#8221;electrolux-blue&#8221; text_align=&#8221;text-center&#8221;]Formov\u00e1n\u00ed udr\u017eiteln\u00e9ho pran\u00ed[\/elx_heading][vc_empty_space height=&#8221;14px&#8221;][vc_column_text]<\/p>\n<p style=\"text-align: center;\">Dokonal\u00e9 pr\u00e1dlo vy\u017eaduje spot\u0159ebu vody, energie a prac\u00edch prost\u0159edk\u016f. Electrolux Professional vyu\u017e\u00edv\u00e1 technologie a inovace k vytv\u00e1\u0159en\u00ed produkt\u016f s efektivn\u00edm vyu\u017eit\u00edm zdroj\u016f a n\u00edzk\u00fdm dopadem na \u017eivotn\u00ed prost\u0159ed\u00ed, aby z\u00e1kazn\u00edci byli v oblasti udr\u017eitelnosti v\u017edy o krok nap\u0159ed.<\/p>\n<p>[\/vc_column_text][vc_empty_space height=&#8221;60px&#8221;][elx_heading text_color=&#8221;electrolux-blue&#8221; text_align=&#8221;text-center&#8221;]\u010cist\u00e1 inovace[\/elx_heading][vc_column_text]<\/p>\n<p style=\"text-align: center;\">Electrolux Professional Line 6000 je vyvrcholen\u00edm v\u00edce ne\u017e 120 let inovac\u00ed, kter\u00e9 nab\u00edzej\u00ed z\u00e1kazn\u00edk\u016fm bezprobl\u00e9mov\u00e1 \u0159e\u0161en\u00ed pran\u00ed a zaji\u0161\u0165uj\u00ed udr\u017eitelnost<\/p>\n<p>[\/vc_column_text][\/vc_column][\/vc_row][vc_row][vc_column][vc_empty_space height=&#8221;48px&#8221;][\/vc_column][\/vc_row][vc_row][vc_column width=&#8221;1\/2&#8243;][vc_empty_space height=&#8221;12px&#8221;][vc_single_image image=&#8221;14573&#8243; img_size=&#8221;555&#215;548&#8243; alignment=&#8221;center&#8221;][\/vc_column][vc_column width=&#8221;1\/2&#8243;][elx_heading font_container=&#8221;h3&#8243; font_size=&#8221;h3&#8243; text_color=&#8221;electrolux-blue&#8221; text_align=&#8221;text-left&#8221;]Line 6000 Komer\u010dn\u00ed pra\u010dky[\/elx_heading][vc_empty_space height=&#8221;12px&#8221;]<div class=\"elx-accordion  elx-accordion-sustainability\">    <div class=\"elx-accordion-heading\">        <a class=\"elx-accordion-link elx-accordion-open\">            <h4 class=\"h4 elx-accordion-title\">                <i class=\"elx-icon icon-sustainability-lightening\"><\/i><div class=\"elx-accordion-icon-title\">    <span>40 %<\/span>    <span>\u00daSPORA ENERGIE<\/span><\/div>                <img decoding=\"async\" src=\"https:\/\/www.electroluxprofessional.com\/cz\/wp-content\/themes\/electroluxpro\/assets\/epr-icon-minus-blue.svg\" class=\"elx-minus\" \/>                <img decoding=\"async\" src=\"https:\/\/www.electroluxprofessional.com\/cz\/wp-content\/themes\/electroluxpro\/assets\/epr-icon-plus-white.svg\" class=\"elx-plus elx-hidden\" \/>            <\/h4>        <\/a>    <\/div>    <div class=\"elx-accordion-body elx-accordion-open\"><p>[vc_column_text]<\/p>\n<h5>Zrozeno b\u00fdt zelen\u00e9: \u00faspora energie<\/h5>\n<p>U\u0161et\u0159ete a\u017e 40 % n\u00e1klad\u016f na energii p\u0159i zachov\u00e1n\u00ed maxim\u00e1ln\u00ed produktivity. Pokro\u010dil\u00e9 vestav\u011bn\u00e9 technologie optimalizuj\u00ed vyu\u017eit\u00ed zdroj\u016f, sni\u017euj\u00ed provozn\u00ed n\u00e1klady bez kompromis\u016f.[\/vc_column_text][vc_empty_space height=&#8221;20px&#8221;]<\/p>\n    <\/div><\/div><div class=\"elx-accordion  elx-accordion-sustainability\">    <div class=\"elx-accordion-heading\">        <a class=\"elx-accordion-link elx-accordion-close\">            <h4 class=\"h4 elx-accordion-title\">                <i class=\"elx-icon icon-sustainability-water\"><\/i><div class=\"elx-accordion-icon-title\">    <span>40 %<\/span>    <span>\u00daSPORA VODY<\/span><\/div>                <img decoding=\"async\" src=\"https:\/\/www.electroluxprofessional.com\/cz\/wp-content\/themes\/electroluxpro\/assets\/epr-icon-minus-blue.svg\" class=\"elx-minus elx-hidden\" \/>                <img decoding=\"async\" src=\"https:\/\/www.electroluxprofessional.com\/cz\/wp-content\/themes\/electroluxpro\/assets\/epr-icon-plus-white.svg\" class=\"elx-plus\" \/>            <\/h4>        <\/a>    <\/div>    <div class=\"elx-accordion-body elx-accordion-close\"><p>[vc_column_text]<\/p>\n<h5>\u0160et\u0159ete vodu, sni\u017eujte n\u00e1klady<\/h5>\n<p>Line 6000 Washers s funkcemi Automatic Savings a Integrated Savings sni\u017euj\u00ed spot\u0159ebu vody a\u017e o 40 %. Tyto inovace optimalizuj\u00ed vyu\u017eit\u00ed vody a energie, pom\u00e1haj\u00ed sni\u017eovat provozn\u00ed n\u00e1klady a zvy\u0161ovat udr\u017eitelnost.[\/vc_column_text][vc_empty_space height=&#8221;20px&#8221;]<\/p>\n    <\/div><\/div><div class=\"elx-accordion  elx-accordion-sustainability\">    <div class=\"elx-accordion-heading\">        <a class=\"elx-accordion-link elx-accordion-close\">            <h4 class=\"h4 elx-accordion-title\">                <i class=\"elx-icon icon-sustainability-leaf\"><\/i><div class=\"elx-accordion-icon-title\">    <span>25 %<\/span>    <span>\u00daSPORA PRAC\u00cdHO PROST\u0158EDKU<\/span><\/div>                <img decoding=\"async\" src=\"https:\/\/www.electroluxprofessional.com\/cz\/wp-content\/themes\/electroluxpro\/assets\/epr-icon-minus-blue.svg\" class=\"elx-minus elx-hidden\" \/>                <img decoding=\"async\" src=\"https:\/\/www.electroluxprofessional.com\/cz\/wp-content\/themes\/electroluxpro\/assets\/epr-icon-plus-white.svg\" class=\"elx-plus\" \/>            <\/h4>        <\/a>    <\/div>    <div class=\"elx-accordion-body elx-accordion-close\"><p>[vc_column_text]<\/p>\n<h5>Chyt\u0159ej\u0161\u00ed d\u00e1vkov\u00e1n\u00ed, zelen\u011bj\u0161\u00ed dopad<\/h5>\n<p>Line 6000 Washers s Intelligent Dosing p\u0159in\u00e1\u0161ej\u00ed a\u017e 25 % \u00fasporu prac\u00edho prost\u0159edku. Chyt\u0159ej\u0161\u00ed d\u00e1vkov\u00e1n\u00ed znamen\u00e1 \u010dist\u0161\u00ed v\u00fdsledky, ni\u017e\u0161\u00ed dopad na \u017eivotn\u00ed prost\u0159ed\u00ed a sn\u00ed\u017een\u00e9 provozn\u00ed n\u00e1klady, ka\u017ed\u00fd cyklus, ka\u017ed\u00fd den.[\/vc_column_text][vc_empty_space height=&#8221;20px&#8221;]<\/p>\n    <\/div><\/div>[vc_empty_space height=&#8221;22px&#8221;][elx_button button_text=&#8221;Zjist\u011bte v\u00edce&#8221; button_display_block=&#8221;display_block_on&#8221; button_alignment_mobile=&#8221;text-left-mobile&#8221; button_link=&#8221;url:https%3A%2F%2Fwww.electroluxprofessional.com%2Fcz%2Fcommercial-laundry-equipment%2Fprumyslove-pracky%2F|title:Zjist%C4%9Bte%20v%C3%ADce&#8221;][\/vc_column][\/vc_row][vc_row][vc_column][vc_empty_space][\/vc_column][\/vc_row][vc_row][vc_column width=&#8221;1\/2&#8243;][vc_empty_space height=&#8221;12px&#8221;][vc_single_image image=&#8221;14574&#8243; img_size=&#8221;555&#215;548&#8243; alignment=&#8221;center&#8221;][\/vc_column][vc_column width=&#8221;1\/2&#8243;][elx_heading font_container=&#8221;h3&#8243; font_size=&#8221;h3&#8243; text_color=&#8221;electrolux-blue&#8221; text_align=&#8221;text-left&#8221;]Line 6000 pra\u010dka s vysok\u00fdmi ot\u00e1\u010dkami a su\u0161i\u010dka s tepeln\u00fdm \u010derpadlem[\/elx_heading][vc_empty_space height=&#8221;12px&#8221;]<div class=\"elx-accordion  elx-accordion-sustainability\">    <div class=\"elx-accordion-heading\">        <a class=\"elx-accordion-link elx-accordion-open\">            <h4 class=\"h4 elx-accordion-title\">                <i class=\"elx-icon icon-sustainability-lightening\"><\/i><div class=\"elx-accordion-icon-title\">    <span>70 %<\/span>    <span>\u00daSPORA ENERGIE profesion\u00e1ln\u00edch n\u00e1klad\u016f na pran\u00ed<\/span><\/div>                <img decoding=\"async\" src=\"https:\/\/www.electroluxprofessional.com\/cz\/wp-content\/themes\/electroluxpro\/assets\/epr-icon-minus-blue.svg\" class=\"elx-minus\" \/>                <img decoding=\"async\" src=\"https:\/\/www.electroluxprofessional.com\/cz\/wp-content\/themes\/electroluxpro\/assets\/epr-icon-plus-white.svg\" class=\"elx-plus elx-hidden\" \/>            <\/h4>        <\/a>    <\/div>    <div class=\"elx-accordion-body elx-accordion-open\"><p>[vc_column_text]<\/p>\n<h5>Chytr\u00e9 \u00faspory, udr\u017eiteln\u00e1 budoucnost<\/h5>\n<p>Spojte pra\u010dku Line 6000 s vysok\u00fdmi ot\u00e1\u010dkami se su\u0161i\u010dkou s tepeln\u00fdm \u010derpadlem* a u\u0161et\u0159ete a\u017e 70 % na provozn\u00edch n\u00e1kladech. Udr\u017eiteln\u00e1 volba pro maxim\u00e1ln\u00ed efektivitu a dlouhodob\u00e9 \u00faspory.[\/vc_column_text][vc_empty_space height=&#8221;10px&#8221;][vc_column_text el_class=&#8221;note-style&#8221;]<span class=\"note-style\">* Pokud porovn\u00e1me b\u011b\u017enou pra\u010dku s odst\u0159e\u010fov\u00e1n\u00edm a ventilovanou su\u0161i\u010dku (WN6-14 AND TD6-14) s WH6-14 a TD6-14HP.[\/vc_column_text][vc_empty_space height=&#8221;20px&#8221;]<\/p>\n    <\/div><\/div>[vc_empty_space height=&#8221;22px&#8221;][elx_button button_text=&#8221;Zjist\u011bte v\u00edce&#8221; button_display_block=&#8221;display_block_on&#8221; button_alignment_mobile=&#8221;text-left-mobile&#8221; button_link=&#8221;url:https%3A%2F%2Fwww.electroluxprofessional.com%2Fcz%2Fcommercial-laundry-equipment%2Fline-6000-solutions3%2F|title:Zjist%C4%9Bte%20v%C3%ADce&#8221;][\/vc_column][\/vc_row][vc_row][vc_column][vc_empty_space][\/vc_column][\/vc_row][vc_row][vc_column width=&#8221;1\/2&#8243;][vc_empty_space height=&#8221;12px&#8221;][vc_single_image image=&#8221;14575&#8243; img_size=&#8221;555&#215;548&#8243; alignment=&#8221;center&#8221;][\/vc_column][vc_column width=&#8221;1\/2&#8243;][elx_heading font_container=&#8221;h3&#8243; font_size=&#8221;h3&#8243; text_color=&#8221;electrolux-blue&#8221; text_align=&#8221;text-left&#8221;]Line 6000 Barrier Washers[\/elx_heading][vc_empty_space height=&#8221;12px&#8221;]<div class=\"elx-accordion  elx-accordion-sustainability\">    <div class=\"elx-accordion-heading\">        <a class=\"elx-accordion-link elx-accordion-open\">            <h4 class=\"h4 elx-accordion-title\">                <i class=\"elx-icon icon-sustainability-water\"><\/i><div class=\"elx-accordion-icon-title\">    <span>50 %<\/span>    <span>\u00daSPORA VODY<\/span><\/div>                <img decoding=\"async\" src=\"https:\/\/www.electroluxprofessional.com\/cz\/wp-content\/themes\/electroluxpro\/assets\/epr-icon-minus-blue.svg\" class=\"elx-minus\" \/>                <img decoding=\"async\" src=\"https:\/\/www.electroluxprofessional.com\/cz\/wp-content\/themes\/electroluxpro\/assets\/epr-icon-plus-white.svg\" class=\"elx-plus elx-hidden\" \/>            <\/h4>        <\/a>    <\/div>    <div class=\"elx-accordion-body elx-accordion-open\"><p>[vc_column_text]<\/span><\/p>\n<h5>\u0160et\u0159ete vodu, maximalizujte efektivitu<\/h5>\n<p>Sni\u017ete spot\u0159ebu vody a\u017e o 50 %* s Line 6000 Barrier Washers, vybaven\u00fdmi druh\u00fdm odtokov\u00fdm ventilem pro chyt\u0159ej\u0161\u00ed a udr\u017eiteln\u011bj\u0161\u00ed provoz pran\u00ed.[\/vc_column_text][vc_empty_space height=&#8221;20px&#8221;][vc_column_text el_class=&#8221;note-style&#8221;]<span class=\"note-style\">* D\u00edky druh\u00e9mu odtokov\u00e9mu ventilu pro recyklaci vody, dostupn\u00e9mu u model\u016f Evolution, Hyvolution a Pullman.[\/vc_column_text][vc_empty_space height=&#8221;20px&#8221;]<\/p>\n    <\/div><\/div>[vc_empty_space height=&#8221;22px&#8221;][elx_button button_text=&#8221;Zjist\u011bte v\u00edce&#8221; button_display_block=&#8221;display_block_on&#8221; button_alignment_mobile=&#8221;text-left-mobile&#8221; button_link=&#8221;url:https%3A%2F%2Fwww.electroluxprofessional.com%2Fcz%2Fcommercial-laundry-equipment%2Fbarierove-pracky-6000%2F|title:Zjist%C4%9Bte%20v%C3%ADce&#8221;][\/vc_column][\/vc_row][vc_row][vc_column][vc_empty_space][\/vc_column][\/vc_row][vc_row][vc_column width=&#8221;1\/2&#8243;][vc_empty_space height=&#8221;12px&#8221;][vc_single_image image=&#8221;14576&#8243; img_size=&#8221;555&#215;548&#8243; alignment=&#8221;center&#8221;][\/vc_column][vc_column width=&#8221;1\/2&#8243;][elx_heading font_container=&#8221;h3&#8243; font_size=&#8221;h3&#8243; text_color=&#8221;electrolux-blue&#8221; text_align=&#8221;text-left&#8221;]Line 6000 Heat Pump Dryers[\/elx_heading][vc_empty_space height=&#8221;12px&#8221;]<div class=\"elx-accordion  elx-accordion-sustainability\">    <div class=\"elx-accordion-heading\">        <a class=\"elx-accordion-link elx-accordion-open\">            <h4 class=\"h4 elx-accordion-title\">                <i class=\"elx-icon icon-sustainability-lightening\"><\/i><div class=\"elx-accordion-icon-title\">    <span>65 %<\/span>    <span>\u00daSPORA ENERGIE<\/span><\/div>                <img decoding=\"async\" src=\"https:\/\/www.electroluxprofessional.com\/cz\/wp-content\/themes\/electroluxpro\/assets\/epr-icon-minus-blue.svg\" class=\"elx-minus\" \/>                <img decoding=\"async\" src=\"https:\/\/www.electroluxprofessional.com\/cz\/wp-content\/themes\/electroluxpro\/assets\/epr-icon-plus-white.svg\" class=\"elx-plus elx-hidden\" \/>            <\/h4>        <\/a>    <\/div>    <div class=\"elx-accordion-body elx-accordion-open\"><p>[vc_column_text]<\/span><\/p>\n<h5>Efektivn\u00ed su\u0161en\u00ed, chytr\u00e9 \u00faspory energie<\/h5>\n<p>Dos\u00e1hn\u011bte a\u017e 65 %* \u00faspory energie se su\u0161i\u010dkou Line 6000 Heat Pump Dryer. Inovativn\u00ed technologie kombinuje vysokou \u00fa\u010dinnost s n\u00edzkou spot\u0159ebou energie pro zelen\u011bj\u0161\u00ed a n\u00e1kladov\u011b efektivn\u00ed \u0159e\u0161en\u00ed.[\/vc_column_text][vc_empty_space height=&#8221;20px&#8221;][vc_column_text el_class=&#8221;note-style&#8221;]<span class=\"note-style\">* Ve srovn\u00e1n\u00ed s ventilovanou su\u0161i\u010dkou.[\/vc_column_text][vc_empty_space height=&#8221;20px&#8221;]<\/p>\n    <\/div><\/div><div class=\"elx-accordion  elx-accordion-sustainability\">    <div class=\"elx-accordion-heading\">        <a class=\"elx-accordion-link elx-accordion-close\">            <h4 class=\"h4 elx-accordion-title\">                <i class=\"elx-icon icon-sustainability-leaf\"><\/i><div class=\"elx-accordion-icon-title\">    <span>33 %<\/span>    <span>SNI\u017dEN\u00cd EMIS\u00cd CO2 O<\/span><\/div>                <img decoding=\"async\" src=\"https:\/\/www.electroluxprofessional.com\/cz\/wp-content\/themes\/electroluxpro\/assets\/epr-icon-minus-blue.svg\" class=\"elx-minus elx-hidden\" \/>                <img decoding=\"async\" src=\"https:\/\/www.electroluxprofessional.com\/cz\/wp-content\/themes\/electroluxpro\/assets\/epr-icon-plus-white.svg\" class=\"elx-plus\" \/>            <\/h4>        <\/a>    <\/div>    <div class=\"elx-accordion-body elx-accordion-close\"><p>[vc_column_text]<\/span><\/p>\n<h5>Zelen\u00e9 su\u0161en\u00ed, ni\u017e\u0161\u00ed CO2<\/h5>\n<p>Sni\u017ete emise CO2 o 33 % na cyklus se su\u0161i\u010dkami Line 6000 Heat Pump Dryers, u\u0161et\u0159\u00edte 6 tun CO2 ve srovn\u00e1n\u00ed s ventilovan\u00fdmi su\u0161i\u010dkami* pro udr\u017eiteln\u011bj\u0161\u00ed a ekologi\u010dt\u011bj\u0161\u00ed provoz.[\/vc_column_text][vc_empty_space height=&#8221;20px&#8221;][vc_column_text el_class=&#8221;note-style&#8221;]<span class=\"note-style\">* Test provedeno s TD6-14HP, pln\u00e1 n\u00e1pl\u0148 \u2013 35 min.[\/vc_column_text][vc_empty_space height=&#8221;20px&#8221;]<\/p>\n    <\/div><\/div>[vc_empty_space height=&#8221;22px&#8221;][elx_button button_text=&#8221;Zjist\u011bte v\u00edce&#8221; button_display_block=&#8221;display_block_on&#8221; button_alignment_mobile=&#8221;text-left-mobile&#8221; button_link=&#8221;url:https%3A%2F%2Fwww.electroluxprofessional.com%2Fcz%2Fcommercial-laundry-equipment%2Fsusicky-pradla%2F|title:Zjist%C4%9Bte%20v%C3%ADce&#8221;][\/vc_column][\/vc_row][vc_row][vc_column][vc_empty_space][\/vc_column][\/vc_row][vc_row][vc_column width=&#8221;1\/2&#8243;][vc_empty_space height=&#8221;12px&#8221;][vc_single_image image=&#8221;14577&#8243; img_size=&#8221;555&#215;548&#8243; alignment=&#8221;center&#8221;][\/vc_column][vc_column width=&#8221;1\/2&#8243;][elx_heading font_container=&#8221;h3&#8243; font_size=&#8221;h3&#8243; text_color=&#8221;electrolux-blue&#8221; text_align=&#8221;text-left&#8221;]Line 6000 Drying Cabinets s tepeln\u00fdm \u010derpadlem[\/elx_heading][vc_empty_space height=&#8221;12px&#8221;]<div class=\"elx-accordion  elx-accordion-sustainability\">    <div class=\"elx-accordion-heading\">        <a class=\"elx-accordion-link elx-accordion-open\">            <h4 class=\"h4 elx-accordion-title\">                <i class=\"elx-icon icon-sustainability-lightening\"><\/i><div class=\"elx-accordion-icon-title\">    <span>40 %<\/span>    <span>\u00daSPORA ENERGIE<\/span><\/div>                <img decoding=\"async\" src=\"https:\/\/www.electroluxprofessional.com\/cz\/wp-content\/themes\/electroluxpro\/assets\/epr-icon-minus-blue.svg\" class=\"elx-minus\" \/>                <img decoding=\"async\" src=\"https:\/\/www.electroluxprofessional.com\/cz\/wp-content\/themes\/electroluxpro\/assets\/epr-icon-plus-white.svg\" class=\"elx-plus elx-hidden\" \/>            <\/h4>        <\/a>    <\/div>    <div class=\"elx-accordion-body elx-accordion-open\"><p>[vc_column_text]<\/span><\/p>\n<h5>\u0160et\u0159ete energii, sni\u017eujte n\u00e1klady<\/h5>\n<p>U\u0161et\u0159ete a\u017e 40 %* na provozn\u00edch n\u00e1kladech s Line 6000 Drying Cabinets, vybaven\u00fdmi technologi\u00ed tepeln\u00fdch \u010derpadel a programy automatick\u00e9ho zastaven\u00ed pro maxim\u00e1ln\u00ed energetickou \u00fa\u010dinnost a udr\u017eiteln\u00e9 \u00faspory.[\/vc_column_text][vc_empty_space height=&#8221;20px&#8221;][vc_column_text el_class=&#8221;note-style&#8221;]<span class=\"note-style\">* Ve srovn\u00e1n\u00ed s ventilovanou su\u0161ic\u00ed sk\u0159\u00edn\u00ed.[\/vc_column_text][vc_empty_space height=&#8221;20px&#8221;]<\/p>\n    <\/div><\/div>[vc_empty_space height=&#8221;22px&#8221;][elx_button button_text=&#8221;Zjist\u011bte v\u00edce&#8221; button_display_block=&#8221;display_block_on&#8221; button_alignment_mobile=&#8221;text-left-mobile&#8221; button_link=&#8221;url:https%3A%2F%2Fwww.electroluxprofessional.com%2Fcz%2Fcommercial-laundry-equipment%2Fsusici-skrine%2F|title:Zjist%C4%9Bte%20v%C3%ADce&#8221;][\/vc_column][\/vc_row][vc_row][vc_column][vc_empty_space][\/vc_column][\/vc_row][vc_row][vc_column width=&#8221;1\/2&#8243;][vc_empty_space height=&#8221;12px&#8221;][vc_single_image image=&#8221;14578&#8243; img_size=&#8221;555&#215;548&#8243; alignment=&#8221;center&#8221;][\/vc_column][vc_column width=&#8221;1\/2&#8243;][elx_heading font_container=&#8221;h3&#8243; font_size=&#8221;h3&#8243; text_color=&#8221;electrolux-blue&#8221; text_align=&#8221;text-left&#8221;]Line 6000 Flatwork Ironers[\/elx_heading][vc_empty_space height=&#8221;12px&#8221;]<div class=\"elx-accordion  elx-accordion-sustainability\">    <div class=\"elx-accordion-heading\">        <a class=\"elx-accordion-link elx-accordion-open\">            <h4 class=\"h4 elx-accordion-title\">                <i class=\"elx-icon icon-sustainability-fire\"><\/i><div class=\"elx-accordion-icon-title\">    <span>20 %<\/span>    <span>\u00daSPORA PLYNU<\/span><\/div>                <img decoding=\"async\" src=\"https:\/\/www.electroluxprofessional.com\/cz\/wp-content\/themes\/electroluxpro\/assets\/epr-icon-minus-blue.svg\" class=\"elx-minus\" \/>                <img decoding=\"async\" src=\"https:\/\/www.electroluxprofessional.com\/cz\/wp-content\/themes\/electroluxpro\/assets\/epr-icon-plus-white.svg\" class=\"elx-plus elx-hidden\" \/>            <\/h4>        <\/a>    <\/div>    <div class=\"elx-accordion-body elx-accordion-open\"><p>[vc_column_text]<\/span><\/p>\n<h5>Zvy\u0161te efektivitu, \u0161et\u0159ete plyn<\/h5>\n<p>Sni\u017ete spot\u0159ebu plynu o 20 %* d\u00edky pokro\u010dil\u00e9 technologii Ceramic Burner v Line 6000 Flatwork Ironers (pouze plynov\u00e9 modely). Efektivn\u00ed, udr\u017eiteln\u00e9 a n\u00e1kladov\u011b efektivn\u00ed.[\/vc_column_text][vc_empty_space height=&#8221;20px&#8221;][vc_column_text el_class=&#8221;note-style&#8221;]<span class=\"note-style\">* Pou\u017eit\u00ed keramick\u00e9ho ho\u0159\u00e1ku ve srovn\u00e1n\u00ed s tradi\u010dn\u00edm modr\u00fdm plamenem. Plat\u00ed pouze pro plynov\u00e9 \u017eehli\u010dky.[\/vc_column_text][vc_empty_space height=&#8221;20px&#8221;]<\/p>\n    <\/div><\/div>[vc_empty_space height=&#8221;22px&#8221;][elx_button button_text=&#8221;Zjist\u011bte v\u00edce&#8221; button_display_block=&#8221;display_block_on&#8221; button_alignment_mobile=&#8221;text-left-mobile&#8221; button_link=&#8221;url:https%3A%2F%2Fwww.electroluxprofessional.com%2Fcz%2Fcommercial-laundry-equipment%2Fvalcove-mandly%2F|title:Zjist%C4%9Bte%20v%C3%ADce&#8221;][\/vc_column][\/vc_row][vc_row][vc_column][vc_empty_space][\/vc_column][\/vc_row][vc_row][vc_column width=&#8221;1\/2&#8243;][vc_empty_space height=&#8221;12px&#8221;][vc_single_image image=&#8221;14579&#8243; img_size=&#8221;555&#215;548&#8243; alignment=&#8221;center&#8221;][\/vc_column][vc_column width=&#8221;1\/2&#8243;][elx_heading font_container=&#8221;h3&#8243; font_size=&#8221;h3&#8243; text_color=&#8221;electrolux-blue&#8221; text_align=&#8221;text-left&#8221;]myPRO Heat Pump Dryers[\/elx_heading][vc_empty_space height=&#8221;12px&#8221;]<div class=\"elx-accordion  elx-accordion-sustainability\">    <div class=\"elx-accordion-heading\">        <a class=\"elx-accordion-link elx-accordion-open\">            <h4 class=\"h4 elx-accordion-title\">                <i class=\"elx-icon icon-sustainability-leaf\"><\/i><div class=\"elx-accordion-icon-title\">    <span>99,8 %<\/span>    <span>SNI\u017dEN\u00cd EMIS\u00cd CO2 O<\/span><\/div>                <img decoding=\"async\" src=\"https:\/\/www.electroluxprofessional.com\/cz\/wp-content\/themes\/electroluxpro\/assets\/epr-icon-minus-blue.svg\" class=\"elx-minus\" \/>                <img decoding=\"async\" src=\"https:\/\/www.electroluxprofessional.com\/cz\/wp-content\/themes\/electroluxpro\/assets\/epr-icon-plus-white.svg\" class=\"elx-plus elx-hidden\" \/>            <\/h4>        <\/a>    <\/div>    <div class=\"elx-accordion-body elx-accordion-open\"><p>[vc_column_text]<\/span><\/p>\n<h5>Udr\u017eiteln\u00e9 su\u0161en\u00ed pro \u010dist\u0161\u00ed budoucnost<\/h5>\n<p>P\u0159echod na chladivo s ni\u017e\u0161\u00edm Global Warming Potential (GWP) sn\u00ed\u017eil emise CO2 o 99,8 %* u myPRO Heat Pump Dryers, podporuj\u00edc\u00ed udr\u017eiteln\u011bj\u0161\u00ed budoucnost.[\/vc_column_text][vc_empty_space height=&#8221;20px&#8221;][vc_column_text el_class=&#8221;note-style&#8221;]<span class=\"note-style\">* Sn\u00ed\u017een\u00ed bylo dosa\u017eeno nahrazen\u00edm chladiva R134a chladivem R290.[\/vc_column_text][vc_empty_space height=&#8221;20px&#8221;]<\/p>\n    <\/div><\/div>[vc_empty_space height=&#8221;22px&#8221;][elx_button button_text=&#8221;Zjist\u011bte v\u00edce&#8221; button_display_block=&#8221;display_block_on&#8221; button_alignment_mobile=&#8221;text-left-mobile&#8221; button_link=&#8221;url:https%3A%2F%2Fwww.electroluxprofessional.com%2Fcz%2Fcommercial-laundry-equipment%2Fmypro-pracky-susicky-parni-zehlice%2F|title:Zjist%C4%9Bte%20v%C3%ADce&#8221;][\/vc_column][\/vc_row][vc_row full_width=&#8221;electroluxpro-full-width-no-padding&#8221;][vc_column][vc_empty_space height=&#8221;48px&#8221;][\/vc_column][\/vc_row][vc_row css=&#8221;.vc_custom_1758284570657{background-color: #F5F5F5 !important;}&#8221;][vc_column][vc_empty_space height=&#8221;50px&#8221;][\/vc_column][\/vc_row][vc_row css=&#8221;.vc_custom_1758284570657{background-color: #F5F5F5 !important;}&#8221;][vc_column width=&#8221;2\/3&#8243;][elx_heading font_container=&#8221;h3&#8243; text_color=&#8221;electrolux-blue&#8221; text_align=&#8221;text-left&#8221;]Dopl\u0148ujeme \u0159e\u0161en\u00ed certifikovan\u00fdmi udr\u017eiteln\u00fdmi prac\u00edmi prost\u0159edky, kter\u00e9 poskytuj\u00ed bezkonkuren\u010dn\u00ed v\u00fdkon a vynikaj\u00edc\u00ed v\u00fdsledky[\/elx_heading][vc_empty_space height=&#8221;14px&#8221;][elx_button button_text=&#8221;NA\u0160E ECO_RANGE PRAC\u00cd PROST\u0158EDKY&#8221; button_display_block=&#8221;display_block_on&#8221; button_alignment_mobile=&#8221;text-left-mobile&#8221; button_link=&#8221;url:https%3A%2F%2Fwww.electroluxprofessional.com%2Fcz%2Faccessories-consumables%2Flaundry%2F|title:NA%C5%A0E%20ECO_RANGE%20PRAC%C3%8D%20PROST%C5%98EDKY&#8221;][\/vc_column][vc_column width=&#8221;1\/3&#8243;][vc_row_inner][vc_column_inner offset=&#8221;vc_hidden-lg vc_hidden-md&#8221;][vc_empty_space][\/vc_column_inner][\/vc_row_inner][vc_single_image image=&#8221;14580&#8243; img_size=&#8221;full&#8221;][\/vc_column][\/vc_row][vc_row css=&#8221;.vc_custom_1758284570657{background-color: #F5F5F5 !important;}&#8221;][vc_column][vc_empty_space height=&#8221;50px&#8221;][\/vc_column][\/vc_row][vc_row full_width=&#8221;electroluxpro-full-width-no-padding&#8221;][vc_column][vc_empty_space height=&#8221;80px&#8221;][\/vc_column][\/vc_row][vc_row full_width=&#8221;electroluxpro-full-width-no-padding&#8221; gap=&#8221;30&#8243; disable_element=&#8221;yes&#8221;][vc_column width=&#8221;1\/2&#8243; css=&#8221;.vc_custom_1758189886753{background-color: #F5F5F5 !important;}&#8221;][vc_single_image image=&#8221;14581&#8243; img_size=&#8221;full&#8221; alignment=&#8221;center&#8221; css=&#8221;.vc_custom_1766143609625{padding-right: 0px !important;padding-left: 0px !important;}&#8221;][elx_heading font_container=&#8221;h4&#8243; font_size=&#8221;h3&#8243; text_color=&#8221;electrolux-blue&#8221; text_align=&#8221;text-center&#8221;]lagoon Advanced Care[\/elx_heading][vc_row_inner full_width=&#8221;electroluxpro-full-width&#8221; gap=&#8221;10&#8243; el_class=&#8221;align-vertical-center row-fit-content-center&#8221;][vc_column_inner width=&#8221;1\/3&#8243;][elx_icons alignment=&#8221;left&#8221; icon_electroluxpro=&#8221;elx-icon icon-sustainability-leaf&#8221;][\/vc_column_inner][vc_column_inner width=&#8221;2\/3&#8243;][vc_column_text]<\/span><\/p>\n<h5>Eco-friendly wet cleaning<\/h5>\n<p>[\/vc_column_text][\/vc_column_inner][\/vc_row_inner][vc_empty_space height=&#8221;20px&#8221;][vc_row_inner][vc_column_inner][vc_column_text css=&#8221;.vc_custom_1762444675864{padding-right: 67px !important;padding-left: 67px !important;}&#8221;]<\/p>\n<p style=\"text-align: center;\">An ergonomic Oven means 75% reduction in sick leave and a 25% increase in productivity for your kitchen*.<\/p>\n<p>[\/vc_column_text][vc_empty_space height=&#8221;20px&#8221;][vc_column_text css=&#8221;.vc_custom_1762444719424{padding-right: 67px !important;padding-left: 67px !important;}&#8221; el_class=&#8221;note-style&#8221;]<\/p>\n<p style=\"text-align: center;\">* Ergonomic interventions can reduce musculoskeletal disorders (WMSDs) by 59%, with an average decrease of 75% in sick days and a 25% increase in productivity.&#8221; &#8211; Dr Francesco Marcolin, CEO of ErgoCert (European Certifed Ergonomist &#8211; EUR.ERG.)<\/p>\n<p>[\/vc_column_text][\/vc_column_inner][\/vc_row_inner][vc_empty_space height=&#8221;48px&#8221;][elx_button button_text=&#8221;Discover more&#8221; button_display_block=&#8221;display_block_on&#8221; button_alignment=&#8221;align_center&#8221; button_alignment_mobile=&#8221;text-center-mobile&#8221; button_link=&#8221;url:https%3A%2F%2Fwww.electroluxprofessional.com%2Fcz%2Fcommercial-laundry-equipment%2Flagoon-advanced-care%2F|title:Discover%20more&#8221;][vc_empty_space][\/vc_column][vc_column width=&#8221;1\/2&#8243; css=&#8221;.vc_custom_1758189986910{background-color: #F5F5F5 !important;}&#8221;][vc_single_image image=&#8221;58419&#8243; img_size=&#8221;full&#8221; alignment=&#8221;center&#8221;][elx_heading font_container=&#8221;h4&#8243; font_size=&#8221;h3&#8243; text_color=&#8221;electrolux-blue&#8221; text_align=&#8221;text-center&#8221;]Heat Pump Dryers[\/elx_heading][vc_row_inner gap=&#8221;10&#8243; el_class=&#8221;align-vertical-center row-fit-content-center&#8221;][vc_column_inner width=&#8221;1\/3&#8243;][elx_icons alignment=&#8221;right&#8221; icon_electroluxpro=&#8221;elx-icon icon-sustainability-lightening&#8221;][\/vc_column_inner][vc_column_inner width=&#8221;2\/3&#8243;][vc_column_text]<\/p>\n<h5>65% energy savings<\/h5>\n<p>[\/vc_column_text][\/vc_column_inner][\/vc_row_inner][vc_empty_space height=&#8221;20px&#8221;][vc_row_inner][vc_column_inner][vc_column_text css=&#8221;.vc_custom_1762444734194{padding-right: 67px !important;padding-left: 67px !important;}&#8221;]<\/p>\n<p style=\"text-align: center;\">Savings on energy, water, detergent and rinse aid calculated using SkyClean function versus equivalent cleaning cycle on previous Electrolux Professional.<\/p>\n<p>[\/vc_column_text][vc_empty_space height=&#8221;20px&#8221;][vc_column_text css=&#8221;.vc_custom_1762444759530{padding-right: 67px !important;padding-left: 67px !important;}&#8221; el_class=&#8221;note-style&#8221;]<\/p>\n<p style=\"text-align: center;\">* Calculation based on Electrolux Professional Lab tests on a SkyLine PremiumS, 10\/1 GN electric triple-glass door, using Plan-n-Save function versus not using the Plan-n-Save function. Data available in April 2019.<\/p>\n<p>[\/vc_column_text][\/vc_column_inner][\/vc_row_inner][vc_empty_space height=&#8221;48px&#8221;][elx_button button_text=&#8221;Discover more&#8221; button_display_block=&#8221;display_block_on&#8221; button_alignment=&#8221;align_center&#8221; button_alignment_mobile=&#8221;text-center-mobile&#8221; button_link=&#8221;url:https%3A%2F%2Fwww.electroluxprofessional.com%2Fcz%2Fcommercial-laundry-equipment%2Ftumble-dryers%2Fheat-pump-dryers%2F|title:Discover%20more&#8221;][vc_empty_space][\/vc_column][\/vc_row][vc_row disable_element=&#8221;yes&#8221;][vc_column][vc_empty_space height=&#8221;80px&#8221;][\/vc_column][\/vc_row][vc_row custom_color_row=&#8221;bg-row-light-blue&#8221; full_width=&#8221;electroluxpro-container-no-padding&#8221;][vc_column width=&#8221;1\/4&#8243;][vc_empty_space height=&#8221;40px&#8221;][elx_image_block background_image=&#8221;14572&#8243; minimum_height=&#8221;150px&#8221;][\/vc_column][vc_column width=&#8221;3\/4&#8243;][vc_empty_space height=&#8221;40px&#8221;][elx_heading text_color=&#8221;inherit&#8221;]Udr\u017eitelnost potk\u00e1v\u00e1 inovaci[\/elx_heading][vc_empty_space height=&#8221;10px&#8221;][vc_column_text]N\u00e1\u0161 z\u00e1vazek k udr\u017eitelnosti se odr\u00e1\u017e\u00ed v <strong>projektu CISMA<\/strong>, inovativn\u00ed iniciativ\u011b <strong>kombinuj\u00edc\u00ed efektivitu<\/strong>,<strong> environment\u00e1ln\u00ed odpov\u011bdnost<\/strong> a <strong>profesion\u00e1ln\u00ed \u0159e\u0161en\u00ed pran\u00ed<\/strong>, kter\u00e1 prom\u011b\u0148uj\u00ed chytr\u00e9 n\u00e1pady v re\u00e1ln\u00fd, m\u011b\u0159iteln\u00fd dopad.[\/vc_column_text][vc_empty_space height=&#8221;25px&#8221;][elx_button button_text=&#8221;Zjist\u011bte v\u00edce&#8221; button_link=&#8221;url:https%3A%2F%2Fwww.electroluxprofessional.com%2Fcisma-project%2F|title:Zjist%C4%9Bte%20v%C3%ADce|target:_blank&#8221;][vc_empty_space height=&#8221;40px&#8221;][\/vc_column][\/vc_row][vc_row][vc_column][vc_empty_space height=&#8221;80px&#8221;][\/vc_column][\/vc_row][vc_row][vc_column][elx_double_banner_sust tag_title=&#8221;h2&#8243; left_title=&#8221;Udr\u017eiteln\u00e1 potravinov\u00e1 \u0159e\u0161en\u00ed&#8221; left_link=&#8221;url:%20https%3A%2F%2Fwww.electroluxprofessional.com%2Fcz%2Fudrzitelne-reseni%2Fudrzitelna-potravinova-reseni%2F|title:Zjist%C4%9Bte%20v%C3%ADce&#8221; right_title=&#8221;Hodnocen\u00ed a certifik\u00e1ty udr\u017eitelnosti&#8221; right_link=&#8221;url:https%3A%2F%2Fwww.electroluxprofessional.com%2Fcz%2Fudrzitelne-reseni%2Fhodnoceni-a-certifikaty-udrzitelnosti%2F|title:Zjist%C4%9Bte%20v%C3%ADce&#8221; left_image_media_library=&#8221;14614&#8243; right_image_media_library=&#8221;14618&#8243;][\/vc_column][\/vc_row][vc_row][vc_column][vc_empty_space height=&#8221;80px&#8221;][\/vc_column][\/vc_row]<\/p>\n","protected":false},"excerpt":{"rendered":"<p>[vc_row full_width=&#8221;electroluxpro-full-width-no-padding&#8221;][vc_column][elx_image_block background_image=&#8221;14571&#8243; vert_back_position=&#8221;top&#8221; minimum_height=&#8221;400px&#8221;][\/vc_column][\/vc_row][vc_row][vc_column][vc_empty_space height=&#8221;40px&#8221;][elx_heading font_container=&#8221;h1&#8243; text_color=&#8221;electrolux-blue&#8221; text_align=&#8221;text-center&#8221;]Formov\u00e1n\u00ed udr\u017eiteln\u00e9ho pran\u00ed[\/elx_heading][vc_empty_space height=&#8221;14px&#8221;][vc_column_text] Dokonal\u00e9 pr\u00e1dlo vy\u017eaduje spot\u0159ebu vody, energie a prac\u00edch prost\u0159edk\u016f. Electrolux Professional vyu\u017e\u00edv\u00e1 technologie a inovace k vytv\u00e1\u0159en\u00ed produkt\u016f s efektivn\u00edm vyu\u017eit\u00edm zdroj\u016f a n\u00edzk\u00fdm dopadem na \u017eivotn\u00ed prost\u0159ed\u00ed, aby z\u00e1kazn\u00edci byli v oblasti udr\u017eitelnosti v\u017edy o krok nap\u0159ed. [\/vc_column_text][vc_empty_space height=&#8221;60px&#8221;][elx_heading text_color=&#8221;electrolux-blue&#8221; text_align=&#8221;text-center&#8221;]\u010cist\u00e1 inovace[\/elx_heading][vc_column_text] [&hellip;]<\/p>\n","protected":false},"author":1,"featured_media":14570,"parent":0,"menu_order":0,"comment_status":"closed","ping_status":"closed","template":"","meta":{"footnotes":""},"class_list":["post-14582","page","type-page","status-publish","has-post-thumbnail","hentry"],"acf":[],"yoast_head":"<!-- This site is optimized with the Yoast SEO plugin v23.3 - https:\/\/yoast.com\/wordpress\/plugins\/seo\/ -->\n<title>Formov\u00e1n\u00ed udr\u017eiteln\u00e9ho pran\u00ed - Electrolux Professional \u010cesk\u00e1 republika<\/title>\n<meta name=\"description\" content=\"Electrolux Professional Sustainable Laundry. Line 6000 technologies cut energy, water and detergent use while delivering maximum efficiency for a smarter and more sustainable laundry operation.Udr\u017eiteln\u00e9 pran\u00ed s Electrolux Professional. Technologie \u0159ady 6000 sni\u017euj\u00ed spot\u0159ebu energie, vody a prac\u00edch prost\u0159edk\u016f a z\u00e1rove\u0148 poskytuj\u00ed maxim\u00e1ln\u00ed \u00fa\u010dinnost pro chyt\u0159ej\u0161\u00ed a udr\u017eiteln\u011bj\u0161\u00ed provoz pr\u00e1delny.\" \/>\n<meta name=\"robots\" content=\"noindex, nofollow\" \/>\n<meta property=\"og:locale\" content=\"cs_CZ\" \/>\n<meta property=\"og:type\" content=\"article\" \/>\n<meta property=\"og:title\" content=\"Formov\u00e1n\u00ed udr\u017eiteln\u00e9ho pran\u00ed - Electrolux Professional \u010cesk\u00e1 republika\" \/>\n<meta property=\"og:description\" content=\"Electrolux Professional Sustainable Laundry. Line 6000 technologies cut energy, water and detergent use while delivering maximum efficiency for a smarter and more sustainable laundry operation.Udr\u017eiteln\u00e9 pran\u00ed s Electrolux Professional. Technologie \u0159ady 6000 sni\u017euj\u00ed spot\u0159ebu energie, vody a prac\u00edch prost\u0159edk\u016f a z\u00e1rove\u0148 poskytuj\u00ed maxim\u00e1ln\u00ed \u00fa\u010dinnost pro chyt\u0159ej\u0161\u00ed a udr\u017eiteln\u011bj\u0161\u00ed provoz pr\u00e1delny.\" \/>\n<meta property=\"og:url\" content=\"https:\/\/www.electroluxprofessional.com\/cz\/formovani-udrzitelneho-prani\/\" \/>\n<meta property=\"og:site_name\" content=\"Electrolux Professional \u010cesk\u00e1 republika\" \/>\n<meta property=\"article:publisher\" content=\"https:\/\/www.facebook.com\/electroluxprofessional\" \/>\n<meta property=\"article:modified_time\" content=\"2026-05-03T10:29:36+00:00\" \/>\n<meta property=\"og:image\" content=\"https:\/\/www.electroluxprofessional.com\/cz\/wp-content\/uploads\/2026\/02\/A-sustainable-approach_1.jpeg\" \/>\n\t<meta property=\"og:image:width\" content=\"577\" \/>\n\t<meta property=\"og:image:height\" content=\"540\" \/>\n\t<meta property=\"og:image:type\" content=\"image\/jpeg\" \/>\n<meta name=\"twitter:card\" content=\"summary_large_image\" \/>\n<meta name=\"twitter:site\" content=\"@ElectroluxPro\" \/>\n<meta name=\"twitter:label1\" content=\"Odhadovan\u00e1 doba \u010dten\u00ed\" \/>\n\t<meta name=\"twitter:data1\" content=\"9 minut\" \/>\n<script type=\"application\/ld+json\" class=\"yoast-schema-graph\">{\"@context\":\"https:\/\/schema.org\",\"@graph\":[{\"@type\":\"WebPage\",\"@id\":\"https:\/\/www.electroluxprofessional.com\/cz\/formovani-udrzitelneho-prani\/\",\"url\":\"https:\/\/www.electroluxprofessional.com\/cz\/formovani-udrzitelneho-prani\/\",\"name\":\"Formov\u00e1n\u00ed udr\u017eiteln\u00e9ho pran\u00ed - Electrolux Professional \u010cesk\u00e1 republika\",\"isPartOf\":{\"@id\":\"https:\/\/www.electroluxprofessional.com\/cz\/#website\"},\"primaryImageOfPage\":{\"@id\":\"https:\/\/www.electroluxprofessional.com\/cz\/formovani-udrzitelneho-prani\/#primaryimage\"},\"image\":{\"@id\":\"https:\/\/www.electroluxprofessional.com\/cz\/formovani-udrzitelneho-prani\/#primaryimage\"},\"thumbnailUrl\":\"https:\/\/www.electroluxprofessional.com\/cz\/wp-content\/uploads\/2026\/02\/A-sustainable-approach_1.jpeg\",\"datePublished\":\"2026-02-23T09:03:03+00:00\",\"dateModified\":\"2026-05-03T10:29:36+00:00\",\"description\":\"Electrolux Professional Sustainable Laundry. Line 6000 technologies cut energy, water and detergent use while delivering maximum efficiency for a smarter and more sustainable laundry operation.Udr\u017eiteln\u00e9 pran\u00ed s Electrolux Professional. Technologie \u0159ady 6000 sni\u017euj\u00ed spot\u0159ebu energie, vody a prac\u00edch prost\u0159edk\u016f a z\u00e1rove\u0148 poskytuj\u00ed maxim\u00e1ln\u00ed \u00fa\u010dinnost pro chyt\u0159ej\u0161\u00ed a udr\u017eiteln\u011bj\u0161\u00ed provoz pr\u00e1delny.\",\"breadcrumb\":{\"@id\":\"https:\/\/www.electroluxprofessional.com\/cz\/formovani-udrzitelneho-prani\/#breadcrumb\"},\"inLanguage\":\"cs\",\"potentialAction\":[{\"@type\":\"ReadAction\",\"target\":[\"https:\/\/www.electroluxprofessional.com\/cz\/formovani-udrzitelneho-prani\/\"]}]},{\"@type\":\"ImageObject\",\"inLanguage\":\"cs\",\"@id\":\"https:\/\/www.electroluxprofessional.com\/cz\/formovani-udrzitelneho-prani\/#primaryimage\",\"url\":\"https:\/\/www.electroluxprofessional.com\/cz\/wp-content\/uploads\/2026\/02\/A-sustainable-approach_1.jpeg\",\"contentUrl\":\"https:\/\/www.electroluxprofessional.com\/cz\/wp-content\/uploads\/2026\/02\/A-sustainable-approach_1.jpeg\",\"width\":577,\"height\":540},{\"@type\":\"BreadcrumbList\",\"@id\":\"https:\/\/www.electroluxprofessional.com\/cz\/formovani-udrzitelneho-prani\/#breadcrumb\",\"itemListElement\":[{\"@type\":\"ListItem\",\"position\":1,\"name\":\"Home\",\"item\":\"https:\/\/www.electroluxprofessional.com\/cz\/\"},{\"@type\":\"ListItem\",\"position\":2,\"name\":\"Formov\u00e1n\u00ed udr\u017eiteln\u00e9ho pran\u00ed\"}]},{\"@type\":\"WebSite\",\"@id\":\"https:\/\/www.electroluxprofessional.com\/cz\/#website\",\"url\":\"https:\/\/www.electroluxprofessional.com\/cz\/\",\"name\":\"Electrolux Professional \u010cesk\u00e1 republika\",\"description\":\"\",\"potentialAction\":[{\"@type\":\"SearchAction\",\"target\":{\"@type\":\"EntryPoint\",\"urlTemplate\":\"https:\/\/www.electroluxprofessional.com\/cz\/?src={search_term_string}\"},\"query-input\":\"required name=search_term_string\"}],\"inLanguage\":\"cs\"}]}<\/script>\n<!-- \/ Yoast SEO plugin. -->","yoast_head_json":{"title":"Formov\u00e1n\u00ed udr\u017eiteln\u00e9ho pran\u00ed - Electrolux Professional \u010cesk\u00e1 republika","description":"Electrolux Professional Sustainable Laundry. Line 6000 technologies cut energy, water and detergent use while delivering maximum efficiency for a smarter and more sustainable laundry operation.Udr\u017eiteln\u00e9 pran\u00ed s Electrolux Professional. Technologie \u0159ady 6000 sni\u017euj\u00ed spot\u0159ebu energie, vody a prac\u00edch prost\u0159edk\u016f a z\u00e1rove\u0148 poskytuj\u00ed maxim\u00e1ln\u00ed \u00fa\u010dinnost pro chyt\u0159ej\u0161\u00ed a udr\u017eiteln\u011bj\u0161\u00ed provoz pr\u00e1delny.","robots":{"index":"noindex","follow":"nofollow"},"og_locale":"cs_CZ","og_type":"article","og_title":"Formov\u00e1n\u00ed udr\u017eiteln\u00e9ho pran\u00ed - Electrolux Professional \u010cesk\u00e1 republika","og_description":"Electrolux Professional Sustainable Laundry. Line 6000 technologies cut energy, water and detergent use while delivering maximum efficiency for a smarter and more sustainable laundry operation.Udr\u017eiteln\u00e9 pran\u00ed s Electrolux Professional. Technologie \u0159ady 6000 sni\u017euj\u00ed spot\u0159ebu energie, vody a prac\u00edch prost\u0159edk\u016f a z\u00e1rove\u0148 poskytuj\u00ed maxim\u00e1ln\u00ed \u00fa\u010dinnost pro chyt\u0159ej\u0161\u00ed a udr\u017eiteln\u011bj\u0161\u00ed provoz pr\u00e1delny.","og_url":"https:\/\/www.electroluxprofessional.com\/cz\/formovani-udrzitelneho-prani\/","og_site_name":"Electrolux Professional \u010cesk\u00e1 republika","article_publisher":"https:\/\/www.facebook.com\/electroluxprofessional","article_modified_time":"2026-05-03T10:29:36+00:00","og_image":[{"width":577,"height":540,"url":"https:\/\/www.electroluxprofessional.com\/cz\/wp-content\/uploads\/2026\/02\/A-sustainable-approach_1.jpeg","type":"image\/jpeg"}],"twitter_card":"summary_large_image","twitter_site":"@ElectroluxPro","twitter_misc":{"Odhadovan\u00e1 doba \u010dten\u00ed":"9 minut"},"schema":{"@context":"https:\/\/schema.org","@graph":[{"@type":"WebPage","@id":"https:\/\/www.electroluxprofessional.com\/cz\/formovani-udrzitelneho-prani\/","url":"https:\/\/www.electroluxprofessional.com\/cz\/formovani-udrzitelneho-prani\/","name":"Formov\u00e1n\u00ed udr\u017eiteln\u00e9ho pran\u00ed - Electrolux Professional \u010cesk\u00e1 republika","isPartOf":{"@id":"https:\/\/www.electroluxprofessional.com\/cz\/#website"},"primaryImageOfPage":{"@id":"https:\/\/www.electroluxprofessional.com\/cz\/formovani-udrzitelneho-prani\/#primaryimage"},"image":{"@id":"https:\/\/www.electroluxprofessional.com\/cz\/formovani-udrzitelneho-prani\/#primaryimage"},"thumbnailUrl":"https:\/\/www.electroluxprofessional.com\/cz\/wp-content\/uploads\/2026\/02\/A-sustainable-approach_1.jpeg","datePublished":"2026-02-23T09:03:03+00:00","dateModified":"2026-05-03T10:29:36+00:00","description":"Electrolux Professional Sustainable Laundry. Line 6000 technologies cut energy, water and detergent use while delivering maximum efficiency for a smarter and more sustainable laundry operation.Udr\u017eiteln\u00e9 pran\u00ed s Electrolux Professional. Technologie \u0159ady 6000 sni\u017euj\u00ed spot\u0159ebu energie, vody a prac\u00edch prost\u0159edk\u016f a z\u00e1rove\u0148 poskytuj\u00ed maxim\u00e1ln\u00ed \u00fa\u010dinnost pro chyt\u0159ej\u0161\u00ed a udr\u017eiteln\u011bj\u0161\u00ed provoz pr\u00e1delny.","breadcrumb":{"@id":"https:\/\/www.electroluxprofessional.com\/cz\/formovani-udrzitelneho-prani\/#breadcrumb"},"inLanguage":"cs","potentialAction":[{"@type":"ReadAction","target":["https:\/\/www.electroluxprofessional.com\/cz\/formovani-udrzitelneho-prani\/"]}]},{"@type":"ImageObject","inLanguage":"cs","@id":"https:\/\/www.electroluxprofessional.com\/cz\/formovani-udrzitelneho-prani\/#primaryimage","url":"https:\/\/www.electroluxprofessional.com\/cz\/wp-content\/uploads\/2026\/02\/A-sustainable-approach_1.jpeg","contentUrl":"https:\/\/www.electroluxprofessional.com\/cz\/wp-content\/uploads\/2026\/02\/A-sustainable-approach_1.jpeg","width":577,"height":540},{"@type":"BreadcrumbList","@id":"https:\/\/www.electroluxprofessional.com\/cz\/formovani-udrzitelneho-prani\/#breadcrumb","itemListElement":[{"@type":"ListItem","position":1,"name":"Home","item":"https:\/\/www.electroluxprofessional.com\/cz\/"},{"@type":"ListItem","position":2,"name":"Formov\u00e1n\u00ed udr\u017eiteln\u00e9ho pran\u00ed"}]},{"@type":"WebSite","@id":"https:\/\/www.electroluxprofessional.com\/cz\/#website","url":"https:\/\/www.electroluxprofessional.com\/cz\/","name":"Electrolux Professional \u010cesk\u00e1 republika","description":"","potentialAction":[{"@type":"SearchAction","target":{"@type":"EntryPoint","urlTemplate":"https:\/\/www.electroluxprofessional.com\/cz\/?src={search_term_string}"},"query-input":"required name=search_term_string"}],"inLanguage":"cs"}]}},"_links":{"self":[{"href":"https:\/\/www.electroluxprofessional.com\/cz\/wp-json\/wp\/v2\/pages\/14582"}],"collection":[{"href":"https:\/\/www.electroluxprofessional.com\/cz\/wp-json\/wp\/v2\/pages"}],"about":[{"href":"https:\/\/www.electroluxprofessional.com\/cz\/wp-json\/wp\/v2\/types\/page"}],"author":[{"embeddable":true,"href":"https:\/\/www.electroluxprofessional.com\/cz\/wp-json\/wp\/v2\/users\/1"}],"replies":[{"embeddable":true,"href":"https:\/\/www.electroluxprofessional.com\/cz\/wp-json\/wp\/v2\/comments?post=14582"}],"version-history":[{"count":14,"href":"https:\/\/www.electroluxprofessional.com\/cz\/wp-json\/wp\/v2\/pages\/14582\/revisions"}],"predecessor-version":[{"id":15310,"href":"https:\/\/www.electroluxprofessional.com\/cz\/wp-json\/wp\/v2\/pages\/14582\/revisions\/15310"}],"wp:featuredmedia":[{"embeddable":true,"href":"https:\/\/www.electroluxprofessional.com\/cz\/wp-json\/wp\/v2\/media\/14570"}],"wp:attachment":[{"href":"https:\/\/www.electroluxprofessional.com\/cz\/wp-json\/wp\/v2\/media?parent=14582"}],"curies":[{"name":"wp","href":"https:\/\/api.w.org\/{rel}","templated":true}]}}