{"id":11245,"date":"2024-02-21T20:30:53","date_gmt":"2024-02-21T20:30:53","guid":{"rendered":"https:\/\/www.electroluxprofessional.com\/cz\/?page_id=11245"},"modified":"2025-11-06T12:50:09","modified_gmt":"2025-11-06T12:50:09","slug":"supermarkets","status":"publish","type":"page","link":"https:\/\/www.electroluxprofessional.com\/cz\/supermarkets\/","title":{"rendered":"Supermarkety"},"content":{"rendered":"<p>[vc_row full_width=&#8221;electroluxpro-full-width-no-padding&#8221;][vc_column][elx_full_banner title=&#8221;Supermarket&#8221; set_as_h1=&#8221;true&#8221; background_image_media_library=&#8221;11235&#8243; background_image_media_library_mobile=&#8221;11244&#8243;][vc_empty_space][elx_heading text_color=&#8221;inherit&#8221; text_align=&#8221;text-center&#8221;]\u0158e\u0161en\u00ed pro ka\u017ed\u00fd supermarket<br \/>\nkoutek p\u0159ipraven\u00fdch j\u00eddel[\/elx_heading][vc_empty_space][elx_button button_text=&#8221;ST\u00c1HN\u011aTE SI BRO\u017dURU&#8221; button_display_block=&#8221;display_block_on&#8221; button_alignment=&#8221;align_center&#8221; button_link=&#8221;url:https%3A%2F%2Fwww.electroluxprofessional.com%2Fcz%2Fwp-content%2Fuploads%2F2022%2F02%2FBR_BR-9JE00196_1_5_1_1_EPR-BrochureSkyLine-SupermarketSegment-EN-20211221-LR.pdf||target:%20_blank|&#8221;][vc_empty_space height=&#8221;50px&#8221;][\/vc_column][\/vc_row][vc_row][vc_column][elx_heading text_color=&#8221;inherit&#8221; text_align=&#8221;text-center&#8221;]Pe\u010den\u00e9 pochoutky, \u010derstv\u00e9 po cel\u00fd den[\/elx_heading][vc_column_text]<\/p>\n<p style=\"text-align: center;\">Standardizujte vysokou kvalitu sv\u00fdch chleb\u016f a pe\u010diva s nejnov\u011bj\u0161\u00ed generac\u00ed spot\u0159ebi\u010d\u016f Electrolux Professional na pe\u010den\u00ed. Revoluce ve sv\u00e9 produktivit\u011b. M\u011bjte v\u017edy p\u0159ipraven\u00e9 \u010derstv\u00e9 t\u011bsto.<\/p>\n<p>[\/vc_column_text][vc_empty_space][\/vc_column][\/vc_row][vc_row][vc_column width=&#8221;1\/2&#8243;][vc_single_image image=&#8221;11236&#8243; img_size=&#8221;full&#8221; alignment=&#8221;center&#8221;][\/vc_column][vc_column width=&#8221;1\/2&#8243;][elx_heading font_container=&#8221;h3&#8243; text_color=&#8221;inherit&#8221;]Upe\u010dte si, co pot\u0159ebujete a kdy to pot\u0159ebujete[\/elx_heading][vc_column_text]S <strong>ventil\u00e1torem <a href=\"https:\/\/www.electroluxprofessional.com\/cz\/commercial-kitchen-equipment\/skyline-combi-oven\/\">SkyLine<\/a> s prom\u011bnnou rychlost\u00ed<\/strong> m\u016f\u017eete va\u0159it r\u016fzn\u00e1 j\u00eddla po cel\u00fd den, od rann\u00edch croissant\u016f a\u017e po chl\u00e9b po cel\u00fd den. Bezchybn\u00e9, rovnom\u011brn\u00e9 v\u00fdsledky d\u00edky <strong>revolu\u010dn\u00edmu cirkula\u010dn\u00edmu syst\u00e9mu OptiFlow, kter\u00fd zaru\u010duje rovnom\u011brn\u00e9 rozlo\u017een\u00ed tepla<\/strong> a konstantn\u00ed teplotu.[\/vc_column_text][vc_empty_space height=&#8221;15px&#8221;][elx_heading font_container=&#8221;h3&#8243; text_color=&#8221;inherit&#8221;]RECEPT* PRODUKTIVITA[\/elx_heading][vc_column_text]<\/p>\n<table>\n<tbody>\n<tr>\n<td style=\"padding-right: 20px;\"><strong>M\u00e1slov\u00e9 chleby<\/strong><\/td>\n<td>A\u017e 240 m\u00e1slov\u00fdch chleb\u016f za m\u00e9n\u011b ne\u017e 13&#8243;<\/td>\n<\/tr>\n<tr>\n<td style=\"padding-right: 20px;\"><strong>Bagety<\/strong><\/td>\n<td>A\u017e 80 baget za 25 minut<\/td>\n<\/tr>\n<tr>\n<td style=\"padding-right: 20px;\"><strong>Su\u0161enky<\/strong><\/td>\n<td>A\u017e 384 cookies za 12 minut<\/td>\n<\/tr>\n<tr>\n<td style=\"padding-right: 20px;\"><strong>Muffiny<\/strong><\/td>\n<td>A\u017e 640 muffin\u016f za 14 minut<\/td>\n<\/tr>\n<\/tbody>\n<\/table>\n<p>[\/vc_column_text][vc_single_image image=&#8221;11237&#8243; img_size=&#8221;full&#8221; alignment=&#8221;center&#8221; css=&#8221;.vc_custom_1644848975284{padding-top: 30px !important;}&#8221;][\/vc_column][\/vc_row][vc_row][vc_column][vc_empty_space height=&#8221;50px&#8221;][\/vc_column][\/vc_row][vc_row][vc_column][elx_heading text_color=&#8221;inherit&#8221; text_align=&#8221;text-center&#8221;]Ud\u011blejte ze sv\u00e9 lah\u016fdky m\u00edsto, kde si vyzvednete ob\u011bd[\/elx_heading][vc_column_text]<\/p>\n<p style=\"text-align: center;\">Roz\u0161i\u0159te sv\u016fj j\u00eddeln\u00ed\u010dek o vysoce kvalitn\u00ed tepl\u00e1 j\u00eddla, kter\u00e1 lze znovu a znovu dokonale napodobit. Rychl\u00e1 a snadn\u00e1 p\u0159\u00edprava masov\u00fdch kuli\u010dek, grilovan\u00e9 zeleniny, obalovan\u00fdch fil\u00e1tek, sma\u017een\u00fdch j\u00eddel a dal\u0161\u00edch pochutin, aby se va\u0161i z\u00e1kazn\u00edci vraceli pro v\u00edce<\/p>\n<p>[\/vc_column_text][vc_empty_space][\/vc_column][\/vc_row][vc_row][vc_column width=&#8221;1\/2&#8243;][vc_single_image image=&#8221;11238&#8243; img_size=&#8221;large&#8221; alignment=&#8221;center&#8221;][\/vc_column][vc_column width=&#8221;1\/2&#8243;][elx_heading font_container=&#8221;h3&#8243; text_color=&#8221;inherit&#8221;]U\u017e \u017e\u00e1dn\u00e9 p\u0159etrv\u00e1vaj\u00edc\u00ed pachy d\u00edky<br \/>\nk recirkula\u010dn\u00ed digesto\u0159i se syst\u00e9mem redukce z\u00e1pachu[\/elx_heading][vc_column_text]<strong>Vzduchov\u00e9 filtry a UVC lampy udr\u017e\u00ed va\u0161i kuchyni \u010distou a dezinfikovanou<\/strong>, i kdy\u017e nem\u016f\u017eete <a href=\"https:\/\/www.electroluxprofessional.com\/cz\/commercial-kitchen-equipment\/skyline-combi-oven\/\">troubu<\/a>\u00a0p\u0159ipojit k centr\u00e1ln\u00edmu ventila\u010dn\u00edmu syst\u00e9mu. Digesto\u0159 lze pou\u017e\u00edt i jako \u010disti\u010dku vzduchu pro okoln\u00ed prost\u0159ed\u00ed: velk\u00fd p\u0159\u00ednos do men\u0161\u00edch prostor.[\/vc_column_text][vc_single_image image=&#8221;11239&#8243; img_size=&#8221;full&#8221; alignment=&#8221;center&#8221; css=&#8221;.vc_custom_1644849324090{padding-top: 30px !important;}&#8221;][vc_empty_space height=&#8221;15px&#8221;][elx_heading font_container=&#8221;h3&#8243; text_color=&#8221;inherit&#8221;]RECEPT* PRODUKTIVITA[\/elx_heading][vc_column_text]<\/p>\n<table>\n<tbody>\n<tr>\n<td style=\"padding-right: 20px;\"><strong>Pe\u010den\u00e9 ku\u0159e<\/strong><\/td>\n<td>A\u017e 384 pe\u010den\u00e9ho ku\u0159ete za 35min.<\/td>\n<\/tr>\n<tr>\n<td style=\"padding-right: 20px;\"><strong>Pe\u010den\u00e9 brambory<\/strong><\/td>\n<td>A\u017e 500 ope\u010den\u00fdch brambor za 40min.<\/td>\n<\/tr>\n<tr>\n<td style=\"padding-right: 20px;\"><strong>Ostatn\u00ed sma\u017een\u00e9<\/strong><\/td>\n<td>A\u017e 300 sma\u017een\u00e9hoza za 30min.<\/td>\n<\/tr>\n<\/tbody>\n<\/table>\n<p>[\/vc_column_text][\/vc_column][\/vc_row][vc_row][vc_column][vc_empty_space height=&#8221;50px&#8221;][\/vc_column][\/vc_row][vc_row][vc_column][elx_heading text_color=&#8221;inherit&#8221; text_align=&#8221;text-center&#8221;]Zami\u0159te vysoko s \u010derstv\u00fdmi rybami a sushi[\/elx_heading][vc_column_text]<\/p>\n<p style=\"text-align: center;\">Chutn\u00e1 a zdrav\u00e1 ryba je pochoutka, kdy\u017e je spr\u00e1vn\u011b uva\u0159en\u00e1. A co je to modern\u00ed supermarket<br \/>\nbez sushi koutku? Pro oba je absolutn\u00ed nutnost\u00ed spr\u00e1vn\u00e9 vybaven\u00ed.<\/p>\n<p>[\/vc_column_text][vc_empty_space][\/vc_column][\/vc_row][vc_row][vc_column width=&#8221;1\/2&#8243;][vc_single_image image=&#8221;11240&#8243; img_size=&#8221;large&#8221; alignment=&#8221;center&#8221;][\/vc_column][vc_column width=&#8221;1\/2&#8243;][elx_heading font_container=&#8221;h3&#8243; text_color=&#8221;inherit&#8221;]V\u00fdznam speci\u00e1ln\u00edch Cycles+[\/elx_heading][vc_column_text]Vyberte si speci\u00e1ln\u011b navr\u017een\u00fd cyklus sushi a sashimi z kategorie ryb a <a href=\"https:\/\/www.electroluxprofessional.com\/cz\/commercial-kitchen-equipment\/blast-chillers-and-freezers\/\"><strong>SkyLine ChillS<\/strong><\/a> se postar\u00e1 o zbytek. Aby bylo zaji\u0161t\u011bno, \u017ee va\u0161e j\u00eddlo neobsahuje anisakis, je va\u0161e sushi p\u0159ed rozmra\u017een\u00edm prudce zmra\u017eeno na -20 \u00b0C a udr\u017eov\u00e1no p\u0159i t\u00e9to teplot\u011b po dobu 24** hodin, aby bylo p\u0159ipraveno k pou\u017eit\u00ed.<\/p>\n<p style=\"font-size: 12px;\">** V souladu s evropsk\u00fdm na\u0159\u00edzen\u00edm 853\/2004<\/p>\n<p>[\/vc_column_text][vc_single_image image=&#8221;11241&#8243; img_size=&#8221;full&#8221; alignment=&#8221;center&#8221; css=&#8221;.vc_custom_1644850049446{padding-top: 30px !important;}&#8221;][\/vc_column][\/vc_row][vc_row][vc_column][vc_empty_space height=&#8221;50px&#8221;][\/vc_column][\/vc_row][vc_row][vc_column][elx_heading text_color=&#8221;inherit&#8221; text_align=&#8221;text-center&#8221;]Nov\u00fd bistro bar ve m\u011bst\u011b[\/elx_heading][vc_column_text]<\/p>\n<p style=\"text-align: center;\">Jako nikdy p\u0159edt\u00edm zde z\u016fstane j\u00eddlo s sebou. Nal\u00e1kejte sv\u00e9 z\u00e1kazn\u00edky l\u00e1kav\u00fdmi j\u00eddly, kter\u00e1 jsou p\u0159\u00edmo k sn\u011bdku<br \/>\nna m\u00edst\u011b nebo ide\u00e1ln\u00ed pro p\u0159evoz do kancel\u00e1\u0159e, parku nebo dom\u016f na pohodov\u00fd ve\u010der<\/p>\n<p>[\/vc_column_text][vc_empty_space][\/vc_column][\/vc_row][vc_row][vc_column width=&#8221;1\/2&#8243;][vc_single_image image=&#8221;11242&#8243; img_size=&#8221;large&#8221; alignment=&#8221;center&#8221;][\/vc_column][vc_column width=&#8221;1\/2&#8243;][elx_heading font_container=&#8221;h3&#8243; text_color=&#8221;inherit&#8221;]Udr\u017een\u00ed a regenerace[\/elx_heading][vc_column_text]P\u0159ipravte, podr\u017ete nebo regenerujte pomoc\u00ed automatick\u00fdch speci\u00e1ln\u00edch cykl\u016f trouby <a href=\"https:\/\/www.electroluxprofessional.com\/cz\/commercial-kitchen-equipment\/skyline-combi-oven\/\"><strong>SkyLine<\/strong><\/a> a specifick\u00e9ho p\u0159\u00edslu\u0161enstv\u00ed, jako jsou oh\u0159\u00edvac\u00ed z\u00e1kladny. Va\u0161e j\u00eddlo se rychle regeneruje a m\u00e1 regulovanou vlhkost a je p\u0159ipraveno k nalo\u017een\u00ed a serv\u00edrov\u00e1n\u00ed.[\/vc_column_text][vc_empty_space height=&#8221;15px&#8221;][elx_heading font_container=&#8221;h3&#8243; text_color=&#8221;inherit&#8221;]Tepl\u00e1 poku\u0161en\u00ed[\/elx_heading][vc_column_text]<strong>K\u0159upav\u00e9 panini, sendvi\u010de a dal\u0161\u00ed!<\/strong> Se <a href=\"https:\/\/www.electroluxprofessional.com\/cz\/my-professional\/speedelight\/\"><strong>SpeeDelight<\/strong><\/a> m\u016f\u017eete b\u011bhem okam\u017eiku oh\u0159\u00e1t lasagne, t\u011bstoviny, zeleninu nebo dezerty a pod\u00e1vat je k dokonalosti.[\/vc_column_text][vc_single_image image=&#8221;11243&#8243; img_size=&#8221;full&#8221; alignment=&#8221;center&#8221; css=&#8221;.vc_custom_1644920763274{padding-top: 30px !important;}&#8221;][vc_empty_space height=&#8221;15px&#8221;][elx_heading font_container=&#8221;h3&#8243; text_color=&#8221;inherit&#8221;]RECEPT* PRODUKTIVITA[\/elx_heading][vc_column_text]<\/p>\n<table>\n<tbody>\n<tr>\n<td style=\"padding-right: 20px;\"><strong>Focaccia <\/strong><\/td>\n<td>A\u017e 256 focaccia za m\u00e9n\u011b ne\u017e 21min.<\/td>\n<\/tr>\n<tr>\n<td style=\"padding-right: 20px; min-width: 185px;\"><strong>Quiche\/Lorraine<\/strong><\/td>\n<td>A\u017e to 256 quiche lorraine za m\u00e9n\u011b ne\u017e 30min.<\/td>\n<\/tr>\n<tr>\n<td style=\"padding-right: 20px;\"><strong>Pizza<\/strong><\/td>\n<td>A\u017e to 256 kousk\u016f pizzy za m\u00e9n\u011b ne\u017e 13min.<\/td>\n<\/tr>\n<\/tbody>\n<\/table>\n<p>[\/vc_column_text][\/vc_column][\/vc_row][vc_row][vc_column][vc_empty_space height=&#8221;50px&#8221;][vc_column_text]<\/p>\n<p style=\"text-align: center;\">* V\u00fd\u0161e uveden\u00e9 \u00fadaje jsou zalo\u017eeny na testech va\u0159en\u00ed proveden\u00fdch na\u0161imi kucha\u0159i, kter\u00e9 odhaduj\u00ed maxim\u00e1ln\u00ed kapacitu spot\u0159ebi\u010de.<br \/>\nV\u00fdsledky se mohou m\u00edrn\u011b li\u0161it v z\u00e1vislosti na receptu a pou\u017eit\u00fdch surovin\u00e1ch.<\/p>\n<p>[\/vc_column_text][vc_empty_space height=&#8221;50px&#8221;][elx_heading text_color=&#8221;inherit&#8221; text_align=&#8221;text-center&#8221;]Chcete-li po\u017e\u00e1dat o dal\u0161\u00ed informace, vypl\u0148te n\u00ed\u017ee uveden\u00fd formul\u00e1\u0159[\/elx_heading][vc_empty_space height=&#8221;15px&#8221;][elx_o2000_contact_us s=&#8221;Po\u017eadavek z webov\u00fdch str\u00e1nek&#8221; country=&#8221;Czech Republic&#8221; b=&#8221;food&#8221; container=&#8221;elxcontactus1497376426&#8243; r=&#8221;M\u00edsto pro va\u0161i zpr\u00e1vu&#8230;&#8221; e=&#8221;&#8221; l=&#8221;cz&#8221;][vc_empty_space height=&#8221;15px&#8221;][\/vc_column][\/vc_row]<\/p>\n","protected":false},"excerpt":{"rendered":"<p>[vc_row full_width=&#8221;electroluxpro-full-width-no-padding&#8221;][vc_column][elx_full_banner title=&#8221;Supermarket&#8221; set_as_h1=&#8221;true&#8221; background_image_media_library=&#8221;11235&#8243; background_image_media_library_mobile=&#8221;11244&#8243;][vc_empty_space][elx_heading text_color=&#8221;inherit&#8221; text_align=&#8221;text-center&#8221;]\u0158e\u0161en\u00ed pro ka\u017ed\u00fd supermarket koutek p\u0159ipraven\u00fdch j\u00eddel[\/elx_heading][vc_empty_space][elx_button button_text=&#8221;ST\u00c1HN\u011aTE SI BRO\u017dURU&#8221; button_display_block=&#8221;display_block_on&#8221; button_alignment=&#8221;align_center&#8221; button_link=&#8221;url:https%3A%2F%2Fwww.electroluxprofessional.com%2Fcz%2Fwp-content%2Fuploads%2F2022%2F02%2FBR_BR-9JE00196_1_5_1_1_EPR-BrochureSkyLine-SupermarketSegment-EN-20211221-LR.pdf||target:%20_blank|&#8221;][vc_empty_space height=&#8221;50px&#8221;][\/vc_column][\/vc_row][vc_row][vc_column][elx_heading text_color=&#8221;inherit&#8221; text_align=&#8221;text-center&#8221;]Pe\u010den\u00e9 pochoutky, \u010derstv\u00e9 po cel\u00fd den[\/elx_heading][vc_column_text] Standardizujte vysokou kvalitu sv\u00fdch chleb\u016f a pe\u010diva s nejnov\u011bj\u0161\u00ed generac\u00ed spot\u0159ebi\u010d\u016f Electrolux Professional na pe\u010den\u00ed. Revoluce ve sv\u00e9 produktivit\u011b. M\u011bjte v\u017edy p\u0159ipraven\u00e9 \u010derstv\u00e9 t\u011bsto. [\/vc_column_text][vc_empty_space][\/vc_column][\/vc_row][vc_row][vc_column width=&#8221;1\/2&#8243;][vc_single_image image=&#8221;11236&#8243; [&hellip;]<\/p>\n","protected":false},"author":39,"featured_media":11235,"parent":0,"menu_order":0,"comment_status":"closed","ping_status":"closed","template":"","meta":{"footnotes":""},"class_list":["post-11245","page","type-page","status-publish","has-post-thumbnail","hentry"],"acf":[],"yoast_head":"<!-- This site is optimized with the Yoast SEO plugin v23.3 - https:\/\/yoast.com\/wordpress\/plugins\/seo\/ -->\n<title>Supermarkety - Electrolux Professional \u010cesk\u00e1 republika<\/title>\n<meta name=\"description\" content=\"\u0158e\u0161en\u00ed pro ka\u017ed\u00fd koutek hotov\u00fdch j\u00eddel v supermarketu: pe\u010den\u00e9 lah\u016fdky, \u010derstv\u00e9 po cel\u00fd den. Ud\u011blejte ze sv\u00e9 lah\u016fdky m\u00edsto, kde si vyzvednete ob\u011bd. Zami\u0159te vysoko s \u010derstv\u00fdmi rybami a sushi. Vytvo\u0159te nov\u00fd bistro bar ve m\u011bst\u011b.\" \/>\n<meta name=\"robots\" content=\"index, follow, max-snippet:-1, max-image-preview:large, max-video-preview:-1\" \/>\n<link rel=\"canonical\" href=\"https:\/\/www.electroluxprofessional.com\/cz\/supermarkets\/\" \/>\n<meta property=\"og:locale\" content=\"cs_CZ\" \/>\n<meta property=\"og:type\" content=\"article\" \/>\n<meta property=\"og:title\" content=\"Supermarkety - Electrolux Professional \u010cesk\u00e1 republika\" \/>\n<meta property=\"og:description\" content=\"\u0158e\u0161en\u00ed pro ka\u017ed\u00fd koutek hotov\u00fdch j\u00eddel v supermarketu: pe\u010den\u00e9 lah\u016fdky, \u010derstv\u00e9 po cel\u00fd den. Ud\u011blejte ze sv\u00e9 lah\u016fdky m\u00edsto, kde si vyzvednete ob\u011bd. Zami\u0159te vysoko s \u010derstv\u00fdmi rybami a sushi. Vytvo\u0159te nov\u00fd bistro bar ve m\u011bst\u011b.\" \/>\n<meta property=\"og:url\" content=\"https:\/\/www.electroluxprofessional.com\/cz\/supermarkets\/\" \/>\n<meta property=\"og:site_name\" content=\"Electrolux Professional \u010cesk\u00e1 republika\" \/>\n<meta property=\"article:publisher\" content=\"https:\/\/www.facebook.com\/electroluxprofessional\" \/>\n<meta property=\"article:modified_time\" content=\"2025-11-06T12:50:09+00:00\" \/>\n<meta property=\"og:image\" content=\"https:\/\/www.electroluxprofessional.com\/cz\/wp-content\/uploads\/2024\/02\/retail_banner_desk.jpg\" \/>\n\t<meta property=\"og:image:width\" content=\"1920\" \/>\n\t<meta property=\"og:image:height\" content=\"582\" \/>\n\t<meta property=\"og:image:type\" content=\"image\/jpeg\" \/>\n<meta name=\"twitter:card\" content=\"summary_large_image\" \/>\n<meta name=\"twitter:site\" content=\"@ElectroluxPro\" \/>\n<meta name=\"twitter:label1\" content=\"Odhadovan\u00e1 doba \u010dten\u00ed\" \/>\n\t<meta name=\"twitter:data1\" content=\"4 minuty\" \/>\n<script type=\"application\/ld+json\" class=\"yoast-schema-graph\">{\"@context\":\"https:\/\/schema.org\",\"@graph\":[{\"@type\":\"WebPage\",\"@id\":\"https:\/\/www.electroluxprofessional.com\/cz\/supermarkets\/\",\"url\":\"https:\/\/www.electroluxprofessional.com\/cz\/supermarkets\/\",\"name\":\"Supermarkety - Electrolux Professional \u010cesk\u00e1 republika\",\"isPartOf\":{\"@id\":\"https:\/\/www.electroluxprofessional.com\/cz\/#website\"},\"primaryImageOfPage\":{\"@id\":\"https:\/\/www.electroluxprofessional.com\/cz\/supermarkets\/#primaryimage\"},\"image\":{\"@id\":\"https:\/\/www.electroluxprofessional.com\/cz\/supermarkets\/#primaryimage\"},\"thumbnailUrl\":\"https:\/\/www.electroluxprofessional.com\/cz\/wp-content\/uploads\/2024\/02\/retail_banner_desk.jpg\",\"datePublished\":\"2024-02-21T20:30:53+00:00\",\"dateModified\":\"2025-11-06T12:50:09+00:00\",\"description\":\"\u0158e\u0161en\u00ed pro ka\u017ed\u00fd koutek hotov\u00fdch j\u00eddel v supermarketu: pe\u010den\u00e9 lah\u016fdky, \u010derstv\u00e9 po cel\u00fd den. Ud\u011blejte ze sv\u00e9 lah\u016fdky m\u00edsto, kde si vyzvednete ob\u011bd. Zami\u0159te vysoko s \u010derstv\u00fdmi rybami a sushi. Vytvo\u0159te nov\u00fd bistro bar ve m\u011bst\u011b.\",\"breadcrumb\":{\"@id\":\"https:\/\/www.electroluxprofessional.com\/cz\/supermarkets\/#breadcrumb\"},\"inLanguage\":\"cs\",\"potentialAction\":[{\"@type\":\"ReadAction\",\"target\":[\"https:\/\/www.electroluxprofessional.com\/cz\/supermarkets\/\"]}]},{\"@type\":\"ImageObject\",\"inLanguage\":\"cs\",\"@id\":\"https:\/\/www.electroluxprofessional.com\/cz\/supermarkets\/#primaryimage\",\"url\":\"https:\/\/www.electroluxprofessional.com\/cz\/wp-content\/uploads\/2024\/02\/retail_banner_desk.jpg\",\"contentUrl\":\"https:\/\/www.electroluxprofessional.com\/cz\/wp-content\/uploads\/2024\/02\/retail_banner_desk.jpg\",\"width\":1920,\"height\":582},{\"@type\":\"BreadcrumbList\",\"@id\":\"https:\/\/www.electroluxprofessional.com\/cz\/supermarkets\/#breadcrumb\",\"itemListElement\":[{\"@type\":\"ListItem\",\"position\":1,\"name\":\"Home\",\"item\":\"https:\/\/www.electroluxprofessional.com\/cz\/\"},{\"@type\":\"ListItem\",\"position\":2,\"name\":\"Supermarkety\"}]},{\"@type\":\"WebSite\",\"@id\":\"https:\/\/www.electroluxprofessional.com\/cz\/#website\",\"url\":\"https:\/\/www.electroluxprofessional.com\/cz\/\",\"name\":\"Electrolux Professional \u010cesk\u00e1 republika\",\"description\":\"\",\"potentialAction\":[{\"@type\":\"SearchAction\",\"target\":{\"@type\":\"EntryPoint\",\"urlTemplate\":\"https:\/\/www.electroluxprofessional.com\/cz\/?src={search_term_string}\"},\"query-input\":\"required name=search_term_string\"}],\"inLanguage\":\"cs\"}]}<\/script>\n<!-- \/ Yoast SEO plugin. -->","yoast_head_json":{"title":"Supermarkety - Electrolux Professional \u010cesk\u00e1 republika","description":"\u0158e\u0161en\u00ed pro ka\u017ed\u00fd koutek hotov\u00fdch j\u00eddel v supermarketu: pe\u010den\u00e9 lah\u016fdky, \u010derstv\u00e9 po cel\u00fd den. Ud\u011blejte ze sv\u00e9 lah\u016fdky m\u00edsto, kde si vyzvednete ob\u011bd. Zami\u0159te vysoko s \u010derstv\u00fdmi rybami a sushi. Vytvo\u0159te nov\u00fd bistro bar ve m\u011bst\u011b.","robots":{"index":"index","follow":"follow","max-snippet":"max-snippet:-1","max-image-preview":"max-image-preview:large","max-video-preview":"max-video-preview:-1"},"canonical":"https:\/\/www.electroluxprofessional.com\/cz\/supermarkets\/","og_locale":"cs_CZ","og_type":"article","og_title":"Supermarkety - Electrolux Professional \u010cesk\u00e1 republika","og_description":"\u0158e\u0161en\u00ed pro ka\u017ed\u00fd koutek hotov\u00fdch j\u00eddel v supermarketu: pe\u010den\u00e9 lah\u016fdky, \u010derstv\u00e9 po cel\u00fd den. Ud\u011blejte ze sv\u00e9 lah\u016fdky m\u00edsto, kde si vyzvednete ob\u011bd. Zami\u0159te vysoko s \u010derstv\u00fdmi rybami a sushi. Vytvo\u0159te nov\u00fd bistro bar ve m\u011bst\u011b.","og_url":"https:\/\/www.electroluxprofessional.com\/cz\/supermarkets\/","og_site_name":"Electrolux Professional \u010cesk\u00e1 republika","article_publisher":"https:\/\/www.facebook.com\/electroluxprofessional","article_modified_time":"2025-11-06T12:50:09+00:00","og_image":[{"width":1920,"height":582,"url":"https:\/\/www.electroluxprofessional.com\/cz\/wp-content\/uploads\/2024\/02\/retail_banner_desk.jpg","type":"image\/jpeg"}],"twitter_card":"summary_large_image","twitter_site":"@ElectroluxPro","twitter_misc":{"Odhadovan\u00e1 doba \u010dten\u00ed":"4 minuty"},"schema":{"@context":"https:\/\/schema.org","@graph":[{"@type":"WebPage","@id":"https:\/\/www.electroluxprofessional.com\/cz\/supermarkets\/","url":"https:\/\/www.electroluxprofessional.com\/cz\/supermarkets\/","name":"Supermarkety - Electrolux Professional \u010cesk\u00e1 republika","isPartOf":{"@id":"https:\/\/www.electroluxprofessional.com\/cz\/#website"},"primaryImageOfPage":{"@id":"https:\/\/www.electroluxprofessional.com\/cz\/supermarkets\/#primaryimage"},"image":{"@id":"https:\/\/www.electroluxprofessional.com\/cz\/supermarkets\/#primaryimage"},"thumbnailUrl":"https:\/\/www.electroluxprofessional.com\/cz\/wp-content\/uploads\/2024\/02\/retail_banner_desk.jpg","datePublished":"2024-02-21T20:30:53+00:00","dateModified":"2025-11-06T12:50:09+00:00","description":"\u0158e\u0161en\u00ed pro ka\u017ed\u00fd koutek hotov\u00fdch j\u00eddel v supermarketu: pe\u010den\u00e9 lah\u016fdky, \u010derstv\u00e9 po cel\u00fd den. Ud\u011blejte ze sv\u00e9 lah\u016fdky m\u00edsto, kde si vyzvednete ob\u011bd. Zami\u0159te vysoko s \u010derstv\u00fdmi rybami a sushi. Vytvo\u0159te nov\u00fd bistro bar ve m\u011bst\u011b.","breadcrumb":{"@id":"https:\/\/www.electroluxprofessional.com\/cz\/supermarkets\/#breadcrumb"},"inLanguage":"cs","potentialAction":[{"@type":"ReadAction","target":["https:\/\/www.electroluxprofessional.com\/cz\/supermarkets\/"]}]},{"@type":"ImageObject","inLanguage":"cs","@id":"https:\/\/www.electroluxprofessional.com\/cz\/supermarkets\/#primaryimage","url":"https:\/\/www.electroluxprofessional.com\/cz\/wp-content\/uploads\/2024\/02\/retail_banner_desk.jpg","contentUrl":"https:\/\/www.electroluxprofessional.com\/cz\/wp-content\/uploads\/2024\/02\/retail_banner_desk.jpg","width":1920,"height":582},{"@type":"BreadcrumbList","@id":"https:\/\/www.electroluxprofessional.com\/cz\/supermarkets\/#breadcrumb","itemListElement":[{"@type":"ListItem","position":1,"name":"Home","item":"https:\/\/www.electroluxprofessional.com\/cz\/"},{"@type":"ListItem","position":2,"name":"Supermarkety"}]},{"@type":"WebSite","@id":"https:\/\/www.electroluxprofessional.com\/cz\/#website","url":"https:\/\/www.electroluxprofessional.com\/cz\/","name":"Electrolux Professional \u010cesk\u00e1 republika","description":"","potentialAction":[{"@type":"SearchAction","target":{"@type":"EntryPoint","urlTemplate":"https:\/\/www.electroluxprofessional.com\/cz\/?src={search_term_string}"},"query-input":"required name=search_term_string"}],"inLanguage":"cs"}]}},"_links":{"self":[{"href":"https:\/\/www.electroluxprofessional.com\/cz\/wp-json\/wp\/v2\/pages\/11245"}],"collection":[{"href":"https:\/\/www.electroluxprofessional.com\/cz\/wp-json\/wp\/v2\/pages"}],"about":[{"href":"https:\/\/www.electroluxprofessional.com\/cz\/wp-json\/wp\/v2\/types\/page"}],"author":[{"embeddable":true,"href":"https:\/\/www.electroluxprofessional.com\/cz\/wp-json\/wp\/v2\/users\/39"}],"replies":[{"embeddable":true,"href":"https:\/\/www.electroluxprofessional.com\/cz\/wp-json\/wp\/v2\/comments?post=11245"}],"version-history":[{"count":17,"href":"https:\/\/www.electroluxprofessional.com\/cz\/wp-json\/wp\/v2\/pages\/11245\/revisions"}],"predecessor-version":[{"id":14047,"href":"https:\/\/www.electroluxprofessional.com\/cz\/wp-json\/wp\/v2\/pages\/11245\/revisions\/14047"}],"wp:featuredmedia":[{"embeddable":true,"href":"https:\/\/www.electroluxprofessional.com\/cz\/wp-json\/wp\/v2\/media\/11235"}],"wp:attachment":[{"href":"https:\/\/www.electroluxprofessional.com\/cz\/wp-json\/wp\/v2\/media?parent=11245"}],"curies":[{"name":"wp","href":"https:\/\/api.w.org\/{rel}","templated":true}]}}