{"id":4463,"date":"2017-05-26T11:50:03","date_gmt":"2017-05-26T11:50:03","guid":{"rendered":"https:\/\/www.electroluxprofessional.com\/br\/?page_id=4463"},"modified":"2025-11-05T16:55:03","modified_gmt":"2025-11-05T16:55:03","slug":"lavaloucas-rack-type","status":"publish","type":"page","link":"https:\/\/www.electroluxprofessional.com\/br\/lavagem-louca\/lavaloucas-rack-type\/","title":{"rendered":"Lava-lou\u00e7as Rack Type"},"content":{"rendered":"<p>[vc_row full_width=&#8221;electroluxpro-full-width-no-padding&#8221;][vc_column][elx_video_block background_image=&#8221;4172&#8243; minimum_height=&#8221;450px&#8221; video_link=&#8221;https:\/\/www.youtube.com\/watch?v=q8ePjAWDzY0&#8243;][\/vc_column][\/vc_row][vc_row][vc_column][elx_heading font_container=&#8221;h3&#8243; font_size=&#8221;h2&#8243; text_color=&#8221;inherit&#8221; text_align=&#8221;text-center&#8221;]<strong>Tranquilidade<\/strong>[\/elx_heading][elx_heading font_container=&#8221;h1&#8243; font_size=&#8221;h2&#8243; text_color=&#8221;inherit&#8221; text_align=&#8221;text-center&#8221;]lava-lou\u00e7as Rack Type <strong>green&amp;clean<\/strong>[\/elx_heading][elx_heading font_size=&#8221;h3&#8243; text_color=&#8221;inherit&#8221; text_align=&#8221;text-center&#8221;]A coluna vertebral do seu neg\u00f3cio[\/elx_heading][vc_empty_space height=&#8221;50px&#8221;][\/vc_column][\/vc_row][vc_row][vc_column width=&#8221;1\/2&#8243;][vc_single_image image=&#8221;4489&#8243; img_size=&#8221;full&#8221;][\/vc_column][vc_column width=&#8221;1\/2&#8243;][vc_row_inner css=&#8221;.vc_custom_1485332032638{margin-right: 0px !important;margin-left: 0px !important;border-right-width: 0px !important;border-left-width: 0px !important;padding-right: 0px !important;padding-left: 0px !important;}&#8221;][vc_column_inner width=&#8221;2\/3&#8243; css=&#8221;.vc_custom_1485332038804{margin-left: 0px !important;border-left-width: 0px !important;padding-left: 0px !important;}&#8221;][elx_heading text_color=&#8221;inherit&#8221;]Lava um cesto com apenas <strong>um copo d&#8217;\u00e1gua<\/strong>[\/elx_heading][vc_empty_space height=&#8221;10px&#8221;][vc_column_text]<\/p>\n<h5>Economize\u00a0R$12500* lavando 500 refei\u00e7\u00f5es\/hora duas vezes ao dia<\/h5>\n<p>[\/vc_column_text][vc_column_text css=&#8221;.vc_custom_1510673426898{margin-top: 0px !important;border-top-width: 0px !important;padding-top: 0px !important;}&#8221;]Um copo de \u00e1gua, \u00e9 tudo o que a nova lava-lou\u00e7as\u00a0Rack Type green &amp; clean precisa para limpar e desinfectar\u00a0um cesto\u00a0de pratos sujos.[\/vc_column_text][\/vc_column_inner][vc_column_inner width=&#8221;1\/3&#8243; css=&#8221;.vc_custom_1485362102536{margin-right: 0px !important;border-right-width: 0px !important;padding-right: 0px !important;}&#8221; offset=&#8221;vc_col-xs-4&#8243;][vc_empty_space][vc_single_image image=&#8221;4176&#8243; img_size=&#8221;full&#8221; alignment=&#8221;center&#8221;][\/vc_column_inner][\/vc_row_inner][vc_row_inner][vc_column_inner width=&#8221;1\/3&#8243; css=&#8221;.vc_custom_1485334232419{margin-left: 0px !important;border-left-width: 0px !important;padding-left: 0px !important;}&#8221;][vc_single_image image=&#8221;2691&#8243; img_size=&#8221;full&#8221;][\/vc_column_inner][vc_column_inner width=&#8221;2\/3&#8243;][\/vc_column_inner][\/vc_row_inner][\/vc_column][\/vc_row][vc_row][vc_column][vc_empty_space][vc_column_text]* O Electrolux\u00a0Professional Lab \u00e9 respons\u00e1vel pelo c\u00e1lculo da economia de custos e \u00e9 credenciado pelo IMQ, INTERTEK, ENERGY STAR. Compara\u00e7\u00e3o realizada entre uma\u00a0lava-lou\u00e7as\u00a0rack type green&amp;clean e uma m\u00e1quina de lavar lou\u00e7a convencional equivalente que usa 300 l\/hora para enxaguar a uma temperatura de entrada de 10\u00b0C, em um refeit\u00f3rio corporativo que serve 500 refei\u00e7\u00f5es por hora, duas vezes por dia, durante um per\u00edodo de 360 dias.[\/vc_column_text][vc_empty_space][\/vc_column][\/vc_row][vc_row][vc_column width=&#8221;1\/4&#8243;][vc_single_image image=&#8221;4178&#8243; img_size=&#8221;full&#8221;][elx_heading font_size=&#8221;h4&#8243; text_color=&#8221;inherit&#8221;]<strong>Ecol\u00f3gico<\/strong><br \/>\nCustos operacionais<br \/>\nmais baixos da ind\u00fastria[\/elx_heading][vc_column_text]<strong>Economize\u00a0R$12.500<\/strong>\u00a0anuais. Com apenas um copo de \u00e1gua por cesto, o inovador m\u00f3dulo de enxague\u00a0green &amp; clean consome menos \u00e1gua, eletricidade, detergente e\u00a0secante[\/vc_column_text][\/vc_column][vc_column width=&#8221;1\/4&#8243;][vc_single_image image=&#8221;2489&#8243; img_size=&#8221;full&#8221;][elx_heading font_size=&#8221;h4&#8243; text_color=&#8221;inherit&#8221;]<strong>Limpo<\/strong><br \/>\nResultados de<br \/>\nlavagem brilhantes[\/elx_heading][vc_column_text]Pratos imaculados ap\u00f3s cada uso gra\u00e7as ao sistema avan\u00e7ado de filtragem\u00a0<strong>CLEAR BLUE,\u00a0<\/strong>que mant\u00e9m a \u00e1gua limpa por mais tempo[\/vc_column_text][\/vc_column][vc_column width=&#8221;1\/4&#8243;][vc_single_image image=&#8221;4179&#8243; img_size=&#8221;full&#8221;][elx_heading font_size=&#8221;h4&#8243; text_color=&#8221;inherit&#8221;]<strong>Seguro<\/strong><br \/>\nDesinfec\u00e7\u00e3o<br \/>\ngarantida[\/elx_heading][vc_column_text]Resultados higi\u00eanicos perfeitos com<strong> WASH\u2022SAFE CONTROL,<\/strong> que garante uma temperatura constante de enxague a 85\u00b0C[\/vc_column_text][\/vc_column][vc_column width=&#8221;1\/4&#8243;][vc_single_image image=&#8221;976&#8243; img_size=&#8221;full&#8221;][elx_heading font_size=&#8221;h4&#8243; text_color=&#8221;inherit&#8221;]<strong>F\u00e1cil<\/strong><br \/>\nUso e<br \/>\nmanuten\u00e7\u00e3o[\/elx_heading][vc_column_text]A tela sens\u00edvel ao toque\u00a0green&amp;clean que fala o seu idioma. Diferentes usu\u00e1rios.\u00a0Diferentes informa\u00e7\u00f5es.\u00a0Informa\u00e7\u00f5es t\u00e9cnicas f\u00e1ceis de entender e solu\u00e7\u00e3o de problemas guiada para reparos r\u00e1pidos[\/vc_column_text][\/vc_column][\/vc_row][vc_row][vc_column width=&#8221;3\/4&#8243;][elx_video_block background_image=&#8221;4180&#8243; minimum_height=&#8221;400px&#8221; video_link=&#8221;https:\/\/www.youtube.com\/watch?v=CQW_GNnqxsM&#8221;][\/vc_column][vc_column width=&#8221;1\/4&#8243;][vc_empty_space][elx_heading font_size=&#8221;h5&#8243; text_color=&#8221;inherit&#8221;]Sob medida[\/elx_heading][vc_column_text]<\/p>\n<h5><strong>Crie sua rack type\u00a0ideal. O sistema modular inovador <\/strong>green&amp;clean permite melhorias e op\u00e7\u00f5es personalizadas que podem ser\u00a0instaladas\u00a0in loco quando quiser.<\/h5>\n<p>[\/vc_column_text][\/vc_column][\/vc_row][vc_row][vc_column][vc_empty_space][elx_heading text_color=&#8221;inherit&#8221;]Bom para o ambiente, <strong> bom para o seu bolso [\/elx_heading][vc_empty_space][\/vc_column][\/vc_row][vc_row][vc_column width=&#8221;1\/4&#8243;][vc_single_image image=&#8221;4181&#8243; img_size=&#8221;full&#8221;][elx_heading font_size=&#8221;h5&#8243; text_color=&#8221;inherit&#8221;]Usa 63%<br \/>\n<strong>menos \u00e1gua<\/strong>[\/elx_heading][vc_column_text]Usando apenas 0,4 litros de \u00e1gua por cesto, com um desempenho de lavagem garantido, voc\u00ea economizar\u00e1 <strong>R$3100\/ano<\/strong>[\/vc_column_text][\/vc_column][vc_column width=&#8221;1\/4&#8243;][vc_single_image image=&#8221;4182&#8243; img_size=&#8221;full&#8221;][elx_heading font_size=&#8221;h5&#8243; text_color=&#8221;inherit&#8221;]Consome 34%<br \/>\n<strong> menos energia [\/elx_heading][vc_column_text]<strong>Economize\u00a0R$6150\/ano<\/strong>\u00a0em\u00a0energia e esque\u00e7a remover a lima manualmente com o amaciador\u00a0autom\u00e1tico\u00a0<strong>ZERO LIME<\/strong>[\/vc_column_text][\/vc_column][vc_column width=&#8221;1\/4&#8243;][vc_single_image image=&#8221;4182&#8243; img_size=&#8221;full&#8221;][elx_heading font_size=&#8221;h5&#8243; text_color=&#8221;inherit&#8221;]Economia adicional<br \/>\n<strong> 50% menos energia [\/elx_heading][vc_column_text]<strong>Poupe at\u00e9\u00a0R$9000\/ano<\/strong> em energia gra\u00e7as \u00e0 solu\u00e7\u00e3o da bomba de calor\u00a0\u00a0<strong>NATURALLY VENTLESS<\/strong>[\/vc_column_text][\/vc_column][vc_column width=&#8221;1\/4&#8243;][vc_single_image image=&#8221;4183&#8243; img_size=&#8221;full&#8221;][elx_heading font_size=&#8221;h5&#8243; text_color=&#8221;inherit&#8221;]Usa 62% <strong><br \/>\nmenos detergente e secante<\/strong>[\/elx_heading][vc_column_text]Melhor para o meio ambiente. Melhor para o seu bolso.<strong> Economize\u00a0at\u00e9 R$3400\/ ano em detergentes e secantes<\/strong>[\/vc_column_text][\/vc_column][\/vc_row][vc_row disable_element=&#8221;yes&#8221;][vc_column][vc_empty_space][elx_heading text_color=&#8221;inherit&#8221; text_align=&#8221;text-left&#8221;]Discover what green&amp;clean rack type dishwasher can do for your business[\/elx_heading][elx_o2000_contact_us r=&#8221;I would like to find out more about green&amp;clean rack type dishwasher. Please get in touch with me.&#8221; s=&#8221;Request of information about green&amp;clean rack type dishwasher&#8221; container=&#8221;elxcontactus1485360056234&#8243;][\/vc_column][\/vc_row][vc_row][vc_column][vc_empty_space height=&#8221;30px&#8221;][elx_heading font_size=&#8221;h3&#8243; text_color=&#8221;inherit&#8221; text_align=&#8221;text-center&#8221;]A voz de nossos clientes[\/elx_heading][vc_empty_space][\/vc_column][\/vc_row][vc_row][vc_column width=&#8221;1\/2&#8243;][vc_single_image image=&#8221;4184&#8243; img_size=&#8221;full&#8221;][\/vc_column][vc_column width=&#8221;1\/2&#8243;][elx_heading font_size=&#8221;h2&#8243; text_color=&#8221;inherit&#8221;]Sodexo[\/elx_heading][vc_column_text]<strong>Refeit\u00f3rio para funcion\u00e1rios<br \/>\nPordenone, Italia<\/strong><\/strong><\/strong><\/strong><\/p>\n<h5>3000 pratos\/dia<\/h5>\n<p>A m\u00e1quina nos traz tranquilidade porque \u00e9 plug and play. \u00c9 mais silenciosa e n\u00e3o h\u00e1 vapor, o que torna o ambiente de trabalho mais confort\u00e1vel, especialmente nos meses de ver\u00e3o. Al\u00e9m disso, o painel de controle \u00e9 muito f\u00e1cil de entender.<\/p>\n<p>Maria Cristina Lot, operadora[\/vc_column_text][\/vc_column][\/vc_row][vc_row][vc_column][vc_empty_space][\/vc_column][\/vc_row][vc_row][vc_column width=&#8221;1\/2&#8243;][vc_single_image image=&#8221;4185&#8243; img_size=&#8221;full&#8221;][\/vc_column][vc_column width=&#8221;1\/2&#8243;][elx_heading font_size=&#8221;h2&#8243; text_color=&#8221;inherit&#8221;]Est\u00e1dio de Leicester[\/elx_heading][vc_column_text]<strong>Reino Unido<\/strong><\/p>\n<h5>1000 cestos\/dia<\/h5>\n<p>Durante um dia de partida regular, atendemos cerca de 1800 refei\u00e7\u00f5es. Nosso principal desafio \u00e9 garantir que todos os clientes comam antes do in\u00edcio do jogo. A m\u00e1quina de lavar lou\u00e7a\u00a0green&amp;clean\u00a0Rack Type \u00e9 excelente, e nos permite economizar muito tempo ao n\u00e3o ter que polir os pratos no final do ciclo. Isso nos deixa tempo para coisas mais importantes, j\u00e1 que apenas a conectamos e iniciamos.<\/p>\n<p>Matt Whiteman, Sous Chef[\/vc_column_text][\/vc_column][\/vc_row][vc_row][vc_column][vc_empty_space][elx_heading font_size=&#8221;h3&#8243; text_color=&#8221;inherit&#8221; text_align=&#8221;text-center&#8221;]Acess\u00f3rios para lava-lou\u00e7as Rack type[\/elx_heading][vc_empty_space][\/vc_column][\/vc_row][vc_row][vc_column width=&#8221;1\/2&#8243;][elx_image_block background_image=&#8221;4173&#8243; minimum_height=&#8221;450px&#8221;][\/vc_column][vc_column width=&#8221;1\/4&#8243;][vc_single_image image=&#8221;4186&#8243;][vc_column_text]15 cestos utens\u00edlios de mesa de vidro[\/vc_column_text][vc_empty_space][vc_single_image image=&#8221;4187&#8243;][vc_column_text]3 recipientes para talheres e utens\u00edlios[\/vc_column_text][\/vc_column][vc_column width=&#8221;1\/4&#8243;][vc_single_image image=&#8221;4188&#8243;][vc_column_text]5 cestos para pratos[\/vc_column_text][vc_empty_space][vc_single_image image=&#8221;4189&#8243;][vc_column_text]4 cestos para bandejas[\/vc_column_text][\/vc_column][\/vc_row][vc_row disable_element=&#8221;yes&#8221;][vc_column][elx_button button_text=&#8221;Descubre m\u00e1s sobre accesorios y consumibles &#8221; button_style=&#8221;icon&#8221; button_link=&#8221;url:%23|title:Accesorios%20y%20consumibles%20para%20lavavajillas||&#8221;][vc_empty_space height=&#8221;50px&#8221;][\/vc_column][\/vc_row][vc_row][vc_column][elx_heading font_size=&#8221;h3&#8243; text_color=&#8221;inherit&#8221; text_align=&#8221;text-left&#8221;]Descubra o que nossas lava-lou\u00e7as Rack Type podem fazer pelo seu neg\u00f3cio[\/elx_heading][elx_o2000_contact_us r=&#8221;&#8221; s=&#8221;Pedido de Informa\u00e7\u00e3o&#8221; e=&#8221;ronaldo.portella@electrolux.com&#8221; country=&#8221;Brazil&#8221; l=&#8221;pt&#8221; container=&#8221;elxcontactus1485360056&#8243;][\/vc_column][\/vc_row][vc_row][vc_column][vc_empty_space][vc_row_inner][vc_column_inner width=&#8221;1\/4&#8243;][elx_download_block text=&#8221;Cat\u00e1logo&#8221; link=&#8221;https:\/\/www.electroluxprofessional.com\/wp-content\/uploads\/2017\/05\/brochure-racktype-9JE00056-LR.pdf&#8221; background_color=&#8221;cat-clean&#8221;][\/vc_column_inner][vc_column_inner width=&#8221;1\/4&#8243;][elx_download_block text=&#8221;Range Overview&#8221; link=&#8221;https:\/\/www.electroluxprofessional.com\/wp-content\/uploads\/2017\/05\/Range-overview-gc-racktype-dishwasher.pdf&#8221; background_color=&#8221;cat-clean&#8221;][\/vc_column_inner][\/vc_row_inner][vc_empty_space][\/vc_column][\/vc_row]<\/p>\n","protected":false},"excerpt":{"rendered":"<p>[vc_row full_width=&#8221;electroluxpro-full-width-no-padding&#8221;][vc_column][elx_video_block background_image=&#8221;4172&#8243; minimum_height=&#8221;450px&#8221; video_link=&#8221;https:\/\/www.youtube.com\/watch?v=q8ePjAWDzY0&#8243;][\/vc_column][\/vc_row][vc_row][vc_column][elx_heading font_container=&#8221;h3&#8243; font_size=&#8221;h2&#8243; text_color=&#8221;inherit&#8221; text_align=&#8221;text-center&#8221;]Tranquilidade[\/elx_heading][elx_heading font_container=&#8221;h1&#8243; font_size=&#8221;h2&#8243; text_color=&#8221;inherit&#8221; text_align=&#8221;text-center&#8221;]lava-lou\u00e7as Rack Type green&amp;clean[\/elx_heading][elx_heading font_size=&#8221;h3&#8243; text_color=&#8221;inherit&#8221; text_align=&#8221;text-center&#8221;]A coluna vertebral do seu neg\u00f3cio[\/elx_heading][vc_empty_space height=&#8221;50px&#8221;][\/vc_column][\/vc_row][vc_row][vc_column width=&#8221;1\/2&#8243;][vc_single_image image=&#8221;4489&#8243; img_size=&#8221;full&#8221;][\/vc_column][vc_column width=&#8221;1\/2&#8243;][vc_row_inner css=&#8221;.vc_custom_1485332032638{margin-right: 0px !important;margin-left: 0px !important;border-right-width: 0px !important;border-left-width: 0px !important;padding-right: 0px !important;padding-left: 0px !important;}&#8221;][vc_column_inner width=&#8221;2\/3&#8243; css=&#8221;.vc_custom_1485332038804{margin-left: 0px !important;border-left-width: 0px !important;padding-left: 0px !important;}&#8221;][elx_heading text_color=&#8221;inherit&#8221;]Lava um cesto com apenas [&hellip;]<\/p>\n","protected":false},"author":23,"featured_media":5117,"parent":3324,"menu_order":0,"comment_status":"closed","ping_status":"closed","template":"","meta":{"footnotes":""},"class_list":["post-4463","page","type-page","status-publish","has-post-thumbnail","hentry"],"acf":[],"yoast_head":"<!-- This site is optimized with the Yoast SEO plugin v23.3 - https:\/\/yoast.com\/wordpress\/plugins\/seo\/ -->\n<title>Lava-lou\u00e7as Rack Type - Electrolux Professional Brasil<\/title>\n<meta name=\"robots\" content=\"index, follow, max-snippet:-1, max-image-preview:large, max-video-preview:-1\" \/>\n<link rel=\"canonical\" href=\"https:\/\/www.electroluxprofessional.com\/br\/lavagem-louca\/lavaloucas-rack-type\/\" \/>\n<meta property=\"og:locale\" content=\"pt_BR\" \/>\n<meta property=\"og:type\" content=\"article\" \/>\n<meta property=\"og:title\" content=\"Lava-lou\u00e7as Rack Type - Electrolux Professional Brasil\" \/>\n<meta property=\"og:description\" content=\"[vc_row full_width=&#8221;electroluxpro-full-width-no-padding&#8221;][vc_column][elx_video_block background_image=&#8221;4172&#8243; minimum_height=&#8221;450px&#8221; video_link=&#8221;https:\/\/www.youtube.com\/watch?v=q8ePjAWDzY0&#8243;][\/vc_column][\/vc_row][vc_row][vc_column][elx_heading font_container=&#8221;h3&#8243; font_size=&#8221;h2&#8243; text_color=&#8221;inherit&#8221; text_align=&#8221;text-center&#8221;]Tranquilidade[\/elx_heading][elx_heading font_container=&#8221;h1&#8243; font_size=&#8221;h2&#8243; text_color=&#8221;inherit&#8221; text_align=&#8221;text-center&#8221;]lava-lou\u00e7as Rack Type green&amp;clean[\/elx_heading][elx_heading font_size=&#8221;h3&#8243; text_color=&#8221;inherit&#8221; text_align=&#8221;text-center&#8221;]A coluna vertebral do seu neg\u00f3cio[\/elx_heading][vc_empty_space height=&#8221;50px&#8221;][\/vc_column][\/vc_row][vc_row][vc_column width=&#8221;1\/2&#8243;][vc_single_image image=&#8221;4489&#8243; img_size=&#8221;full&#8221;][\/vc_column][vc_column width=&#8221;1\/2&#8243;][vc_row_inner css=&#8221;.vc_custom_1485332032638{margin-right: 0px !important;margin-left: 0px !important;border-right-width: 0px !important;border-left-width: 0px !important;padding-right: 0px !important;padding-left: 0px !important;}&#8221;][vc_column_inner width=&#8221;2\/3&#8243; css=&#8221;.vc_custom_1485332038804{margin-left: 0px !important;border-left-width: 0px !important;padding-left: 0px !important;}&#8221;][elx_heading text_color=&#8221;inherit&#8221;]Lava um cesto com apenas [&hellip;]\" \/>\n<meta property=\"og:url\" content=\"https:\/\/www.electroluxprofessional.com\/br\/lavagem-louca\/lavaloucas-rack-type\/\" \/>\n<meta property=\"og:site_name\" content=\"Electrolux Professional Brasil\" \/>\n<meta property=\"article:modified_time\" content=\"2025-11-05T16:55:03+00:00\" \/>\n<meta property=\"og:image\" content=\"https:\/\/www.electroluxprofessional.com\/br\/wp-content\/uploads\/2018\/11\/lava-loucas-Rack-Type.jpg\" \/>\n\t<meta property=\"og:image:width\" content=\"553\" \/>\n\t<meta property=\"og:image:height\" content=\"501\" \/>\n\t<meta property=\"og:image:type\" content=\"image\/jpeg\" \/>\n<meta name=\"twitter:card\" content=\"summary_large_image\" \/>\n<meta name=\"twitter:label1\" content=\"Est. tempo de leitura\" \/>\n\t<meta name=\"twitter:data1\" content=\"5 minutos\" \/>\n<script type=\"application\/ld+json\" class=\"yoast-schema-graph\">{\"@context\":\"https:\/\/schema.org\",\"@graph\":[{\"@type\":\"WebPage\",\"@id\":\"https:\/\/www.electroluxprofessional.com\/br\/lavagem-louca\/lavaloucas-rack-type\/\",\"url\":\"https:\/\/www.electroluxprofessional.com\/br\/lavagem-louca\/lavaloucas-rack-type\/\",\"name\":\"Lava-lou\u00e7as Rack Type - Electrolux Professional Brasil\",\"isPartOf\":{\"@id\":\"https:\/\/www.electroluxprofessional.com\/br\/#website\"},\"primaryImageOfPage\":{\"@id\":\"https:\/\/www.electroluxprofessional.com\/br\/lavagem-louca\/lavaloucas-rack-type\/#primaryimage\"},\"image\":{\"@id\":\"https:\/\/www.electroluxprofessional.com\/br\/lavagem-louca\/lavaloucas-rack-type\/#primaryimage\"},\"thumbnailUrl\":\"https:\/\/www.electroluxprofessional.com\/br\/wp-content\/uploads\/2018\/11\/lava-loucas-Rack-Type.jpg\",\"datePublished\":\"2017-05-26T11:50:03+00:00\",\"dateModified\":\"2025-11-05T16:55:03+00:00\",\"breadcrumb\":{\"@id\":\"https:\/\/www.electroluxprofessional.com\/br\/lavagem-louca\/lavaloucas-rack-type\/#breadcrumb\"},\"inLanguage\":\"pt-BR\",\"potentialAction\":[{\"@type\":\"ReadAction\",\"target\":[\"https:\/\/www.electroluxprofessional.com\/br\/lavagem-louca\/lavaloucas-rack-type\/\"]}]},{\"@type\":\"ImageObject\",\"inLanguage\":\"pt-BR\",\"@id\":\"https:\/\/www.electroluxprofessional.com\/br\/lavagem-louca\/lavaloucas-rack-type\/#primaryimage\",\"url\":\"https:\/\/www.electroluxprofessional.com\/br\/wp-content\/uploads\/2018\/11\/lava-loucas-Rack-Type.jpg\",\"contentUrl\":\"https:\/\/www.electroluxprofessional.com\/br\/wp-content\/uploads\/2018\/11\/lava-loucas-Rack-Type.jpg\",\"width\":553,\"height\":501,\"caption\":\"lava lou\u00e7as Rack Type\"},{\"@type\":\"BreadcrumbList\",\"@id\":\"https:\/\/www.electroluxprofessional.com\/br\/lavagem-louca\/lavaloucas-rack-type\/#breadcrumb\",\"itemListElement\":[{\"@type\":\"ListItem\",\"position\":1,\"name\":\"Home\",\"item\":\"https:\/\/www.electroluxprofessional.com\/br\/\"},{\"@type\":\"ListItem\",\"position\":2,\"name\":\"Lavagem de lou\u00e7a\",\"item\":\"https:\/\/www.electroluxprofessional.com\/br\/lavagem-louca\/\"},{\"@type\":\"ListItem\",\"position\":3,\"name\":\"Lava-lou\u00e7as Rack Type\"}]},{\"@type\":\"WebSite\",\"@id\":\"https:\/\/www.electroluxprofessional.com\/br\/#website\",\"url\":\"https:\/\/www.electroluxprofessional.com\/br\/\",\"name\":\"Electrolux Professional Brasil\",\"description\":\"Equipamiento cocinas profesionales y lavander\u00edas comerciales. Excelencia en el suministro de soluciones profesionales.\",\"potentialAction\":[{\"@type\":\"SearchAction\",\"target\":{\"@type\":\"EntryPoint\",\"urlTemplate\":\"https:\/\/www.electroluxprofessional.com\/br\/?src={search_term_string}\"},\"query-input\":\"required name=search_term_string\"}],\"inLanguage\":\"pt-BR\"}]}<\/script>\n<!-- \/ Yoast SEO plugin. -->","yoast_head_json":{"title":"Lava-lou\u00e7as Rack Type - Electrolux Professional Brasil","robots":{"index":"index","follow":"follow","max-snippet":"max-snippet:-1","max-image-preview":"max-image-preview:large","max-video-preview":"max-video-preview:-1"},"canonical":"https:\/\/www.electroluxprofessional.com\/br\/lavagem-louca\/lavaloucas-rack-type\/","og_locale":"pt_BR","og_type":"article","og_title":"Lava-lou\u00e7as Rack Type - Electrolux Professional Brasil","og_description":"[vc_row full_width=&#8221;electroluxpro-full-width-no-padding&#8221;][vc_column][elx_video_block background_image=&#8221;4172&#8243; minimum_height=&#8221;450px&#8221; video_link=&#8221;https:\/\/www.youtube.com\/watch?v=q8ePjAWDzY0&#8243;][\/vc_column][\/vc_row][vc_row][vc_column][elx_heading font_container=&#8221;h3&#8243; font_size=&#8221;h2&#8243; text_color=&#8221;inherit&#8221; text_align=&#8221;text-center&#8221;]Tranquilidade[\/elx_heading][elx_heading font_container=&#8221;h1&#8243; font_size=&#8221;h2&#8243; text_color=&#8221;inherit&#8221; text_align=&#8221;text-center&#8221;]lava-lou\u00e7as Rack Type green&amp;clean[\/elx_heading][elx_heading font_size=&#8221;h3&#8243; text_color=&#8221;inherit&#8221; text_align=&#8221;text-center&#8221;]A coluna vertebral do seu neg\u00f3cio[\/elx_heading][vc_empty_space height=&#8221;50px&#8221;][\/vc_column][\/vc_row][vc_row][vc_column width=&#8221;1\/2&#8243;][vc_single_image image=&#8221;4489&#8243; img_size=&#8221;full&#8221;][\/vc_column][vc_column width=&#8221;1\/2&#8243;][vc_row_inner css=&#8221;.vc_custom_1485332032638{margin-right: 0px !important;margin-left: 0px !important;border-right-width: 0px !important;border-left-width: 0px !important;padding-right: 0px !important;padding-left: 0px !important;}&#8221;][vc_column_inner width=&#8221;2\/3&#8243; css=&#8221;.vc_custom_1485332038804{margin-left: 0px !important;border-left-width: 0px !important;padding-left: 0px !important;}&#8221;][elx_heading text_color=&#8221;inherit&#8221;]Lava um cesto com apenas [&hellip;]","og_url":"https:\/\/www.electroluxprofessional.com\/br\/lavagem-louca\/lavaloucas-rack-type\/","og_site_name":"Electrolux Professional Brasil","article_modified_time":"2025-11-05T16:55:03+00:00","og_image":[{"width":553,"height":501,"url":"https:\/\/www.electroluxprofessional.com\/br\/wp-content\/uploads\/2018\/11\/lava-loucas-Rack-Type.jpg","type":"image\/jpeg"}],"twitter_card":"summary_large_image","twitter_misc":{"Est. tempo de leitura":"5 minutos"},"schema":{"@context":"https:\/\/schema.org","@graph":[{"@type":"WebPage","@id":"https:\/\/www.electroluxprofessional.com\/br\/lavagem-louca\/lavaloucas-rack-type\/","url":"https:\/\/www.electroluxprofessional.com\/br\/lavagem-louca\/lavaloucas-rack-type\/","name":"Lava-lou\u00e7as Rack Type - Electrolux Professional Brasil","isPartOf":{"@id":"https:\/\/www.electroluxprofessional.com\/br\/#website"},"primaryImageOfPage":{"@id":"https:\/\/www.electroluxprofessional.com\/br\/lavagem-louca\/lavaloucas-rack-type\/#primaryimage"},"image":{"@id":"https:\/\/www.electroluxprofessional.com\/br\/lavagem-louca\/lavaloucas-rack-type\/#primaryimage"},"thumbnailUrl":"https:\/\/www.electroluxprofessional.com\/br\/wp-content\/uploads\/2018\/11\/lava-loucas-Rack-Type.jpg","datePublished":"2017-05-26T11:50:03+00:00","dateModified":"2025-11-05T16:55:03+00:00","breadcrumb":{"@id":"https:\/\/www.electroluxprofessional.com\/br\/lavagem-louca\/lavaloucas-rack-type\/#breadcrumb"},"inLanguage":"pt-BR","potentialAction":[{"@type":"ReadAction","target":["https:\/\/www.electroluxprofessional.com\/br\/lavagem-louca\/lavaloucas-rack-type\/"]}]},{"@type":"ImageObject","inLanguage":"pt-BR","@id":"https:\/\/www.electroluxprofessional.com\/br\/lavagem-louca\/lavaloucas-rack-type\/#primaryimage","url":"https:\/\/www.electroluxprofessional.com\/br\/wp-content\/uploads\/2018\/11\/lava-loucas-Rack-Type.jpg","contentUrl":"https:\/\/www.electroluxprofessional.com\/br\/wp-content\/uploads\/2018\/11\/lava-loucas-Rack-Type.jpg","width":553,"height":501,"caption":"lava lou\u00e7as Rack Type"},{"@type":"BreadcrumbList","@id":"https:\/\/www.electroluxprofessional.com\/br\/lavagem-louca\/lavaloucas-rack-type\/#breadcrumb","itemListElement":[{"@type":"ListItem","position":1,"name":"Home","item":"https:\/\/www.electroluxprofessional.com\/br\/"},{"@type":"ListItem","position":2,"name":"Lavagem de lou\u00e7a","item":"https:\/\/www.electroluxprofessional.com\/br\/lavagem-louca\/"},{"@type":"ListItem","position":3,"name":"Lava-lou\u00e7as Rack Type"}]},{"@type":"WebSite","@id":"https:\/\/www.electroluxprofessional.com\/br\/#website","url":"https:\/\/www.electroluxprofessional.com\/br\/","name":"Electrolux Professional Brasil","description":"Equipamiento cocinas profesionales y lavander\u00edas comerciales. Excelencia en el suministro de soluciones profesionales.","potentialAction":[{"@type":"SearchAction","target":{"@type":"EntryPoint","urlTemplate":"https:\/\/www.electroluxprofessional.com\/br\/?src={search_term_string}"},"query-input":"required name=search_term_string"}],"inLanguage":"pt-BR"}]}},"_links":{"self":[{"href":"https:\/\/www.electroluxprofessional.com\/br\/wp-json\/wp\/v2\/pages\/4463"}],"collection":[{"href":"https:\/\/www.electroluxprofessional.com\/br\/wp-json\/wp\/v2\/pages"}],"about":[{"href":"https:\/\/www.electroluxprofessional.com\/br\/wp-json\/wp\/v2\/types\/page"}],"author":[{"embeddable":true,"href":"https:\/\/www.electroluxprofessional.com\/br\/wp-json\/wp\/v2\/users\/23"}],"replies":[{"embeddable":true,"href":"https:\/\/www.electroluxprofessional.com\/br\/wp-json\/wp\/v2\/comments?post=4463"}],"version-history":[{"count":23,"href":"https:\/\/www.electroluxprofessional.com\/br\/wp-json\/wp\/v2\/pages\/4463\/revisions"}],"predecessor-version":[{"id":6671,"href":"https:\/\/www.electroluxprofessional.com\/br\/wp-json\/wp\/v2\/pages\/4463\/revisions\/6671"}],"up":[{"embeddable":true,"href":"https:\/\/www.electroluxprofessional.com\/br\/wp-json\/wp\/v2\/pages\/3324"}],"wp:featuredmedia":[{"embeddable":true,"href":"https:\/\/www.electroluxprofessional.com\/br\/wp-json\/wp\/v2\/media\/5117"}],"wp:attachment":[{"href":"https:\/\/www.electroluxprofessional.com\/br\/wp-json\/wp\/v2\/media?parent=4463"}],"curies":[{"name":"wp","href":"https:\/\/api.w.org\/{rel}","templated":true}]}}