{"id":3016,"date":"2017-03-03T12:48:43","date_gmt":"2017-03-03T12:48:43","guid":{"rendered":"https:\/\/www.electroluxprofessional.com\/br\/?page_id=3016"},"modified":"2025-11-06T11:31:01","modified_gmt":"2025-11-06T11:31:01","slug":"acessorios-e-consumiveis-cook-chill","status":"publish","type":"page","link":"https:\/\/www.electroluxprofessional.com\/br\/acessorios-e-consumiveis-cook-chill\/","title":{"rendered":"Acess\u00f3rios e Consum\u00edveis &#8211; Cook and chill"},"content":{"rendered":"<p>[vc_row full_width=&#8221;electroluxpro-full-width-no-padding&#8221;][vc_column][elx_hero_title label=&#8221;&#8221; label_background_color=&#8221;inherit&#8221; background_image=&#8221;658&#8243;][elx_heading font_container=&#8221;h1&#8243; font_size=&#8221;h1&#8243; text_color=&#8221;white&#8221; text_align=&#8221;text-center&#8221;]Acess\u00f3rios e Consum\u00edveis<br \/>\nCook &amp; chill[\/elx_heading][\/elx_hero_title][\/vc_column][\/vc_row][vc_row][vc_column][vc_empty_space][elx_heading font_container=&#8221;h3&#8243; text_color=&#8221;inherit&#8221; text_align=&#8221;text-center&#8221;]Obtenha os melhores resultados em seu air-o-system[\/elx_heading][vc_empty_space height=&#8221;50px&#8221;][\/vc_column][\/vc_row][vc_row full_width=&#8221;electroluxpro-container-no-padding&#8221; equal_height=&#8221;yes&#8221;][vc_column width=&#8221;1\/2&#8243;][elx_image_block background_image=&#8221;658&#8243; minimum_height=&#8221;450px&#8221;][\/vc_column][vc_column width=&#8221;1\/2&#8243;][elx_simple_block background_color=&#8221;inherit&#8221;][vc_column_text]<\/p>\n<h4>Grades e bandejas<\/h4>\n<p>Uma ampla gama de solu\u00e7\u00f5es para expandir o seu menu facilmente com o seu Air-o-Steam Touchline: desde recipientes universais, grelhas para frangos, racks, cestas para fritar, bandejas para baguetes e muito mais.[\/vc_column_text][vc_single_image image=&#8221;2502&#8243; img_size=&#8221;600&#215;300&#8243; css_animation=&#8221;right-to-left&#8221;][\/elx_simple_block][\/vc_column][\/vc_row][vc_row][vc_column][vc_empty_space][elx_heading font_container=&#8221;h3&#8243; text_color=&#8221;inherit&#8221; text_align=&#8221;text-center&#8221;]Sous-vide, o complemento perfeito[\/elx_heading][vc_empty_space height=&#8221;50px&#8221;][\/vc_column][\/vc_row][vc_row full_width=&#8221;electroluxpro-container-no-padding&#8221; equal_height=&#8221;yes&#8221;][vc_column width=&#8221;1\/2&#8243;][elx_image_block background_image=&#8221;788&#8243; minimum_height=&#8221;450px&#8221;][\/vc_column][vc_column width=&#8221;1\/2&#8243;][elx_simple_block background_color=&#8221;inherit&#8221;][vc_column_text]<\/p>\n<h4>Embaladora\u00a0de v\u00e1cuo<\/h4>\n<p>Os acess\u00f3rios de embalagem a v\u00e1cuo s\u00e3o indispens\u00e1veis para cozinhar\u00a0sous-vide\u00a0e s\u00e3o \u00fateis para armazenar alimentos, protegendo-os dos efeitos nocivos da umidade e do ar.[\/vc_column_text][vc_single_image image=&#8221;800&#8243; img_size=&#8221;600&#215;300&#8243; css_animation=&#8221;right-to-left&#8221;][\/elx_simple_block][\/vc_column][\/vc_row][vc_row][vc_column][vc_empty_space height=&#8221;50px&#8221;][elx_heading font_container=&#8221;h3&#8243; text_color=&#8221;inherit&#8221; text_align=&#8221;text-center&#8221;]Delicie seus convidados com o toque defumado[\/elx_heading][vc_empty_space height=&#8221;50px&#8221;][\/vc_column][\/vc_row][vc_row full_width=&#8221;electroluxpro-container-no-padding&#8221; equal_height=&#8221;yes&#8221;][vc_column width=&#8221;1\/2&#8243;][elx_image_block background_image=&#8221;794&#8243; minimum_height=&#8221;450px&#8221;][\/vc_column][vc_column width=&#8221;1\/2&#8243;][elx_simple_block background_color=&#8221;inherit&#8221;][vc_column_text]<\/p>\n<h4>Defumador Volcano<\/h4>\n<p>O defumador Volcano \u00e9 o acess\u00f3rio perfeito para fazer suas receitas defumadas em seu forno combinado, usando m\u00e9todos tradicionais com\u00a0lascas de madeira ou especiarias secas.[\/vc_column_text][vc_single_image image=&#8221;806&#8243; img_size=&#8221;500&#215;285&#8243; css_animation=&#8221;right-to-left&#8221;][\/elx_simple_block][\/vc_column][\/vc_row][vc_row][vc_column][vc_empty_space height=&#8221;50px&#8221;][elx_heading font_container=&#8221;h3&#8243; text_color=&#8221;inherit&#8221; text_align=&#8221;text-center&#8221;]Fazer um delicioso frango nunca foi t\u00e3o f\u00e1cil[\/elx_heading][vc_empty_space height=&#8221;50px&#8221;][\/vc_column][\/vc_row][vc_row full_width=&#8221;electroluxpro-container-no-padding&#8221; equal_height=&#8221;yes&#8221;][vc_column width=&#8221;1\/2&#8243;][elx_image_block background_image=&#8221;795&#8243; minimum_height=&#8221;450px&#8221;][\/vc_column][vc_column width=&#8221;1\/2&#8243;][elx_simple_block][vc_column_text]<\/p>\n<h4>Sistema de Frango<\/h4>\n<p>Minimize o tempo de cozimento e maximize o sabor no air-o-steam Touchline. &#8211; A combina\u00e7\u00e3o do ciclo espec\u00edfico para frangos assados crocantes e saborosos juntamente com os acess\u00f3rios para melhorar o manuseio \u00e9 a solu\u00e7\u00e3o perfeita para aumentar facilmente suas vendas[\/vc_column_text][vc_single_image image=&#8221;807&#8243; img_size=&#8221;530&#215;285&#8243; css_animation=&#8221;right-to-left&#8221;][\/elx_simple_block][\/vc_column][\/vc_row][vc_row disable_element=&#8221;yes&#8221;][vc_column][vc_empty_space height=&#8221;50px&#8221;][elx_heading font_container=&#8221;h3&#8243; text_color=&#8221;inherit&#8221; text_align=&#8221;text-center&#8221;]La mejor f\u00f3rmula para cuidar tu equipamiento[\/elx_heading][vc_empty_space height=&#8221;50px&#8221;][\/vc_column][\/vc_row][vc_row full_width=&#8221;electroluxpro-container-no-padding&#8221; equal_height=&#8221;yes&#8221; disable_element=&#8221;yes&#8221;][vc_column width=&#8221;1\/2&#8243;][elx_image_block background_image=&#8221;790&#8243; minimum_height=&#8221;450px&#8221;][\/vc_column][vc_column width=&#8221;1\/2&#8243;][elx_simple_block background_color=&#8221;inherit&#8221;][vc_column_text]<\/p>\n<h4>Limpieza y aclarado extra para hornos<\/h4>\n<p>Nuestros detergentes cumplen los est\u00e1ndares de higiene y seguridad, su rendimiento y eficiencia son elevados.[\/vc_column_text][vc_single_image image=&#8221;802&#8243; img_size=&#8221;440&#215;265&#8243; css_animation=&#8221;right-to-left&#8221;][\/elx_simple_block][\/vc_column][\/vc_row][vc_row][vc_column][vc_empty_space][elx_heading font_size=&#8221;h3&#8243; text_color=&#8221;inherit&#8221; text_align=&#8221;text-center&#8221;]Descubra todos os acess\u00f3rios[\/elx_heading][vc_empty_space height=&#8221;20px&#8221;][elx_video_block background_image=&#8221;693&#8243; video_link=&#8221;https:\/\/www.youtube.com\/watch?v=u_2r9PxDHzI&#8221; minimum_height=&#8221;400px&#8221;][\/vc_column][\/vc_row][vc_row][vc_column][vc_empty_space height=&#8221;40px&#8221;][\/vc_column][\/vc_row][vc_row disable_element=&#8221;yes&#8221;][vc_column width=&#8221;1\/3&#8243;][elx_download_block text=&#8221;Accesorios &amp; Consumibles<br \/>\nCook &amp; Chill&#8221; link=&#8221;files.professional.electrolux.com\/docs\/?n=BR-9JE00044&amp;b=5&amp;l=1&#8243; background_color=&#8221;cat-cook-and-chill&#8221; reveal_effect=&#8221;&#8221; reveal_duration=&#8221;&#8221; reveal_delay=&#8221;&#8221;][\/vc_column][vc_column width=&#8221;1\/3&#8243;][elx_download_block text=&#8221;air-o-system<br \/>\nCat\u00e1logo&#8221; link=&#8221;http:\/\/files.professional.electrolux.com\/docs\/?n=BR-9JEET&amp;b=5&amp;l=4&#8243; background_color=&#8221;cat-cook-and-chill&#8221; reveal_effect=&#8221;&#8221; reveal_duration=&#8221;&#8221; reveal_delay=&#8221;&#8221;][\/vc_column][vc_column width=&#8221;1\/3&#8243;][elx_download_block text=&#8221;Descubre m\u00e1s sobre<br \/>\nCook &amp; Chill&#8221; link=&#8221;https:\/\/www.electroluxprofessional.com\/br\/equipamiento-cocinas-profesionales\/cook-and-chill\/&#8221; link_target=&#8221;self&#8221; background_color=&#8221;electrolux-blue&#8221; background_hover_color=&#8221;lighter-hover&#8221; background_image=&#8221;1281&#8243; reveal_effect=&#8221;&#8221; reveal_duration=&#8221;&#8221; reveal_delay=&#8221;&#8221;][\/vc_column][\/vc_row][vc_row][vc_column][vc_empty_space][elx_heading font_container=&#8221;h3&#8243; text_color=&#8221;inherit&#8221;]D\u00favidas? Entre em contato conosco[\/elx_heading][elx_o2000_contact_us r=&#8221;Gostaria de ter mais informa\u00e7\u00f5es sobre acess\u00f3rios para cozinhar e refrigerar. Por favor, entre em contato comigo.&#8221; s=&#8221;Solicita\u00e7\u00e3o de informa\u00e7\u00f5es sobre acess\u00f3rios para cozinhar e cal\u00e7ar&#8221; e=&#8221;ronaldo.portella@electrolux.com&#8221; l=&#8221;es&#8221; container=&#8221;elxcontactus1484302025&#8243;][\/vc_column][\/vc_row]<\/p>\n","protected":false},"excerpt":{"rendered":"<p>[vc_row full_width=&#8221;electroluxpro-full-width-no-padding&#8221;][vc_column][elx_hero_title label=&#8221;&#8221; label_background_color=&#8221;inherit&#8221; background_image=&#8221;658&#8243;][elx_heading font_container=&#8221;h1&#8243; font_size=&#8221;h1&#8243; text_color=&#8221;white&#8221; text_align=&#8221;text-center&#8221;]Acess\u00f3rios e Consum\u00edveis Cook &amp; chill[\/elx_heading][\/elx_hero_title][\/vc_column][\/vc_row][vc_row][vc_column][vc_empty_space][elx_heading font_container=&#8221;h3&#8243; text_color=&#8221;inherit&#8221; text_align=&#8221;text-center&#8221;]Obtenha os melhores resultados em seu air-o-system[\/elx_heading][vc_empty_space height=&#8221;50px&#8221;][\/vc_column][\/vc_row][vc_row full_width=&#8221;electroluxpro-container-no-padding&#8221; equal_height=&#8221;yes&#8221;][vc_column width=&#8221;1\/2&#8243;][elx_image_block background_image=&#8221;658&#8243; minimum_height=&#8221;450px&#8221;][\/vc_column][vc_column width=&#8221;1\/2&#8243;][elx_simple_block background_color=&#8221;inherit&#8221;][vc_column_text] Grades e bandejas Uma ampla gama de solu\u00e7\u00f5es para expandir o seu menu facilmente com o seu Air-o-Steam Touchline: desde recipientes universais, grelhas para [&hellip;]<\/p>\n","protected":false},"author":23,"featured_media":5125,"parent":0,"menu_order":0,"comment_status":"closed","ping_status":"closed","template":"","meta":{"footnotes":""},"class_list":["post-3016","page","type-page","status-publish","has-post-thumbnail","hentry"],"acf":[],"yoast_head":"<!-- This site is optimized with the Yoast SEO plugin v23.3 - https:\/\/yoast.com\/wordpress\/plugins\/seo\/ -->\n<title>Acess\u00f3rios e Consum\u00edveis - Cook and chill - Electrolux Professional Brasil<\/title>\n<meta name=\"robots\" content=\"index, follow, max-snippet:-1, max-image-preview:large, max-video-preview:-1\" \/>\n<link rel=\"canonical\" href=\"https:\/\/www.electroluxprofessional.com\/br\/acessorios-e-consumiveis-cook-chill\/\" \/>\n<meta property=\"og:locale\" content=\"pt_BR\" \/>\n<meta property=\"og:type\" content=\"article\" \/>\n<meta property=\"og:title\" content=\"Acess\u00f3rios e Consum\u00edveis - Cook and chill - Electrolux Professional Brasil\" \/>\n<meta property=\"og:description\" content=\"[vc_row full_width=&#8221;electroluxpro-full-width-no-padding&#8221;][vc_column][elx_hero_title label=&#8221;&#8221; label_background_color=&#8221;inherit&#8221; background_image=&#8221;658&#8243;][elx_heading font_container=&#8221;h1&#8243; font_size=&#8221;h1&#8243; text_color=&#8221;white&#8221; text_align=&#8221;text-center&#8221;]Acess\u00f3rios e Consum\u00edveis Cook &amp; chill[\/elx_heading][\/elx_hero_title][\/vc_column][\/vc_row][vc_row][vc_column][vc_empty_space][elx_heading font_container=&#8221;h3&#8243; text_color=&#8221;inherit&#8221; text_align=&#8221;text-center&#8221;]Obtenha os melhores resultados em seu air-o-system[\/elx_heading][vc_empty_space height=&#8221;50px&#8221;][\/vc_column][\/vc_row][vc_row full_width=&#8221;electroluxpro-container-no-padding&#8221; equal_height=&#8221;yes&#8221;][vc_column width=&#8221;1\/2&#8243;][elx_image_block background_image=&#8221;658&#8243; minimum_height=&#8221;450px&#8221;][\/vc_column][vc_column width=&#8221;1\/2&#8243;][elx_simple_block background_color=&#8221;inherit&#8221;][vc_column_text] Grades e bandejas Uma ampla gama de solu\u00e7\u00f5es para expandir o seu menu facilmente com o seu Air-o-Steam Touchline: desde recipientes universais, grelhas para [&hellip;]\" \/>\n<meta property=\"og:url\" content=\"https:\/\/www.electroluxprofessional.com\/br\/acessorios-e-consumiveis-cook-chill\/\" \/>\n<meta property=\"og:site_name\" content=\"Electrolux Professional Brasil\" \/>\n<meta property=\"article:modified_time\" content=\"2025-11-06T11:31:01+00:00\" \/>\n<meta property=\"og:image\" content=\"https:\/\/www.electroluxprofessional.com\/br\/wp-content\/uploads\/2018\/11\/Acessorios-e-Consumiveis-Cook-and-chill.jpg\" \/>\n\t<meta property=\"og:image:width\" content=\"565\" \/>\n\t<meta property=\"og:image:height\" content=\"556\" \/>\n\t<meta property=\"og:image:type\" content=\"image\/jpeg\" \/>\n<meta name=\"twitter:card\" content=\"summary_large_image\" \/>\n<meta name=\"twitter:label1\" content=\"Est. tempo de leitura\" \/>\n\t<meta name=\"twitter:data1\" content=\"4 minutos\" \/>\n<script type=\"application\/ld+json\" class=\"yoast-schema-graph\">{\"@context\":\"https:\/\/schema.org\",\"@graph\":[{\"@type\":\"WebPage\",\"@id\":\"https:\/\/www.electroluxprofessional.com\/br\/acessorios-e-consumiveis-cook-chill\/\",\"url\":\"https:\/\/www.electroluxprofessional.com\/br\/acessorios-e-consumiveis-cook-chill\/\",\"name\":\"Acess\u00f3rios e Consum\u00edveis - Cook and chill - Electrolux Professional Brasil\",\"isPartOf\":{\"@id\":\"https:\/\/www.electroluxprofessional.com\/br\/#website\"},\"primaryImageOfPage\":{\"@id\":\"https:\/\/www.electroluxprofessional.com\/br\/acessorios-e-consumiveis-cook-chill\/#primaryimage\"},\"image\":{\"@id\":\"https:\/\/www.electroluxprofessional.com\/br\/acessorios-e-consumiveis-cook-chill\/#primaryimage\"},\"thumbnailUrl\":\"https:\/\/www.electroluxprofessional.com\/br\/wp-content\/uploads\/2018\/11\/Acessorios-e-Consumiveis-Cook-and-chill.jpg\",\"datePublished\":\"2017-03-03T12:48:43+00:00\",\"dateModified\":\"2025-11-06T11:31:01+00:00\",\"breadcrumb\":{\"@id\":\"https:\/\/www.electroluxprofessional.com\/br\/acessorios-e-consumiveis-cook-chill\/#breadcrumb\"},\"inLanguage\":\"pt-BR\",\"potentialAction\":[{\"@type\":\"ReadAction\",\"target\":[\"https:\/\/www.electroluxprofessional.com\/br\/acessorios-e-consumiveis-cook-chill\/\"]}]},{\"@type\":\"ImageObject\",\"inLanguage\":\"pt-BR\",\"@id\":\"https:\/\/www.electroluxprofessional.com\/br\/acessorios-e-consumiveis-cook-chill\/#primaryimage\",\"url\":\"https:\/\/www.electroluxprofessional.com\/br\/wp-content\/uploads\/2018\/11\/Acessorios-e-Consumiveis-Cook-and-chill.jpg\",\"contentUrl\":\"https:\/\/www.electroluxprofessional.com\/br\/wp-content\/uploads\/2018\/11\/Acessorios-e-Consumiveis-Cook-and-chill.jpg\",\"width\":565,\"height\":556,\"caption\":\"Acess\u00f3rios e Consum\u00edveis - Cook and chill\"},{\"@type\":\"BreadcrumbList\",\"@id\":\"https:\/\/www.electroluxprofessional.com\/br\/acessorios-e-consumiveis-cook-chill\/#breadcrumb\",\"itemListElement\":[{\"@type\":\"ListItem\",\"position\":1,\"name\":\"Home\",\"item\":\"https:\/\/www.electroluxprofessional.com\/br\/\"},{\"@type\":\"ListItem\",\"position\":2,\"name\":\"Acess\u00f3rios e Consum\u00edveis &#8211; Cook and chill\"}]},{\"@type\":\"WebSite\",\"@id\":\"https:\/\/www.electroluxprofessional.com\/br\/#website\",\"url\":\"https:\/\/www.electroluxprofessional.com\/br\/\",\"name\":\"Electrolux Professional Brasil\",\"description\":\"Equipamiento cocinas profesionales y lavander\u00edas comerciales. Excelencia en el suministro de soluciones profesionales.\",\"potentialAction\":[{\"@type\":\"SearchAction\",\"target\":{\"@type\":\"EntryPoint\",\"urlTemplate\":\"https:\/\/www.electroluxprofessional.com\/br\/?src={search_term_string}\"},\"query-input\":\"required name=search_term_string\"}],\"inLanguage\":\"pt-BR\"}]}<\/script>\n<!-- \/ Yoast SEO plugin. -->","yoast_head_json":{"title":"Acess\u00f3rios e Consum\u00edveis - Cook and chill - Electrolux Professional Brasil","robots":{"index":"index","follow":"follow","max-snippet":"max-snippet:-1","max-image-preview":"max-image-preview:large","max-video-preview":"max-video-preview:-1"},"canonical":"https:\/\/www.electroluxprofessional.com\/br\/acessorios-e-consumiveis-cook-chill\/","og_locale":"pt_BR","og_type":"article","og_title":"Acess\u00f3rios e Consum\u00edveis - Cook and chill - Electrolux Professional Brasil","og_description":"[vc_row full_width=&#8221;electroluxpro-full-width-no-padding&#8221;][vc_column][elx_hero_title label=&#8221;&#8221; label_background_color=&#8221;inherit&#8221; background_image=&#8221;658&#8243;][elx_heading font_container=&#8221;h1&#8243; font_size=&#8221;h1&#8243; text_color=&#8221;white&#8221; text_align=&#8221;text-center&#8221;]Acess\u00f3rios e Consum\u00edveis Cook &amp; chill[\/elx_heading][\/elx_hero_title][\/vc_column][\/vc_row][vc_row][vc_column][vc_empty_space][elx_heading font_container=&#8221;h3&#8243; text_color=&#8221;inherit&#8221; text_align=&#8221;text-center&#8221;]Obtenha os melhores resultados em seu air-o-system[\/elx_heading][vc_empty_space height=&#8221;50px&#8221;][\/vc_column][\/vc_row][vc_row full_width=&#8221;electroluxpro-container-no-padding&#8221; equal_height=&#8221;yes&#8221;][vc_column width=&#8221;1\/2&#8243;][elx_image_block background_image=&#8221;658&#8243; minimum_height=&#8221;450px&#8221;][\/vc_column][vc_column width=&#8221;1\/2&#8243;][elx_simple_block background_color=&#8221;inherit&#8221;][vc_column_text] Grades e bandejas Uma ampla gama de solu\u00e7\u00f5es para expandir o seu menu facilmente com o seu Air-o-Steam Touchline: desde recipientes universais, grelhas para [&hellip;]","og_url":"https:\/\/www.electroluxprofessional.com\/br\/acessorios-e-consumiveis-cook-chill\/","og_site_name":"Electrolux Professional Brasil","article_modified_time":"2025-11-06T11:31:01+00:00","og_image":[{"width":565,"height":556,"url":"https:\/\/www.electroluxprofessional.com\/br\/wp-content\/uploads\/2018\/11\/Acessorios-e-Consumiveis-Cook-and-chill.jpg","type":"image\/jpeg"}],"twitter_card":"summary_large_image","twitter_misc":{"Est. tempo de leitura":"4 minutos"},"schema":{"@context":"https:\/\/schema.org","@graph":[{"@type":"WebPage","@id":"https:\/\/www.electroluxprofessional.com\/br\/acessorios-e-consumiveis-cook-chill\/","url":"https:\/\/www.electroluxprofessional.com\/br\/acessorios-e-consumiveis-cook-chill\/","name":"Acess\u00f3rios e Consum\u00edveis - Cook and chill - Electrolux Professional Brasil","isPartOf":{"@id":"https:\/\/www.electroluxprofessional.com\/br\/#website"},"primaryImageOfPage":{"@id":"https:\/\/www.electroluxprofessional.com\/br\/acessorios-e-consumiveis-cook-chill\/#primaryimage"},"image":{"@id":"https:\/\/www.electroluxprofessional.com\/br\/acessorios-e-consumiveis-cook-chill\/#primaryimage"},"thumbnailUrl":"https:\/\/www.electroluxprofessional.com\/br\/wp-content\/uploads\/2018\/11\/Acessorios-e-Consumiveis-Cook-and-chill.jpg","datePublished":"2017-03-03T12:48:43+00:00","dateModified":"2025-11-06T11:31:01+00:00","breadcrumb":{"@id":"https:\/\/www.electroluxprofessional.com\/br\/acessorios-e-consumiveis-cook-chill\/#breadcrumb"},"inLanguage":"pt-BR","potentialAction":[{"@type":"ReadAction","target":["https:\/\/www.electroluxprofessional.com\/br\/acessorios-e-consumiveis-cook-chill\/"]}]},{"@type":"ImageObject","inLanguage":"pt-BR","@id":"https:\/\/www.electroluxprofessional.com\/br\/acessorios-e-consumiveis-cook-chill\/#primaryimage","url":"https:\/\/www.electroluxprofessional.com\/br\/wp-content\/uploads\/2018\/11\/Acessorios-e-Consumiveis-Cook-and-chill.jpg","contentUrl":"https:\/\/www.electroluxprofessional.com\/br\/wp-content\/uploads\/2018\/11\/Acessorios-e-Consumiveis-Cook-and-chill.jpg","width":565,"height":556,"caption":"Acess\u00f3rios e Consum\u00edveis - Cook and chill"},{"@type":"BreadcrumbList","@id":"https:\/\/www.electroluxprofessional.com\/br\/acessorios-e-consumiveis-cook-chill\/#breadcrumb","itemListElement":[{"@type":"ListItem","position":1,"name":"Home","item":"https:\/\/www.electroluxprofessional.com\/br\/"},{"@type":"ListItem","position":2,"name":"Acess\u00f3rios e Consum\u00edveis &#8211; Cook and chill"}]},{"@type":"WebSite","@id":"https:\/\/www.electroluxprofessional.com\/br\/#website","url":"https:\/\/www.electroluxprofessional.com\/br\/","name":"Electrolux Professional Brasil","description":"Equipamiento cocinas profesionales y lavander\u00edas comerciales. Excelencia en el suministro de soluciones profesionales.","potentialAction":[{"@type":"SearchAction","target":{"@type":"EntryPoint","urlTemplate":"https:\/\/www.electroluxprofessional.com\/br\/?src={search_term_string}"},"query-input":"required name=search_term_string"}],"inLanguage":"pt-BR"}]}},"_links":{"self":[{"href":"https:\/\/www.electroluxprofessional.com\/br\/wp-json\/wp\/v2\/pages\/3016"}],"collection":[{"href":"https:\/\/www.electroluxprofessional.com\/br\/wp-json\/wp\/v2\/pages"}],"about":[{"href":"https:\/\/www.electroluxprofessional.com\/br\/wp-json\/wp\/v2\/types\/page"}],"author":[{"embeddable":true,"href":"https:\/\/www.electroluxprofessional.com\/br\/wp-json\/wp\/v2\/users\/23"}],"replies":[{"embeddable":true,"href":"https:\/\/www.electroluxprofessional.com\/br\/wp-json\/wp\/v2\/comments?post=3016"}],"version-history":[{"count":19,"href":"https:\/\/www.electroluxprofessional.com\/br\/wp-json\/wp\/v2\/pages\/3016\/revisions"}],"predecessor-version":[{"id":6691,"href":"https:\/\/www.electroluxprofessional.com\/br\/wp-json\/wp\/v2\/pages\/3016\/revisions\/6691"}],"wp:featuredmedia":[{"embeddable":true,"href":"https:\/\/www.electroluxprofessional.com\/br\/wp-json\/wp\/v2\/media\/5125"}],"wp:attachment":[{"href":"https:\/\/www.electroluxprofessional.com\/br\/wp-json\/wp\/v2\/media?parent=3016"}],"curies":[{"name":"wp","href":"https:\/\/api.w.org\/{rel}","templated":true}]}}