{"id":13860,"date":"2022-05-19T12:34:34","date_gmt":"2022-05-19T11:34:34","guid":{"rendered":"https:\/\/www.electroluxprofessional.com\/at\/?page_id=13860"},"modified":"2024-07-16T14:20:45","modified_gmt":"2024-07-16T13:20:45","slug":"bars-und-cafes","status":"publish","type":"page","link":"https:\/\/www.electroluxprofessional.com\/at\/branchenloesungen\/bars-und-cafes\/","title":{"rendered":"Bars und Caf\u00e9s"},"content":{"rendered":"<p>[vc_row full_width=&#8221;electroluxpro-full-width-no-padding&#8221;][vc_column][vc_single_image image=&#8221;12173&#8243; img_size=&#8221;2000&#215;350&#8243; alignment=&#8221;center&#8221;][\/vc_column][\/vc_row][vc_row][vc_column][vc_empty_space][\/vc_column][\/vc_row][vc_row][vc_column width=&#8221;1\/4&#8243;][vc_single_image image=&#8221;12174&#8243; img_size=&#8221;110*110&#8243; alignment=&#8221;center&#8221;][\/vc_column][vc_column width=&#8221;3\/4&#8243;][vc_empty_space height=&#8221;15px&#8221;][elx_heading font_container=&#8221;h1&#8243; font_size=&#8221;h3&#8243; text_color=&#8221;bars&#8221; text_align=&#8221;text-left&#8221;]Bars &amp; Caf\u00e8s[\/elx_heading][\/vc_column][\/vc_row][vc_row][vc_column][elx_heading font_size=&#8221;h3&#8243; text_color=&#8221;inherit&#8221;]L\u00f6sungen f\u00fcr Bars &amp; Caf\u00e9s[\/elx_heading][vc_column_text]Entdecken Sie die perfekten L\u00f6sungen f\u00fcr Bars und Caf\u00e9s.[\/vc_column_text][\/vc_column][\/vc_row][vc_row equal_height=&#8221;yes&#8221; content_placement=&#8221;middle&#8221; css=&#8221;.vc_custom_1517579733790{background-color: #f7f6f6 !important;}&#8221;][vc_column width=&#8221;1\/3&#8243;][elx_simple_link_block link=&#8221;url:https%3A%2F%2Fwww.electroluxprofessional.com%2Fat%2Fgrosskuechentechnik%2Fspueltechnik%2Fglaeser-und-untertischspuelmaschinen%2F|title:Glasswashers%20and%20undercounters%20e-flex&#8221; text_align=&#8221;text-left&#8221; text_color=&#8221;inherit&#8221; background_color=&#8221;inherit&#8221; background_hover_color=&#8221;darker-hover&#8221; extra_class=&#8221;&#8221; reveal_effect=&#8221;&#8221; reveal_duration=&#8221;&#8221; reveal_delay=&#8221;&#8221;][vc_single_image image=&#8221;18539&#8243; img_size=&#8221;350&#8243; onclick=&#8221;custom_link&#8221; css=&#8221;.vc_custom_1721136025958{padding-top: 60px !important;}&#8221; link=&#8221;https:\/\/www.electroluxprofessional.com\/at\/grosskuechentechnik\/spueltechnik\/glaeser-und-untertischspuelmaschinen\/&#8221;][elx_heading font_container=&#8221;h3&#8243; font_size=&#8221;h5&#8243; text_color=&#8221;electrolux-blue&#8221;]E-flex elektronische Gl\u00e4sersp\u00fclmaschine[\/elx_heading][vc_column_text]<\/p>\n<ul>\n<li>Sicher und ergonomisch<\/li>\n<li>Hervorragende Leistung<\/li>\n<li>Exzellente Hygiene<\/li>\n<li>Lange Lebensdauer<\/li>\n<\/ul>\n<p>[\/vc_column_text][\/elx_simple_link_block][\/vc_column][vc_column width=&#8221;1\/3&#8243;][elx_simple_link_block link=&#8221;url:https%3A%2F%2Fwww.electroluxprofessional.com%2Fat%2Fgrosskuechentechnik%2Fspeedelight%2F|title:SpeeDelight%20high%20speed%20cooking&#8221; text_align=&#8221;text-left&#8221; text_color=&#8221;inherit&#8221; background_color=&#8221;inherit&#8221; background_hover_color=&#8221;darker-hover&#8221; extra_class=&#8221;&#8221; reveal_effect=&#8221;&#8221; reveal_duration=&#8221;&#8221; reveal_delay=&#8221;&#8221;][vc_single_image image=&#8221;16224&#8243; img_size=&#8221;250&#8243; onclick=&#8221;custom_link&#8221; css=&#8221;.vc_custom_1721136011120{padding-top: 60px !important;}&#8221; link=&#8221;https:\/\/www.electroluxprofessional.com\/at\/grosskuechentechnik\/speedelight\/&#8221;][elx_heading font_container=&#8221;h3&#8243; font_size=&#8221;h5&#8243; text_color=&#8221;inherit&#8221;]SpeeDelight[\/elx_heading][vc_column_text]<\/p>\n<ul>\n<li>Gesunde und k\u00f6stliche Snacks servieren \u2013 schnell und effizient<\/li>\n<li>Qualit\u00e4t auf allen Ebenen mithilfe der <strong>drei Kochtechnologien<\/strong><\/li>\n<li>Der Deckel \u00f6ffnet sich automatisch, sobald der Snack fertig\u00a0ist<\/li>\n<\/ul>\n<p>[\/vc_column_text][\/elx_simple_link_block][\/vc_column][vc_column width=&#8221;1\/3&#8243;][elx_simple_link_block link=&#8221;url:https%3A%2F%2Fwww.electroluxprofessional.com%2Fat%2Fgrosskuechentechnik%2Fliberopro-neue-freiheiten-beim-kochen%2F|title:Libero%20Line|target:_blank&#8221; text_align=&#8221;text-left&#8221; text_color=&#8221;inherit&#8221; background_color=&#8221;inherit&#8221; background_hover_color=&#8221;darker-hover&#8221; extra_class=&#8221;&#8221; reveal_effect=&#8221;&#8221; reveal_duration=&#8221;&#8221; reveal_delay=&#8221;&#8221;][vc_single_image image=&#8221;12177&#8243; img_size=&#8221;350&#8243; onclick=&#8221;custom_link&#8221; img_link_target=&#8221;_blank&#8221; css=&#8221;.vc_custom_1721136039212{padding-top: 60px !important;}&#8221; link=&#8221;https:\/\/www.electroluxprofessional.com\/at\/grosskuechentechnik\/liberopro-neue-freiheiten-beim-kochen\/&#8221;][elx_heading font_container=&#8221;h3&#8243; font_size=&#8221;h5&#8243; text_color=&#8221;inherit&#8221;]Libero Line[\/elx_heading][vc_column_text]<\/p>\n<ul>\n<li>Komplett mobile<strong>\u00a0Front-Cooking<\/strong>\u00a0Einheiten<\/li>\n<li>Frische und geschmackvolle Gerichte zubereiten und servieren \u2013 f\u00fcr alle, \u00fcberall und in Rekordzeit<\/li>\n<li>Plug-in Ausr\u00fcstung: Elektro-Grill, Griddle, Induktionswok, Induktionsplatte, Mini Kombid\u00e4mpfer<\/li>\n<\/ul>\n<p>[\/vc_column_text][\/elx_simple_link_block][\/vc_column][\/vc_row][vc_row disable_element=&#8221;yes&#8221; css=&#8221;.vc_custom_1610980292434{background-color: #ededc9 !important;}&#8221;][vc_column][elx_heading font_size=&#8221;h3&#8243; text_color=&#8221;inherit&#8221; text_align=&#8221;text-left&#8221;]Beverage solutions[\/elx_heading][vc_empty_space][\/vc_column][\/vc_row][vc_row equal_height=&#8221;yes&#8221; disable_element=&#8221;yes&#8221; css=&#8221;.vc_custom_1610980281979{background-color: #ededc9 !important;}&#8221;][vc_column width=&#8221;1\/2&#8243;][elx_simple_link_block link=&#8221;url:https%3A%2F%2Fwww.electroluxprofessional.com%2Fat%2Fbeverage-solutions%2F|title:Beverage%20solutions||&#8221; text_align=&#8221;text-left&#8221; text_color=&#8221;inherit&#8221; background_color=&#8221;inherit&#8221; background_hover_color=&#8221;darker-hover&#8221; extra_class=&#8221;&#8221; reveal_effect=&#8221;&#8221; reveal_duration=&#8221;&#8221; reveal_delay=&#8221;&#8221;][vc_single_image image=&#8221;12178&#8243; img_size=&#8221;full&#8221;][\/elx_simple_link_block][\/vc_column][vc_column width=&#8221;1\/2&#8243;][elx_simple_link_block link=&#8221;url:https%3A%2F%2Fwww.electroluxprofessional.com%2Fat%2Fbeverage-solutions%2F|title:Beverage%20solutions||&#8221; text_align=&#8221;text-left&#8221; text_color=&#8221;inherit&#8221; background_color=&#8221;inherit&#8221; background_hover_color=&#8221;darker-hover&#8221; extra_class=&#8221;&#8221; reveal_effect=&#8221;&#8221; reveal_duration=&#8221;&#8221; reveal_delay=&#8221;&#8221;][elx_heading font_container=&#8221;h3&#8243; font_size=&#8221;h5&#8243; text_color=&#8221;inherit&#8221;]A complete hospitality[\/elx_heading][vc_column_text]An extensive offering of <strong>coffee &amp;\u00a0beverage solutions<\/strong>\u00a0to exceed your customers\u2019 expectations, along with a team of experts who joined us to serve you.<\/p>\n<ul>\n<li>Coffee &amp; tea brewers<\/li>\n<li>Coffee grinders<\/li>\n<li>Cold bubblers<\/li>\n<li>Hot and frozen beverage dispensers<\/li>\n<li>and much more&#8230;<\/li>\n<\/ul>\n<p>[\/vc_column_text][\/elx_simple_link_block][elx_button button_text=&#8221;Discover the coffee &amp; beverage offer&#8221; button_style=&#8221;icon-blue&#8221; button_link=&#8221;url:https%3A%2F%2Fwww.electroluxprofessional.com%2Fat%2Fbeverage-solutions%2F|title:coffee%20and%20beverage%20solutions||&#8221;][\/vc_column][\/vc_row][vc_row equal_height=&#8221;yes&#8221; content_placement=&#8221;middle&#8221; disable_element=&#8221;yes&#8221; css=&#8221;.vc_custom_1610980304517{background-color: #f7f6f6 !important;}&#8221;][vc_column width=&#8221;1\/3&#8243;][elx_simple_block text_align=&#8221;text-center&#8221; background_color=&#8221;bars&#8221;][elx_heading text_color=&#8221;white&#8221;]Chains[\/elx_heading][vc_column_text]<\/p>\n<p style=\"text-align: center;\"><span style=\"color: #ffffff;\">How do we make the difference?<\/span><\/p>\n<p>[\/vc_column_text][elx_button button_text=&#8221;Find out more&#8221; button_style=&#8221;default&#8221; button_link=&#8221;url:https%3A%2F%2Fwww.electroluxprofessional.com%2Fat%2Fyour-business%2Frestaurant-chains%2F|||&#8221;][\/elx_simple_block][\/vc_column][vc_column width=&#8221;1\/3&#8243;][vc_single_image image=&#8221;12179&#8243; img_size=&#8221;400*400&#8243;][\/vc_column][vc_column width=&#8221;1\/3&#8243;][vc_single_image image=&#8221;12180&#8243; img_size=&#8221;full&#8221;][\/vc_column][\/vc_row][vc_row css=&#8221;.vc_custom_1480591577587{background-color: #f7f6f6 !important;}&#8221;][vc_column][vc_empty_space][\/vc_column][\/vc_row][vc_row][vc_column][elx_heading font_container=&#8221;h3&#8243; font_size=&#8221;h5&#8243; text_color=&#8221;inherit&#8221; text_align=&#8221;text-left&#8221;]Finden Sie heraus, was Electrolux Professional f\u00fcr Ihr Business tun kann[\/elx_heading][elx_o2000_contact_us s=&#8221;Anfrage: Bars &#038; Caf\u00e9s&#8221; country=&#8221;Germany&#8221; container=&#8221;elxcontactus1469457379&#8243; r=&#8221;Ich m\u00f6chte mehr \u00fcber L\u00f6sungen f\u00fcr Bars und Caf\u00e9s erfahren. Bitte kontaktieren Sie mich.&#8221; l=&#8221;de&#8221;][vc_empty_space height=&#8221;50px&#8221;][\/vc_column][\/vc_row]<\/p>\n","protected":false},"excerpt":{"rendered":"<p>[vc_row full_width=&#8221;electroluxpro-full-width-no-padding&#8221;][vc_column][vc_single_image image=&#8221;12173&#8243; img_size=&#8221;2000&#215;350&#8243; alignment=&#8221;center&#8221;][\/vc_column][\/vc_row][vc_row][vc_column][vc_empty_space][\/vc_column][\/vc_row][vc_row][vc_column width=&#8221;1\/4&#8243;][vc_single_image image=&#8221;12174&#8243; img_size=&#8221;110*110&#8243; alignment=&#8221;center&#8221;][\/vc_column][vc_column width=&#8221;3\/4&#8243;][vc_empty_space height=&#8221;15px&#8221;][elx_heading font_container=&#8221;h1&#8243; font_size=&#8221;h3&#8243; text_color=&#8221;bars&#8221; text_align=&#8221;text-left&#8221;]Bars &amp; Caf\u00e8s[\/elx_heading][\/vc_column][\/vc_row][vc_row][vc_column][elx_heading font_size=&#8221;h3&#8243; text_color=&#8221;inherit&#8221;]L\u00f6sungen f\u00fcr Bars &amp; Caf\u00e9s[\/elx_heading][vc_column_text]Entdecken Sie die perfekten L\u00f6sungen f\u00fcr Bars und Caf\u00e9s.[\/vc_column_text][\/vc_column][\/vc_row][vc_row equal_height=&#8221;yes&#8221; content_placement=&#8221;middle&#8221; css=&#8221;.vc_custom_1517579733790{background-color: #f7f6f6 !important;}&#8221;][vc_column width=&#8221;1\/3&#8243;][elx_simple_link_block link=&#8221;url:https%3A%2F%2Fwww.electroluxprofessional.com%2Fat%2Fgrosskuechentechnik%2Fspueltechnik%2Fglaeser-und-untertischspuelmaschinen%2F|title:Glasswashers%20and%20undercounters%20e-flex&#8221; text_align=&#8221;text-left&#8221; text_color=&#8221;inherit&#8221; background_color=&#8221;inherit&#8221; background_hover_color=&#8221;darker-hover&#8221; extra_class=&#8221;&#8221; reveal_effect=&#8221;&#8221; reveal_duration=&#8221;&#8221; reveal_delay=&#8221;&#8221;][vc_single_image image=&#8221;18539&#8243; img_size=&#8221;350&#8243; onclick=&#8221;custom_link&#8221; css=&#8221;.vc_custom_1721136025958{padding-top: 60px !important;}&#8221; link=&#8221;https:\/\/www.electroluxprofessional.com\/at\/grosskuechentechnik\/spueltechnik\/glaeser-und-untertischspuelmaschinen\/&#8221;][elx_heading font_container=&#8221;h3&#8243; font_size=&#8221;h5&#8243; [&hellip;]<\/p>\n","protected":false},"author":1,"featured_media":12172,"parent":811,"menu_order":0,"comment_status":"closed","ping_status":"closed","template":"","meta":{"footnotes":""},"class_list":["post-13860","page","type-page","status-publish","has-post-thumbnail","hentry"],"acf":[],"yoast_head":"<!-- This site is optimized with the Yoast SEO plugin v23.3 - https:\/\/yoast.com\/wordpress\/plugins\/seo\/ -->\n<title>L\u00f6sungen f\u00fcr Bars und Caf\u00e9s | Electrolux Professional<\/title>\n<meta name=\"description\" content=\"Unsere L\u00f6sungen f\u00fcr Bars und Caf\u00e9s: Elektronische Gl\u00e4sersp\u00fclmaschinen, Snackgrill SpeeDelight und die mobile Kochstation LiberoPro.\" \/>\n<meta name=\"robots\" content=\"index, follow, max-snippet:-1, max-image-preview:large, max-video-preview:-1\" \/>\n<link rel=\"canonical\" href=\"https:\/\/www.electroluxprofessional.com\/at\/branchenloesungen\/bars-und-cafes\/\" \/>\n<meta property=\"og:locale\" content=\"de_DE\" \/>\n<meta property=\"og:type\" content=\"article\" \/>\n<meta property=\"og:title\" content=\"L\u00f6sungen f\u00fcr Bars und Caf\u00e9s | Electrolux Professional\" \/>\n<meta property=\"og:description\" content=\"Unsere L\u00f6sungen f\u00fcr Bars und Caf\u00e9s: Elektronische Gl\u00e4sersp\u00fclmaschinen, Snackgrill SpeeDelight und die mobile Kochstation LiberoPro.\" \/>\n<meta property=\"og:url\" content=\"https:\/\/www.electroluxprofessional.com\/at\/branchenloesungen\/bars-und-cafes\/\" \/>\n<meta property=\"og:site_name\" content=\"Electrolux Professional \u00d6sterreich\" \/>\n<meta property=\"article:modified_time\" content=\"2024-07-16T13:20:45+00:00\" \/>\n<meta property=\"og:image\" content=\"https:\/\/www.electroluxprofessional.com\/at\/wp-content\/uploads\/2016\/11\/bar-cafe-13.jpg\" \/>\n\t<meta property=\"og:image:width\" content=\"700\" \/>\n\t<meta property=\"og:image:height\" content=\"700\" \/>\n\t<meta property=\"og:image:type\" content=\"image\/jpeg\" \/>\n<meta name=\"twitter:card\" content=\"summary_large_image\" \/>\n<meta name=\"twitter:label1\" content=\"Gesch\u00e4tzte Lesezeit\" \/>\n\t<meta name=\"twitter:data1\" content=\"5 Minuten\" \/>\n<script type=\"application\/ld+json\" class=\"yoast-schema-graph\">{\"@context\":\"https:\/\/schema.org\",\"@graph\":[{\"@type\":\"WebPage\",\"@id\":\"https:\/\/www.electroluxprofessional.com\/at\/branchenloesungen\/bars-und-cafes\/\",\"url\":\"https:\/\/www.electroluxprofessional.com\/at\/branchenloesungen\/bars-und-cafes\/\",\"name\":\"L\u00f6sungen f\u00fcr Bars und Caf\u00e9s | Electrolux Professional\",\"isPartOf\":{\"@id\":\"https:\/\/www.electroluxprofessional.com\/at\/#website\"},\"primaryImageOfPage\":{\"@id\":\"https:\/\/www.electroluxprofessional.com\/at\/branchenloesungen\/bars-und-cafes\/#primaryimage\"},\"image\":{\"@id\":\"https:\/\/www.electroluxprofessional.com\/at\/branchenloesungen\/bars-und-cafes\/#primaryimage\"},\"thumbnailUrl\":\"https:\/\/www.electroluxprofessional.com\/at\/wp-content\/uploads\/2016\/11\/bar-cafe-13.jpg\",\"datePublished\":\"2022-05-19T11:34:34+00:00\",\"dateModified\":\"2024-07-16T13:20:45+00:00\",\"description\":\"Unsere L\u00f6sungen f\u00fcr Bars und Caf\u00e9s: Elektronische Gl\u00e4sersp\u00fclmaschinen, Snackgrill SpeeDelight und die mobile Kochstation LiberoPro.\",\"breadcrumb\":{\"@id\":\"https:\/\/www.electroluxprofessional.com\/at\/branchenloesungen\/bars-und-cafes\/#breadcrumb\"},\"inLanguage\":\"de-AT\",\"potentialAction\":[{\"@type\":\"ReadAction\",\"target\":[\"https:\/\/www.electroluxprofessional.com\/at\/branchenloesungen\/bars-und-cafes\/\"]}]},{\"@type\":\"ImageObject\",\"inLanguage\":\"de-AT\",\"@id\":\"https:\/\/www.electroluxprofessional.com\/at\/branchenloesungen\/bars-und-cafes\/#primaryimage\",\"url\":\"https:\/\/www.electroluxprofessional.com\/at\/wp-content\/uploads\/2016\/11\/bar-cafe-13.jpg\",\"contentUrl\":\"https:\/\/www.electroluxprofessional.com\/at\/wp-content\/uploads\/2016\/11\/bar-cafe-13.jpg\",\"width\":700,\"height\":700,\"caption\":\"Bars & Caf\u00e9s\"},{\"@type\":\"BreadcrumbList\",\"@id\":\"https:\/\/www.electroluxprofessional.com\/at\/branchenloesungen\/bars-und-cafes\/#breadcrumb\",\"itemListElement\":[{\"@type\":\"ListItem\",\"position\":1,\"name\":\"Startseite\",\"item\":\"https:\/\/www.electroluxprofessional.com\/at\/\"},{\"@type\":\"ListItem\",\"position\":2,\"name\":\"Branchenl\u00f6sungen\",\"item\":\"https:\/\/www.electroluxprofessional.com\/at\/branchenloesungen\/\"},{\"@type\":\"ListItem\",\"position\":3,\"name\":\"Bars und Caf\u00e9s\"}]},{\"@type\":\"WebSite\",\"@id\":\"https:\/\/www.electroluxprofessional.com\/at\/#website\",\"url\":\"https:\/\/www.electroluxprofessional.com\/at\/\",\"name\":\"Electrolux Professional \u00d6sterreich\",\"description\":\"\",\"potentialAction\":[{\"@type\":\"SearchAction\",\"target\":{\"@type\":\"EntryPoint\",\"urlTemplate\":\"https:\/\/www.electroluxprofessional.com\/at\/?src={search_term_string}\"},\"query-input\":\"required name=search_term_string\"}],\"inLanguage\":\"de-AT\"}]}<\/script>\n<!-- \/ Yoast SEO plugin. -->","yoast_head_json":{"title":"L\u00f6sungen f\u00fcr Bars und Caf\u00e9s | Electrolux Professional","description":"Unsere L\u00f6sungen f\u00fcr Bars und Caf\u00e9s: Elektronische Gl\u00e4sersp\u00fclmaschinen, Snackgrill SpeeDelight und die mobile Kochstation LiberoPro.","robots":{"index":"index","follow":"follow","max-snippet":"max-snippet:-1","max-image-preview":"max-image-preview:large","max-video-preview":"max-video-preview:-1"},"canonical":"https:\/\/www.electroluxprofessional.com\/at\/branchenloesungen\/bars-und-cafes\/","og_locale":"de_DE","og_type":"article","og_title":"L\u00f6sungen f\u00fcr Bars und Caf\u00e9s | Electrolux Professional","og_description":"Unsere L\u00f6sungen f\u00fcr Bars und Caf\u00e9s: Elektronische Gl\u00e4sersp\u00fclmaschinen, Snackgrill SpeeDelight und die mobile Kochstation LiberoPro.","og_url":"https:\/\/www.electroluxprofessional.com\/at\/branchenloesungen\/bars-und-cafes\/","og_site_name":"Electrolux Professional \u00d6sterreich","article_modified_time":"2024-07-16T13:20:45+00:00","og_image":[{"width":700,"height":700,"url":"https:\/\/www.electroluxprofessional.com\/at\/wp-content\/uploads\/2016\/11\/bar-cafe-13.jpg","type":"image\/jpeg"}],"twitter_card":"summary_large_image","twitter_misc":{"Gesch\u00e4tzte Lesezeit":"5 Minuten"},"schema":{"@context":"https:\/\/schema.org","@graph":[{"@type":"WebPage","@id":"https:\/\/www.electroluxprofessional.com\/at\/branchenloesungen\/bars-und-cafes\/","url":"https:\/\/www.electroluxprofessional.com\/at\/branchenloesungen\/bars-und-cafes\/","name":"L\u00f6sungen f\u00fcr Bars und Caf\u00e9s | Electrolux Professional","isPartOf":{"@id":"https:\/\/www.electroluxprofessional.com\/at\/#website"},"primaryImageOfPage":{"@id":"https:\/\/www.electroluxprofessional.com\/at\/branchenloesungen\/bars-und-cafes\/#primaryimage"},"image":{"@id":"https:\/\/www.electroluxprofessional.com\/at\/branchenloesungen\/bars-und-cafes\/#primaryimage"},"thumbnailUrl":"https:\/\/www.electroluxprofessional.com\/at\/wp-content\/uploads\/2016\/11\/bar-cafe-13.jpg","datePublished":"2022-05-19T11:34:34+00:00","dateModified":"2024-07-16T13:20:45+00:00","description":"Unsere L\u00f6sungen f\u00fcr Bars und Caf\u00e9s: Elektronische Gl\u00e4sersp\u00fclmaschinen, Snackgrill SpeeDelight und die mobile Kochstation LiberoPro.","breadcrumb":{"@id":"https:\/\/www.electroluxprofessional.com\/at\/branchenloesungen\/bars-und-cafes\/#breadcrumb"},"inLanguage":"de-AT","potentialAction":[{"@type":"ReadAction","target":["https:\/\/www.electroluxprofessional.com\/at\/branchenloesungen\/bars-und-cafes\/"]}]},{"@type":"ImageObject","inLanguage":"de-AT","@id":"https:\/\/www.electroluxprofessional.com\/at\/branchenloesungen\/bars-und-cafes\/#primaryimage","url":"https:\/\/www.electroluxprofessional.com\/at\/wp-content\/uploads\/2016\/11\/bar-cafe-13.jpg","contentUrl":"https:\/\/www.electroluxprofessional.com\/at\/wp-content\/uploads\/2016\/11\/bar-cafe-13.jpg","width":700,"height":700,"caption":"Bars & Caf\u00e9s"},{"@type":"BreadcrumbList","@id":"https:\/\/www.electroluxprofessional.com\/at\/branchenloesungen\/bars-und-cafes\/#breadcrumb","itemListElement":[{"@type":"ListItem","position":1,"name":"Startseite","item":"https:\/\/www.electroluxprofessional.com\/at\/"},{"@type":"ListItem","position":2,"name":"Branchenl\u00f6sungen","item":"https:\/\/www.electroluxprofessional.com\/at\/branchenloesungen\/"},{"@type":"ListItem","position":3,"name":"Bars und Caf\u00e9s"}]},{"@type":"WebSite","@id":"https:\/\/www.electroluxprofessional.com\/at\/#website","url":"https:\/\/www.electroluxprofessional.com\/at\/","name":"Electrolux Professional \u00d6sterreich","description":"","potentialAction":[{"@type":"SearchAction","target":{"@type":"EntryPoint","urlTemplate":"https:\/\/www.electroluxprofessional.com\/at\/?src={search_term_string}"},"query-input":"required name=search_term_string"}],"inLanguage":"de-AT"}]}},"_links":{"self":[{"href":"https:\/\/www.electroluxprofessional.com\/at\/wp-json\/wp\/v2\/pages\/13860"}],"collection":[{"href":"https:\/\/www.electroluxprofessional.com\/at\/wp-json\/wp\/v2\/pages"}],"about":[{"href":"https:\/\/www.electroluxprofessional.com\/at\/wp-json\/wp\/v2\/types\/page"}],"author":[{"embeddable":true,"href":"https:\/\/www.electroluxprofessional.com\/at\/wp-json\/wp\/v2\/users\/1"}],"replies":[{"embeddable":true,"href":"https:\/\/www.electroluxprofessional.com\/at\/wp-json\/wp\/v2\/comments?post=13860"}],"version-history":[{"count":5,"href":"https:\/\/www.electroluxprofessional.com\/at\/wp-json\/wp\/v2\/pages\/13860\/revisions"}],"predecessor-version":[{"id":18625,"href":"https:\/\/www.electroluxprofessional.com\/at\/wp-json\/wp\/v2\/pages\/13860\/revisions\/18625"}],"up":[{"embeddable":true,"href":"https:\/\/www.electroluxprofessional.com\/at\/wp-json\/wp\/v2\/pages\/811"}],"wp:featuredmedia":[{"embeddable":true,"href":"https:\/\/www.electroluxprofessional.com\/at\/wp-json\/wp\/v2\/media\/12172"}],"wp:attachment":[{"href":"https:\/\/www.electroluxprofessional.com\/at\/wp-json\/wp\/v2\/media?parent=13860"}],"curies":[{"name":"wp","href":"https:\/\/api.w.org\/{rel}","templated":true}]}}