{"version":"1.0","provider_name":"Electrolux Professional \u00d6sterreich","provider_url":"https:\/\/www.electroluxprofessional.com\/at","author_name":"ulrich.hahn","author_url":"https:\/\/www.electroluxprofessional.com\/at\/author\/ulrich-hahn\/","title":"Risiken f\u00fcr Feuerwehrkr\u00e4fte senken \u2013 durch fachgerechtes Waschen und Trocknen","type":"rich","width":600,"height":338,"html":"<blockquote class=\"wp-embedded-content\" data-secret=\"wdRvN8lEOp\"><a href=\"https:\/\/www.electroluxprofessional.com\/at\/risiken-fuer-feuerwehrkraefte-senken\/\">Risiken f\u00fcr Feuerwehrkr\u00e4fte senken &#8211; durch fachgerechtes Waschen und Trocknen<\/a><\/blockquote><iframe sandbox=\"allow-scripts\" security=\"restricted\" src=\"https:\/\/www.electroluxprofessional.com\/at\/risiken-fuer-feuerwehrkraefte-senken\/embed\/#?secret=wdRvN8lEOp\" width=\"600\" height=\"338\" title=\"&#8222;Risiken f\u00fcr Feuerwehrkr\u00e4fte senken &#8211; durch fachgerechtes Waschen und Trocknen&#8220; &#8212; Electrolux Professional \u00d6sterreich\" data-secret=\"wdRvN8lEOp\" frameborder=\"0\" marginwidth=\"0\" marginheight=\"0\" scrolling=\"no\" class=\"wp-embedded-content\"><\/iframe><script type=\"text\/javascript\">\n\/* <![CDATA[ *\/\n\/*! This file is auto-generated *\/\n!function(d,l){\"use strict\";l.querySelector&&d.addEventListener&&\"undefined\"!=typeof URL&&(d.wp=d.wp||{},d.wp.receiveEmbedMessage||(d.wp.receiveEmbedMessage=function(e){var t=e.data;if((t||t.secret||t.message||t.value)&&!\/[^a-zA-Z0-9]\/.test(t.secret)){for(var s,r,n,a=l.querySelectorAll('iframe[data-secret=\"'+t.secret+'\"]'),o=l.querySelectorAll('blockquote[data-secret=\"'+t.secret+'\"]'),c=new RegExp(\"^https?:$\",\"i\"),i=0;i<o.length;i++)o[i].style.display=\"none\";for(i=0;i<a.length;i++)s=a[i],e.source===s.contentWindow&&(s.removeAttribute(\"style\"),\"height\"===t.message?(1e3<(r=parseInt(t.value,10))?r=1e3:~~r<200&&(r=200),s.height=r):\"link\"===t.message&&(r=new URL(s.getAttribute(\"src\")),n=new URL(t.value),c.test(n.protocol))&&n.host===r.host&&l.activeElement===s&&(d.top.location.href=t.value))}},d.addEventListener(\"message\",d.wp.receiveEmbedMessage,!1),l.addEventListener(\"DOMContentLoaded\",function(){for(var e,t,s=l.querySelectorAll(\"iframe.wp-embedded-content\"),r=0;r<s.length;r++)(t=(e=s[r]).getAttribute(\"data-secret\"))||(t=Math.random().toString(36).substring(2,12),e.src+=\"#?secret=\"+t,e.setAttribute(\"data-secret\",t)),e.contentWindow.postMessage({message:\"ready\",secret:t},\"*\")},!1)))}(window,document);\n\/* ]]> *\/\n<\/script>\n","thumbnail_url":"https:\/\/www.electroluxprofessional.com\/at\/wp-content\/uploads\/2018\/08\/Feuerwehr_Social.jpg","thumbnail_width":600,"thumbnail_height":188,"description":"Eine Studie in Schweden deckte auf, dass Feuerwehreinsatzkr\u00e4fte nicht allein beim Einsatz gegen Brand und \u00dcberschwemmung erh\u00f6hten Risiken ausgesetzt sind. Auf der Messe \u201eFlorian\u201c in Dresden zeigt Electrolux Professional eine Wasch- und Trockner-L\u00f6sung, die die Ausstattung der Einsatzkr\u00e4fte dekontaminiert und funktionsf\u00e4hig erh\u00e4lt."}